{"id":35637,"date":"2025-04-15T08:50:11","date_gmt":"2025-04-15T06:50:11","guid":{"rendered":"https:\/\/burckhardt.swiss\/?post_type=project&#038;p=35637"},"modified":"2026-01-08T14:47:54","modified_gmt":"2026-01-08T13:47:54","slug":"artemis-bussigny","status":"publish","type":"project","link":"https:\/\/burckhardt.swiss\/fr\/project\/artemis-bussigny\/","title":{"rendered":"Art\u00e9mis, Bussigny"},"content":{"rendered":"\n<div class=\"wp-block-cover alignfull is-light\" style=\"min-height:700px;aspect-ratio:unset;\"><span aria-hidden=\"true\" class=\"wp-block-cover__background has-background-dim-0 has-background-dim\" style=\"background-color:#ada6a1\"><\/span><img loading=\"lazy\" decoding=\"async\" width=\"2400\" height=\"1800\" class=\"wp-block-cover__image-background wp-image-34391\" alt=\"\" src=\"https:\/\/burckhardt.swiss\/app\/uploads\/2025\/06\/003_@Olivier-Di-Giambatista.jpg\" style=\"object-position:38% 64%\" data-object-fit=\"cover\" data-object-position=\"38% 64%\" srcset=\"https:\/\/burckhardt.swiss\/app\/uploads\/2025\/06\/003_@Olivier-Di-Giambatista.jpg 2400w, https:\/\/burckhardt.swiss\/app\/uploads\/2025\/06\/003_@Olivier-Di-Giambatista-300x225.jpg 300w, https:\/\/burckhardt.swiss\/app\/uploads\/2025\/06\/003_@Olivier-Di-Giambatista-1024x768.jpg 1024w, https:\/\/burckhardt.swiss\/app\/uploads\/2025\/06\/003_@Olivier-Di-Giambatista-600x450.jpg 600w, https:\/\/burckhardt.swiss\/app\/uploads\/2025\/06\/003_@Olivier-Di-Giambatista-500x375.jpg 500w, https:\/\/burckhardt.swiss\/app\/uploads\/2025\/06\/003_@Olivier-Di-Giambatista-1000x750.jpg 1000w, https:\/\/burckhardt.swiss\/app\/uploads\/2025\/06\/003_@Olivier-Di-Giambatista-700x525.jpg 700w, https:\/\/burckhardt.swiss\/app\/uploads\/2025\/06\/003_@Olivier-Di-Giambatista-1400x1050.jpg 1400w, https:\/\/burckhardt.swiss\/app\/uploads\/2025\/06\/003_@Olivier-Di-Giambatista-2000x1500.jpg 2000w\" sizes=\"auto, (max-width: 2400px) 100vw, 2400px\" \/><div class=\"wp-block-cover__inner-container is-layout-constrained wp-block-cover-is-layout-constrained\">\n<p class=\"has-text-align-center has-large-font-size\"><\/p>\n<\/div><\/div>\n\n\n\n<div class=\"wp-block-group is-layout-constrained wp-block-group-is-layout-constrained\"><div\n  id=\"block_21b920dac4b0f7559f5adb062bc440d4\"\n  data-block_21b920dac4b0f7559f5adb062bc440d4\n  class=\"project-intro align\"\n>\n  <div class=\"o-flex o-flex--centered\">\n    <a\n      href=\"https:\/\/burckhardt.swiss\/unsere-projekte\/\"\n      class=\"u-arrow--left\"\n      onclick=\"\n        event.preventDefault();\n        if (window.location.search.includes('back-history')) {\n          history.back();\n        } else {\n          window.location.href = 'https:\/\/burckhardt.swiss\/unsere-projekte\/';\n        }\n      \"\n    >retour<\/a>\n  <\/div>\n  <div class=\"c-block-project-intro\">\n    <div class=\"c-block-project-intro__intro\">\n      <h1 class=\"is-style-separator has-huge-font-size\">\n        Art\u00e9mis, Bussigny\n      <\/h1>\n      <p>\u00c0 la p\u00e9riph\u00e9rie de Bussigny, \u00e0 l\u2019ouest de Lausanne, un ensemble de quatre immeubles r\u00e9sidentiels a vu le jour. For\u00eats et prairies caract\u00e9risent les environs, un paysage vallonn\u00e9 s\u2019ouvre ici. Le projet s\u2019inscrit intelligemment dans cette topographie, misant sur un am\u00e9nagement raffin\u00e9 des espaces ext\u00e9rieurs et consid\u00e9rant la biodiversit\u00e9 comme une ressource favorisant le vivre-ensemble. En m\u00eame temps, Art\u00e9mis int\u00e8gre visuellement le contexte de mani\u00e8re \u00e9troite : des lignes de vue continues et une perm\u00e9abilit\u00e9 soigneusement pens\u00e9e d\u00e9finissent l\u2019ensemble et le traversent \u00e0 diff\u00e9rentes \u00e9chelles \u2013 \u00e0 l\u2019ext\u00e9rieur comme \u00e0 l\u2019int\u00e9rieur, dans la cour comme dans les logements. Il en r\u00e9sulte une architecture engag\u00e9e \u00e0 la fois envers le lieu et envers le lien social.      <\/p>\n    <\/div>\n    <div class=\"c-block-project-intro__facts\">\n              <div class=\"c-block-project-intro__fact\">\n          <strong>Ma\u00eetre d&#039;ouvrage<\/strong>\n          <p>UBS Fund Management SA  <\/p>\n        <\/div>\n              <div class=\"c-block-project-intro__fact\">\n          <strong>P\u00e9riode<\/strong>\n          <p>2019-2023<\/p>\n        <\/div>\n              <div class=\"c-block-project-intro__fact\">\n          <strong>Mandat<\/strong>\n          <p>Steiner SA<\/p>\n        <\/div>\n              <div class=\"c-block-project-intro__fact\">\n          <strong>Photos<\/strong>\n          <p>Olivier Di Giambattista<\/p>\n        <\/div>\n                    <div class=\"c-block-project-intro__fact\">\n          <strong>Typologie<\/strong>\n          <p>Logement<\/p>\n        <\/div>\n                    <div class=\"c-block-project-intro__fact\">\n          <strong>Office<\/strong>\n          <p>\n                          <span>Gen\u00e8ve, Schweiz<br\/><\/span>\n                          <span>Lausanne, Schweiz<br\/><\/span>\n                      <\/p>\n        <\/div>\n          <\/div>\n  <\/div>\n<\/div>\n<\/div>\n\n\n\n<figure class=\"wp-block-image size-large is-resized\"><img loading=\"lazy\" decoding=\"async\" width=\"1024\" height=\"803\" src=\"https:\/\/burckhardt.swiss\/app\/uploads\/2025\/06\/001_@Olivier-Di-Giambatista_ZUGESCHNITTEN-1024x803.jpg\" alt=\"\" class=\"wp-image-34621\" style=\"width:1200px;height:auto\" srcset=\"https:\/\/burckhardt.swiss\/app\/uploads\/2025\/06\/001_@Olivier-Di-Giambatista_ZUGESCHNITTEN-1024x803.jpg 1024w, https:\/\/burckhardt.swiss\/app\/uploads\/2025\/06\/001_@Olivier-Di-Giambatista_ZUGESCHNITTEN-300x235.jpg 300w, https:\/\/burckhardt.swiss\/app\/uploads\/2025\/06\/001_@Olivier-Di-Giambatista_ZUGESCHNITTEN-600x471.jpg 600w, https:\/\/burckhardt.swiss\/app\/uploads\/2025\/06\/001_@Olivier-Di-Giambatista_ZUGESCHNITTEN-500x392.jpg 500w, https:\/\/burckhardt.swiss\/app\/uploads\/2025\/06\/001_@Olivier-Di-Giambatista_ZUGESCHNITTEN-1000x784.jpg 1000w, https:\/\/burckhardt.swiss\/app\/uploads\/2025\/06\/001_@Olivier-Di-Giambatista_ZUGESCHNITTEN-700x549.jpg 700w, https:\/\/burckhardt.swiss\/app\/uploads\/2025\/06\/001_@Olivier-Di-Giambatista_ZUGESCHNITTEN-1400x1098.jpg 1400w, https:\/\/burckhardt.swiss\/app\/uploads\/2025\/06\/001_@Olivier-Di-Giambatista_ZUGESCHNITTEN.jpg 1706w\" sizes=\"auto, (max-width: 1024px) 100vw, 1024px\" \/><\/figure>\n\n\n\n<div style=\"height:25px\" aria-hidden=\"true\" class=\"wp-block-spacer\"><\/div>\n\n\n\n<div class=\"wp-block-group alignfull has-white-background-color has-background is-layout-constrained wp-block-group-is-layout-constrained\">\n<div class=\"wp-block-columns is-layout-flex wp-container-core-columns-is-layout-1 wp-block-columns-is-layout-flex\">\n<div class=\"wp-block-column is-layout-flow wp-block-column-is-layout-flow\">\n<figure class=\"wp-block-image size-full\"><img loading=\"lazy\" decoding=\"async\" width=\"1350\" height=\"1800\" src=\"https:\/\/burckhardt.swiss\/app\/uploads\/2025\/06\/BRK_BUS_008.jpg\" alt=\"\" class=\"wp-image-34401\" srcset=\"https:\/\/burckhardt.swiss\/app\/uploads\/2025\/06\/BRK_BUS_008.jpg 1350w, https:\/\/burckhardt.swiss\/app\/uploads\/2025\/06\/BRK_BUS_008-225x300.jpg 225w, https:\/\/burckhardt.swiss\/app\/uploads\/2025\/06\/BRK_BUS_008-768x1024.jpg 768w, https:\/\/burckhardt.swiss\/app\/uploads\/2025\/06\/BRK_BUS_008-600x800.jpg 600w, https:\/\/burckhardt.swiss\/app\/uploads\/2025\/06\/BRK_BUS_008-500x667.jpg 500w, https:\/\/burckhardt.swiss\/app\/uploads\/2025\/06\/BRK_BUS_008-1000x1333.jpg 1000w, https:\/\/burckhardt.swiss\/app\/uploads\/2025\/06\/BRK_BUS_008-700x933.jpg 700w\" sizes=\"auto, (max-width: 1350px) 100vw, 1350px\" \/><\/figure>\n<\/div>\n\n\n\n<div class=\"wp-block-column is-layout-flow wp-block-column-is-layout-flow\">\n<figure class=\"wp-block-image size-large\"><img loading=\"lazy\" decoding=\"async\" width=\"1500\" height=\"1125\" src=\"https:\/\/burckhardt.swiss\/app\/uploads\/2025\/06\/burckhardt_bussigny_situation_KLEIN_NEU-edited-1.jpg\" alt=\"\" class=\"wp-image-34630\" srcset=\"https:\/\/burckhardt.swiss\/app\/uploads\/2025\/06\/burckhardt_bussigny_situation_KLEIN_NEU-edited-1.jpg 1500w, https:\/\/burckhardt.swiss\/app\/uploads\/2025\/06\/burckhardt_bussigny_situation_KLEIN_NEU-edited-1-300x225.jpg 300w, https:\/\/burckhardt.swiss\/app\/uploads\/2025\/06\/burckhardt_bussigny_situation_KLEIN_NEU-edited-1-1024x768.jpg 1024w, https:\/\/burckhardt.swiss\/app\/uploads\/2025\/06\/burckhardt_bussigny_situation_KLEIN_NEU-edited-1-600x450.jpg 600w, https:\/\/burckhardt.swiss\/app\/uploads\/2025\/06\/burckhardt_bussigny_situation_KLEIN_NEU-edited-1-500x375.jpg 500w, https:\/\/burckhardt.swiss\/app\/uploads\/2025\/06\/burckhardt_bussigny_situation_KLEIN_NEU-edited-1-1000x750.jpg 1000w, https:\/\/burckhardt.swiss\/app\/uploads\/2025\/06\/burckhardt_bussigny_situation_KLEIN_NEU-edited-1-700x525.jpg 700w, https:\/\/burckhardt.swiss\/app\/uploads\/2025\/06\/burckhardt_bussigny_situation_KLEIN_NEU-edited-1-1400x1050.jpg 1400w\" sizes=\"auto, (max-width: 1500px) 100vw, 1500px\" \/><\/figure>\n\n\n\n<div style=\"height:97px\" aria-hidden=\"true\" class=\"wp-block-spacer\"><\/div>\n\n\n\n<h2 class=\"wp-block-heading\">Deux parcelles, quatre b\u00e2timents, un ensemble<\/h2>\n\n\n\n<p>Le projet profite de la situation de deux parcelles en vis-\u00e0-vis le long de la route d\u2019acc\u00e8s du quartier- Chemin Champ Perrin. Les b\u00e2timents de 5 niveaux s&#8217;organisent par paire sur chacune des parcelles &#8211; un b\u00e2timent en L et un plot &#8211; formant un espace de rencontres, une cour- jardin con\u00e7ue sans barri\u00e8re physique qui invite au d\u00e9placement des personnes et de la petite faune. Les b\u00e2timents, situ\u00e9s en pente, respectant la d\u00e9clivit\u00e9 naturelle du terrain. <\/p>\n<\/div>\n<\/div>\n\n\n\n<div style=\"height:25px\" aria-hidden=\"true\" class=\"wp-block-spacer\"><\/div>\n\n\n\n<div class=\"wp-block-columns is-layout-flex wp-container-core-columns-is-layout-2 wp-block-columns-is-layout-flex\">\n<div class=\"wp-block-column is-layout-flow wp-block-column-is-layout-flow\">\n<figure class=\"wp-block-image size-large is-resized\"><img loading=\"lazy\" decoding=\"async\" width=\"1024\" height=\"768\" src=\"https:\/\/burckhardt.swiss\/app\/uploads\/2025\/06\/003_@Olivier-Di-Giambatista-1024x768.jpg\" alt=\"\" class=\"wp-image-34391\" style=\"width:1200px;height:auto\" srcset=\"https:\/\/burckhardt.swiss\/app\/uploads\/2025\/06\/003_@Olivier-Di-Giambatista-1024x768.jpg 1024w, https:\/\/burckhardt.swiss\/app\/uploads\/2025\/06\/003_@Olivier-Di-Giambatista-300x225.jpg 300w, https:\/\/burckhardt.swiss\/app\/uploads\/2025\/06\/003_@Olivier-Di-Giambatista-600x450.jpg 600w, https:\/\/burckhardt.swiss\/app\/uploads\/2025\/06\/003_@Olivier-Di-Giambatista-500x375.jpg 500w, https:\/\/burckhardt.swiss\/app\/uploads\/2025\/06\/003_@Olivier-Di-Giambatista-1000x750.jpg 1000w, https:\/\/burckhardt.swiss\/app\/uploads\/2025\/06\/003_@Olivier-Di-Giambatista-700x525.jpg 700w, https:\/\/burckhardt.swiss\/app\/uploads\/2025\/06\/003_@Olivier-Di-Giambatista-1400x1050.jpg 1400w, https:\/\/burckhardt.swiss\/app\/uploads\/2025\/06\/003_@Olivier-Di-Giambatista-2000x1500.jpg 2000w\" sizes=\"auto, (max-width: 1024px) 100vw, 1024px\" \/><\/figure>\n<\/div>\n<\/div>\n<\/div>\n\n\n\n<div class=\"wp-block-group alignfull has-secondary-background-color has-background is-layout-constrained wp-block-group-is-layout-constrained\">\n<figure class=\"wp-block-image size-large is-resized\"><img loading=\"lazy\" decoding=\"async\" width=\"1024\" height=\"284\" src=\"https:\/\/burckhardt.swiss\/app\/uploads\/2025\/06\/Schnitt-1024x284.png\" alt=\"\" class=\"wp-image-35090\" style=\"width:1200px;height:auto\" srcset=\"https:\/\/burckhardt.swiss\/app\/uploads\/2025\/06\/Schnitt-1024x284.png 1024w, https:\/\/burckhardt.swiss\/app\/uploads\/2025\/06\/Schnitt-300x83.png 300w, https:\/\/burckhardt.swiss\/app\/uploads\/2025\/06\/Schnitt-600x167.png 600w, https:\/\/burckhardt.swiss\/app\/uploads\/2025\/06\/Schnitt-500x139.png 500w, https:\/\/burckhardt.swiss\/app\/uploads\/2025\/06\/Schnitt-1000x278.png 1000w, https:\/\/burckhardt.swiss\/app\/uploads\/2025\/06\/Schnitt-700x194.png 700w, https:\/\/burckhardt.swiss\/app\/uploads\/2025\/06\/Schnitt-1400x389.png 1400w, https:\/\/burckhardt.swiss\/app\/uploads\/2025\/06\/Schnitt-2000x556.png 2000w\" sizes=\"auto, (max-width: 1024px) 100vw, 1024px\" \/><\/figure>\n<\/div>\n\n\n\n<div class=\"wp-block-group alignfull is-layout-constrained wp-block-group-is-layout-constrained\">\n<div class=\"wp-block-columns is-layout-flex wp-container-core-columns-is-layout-3 wp-block-columns-is-layout-flex\">\n<div class=\"wp-block-column is-layout-flow wp-block-column-is-layout-flow\">\n<figure class=\"wp-block-image size-large\"><img loading=\"lazy\" decoding=\"async\" width=\"768\" height=\"1024\" src=\"https:\/\/burckhardt.swiss\/app\/uploads\/2025\/06\/BRK_BUS_2_011-1-768x1024.jpg\" alt=\"\" class=\"wp-image-34637\" srcset=\"https:\/\/burckhardt.swiss\/app\/uploads\/2025\/06\/BRK_BUS_2_011-1-768x1024.jpg 768w, https:\/\/burckhardt.swiss\/app\/uploads\/2025\/06\/BRK_BUS_2_011-1-225x300.jpg 225w, https:\/\/burckhardt.swiss\/app\/uploads\/2025\/06\/BRK_BUS_2_011-1-600x800.jpg 600w, https:\/\/burckhardt.swiss\/app\/uploads\/2025\/06\/BRK_BUS_2_011-1-500x667.jpg 500w, https:\/\/burckhardt.swiss\/app\/uploads\/2025\/06\/BRK_BUS_2_011-1-1000x1333.jpg 1000w, https:\/\/burckhardt.swiss\/app\/uploads\/2025\/06\/BRK_BUS_2_011-1-700x933.jpg 700w, https:\/\/burckhardt.swiss\/app\/uploads\/2025\/06\/BRK_BUS_2_011-1.jpg 1350w\" sizes=\"auto, (max-width: 768px) 100vw, 768px\" \/><\/figure>\n<\/div>\n\n\n\n<div class=\"wp-block-column is-layout-flow wp-block-column-is-layout-flow\">\n<h2 class=\"wp-block-heading\"><strong><strong><strong>Entre sph\u00e8res publique et priv\u00e9e<\/strong><\/strong><\/strong><\/h2>\n\n\n\n<p>Le concept des espaces ext\u00e9rieurs vise \u00e0 une grande diversit\u00e9 \u00e9cologique, une grande r\u00e9silience au regard des enjeux climatiques et une qualit\u00e9 paysag\u00e8re renforc\u00e9e. Des arbres \u00e0 haute tige tels que des pins ou des ch\u00eanes sont plant\u00e9s dans la cour commune afin de structurer un \u00ab paysage de fraicheur \u00bb sans compromettre la perm\u00e9abilit\u00e9 visuelle. La cour s&#8217;ouvre progressivement sur une prairie fleurie, qui g\u00e8re la diff\u00e9rence de niveaux entre les jardins des locataires et l&#8217;espace commun du quartier. Des h\u00f4tels \u00e0 insectes y ont \u00e9t\u00e9 plac\u00e9s et des massifs de vivaces y ont \u00e9t\u00e9 am\u00e9nag\u00e9s, qui servent de supports \u00e0 la biodiversit\u00e9 et ponctuent la prairie d&#8217;une dimension ludique et p\u00e9dagogique. La v\u00e9g\u00e9talisation se prolonge dans les \u00e9tages o\u00f9 chaque terrasse d\u2019appartement est dot\u00e9e d\u2019un bac plant\u00e9 d\u2019arbustes, qui apporte ombrage, privacit\u00e9 et fraicheur au prolongement ext\u00e9rieur des appartements.     <\/p>\n<\/div>\n<\/div>\n\n\n\n<div style=\"height:20px\" aria-hidden=\"true\" class=\"wp-block-spacer\"><\/div>\n\n\n\n<div class=\"wp-block-columns is-layout-flex wp-container-core-columns-is-layout-4 wp-block-columns-is-layout-flex\">\n<div class=\"wp-block-column is-layout-flow wp-block-column-is-layout-flow\">\n<figure class=\"wp-block-image size-large\"><img loading=\"lazy\" decoding=\"async\" width=\"1800\" height=\"1350\" src=\"https:\/\/burckhardt.swiss\/app\/uploads\/2025\/06\/Konzept-Hof_NEU-edited.jpg\" alt=\"\" class=\"wp-image-34640\" srcset=\"https:\/\/burckhardt.swiss\/app\/uploads\/2025\/06\/Konzept-Hof_NEU-edited.jpg 1800w, https:\/\/burckhardt.swiss\/app\/uploads\/2025\/06\/Konzept-Hof_NEU-edited-300x225.jpg 300w, https:\/\/burckhardt.swiss\/app\/uploads\/2025\/06\/Konzept-Hof_NEU-edited-1024x768.jpg 1024w, https:\/\/burckhardt.swiss\/app\/uploads\/2025\/06\/Konzept-Hof_NEU-edited-600x450.jpg 600w, https:\/\/burckhardt.swiss\/app\/uploads\/2025\/06\/Konzept-Hof_NEU-edited-500x375.jpg 500w, https:\/\/burckhardt.swiss\/app\/uploads\/2025\/06\/Konzept-Hof_NEU-edited-1000x750.jpg 1000w, https:\/\/burckhardt.swiss\/app\/uploads\/2025\/06\/Konzept-Hof_NEU-edited-700x525.jpg 700w, https:\/\/burckhardt.swiss\/app\/uploads\/2025\/06\/Konzept-Hof_NEU-edited-1400x1050.jpg 1400w\" sizes=\"auto, (max-width: 1800px) 100vw, 1800px\" \/><\/figure>\n<\/div>\n\n\n\n<div class=\"wp-block-column is-layout-flow wp-block-column-is-layout-flow\">\n<figure class=\"wp-block-image size-large\"><img loading=\"lazy\" decoding=\"async\" width=\"1024\" height=\"768\" src=\"https:\/\/burckhardt.swiss\/app\/uploads\/2025\/06\/BRK_BUS_2_012-1-1024x768.jpg\" alt=\"\" class=\"wp-image-34454\" srcset=\"https:\/\/burckhardt.swiss\/app\/uploads\/2025\/06\/BRK_BUS_2_012-1-1024x768.jpg 1024w, https:\/\/burckhardt.swiss\/app\/uploads\/2025\/06\/BRK_BUS_2_012-1-300x225.jpg 300w, https:\/\/burckhardt.swiss\/app\/uploads\/2025\/06\/BRK_BUS_2_012-1-600x450.jpg 600w, https:\/\/burckhardt.swiss\/app\/uploads\/2025\/06\/BRK_BUS_2_012-1-500x375.jpg 500w, https:\/\/burckhardt.swiss\/app\/uploads\/2025\/06\/BRK_BUS_2_012-1-1000x750.jpg 1000w, https:\/\/burckhardt.swiss\/app\/uploads\/2025\/06\/BRK_BUS_2_012-1-700x525.jpg 700w, https:\/\/burckhardt.swiss\/app\/uploads\/2025\/06\/BRK_BUS_2_012-1-1400x1050.jpg 1400w, https:\/\/burckhardt.swiss\/app\/uploads\/2025\/06\/BRK_BUS_2_012-1-2000x1500.jpg 2000w\" sizes=\"auto, (max-width: 1024px) 100vw, 1024px\" \/><\/figure>\n<\/div>\n<\/div>\n\n\n\n<div style=\"height:40px\" aria-hidden=\"true\" class=\"wp-block-spacer\"><\/div>\n<\/div>\n\n\n\n<div class=\"wp-block-group alignfull has-secondary-background-color has-background is-layout-constrained wp-block-group-is-layout-constrained\">\n<div class=\"wp-block-columns is-layout-flex wp-container-core-columns-is-layout-5 wp-block-columns-is-layout-flex\">\n<div class=\"wp-block-column is-layout-flow wp-block-column-is-layout-flow\" style=\"flex-basis:25%\"><\/div>\n\n\n\n<div class=\"wp-block-column is-layout-flow wp-block-column-is-layout-flow\" style=\"flex-basis:50%\">\n<h2 class=\"wp-block-heading\"><strong>Lumi\u00e8re et g\u00e9n\u00e9rosit\u00e9 au c\u0153ur du projet<\/strong><\/h2>\n\n\n\n<p>Les logements \u00e0 destination de la location sont distribu\u00e9s par 6 cages d&#8217;escalier, chacune distribuant trois ou quatre appartements par \u00e9tages comprenant une vari\u00e9t\u00e9 typologique allant de 1.5 pi\u00e8ces aux 4.5 pi\u00e8ces. La cage d\u2019escalier, baign\u00e9e de lumi\u00e8re naturelle gr\u00e2ce \u00e0 une fen\u00eatre toute hauteur sur chaque palier et articul\u00e9e autour d\u2019un large vide, devient un espace qualitatif \u00e0 part enti\u00e8re. <em> <\/em>Les caract\u00e9ristiques des appartements refl\u00e8tent celles des noyaux d&#8217;escalier : luminosit\u00e9 et g\u00e9n\u00e9rosit\u00e9. La hauteur libre de 3 m\u00e8tres, la r\u00e9duction des surfaces de circulation et les balcons de plus de 20m\u00b2 y contribuent, soulignant une fois de plus la relation forte avec l&#8217;espace ext\u00e9rieur et l&#8217;\u00e9change entre voisins. <\/p>\n<\/div>\n\n\n\n<div class=\"wp-block-column is-layout-flow wp-block-column-is-layout-flow\" style=\"flex-basis:25%\"><\/div>\n<\/div>\n\n\n\n<div class=\"wp-block-columns is-layout-flex wp-container-core-columns-is-layout-6 wp-block-columns-is-layout-flex\">\n<div class=\"wp-block-column is-layout-flow wp-block-column-is-layout-flow\">\n<figure class=\"wp-block-image aligncenter size-full is-resized\"><img loading=\"lazy\" decoding=\"async\" width=\"2500\" height=\"952\" src=\"https:\/\/burckhardt.swiss\/app\/uploads\/2025\/06\/Regelgeschoss_Freigestellt_WEISSRAUM_NEU-edited.png\" alt=\"\" class=\"wp-image-35083\" style=\"width:1200px;height:auto\" srcset=\"https:\/\/burckhardt.swiss\/app\/uploads\/2025\/06\/Regelgeschoss_Freigestellt_WEISSRAUM_NEU-edited.png 2500w, https:\/\/burckhardt.swiss\/app\/uploads\/2025\/06\/Regelgeschoss_Freigestellt_WEISSRAUM_NEU-edited-300x114.png 300w, https:\/\/burckhardt.swiss\/app\/uploads\/2025\/06\/Regelgeschoss_Freigestellt_WEISSRAUM_NEU-edited-1024x390.png 1024w, https:\/\/burckhardt.swiss\/app\/uploads\/2025\/06\/Regelgeschoss_Freigestellt_WEISSRAUM_NEU-edited-600x228.png 600w, https:\/\/burckhardt.swiss\/app\/uploads\/2025\/06\/Regelgeschoss_Freigestellt_WEISSRAUM_NEU-edited-500x190.png 500w, https:\/\/burckhardt.swiss\/app\/uploads\/2025\/06\/Regelgeschoss_Freigestellt_WEISSRAUM_NEU-edited-1000x381.png 1000w, https:\/\/burckhardt.swiss\/app\/uploads\/2025\/06\/Regelgeschoss_Freigestellt_WEISSRAUM_NEU-edited-700x267.png 700w, https:\/\/burckhardt.swiss\/app\/uploads\/2025\/06\/Regelgeschoss_Freigestellt_WEISSRAUM_NEU-edited-1400x533.png 1400w, https:\/\/burckhardt.swiss\/app\/uploads\/2025\/06\/Regelgeschoss_Freigestellt_WEISSRAUM_NEU-edited-2000x762.png 2000w\" sizes=\"auto, (max-width: 2500px) 100vw, 2500px\" \/><\/figure>\n<\/div>\n<\/div>\n\n\n\n<p class=\"has-text-align-center\">\u00c9tage type<\/p>\n\n\n\n<div style=\"height:10px\" aria-hidden=\"true\" class=\"wp-block-spacer\"><\/div>\n\n\n\n<div class=\"wp-block-columns is-layout-flex wp-container-core-columns-is-layout-7 wp-block-columns-is-layout-flex\">\n<div class=\"wp-block-column is-layout-flow wp-block-column-is-layout-flow\">\n<figure class=\"wp-block-image size-large\"><img loading=\"lazy\" decoding=\"async\" width=\"768\" height=\"1024\" src=\"https:\/\/burckhardt.swiss\/app\/uploads\/2025\/06\/BRK_BUS_2_014-768x1024.jpg\" alt=\"\" class=\"wp-image-34432\" srcset=\"https:\/\/burckhardt.swiss\/app\/uploads\/2025\/06\/BRK_BUS_2_014-768x1024.jpg 768w, https:\/\/burckhardt.swiss\/app\/uploads\/2025\/06\/BRK_BUS_2_014-225x300.jpg 225w, https:\/\/burckhardt.swiss\/app\/uploads\/2025\/06\/BRK_BUS_2_014-600x800.jpg 600w, https:\/\/burckhardt.swiss\/app\/uploads\/2025\/06\/BRK_BUS_2_014-500x667.jpg 500w, https:\/\/burckhardt.swiss\/app\/uploads\/2025\/06\/BRK_BUS_2_014-1000x1333.jpg 1000w, https:\/\/burckhardt.swiss\/app\/uploads\/2025\/06\/BRK_BUS_2_014-700x933.jpg 700w, https:\/\/burckhardt.swiss\/app\/uploads\/2025\/06\/BRK_BUS_2_014.jpg 1350w\" sizes=\"auto, (max-width: 768px) 100vw, 768px\" \/><\/figure>\n<\/div>\n\n\n\n<div class=\"wp-block-column is-layout-flow wp-block-column-is-layout-flow\">\n<figure class=\"wp-block-image size-large\"><img loading=\"lazy\" decoding=\"async\" width=\"768\" height=\"1024\" src=\"https:\/\/burckhardt.swiss\/app\/uploads\/2025\/06\/010_@Olivier-Di-Giambatista-768x1024.jpg\" alt=\"\" class=\"wp-image-34438\" srcset=\"https:\/\/burckhardt.swiss\/app\/uploads\/2025\/06\/010_@Olivier-Di-Giambatista-768x1024.jpg 768w, https:\/\/burckhardt.swiss\/app\/uploads\/2025\/06\/010_@Olivier-Di-Giambatista-225x300.jpg 225w, https:\/\/burckhardt.swiss\/app\/uploads\/2025\/06\/010_@Olivier-Di-Giambatista-600x800.jpg 600w, https:\/\/burckhardt.swiss\/app\/uploads\/2025\/06\/010_@Olivier-Di-Giambatista-500x667.jpg 500w, https:\/\/burckhardt.swiss\/app\/uploads\/2025\/06\/010_@Olivier-Di-Giambatista-1000x1333.jpg 1000w, https:\/\/burckhardt.swiss\/app\/uploads\/2025\/06\/010_@Olivier-Di-Giambatista-700x933.jpg 700w, https:\/\/burckhardt.swiss\/app\/uploads\/2025\/06\/010_@Olivier-Di-Giambatista.jpg 1350w\" sizes=\"auto, (max-width: 768px) 100vw, 768px\" \/><\/figure>\n<\/div>\n\n\n\n<div class=\"wp-block-column is-layout-flow wp-block-column-is-layout-flow\">\n<figure class=\"wp-block-image size-large\"><img loading=\"lazy\" decoding=\"async\" width=\"768\" height=\"1024\" src=\"https:\/\/burckhardt.swiss\/app\/uploads\/2025\/06\/BRK_BUS_2_016-768x1024.jpg\" alt=\"\" class=\"wp-image-34435\" srcset=\"https:\/\/burckhardt.swiss\/app\/uploads\/2025\/06\/BRK_BUS_2_016-768x1024.jpg 768w, https:\/\/burckhardt.swiss\/app\/uploads\/2025\/06\/BRK_BUS_2_016-225x300.jpg 225w, https:\/\/burckhardt.swiss\/app\/uploads\/2025\/06\/BRK_BUS_2_016-600x800.jpg 600w, https:\/\/burckhardt.swiss\/app\/uploads\/2025\/06\/BRK_BUS_2_016-500x667.jpg 500w, https:\/\/burckhardt.swiss\/app\/uploads\/2025\/06\/BRK_BUS_2_016-1000x1333.jpg 1000w, https:\/\/burckhardt.swiss\/app\/uploads\/2025\/06\/BRK_BUS_2_016-700x933.jpg 700w, https:\/\/burckhardt.swiss\/app\/uploads\/2025\/06\/BRK_BUS_2_016.jpg 1350w\" sizes=\"auto, (max-width: 768px) 100vw, 768px\" \/><\/figure>\n<\/div>\n<\/div>\n\n\n\n<div style=\"height:25px\" aria-hidden=\"true\" class=\"wp-block-spacer\"><\/div>\n<\/div>\n\n\n\n<div style=\"height:100px\" aria-hidden=\"true\" class=\"wp-block-spacer\"><\/div>\n\n\n\n<div class=\"wp-block-columns is-layout-flex wp-container-core-columns-is-layout-8 wp-block-columns-is-layout-flex\">\n<div class=\"wp-block-column is-layout-flow wp-block-column-is-layout-flow\" style=\"flex-basis:25%\"><\/div>\n\n\n\n<div class=\"wp-block-column is-layout-flow wp-block-column-is-layout-flow\" style=\"flex-basis:50%\">\n<h2 class=\"wp-block-heading\">Expression et urbanit\u00e9<\/h2>\n\n\n\n<p>L\u2019expression des b\u00e2timents se caract\u00e9rise par des fa\u00e7ades unitaires min\u00e9rales en briques de parement claires qui par un jeu de calepinage, marquent les diff\u00e9rentes s\u00e9quences de la composition des fa\u00e7ades : soubassement &#8211; rapport au sol et entr\u00e9es, corps du b\u00e2timent et enfin couronnement en attique. Seules les loggias, largement projet\u00e9es vers l\u2019ext\u00e9rieur, font office de contrepoints. Les loggias, et leur structure en bois ind\u00e9pendante de la ma\u00e7onnerie font \u00e9cho aux plots lausannois du d\u00e9but du XXe si\u00e8cle.    <\/p>\n<\/div>\n\n\n\n<div class=\"wp-block-column is-layout-flow wp-block-column-is-layout-flow\" style=\"flex-basis:25%\"><\/div>\n<\/div>\n\n\n\n<div class=\"wp-block-group alignfull has-white-background-color has-background is-layout-constrained wp-block-group-is-layout-constrained\">\n<div class=\"wp-block-columns is-layout-flex wp-container-core-columns-is-layout-9 wp-block-columns-is-layout-flex\">\n<div class=\"wp-block-column is-layout-flow wp-block-column-is-layout-flow\">\n<figure class=\"wp-block-image size-large\"><img loading=\"lazy\" decoding=\"async\" width=\"768\" height=\"1024\" src=\"https:\/\/burckhardt.swiss\/app\/uploads\/2025\/06\/004_@Olivier-Di-Giambatista-768x1024.jpg\" alt=\"\" class=\"wp-image-34429\" srcset=\"https:\/\/burckhardt.swiss\/app\/uploads\/2025\/06\/004_@Olivier-Di-Giambatista-768x1024.jpg 768w, https:\/\/burckhardt.swiss\/app\/uploads\/2025\/06\/004_@Olivier-Di-Giambatista-225x300.jpg 225w, https:\/\/burckhardt.swiss\/app\/uploads\/2025\/06\/004_@Olivier-Di-Giambatista-600x800.jpg 600w, https:\/\/burckhardt.swiss\/app\/uploads\/2025\/06\/004_@Olivier-Di-Giambatista-500x667.jpg 500w, https:\/\/burckhardt.swiss\/app\/uploads\/2025\/06\/004_@Olivier-Di-Giambatista-1000x1333.jpg 1000w, https:\/\/burckhardt.swiss\/app\/uploads\/2025\/06\/004_@Olivier-Di-Giambatista-700x933.jpg 700w, https:\/\/burckhardt.swiss\/app\/uploads\/2025\/06\/004_@Olivier-Di-Giambatista.jpg 1350w\" sizes=\"auto, (max-width: 768px) 100vw, 768px\" \/><\/figure>\n<\/div>\n\n\n\n<div class=\"wp-block-column is-layout-flow wp-block-column-is-layout-flow\">\n<figure class=\"wp-block-image size-large\"><img loading=\"lazy\" decoding=\"async\" width=\"768\" height=\"1024\" src=\"https:\/\/burckhardt.swiss\/app\/uploads\/2025\/06\/005_@Olivier-Di-Giambatista-768x1024.jpg\" alt=\"\" class=\"wp-image-34441\" srcset=\"https:\/\/burckhardt.swiss\/app\/uploads\/2025\/06\/005_@Olivier-Di-Giambatista-768x1024.jpg 768w, https:\/\/burckhardt.swiss\/app\/uploads\/2025\/06\/005_@Olivier-Di-Giambatista-225x300.jpg 225w, https:\/\/burckhardt.swiss\/app\/uploads\/2025\/06\/005_@Olivier-Di-Giambatista-600x800.jpg 600w, https:\/\/burckhardt.swiss\/app\/uploads\/2025\/06\/005_@Olivier-Di-Giambatista-500x667.jpg 500w, https:\/\/burckhardt.swiss\/app\/uploads\/2025\/06\/005_@Olivier-Di-Giambatista-1000x1333.jpg 1000w, https:\/\/burckhardt.swiss\/app\/uploads\/2025\/06\/005_@Olivier-Di-Giambatista-700x933.jpg 700w, https:\/\/burckhardt.swiss\/app\/uploads\/2025\/06\/005_@Olivier-Di-Giambatista.jpg 1350w\" sizes=\"auto, (max-width: 768px) 100vw, 768px\" \/><\/figure>\n<\/div>\n\n\n\n<div class=\"wp-block-column is-layout-flow wp-block-column-is-layout-flow\">\n<figure class=\"wp-block-image size-large\"><img loading=\"lazy\" decoding=\"async\" width=\"768\" height=\"1024\" src=\"https:\/\/burckhardt.swiss\/app\/uploads\/2025\/06\/BRK_BUS_012-768x1024.jpg\" alt=\"\" class=\"wp-image-34468\" srcset=\"https:\/\/burckhardt.swiss\/app\/uploads\/2025\/06\/BRK_BUS_012-768x1024.jpg 768w, https:\/\/burckhardt.swiss\/app\/uploads\/2025\/06\/BRK_BUS_012-225x300.jpg 225w, https:\/\/burckhardt.swiss\/app\/uploads\/2025\/06\/BRK_BUS_012-600x800.jpg 600w, https:\/\/burckhardt.swiss\/app\/uploads\/2025\/06\/BRK_BUS_012-500x667.jpg 500w, https:\/\/burckhardt.swiss\/app\/uploads\/2025\/06\/BRK_BUS_012-1000x1333.jpg 1000w, https:\/\/burckhardt.swiss\/app\/uploads\/2025\/06\/BRK_BUS_012-700x933.jpg 700w, https:\/\/burckhardt.swiss\/app\/uploads\/2025\/06\/BRK_BUS_012.jpg 1350w\" sizes=\"auto, (max-width: 768px) 100vw, 768px\" \/><\/figure>\n<\/div>\n<\/div>\n<\/div>\n\n\n\n<div style=\"height:30px\" aria-hidden=\"true\" class=\"wp-block-spacer\"><\/div>\n\n\n\n<div class=\"wp-block-group is-layout-constrained wp-block-group-is-layout-constrained\">\n<h2 class=\"wp-block-heading has-text-align-center\">Plans de projet<\/h2>\n\n\n<div\n  id=\"block_7ae9c9354738ea7dca5c2dfd437ef5a4\"\n  data-block_7ae9c9354738ea7dca5c2dfd437ef5a4\n  class=\"image-slider alignwide\"\n>\n  <slider :records=\"[{&quot;ID&quot;:34521,&quot;id&quot;:34521,&quot;title&quot;:&quot;Lageplan_Coloriert_NEU&quot;,&quot;filename&quot;:&quot;Lageplan_Coloriert_NEU.jpg&quot;,&quot;filesize&quot;:650756,&quot;url&quot;:&quot;https:\\\/\\\/burckhardt.swiss\\\/app\\\/uploads\\\/2025\\\/06\\\/Lageplan_Coloriert_NEU.jpg&quot;,&quot;link&quot;:&quot;https:\\\/\\\/burckhardt.swiss\\\/fr\\\/project\\\/artemis-bussigny\\\/lageplan_coloriert_neu-2\\\/&quot;,&quot;alt&quot;:&quot;&quot;,&quot;author&quot;:&quot;27&quot;,&quot;description&quot;:&quot;&quot;,&quot;caption&quot;:&quot;&quot;,&quot;name&quot;:&quot;lageplan_coloriert_neu-2&quot;,&quot;status&quot;:&quot;inherit&quot;,&quot;uploaded_to&quot;:35637,&quot;date&quot;:&quot;2025-06-17 12:27:51&quot;,&quot;modified&quot;:&quot;2025-07-25 09:12:45&quot;,&quot;menu_order&quot;:0,&quot;mime_type&quot;:&quot;image\\\/jpeg&quot;,&quot;type&quot;:&quot;image&quot;,&quot;subtype&quot;:&quot;jpeg&quot;,&quot;icon&quot;:&quot;https:\\\/\\\/burckhardt.swiss\\\/wp\\\/wp-includes\\\/images\\\/media\\\/default.png&quot;,&quot;width&quot;:2400,&quot;height&quot;:1350,&quot;sizes&quot;:{&quot;medium&quot;:{&quot;file&quot;:&quot;Lageplan_Coloriert_NEU-300x169.jpg&quot;,&quot;width&quot;:300,&quot;height&quot;:169,&quot;mime-type&quot;:&quot;image\\\/jpeg&quot;,&quot;filesize&quot;:8713,&quot;source_url&quot;:&quot;https:\\\/\\\/burckhardt.swiss\\\/app\\\/uploads\\\/2025\\\/06\\\/Lageplan_Coloriert_NEU-300x169.jpg&quot;},&quot;large&quot;:{&quot;file&quot;:&quot;Lageplan_Coloriert_NEU-1024x576.jpg&quot;,&quot;width&quot;:1024,&quot;height&quot;:576,&quot;mime-type&quot;:&quot;image\\\/jpeg&quot;,&quot;filesize&quot;:46854,&quot;source_url&quot;:&quot;https:\\\/\\\/burckhardt.swiss\\\/app\\\/uploads\\\/2025\\\/06\\\/Lageplan_Coloriert_NEU-1024x576.jpg&quot;},&quot;thumbnail&quot;:{&quot;file&quot;:&quot;Lageplan_Coloriert_NEU-150x150.jpg&quot;,&quot;width&quot;:150,&quot;height&quot;:150,&quot;mime-type&quot;:&quot;image\\\/jpeg&quot;,&quot;filesize&quot;:7348,&quot;source_url&quot;:&quot;https:\\\/\\\/burckhardt.swiss\\\/app\\\/uploads\\\/2025\\\/06\\\/Lageplan_Coloriert_NEU-150x150.jpg&quot;},&quot;medium_large&quot;:{&quot;file&quot;:&quot;Lageplan_Coloriert_NEU-600x338.jpg&quot;,&quot;width&quot;:600,&quot;height&quot;:338,&quot;mime-type&quot;:&quot;image\\\/jpeg&quot;,&quot;filesize&quot;:20712,&quot;source_url&quot;:&quot;https:\\\/\\\/burckhardt.swiss\\\/app\\\/uploads\\\/2025\\\/06\\\/Lageplan_Coloriert_NEU-600x338.jpg&quot;},&quot;post_preview&quot;:{&quot;file&quot;:&quot;Lageplan_Coloriert_NEU-380x260.jpg&quot;,&quot;width&quot;:380,&quot;height&quot;:260,&quot;mime-type&quot;:&quot;image\\\/jpeg&quot;,&quot;filesize&quot;:13803,&quot;source_url&quot;:&quot;https:\\\/\\\/burckhardt.swiss\\\/app\\\/uploads\\\/2025\\\/06\\\/Lageplan_Coloriert_NEU-380x260.jpg&quot;},&quot;post_preview_2x&quot;:{&quot;file&quot;:&quot;Lageplan_Coloriert_NEU-760x520.jpg&quot;,&quot;width&quot;:760,&quot;height&quot;:520,&quot;mime-type&quot;:&quot;image\\\/jpeg&quot;,&quot;filesize&quot;:38156,&quot;source_url&quot;:&quot;https:\\\/\\\/burckhardt.swiss\\\/app\\\/uploads\\\/2025\\\/06\\\/Lageplan_Coloriert_NEU-760x520.jpg&quot;},&quot;employee_preview&quot;:{&quot;file&quot;:&quot;Lageplan_Coloriert_NEU-400x480.jpg&quot;,&quot;width&quot;:400,&quot;height&quot;:480,&quot;mime-type&quot;:&quot;image\\\/jpeg&quot;,&quot;filesize&quot;:30315,&quot;source_url&quot;:&quot;https:\\\/\\\/burckhardt.swiss\\\/app\\\/uploads\\\/2025\\\/06\\\/Lageplan_Coloriert_NEU-400x480.jpg&quot;},&quot;employee_preview_2x&quot;:{&quot;file&quot;:&quot;Lageplan_Coloriert_NEU-800x960.jpg&quot;,&quot;width&quot;:800,&quot;height&quot;:960,&quot;mime-type&quot;:&quot;image\\\/jpeg&quot;,&quot;filesize&quot;:94033,&quot;source_url&quot;:&quot;https:\\\/\\\/burckhardt.swiss\\\/app\\\/uploads\\\/2025\\\/06\\\/Lageplan_Coloriert_NEU-800x960.jpg&quot;},&quot;large_16_9&quot;:{&quot;file&quot;:&quot;Lageplan_Coloriert_NEU-1200x675.jpg&quot;,&quot;width&quot;:1200,&quot;height&quot;:675,&quot;mime-type&quot;:&quot;image\\\/jpeg&quot;,&quot;filesize&quot;:59734,&quot;source_url&quot;:&quot;https:\\\/\\\/burckhardt.swiss\\\/app\\\/uploads\\\/2025\\\/06\\\/Lageplan_Coloriert_NEU-1200x675.jpg&quot;},&quot;project_small&quot;:{&quot;file&quot;:&quot;Lageplan_Coloriert_NEU-500x281.jpg&quot;,&quot;width&quot;:500,&quot;height&quot;:281,&quot;mime-type&quot;:&quot;image\\\/jpeg&quot;,&quot;filesize&quot;:15830,&quot;source_url&quot;:&quot;https:\\\/\\\/burckhardt.swiss\\\/app\\\/uploads\\\/2025\\\/06\\\/Lageplan_Coloriert_NEU-500x281.jpg&quot;},&quot;project_small_2x&quot;:{&quot;file&quot;:&quot;Lageplan_Coloriert_NEU-1000x563.jpg&quot;,&quot;width&quot;:1000,&quot;height&quot;:563,&quot;mime-type&quot;:&quot;image\\\/jpeg&quot;,&quot;filesize&quot;:44794,&quot;source_url&quot;:&quot;https:\\\/\\\/burckhardt.swiss\\\/app\\\/uploads\\\/2025\\\/06\\\/Lageplan_Coloriert_NEU-1000x563.jpg&quot;},&quot;project_default&quot;:{&quot;file&quot;:&quot;Lageplan_Coloriert_NEU-700x394.jpg&quot;,&quot;width&quot;:700,&quot;height&quot;:394,&quot;mime-type&quot;:&quot;image\\\/jpeg&quot;,&quot;filesize&quot;:25809,&quot;source_url&quot;:&quot;https:\\\/\\\/burckhardt.swiss\\\/app\\\/uploads\\\/2025\\\/06\\\/Lageplan_Coloriert_NEU-700x394.jpg&quot;},&quot;project_default_2x&quot;:{&quot;file&quot;:&quot;Lageplan_Coloriert_NEU-1400x788.jpg&quot;,&quot;width&quot;:1400,&quot;height&quot;:788,&quot;mime-type&quot;:&quot;image\\\/jpeg&quot;,&quot;filesize&quot;:78646,&quot;source_url&quot;:&quot;https:\\\/\\\/burckhardt.swiss\\\/app\\\/uploads\\\/2025\\\/06\\\/Lageplan_Coloriert_NEU-1400x788.jpg&quot;},&quot;project_large&quot;:{&quot;file&quot;:&quot;Lageplan_Coloriert_NEU-1000x563.jpg&quot;,&quot;width&quot;:1000,&quot;height&quot;:563,&quot;mime-type&quot;:&quot;image\\\/jpeg&quot;,&quot;filesize&quot;:44794,&quot;source_url&quot;:&quot;https:\\\/\\\/burckhardt.swiss\\\/app\\\/uploads\\\/2025\\\/06\\\/Lageplan_Coloriert_NEU-1000x563.jpg&quot;},&quot;project_large_2x&quot;:{&quot;file&quot;:&quot;Lageplan_Coloriert_NEU-2000x1125.jpg&quot;,&quot;width&quot;:2000,&quot;height&quot;:1125,&quot;mime-type&quot;:&quot;image\\\/jpeg&quot;,&quot;filesize&quot;:148840,&quot;source_url&quot;:&quot;https:\\\/\\\/burckhardt.swiss\\\/app\\\/uploads\\\/2025\\\/06\\\/Lageplan_Coloriert_NEU-2000x1125.jpg&quot;}}},{&quot;ID&quot;:34524,&quot;id&quot;:34524,&quot;title&quot;:&quot;Schnitt Hof_NEU&quot;,&quot;filename&quot;:&quot;Schnitt-Hof_NEU.jpg&quot;,&quot;filesize&quot;:526754,&quot;url&quot;:&quot;https:\\\/\\\/burckhardt.swiss\\\/app\\\/uploads\\\/2025\\\/06\\\/Schnitt-Hof_NEU.jpg&quot;,&quot;link&quot;:&quot;https:\\\/\\\/burckhardt.swiss\\\/fr\\\/project\\\/artemis-bussigny\\\/schnitt-hof_neu-2\\\/&quot;,&quot;alt&quot;:&quot;&quot;,&quot;author&quot;:&quot;27&quot;,&quot;description&quot;:&quot;&quot;,&quot;caption&quot;:&quot;&quot;,&quot;name&quot;:&quot;schnitt-hof_neu-2&quot;,&quot;status&quot;:&quot;inherit&quot;,&quot;uploaded_to&quot;:35637,&quot;date&quot;:&quot;2025-06-17 12:27:58&quot;,&quot;modified&quot;:&quot;2025-07-25 09:12:45&quot;,&quot;menu_order&quot;:0,&quot;mime_type&quot;:&quot;image\\\/jpeg&quot;,&quot;type&quot;:&quot;image&quot;,&quot;subtype&quot;:&quot;jpeg&quot;,&quot;icon&quot;:&quot;https:\\\/\\\/burckhardt.swiss\\\/wp\\\/wp-includes\\\/images\\\/media\\\/default.png&quot;,&quot;width&quot;:2400,&quot;height&quot;:1350,&quot;sizes&quot;:{&quot;medium&quot;:{&quot;file&quot;:&quot;Schnitt-Hof_NEU-300x169.jpg&quot;,&quot;width&quot;:300,&quot;height&quot;:169,&quot;mime-type&quot;:&quot;image\\\/jpeg&quot;,&quot;filesize&quot;:8771,&quot;source_url&quot;:&quot;https:\\\/\\\/burckhardt.swiss\\\/app\\\/uploads\\\/2025\\\/06\\\/Schnitt-Hof_NEU-300x169.jpg&quot;},&quot;large&quot;:{&quot;file&quot;:&quot;Schnitt-Hof_NEU-1024x576.jpg&quot;,&quot;width&quot;:1024,&quot;height&quot;:576,&quot;mime-type&quot;:&quot;image\\\/jpeg&quot;,&quot;filesize&quot;:48638,&quot;source_url&quot;:&quot;https:\\\/\\\/burckhardt.swiss\\\/app\\\/uploads\\\/2025\\\/06\\\/Schnitt-Hof_NEU-1024x576.jpg&quot;},&quot;thumbnail&quot;:{&quot;file&quot;:&quot;Schnitt-Hof_NEU-150x150.jpg&quot;,&quot;width&quot;:150,&quot;height&quot;:150,&quot;mime-type&quot;:&quot;image\\\/jpeg&quot;,&quot;filesize&quot;:5571,&quot;source_url&quot;:&quot;https:\\\/\\\/burckhardt.swiss\\\/app\\\/uploads\\\/2025\\\/06\\\/Schnitt-Hof_NEU-150x150.jpg&quot;},&quot;medium_large&quot;:{&quot;file&quot;:&quot;Schnitt-Hof_NEU-600x338.jpg&quot;,&quot;width&quot;:600,&quot;height&quot;:338,&quot;mime-type&quot;:&quot;image\\\/jpeg&quot;,&quot;filesize&quot;:20999,&quot;source_url&quot;:&quot;https:\\\/\\\/burckhardt.swiss\\\/app\\\/uploads\\\/2025\\\/06\\\/Schnitt-Hof_NEU-600x338.jpg&quot;},&quot;post_preview&quot;:{&quot;file&quot;:&quot;Schnitt-Hof_NEU-380x260.jpg&quot;,&quot;width&quot;:380,&quot;height&quot;:260,&quot;mime-type&quot;:&quot;image\\\/jpeg&quot;,&quot;filesize&quot;:11834,&quot;source_url&quot;:&quot;https:\\\/\\\/burckhardt.swiss\\\/app\\\/uploads\\\/2025\\\/06\\\/Schnitt-Hof_NEU-380x260.jpg&quot;},&quot;post_preview_2x&quot;:{&quot;file&quot;:&quot;Schnitt-Hof_NEU-760x520.jpg&quot;,&quot;width&quot;:760,&quot;height&quot;:520,&quot;mime-type&quot;:&quot;image\\\/jpeg&quot;,&quot;filesize&quot;:31541,&quot;source_url&quot;:&quot;https:\\\/\\\/burckhardt.swiss\\\/app\\\/uploads\\\/2025\\\/06\\\/Schnitt-Hof_NEU-760x520.jpg&quot;},&quot;employee_preview&quot;:{&quot;file&quot;:&quot;Schnitt-Hof_NEU-400x480.jpg&quot;,&quot;width&quot;:400,&quot;height&quot;:480,&quot;mime-type&quot;:&quot;image\\\/jpeg&quot;,&quot;filesize&quot;:15121,&quot;source_url&quot;:&quot;https:\\\/\\\/burckhardt.swiss\\\/app\\\/uploads\\\/2025\\\/06\\\/Schnitt-Hof_NEU-400x480.jpg&quot;},&quot;employee_preview_2x&quot;:{&quot;file&quot;:&quot;Schnitt-Hof_NEU-800x960.jpg&quot;,&quot;width&quot;:800,&quot;height&quot;:960,&quot;mime-type&quot;:&quot;image\\\/jpeg&quot;,&quot;filesize&quot;:50429,&quot;source_url&quot;:&quot;https:\\\/\\\/burckhardt.swiss\\\/app\\\/uploads\\\/2025\\\/06\\\/Schnitt-Hof_NEU-800x960.jpg&quot;},&quot;large_16_9&quot;:{&quot;file&quot;:&quot;Schnitt-Hof_NEU-1200x675.jpg&quot;,&quot;width&quot;:1200,&quot;height&quot;:675,&quot;mime-type&quot;:&quot;image\\\/jpeg&quot;,&quot;filesize&quot;:63055,&quot;source_url&quot;:&quot;https:\\\/\\\/burckhardt.swiss\\\/app\\\/uploads\\\/2025\\\/06\\\/Schnitt-Hof_NEU-1200x675.jpg&quot;},&quot;project_small&quot;:{&quot;file&quot;:&quot;Schnitt-Hof_NEU-500x281.jpg&quot;,&quot;width&quot;:500,&quot;height&quot;:281,&quot;mime-type&quot;:&quot;image\\\/jpeg&quot;,&quot;filesize&quot;:16439,&quot;source_url&quot;:&quot;https:\\\/\\\/burckhardt.swiss\\\/app\\\/uploads\\\/2025\\\/06\\\/Schnitt-Hof_NEU-500x281.jpg&quot;},&quot;project_small_2x&quot;:{&quot;file&quot;:&quot;Schnitt-Hof_NEU-1000x563.jpg&quot;,&quot;width&quot;:1000,&quot;height&quot;:563,&quot;mime-type&quot;:&quot;image\\\/jpeg&quot;,&quot;filesize&quot;:48214,&quot;source_url&quot;:&quot;https:\\\/\\\/burckhardt.swiss\\\/app\\\/uploads\\\/2025\\\/06\\\/Schnitt-Hof_NEU-1000x563.jpg&quot;},&quot;project_default&quot;:{&quot;file&quot;:&quot;Schnitt-Hof_NEU-700x394.jpg&quot;,&quot;width&quot;:700,&quot;height&quot;:394,&quot;mime-type&quot;:&quot;image\\\/jpeg&quot;,&quot;filesize&quot;:27007,&quot;source_url&quot;:&quot;https:\\\/\\\/burckhardt.swiss\\\/app\\\/uploads\\\/2025\\\/06\\\/Schnitt-Hof_NEU-700x394.jpg&quot;},&quot;project_default_2x&quot;:{&quot;file&quot;:&quot;Schnitt-Hof_NEU-1400x788.jpg&quot;,&quot;width&quot;:1400,&quot;height&quot;:788,&quot;mime-type&quot;:&quot;image\\\/jpeg&quot;,&quot;filesize&quot;:85336,&quot;source_url&quot;:&quot;https:\\\/\\\/burckhardt.swiss\\\/app\\\/uploads\\\/2025\\\/06\\\/Schnitt-Hof_NEU-1400x788.jpg&quot;},&quot;project_large&quot;:{&quot;file&quot;:&quot;Schnitt-Hof_NEU-1000x563.jpg&quot;,&quot;width&quot;:1000,&quot;height&quot;:563,&quot;mime-type&quot;:&quot;image\\\/jpeg&quot;,&quot;filesize&quot;:48214,&quot;source_url&quot;:&quot;https:\\\/\\\/burckhardt.swiss\\\/app\\\/uploads\\\/2025\\\/06\\\/Schnitt-Hof_NEU-1000x563.jpg&quot;},&quot;project_large_2x&quot;:{&quot;file&quot;:&quot;Schnitt-Hof_NEU-2000x1125.jpg&quot;,&quot;width&quot;:2000,&quot;height&quot;:1125,&quot;mime-type&quot;:&quot;image\\\/jpeg&quot;,&quot;filesize&quot;:164724,&quot;source_url&quot;:&quot;https:\\\/\\\/burckhardt.swiss\\\/app\\\/uploads\\\/2025\\\/06\\\/Schnitt-Hof_NEU-2000x1125.jpg&quot;}}},{&quot;ID&quot;:34530,&quot;id&quot;:34530,&quot;title&quot;:&quot;Zeichnung Balkon_NEU&quot;,&quot;filename&quot;:&quot;Zeichnung-Balkon_NEU.jpg&quot;,&quot;filesize&quot;:333227,&quot;url&quot;:&quot;https:\\\/\\\/burckhardt.swiss\\\/app\\\/uploads\\\/2025\\\/06\\\/Zeichnung-Balkon_NEU.jpg&quot;,&quot;link&quot;:&quot;https:\\\/\\\/burckhardt.swiss\\\/fr\\\/project\\\/artemis-bussigny\\\/zeichnung-balkon_neu-2\\\/&quot;,&quot;alt&quot;:&quot;&quot;,&quot;author&quot;:&quot;27&quot;,&quot;description&quot;:&quot;&quot;,&quot;caption&quot;:&quot;&quot;,&quot;name&quot;:&quot;zeichnung-balkon_neu-2&quot;,&quot;status&quot;:&quot;inherit&quot;,&quot;uploaded_to&quot;:35637,&quot;date&quot;:&quot;2025-06-17 12:28:12&quot;,&quot;modified&quot;:&quot;2025-07-25 09:12:45&quot;,&quot;menu_order&quot;:0,&quot;mime_type&quot;:&quot;image\\\/jpeg&quot;,&quot;type&quot;:&quot;image&quot;,&quot;subtype&quot;:&quot;jpeg&quot;,&quot;icon&quot;:&quot;https:\\\/\\\/burckhardt.swiss\\\/wp\\\/wp-includes\\\/images\\\/media\\\/default.png&quot;,&quot;width&quot;:2400,&quot;height&quot;:1350,&quot;sizes&quot;:{&quot;medium&quot;:{&quot;file&quot;:&quot;Zeichnung-Balkon_NEU-300x169.jpg&quot;,&quot;width&quot;:300,&quot;height&quot;:169,&quot;mime-type&quot;:&quot;image\\\/jpeg&quot;,&quot;filesize&quot;:6196,&quot;source_url&quot;:&quot;https:\\\/\\\/burckhardt.swiss\\\/app\\\/uploads\\\/2025\\\/06\\\/Zeichnung-Balkon_NEU-300x169.jpg&quot;},&quot;large&quot;:{&quot;file&quot;:&quot;Zeichnung-Balkon_NEU-1024x576.jpg&quot;,&quot;width&quot;:1024,&quot;height&quot;:576,&quot;mime-type&quot;:&quot;image\\\/jpeg&quot;,&quot;filesize&quot;:31437,&quot;source_url&quot;:&quot;https:\\\/\\\/burckhardt.swiss\\\/app\\\/uploads\\\/2025\\\/06\\\/Zeichnung-Balkon_NEU-1024x576.jpg&quot;},&quot;thumbnail&quot;:{&quot;file&quot;:&quot;Zeichnung-Balkon_NEU-150x150.jpg&quot;,&quot;width&quot;:150,&quot;height&quot;:150,&quot;mime-type&quot;:&quot;image\\\/jpeg&quot;,&quot;filesize&quot;:5413,&quot;source_url&quot;:&quot;https:\\\/\\\/burckhardt.swiss\\\/app\\\/uploads\\\/2025\\\/06\\\/Zeichnung-Balkon_NEU-150x150.jpg&quot;},&quot;medium_large&quot;:{&quot;file&quot;:&quot;Zeichnung-Balkon_NEU-600x338.jpg&quot;,&quot;width&quot;:600,&quot;height&quot;:338,&quot;mime-type&quot;:&quot;image\\\/jpeg&quot;,&quot;filesize&quot;:13542,&quot;source_url&quot;:&quot;https:\\\/\\\/burckhardt.swiss\\\/app\\\/uploads\\\/2025\\\/06\\\/Zeichnung-Balkon_NEU-600x338.jpg&quot;},&quot;post_preview&quot;:{&quot;file&quot;:&quot;Zeichnung-Balkon_NEU-380x260.jpg&quot;,&quot;width&quot;:380,&quot;height&quot;:260,&quot;mime-type&quot;:&quot;image\\\/jpeg&quot;,&quot;filesize&quot;:9275,&quot;source_url&quot;:&quot;https:\\\/\\\/burckhardt.swiss\\\/app\\\/uploads\\\/2025\\\/06\\\/Zeichnung-Balkon_NEU-380x260.jpg&quot;},&quot;post_preview_2x&quot;:{&quot;file&quot;:&quot;Zeichnung-Balkon_NEU-760x520.jpg&quot;,&quot;width&quot;:760,&quot;height&quot;:520,&quot;mime-type&quot;:&quot;image\\\/jpeg&quot;,&quot;filesize&quot;:24975,&quot;source_url&quot;:&quot;https:\\\/\\\/burckhardt.swiss\\\/app\\\/uploads\\\/2025\\\/06\\\/Zeichnung-Balkon_NEU-760x520.jpg&quot;},&quot;employee_preview&quot;:{&quot;file&quot;:&quot;Zeichnung-Balkon_NEU-400x480.jpg&quot;,&quot;width&quot;:400,&quot;height&quot;:480,&quot;mime-type&quot;:&quot;image\\\/jpeg&quot;,&quot;filesize&quot;:19861,&quot;source_url&quot;:&quot;https:\\\/\\\/burckhardt.swiss\\\/app\\\/uploads\\\/2025\\\/06\\\/Zeichnung-Balkon_NEU-400x480.jpg&quot;},&quot;employee_preview_2x&quot;:{&quot;file&quot;:&quot;Zeichnung-Balkon_NEU-800x960.jpg&quot;,&quot;width&quot;:800,&quot;height&quot;:960,&quot;mime-type&quot;:&quot;image\\\/jpeg&quot;,&quot;filesize&quot;:68428,&quot;source_url&quot;:&quot;https:\\\/\\\/burckhardt.swiss\\\/app\\\/uploads\\\/2025\\\/06\\\/Zeichnung-Balkon_NEU-800x960.jpg&quot;},&quot;large_16_9&quot;:{&quot;file&quot;:&quot;Zeichnung-Balkon_NEU-1200x675.jpg&quot;,&quot;width&quot;:1200,&quot;height&quot;:675,&quot;mime-type&quot;:&quot;image\\\/jpeg&quot;,&quot;filesize&quot;:41083,&quot;source_url&quot;:&quot;https:\\\/\\\/burckhardt.swiss\\\/app\\\/uploads\\\/2025\\\/06\\\/Zeichnung-Balkon_NEU-1200x675.jpg&quot;},&quot;project_small&quot;:{&quot;file&quot;:&quot;Zeichnung-Balkon_NEU-500x281.jpg&quot;,&quot;width&quot;:500,&quot;height&quot;:281,&quot;mime-type&quot;:&quot;image\\\/jpeg&quot;,&quot;filesize&quot;:10554,&quot;source_url&quot;:&quot;https:\\\/\\\/burckhardt.swiss\\\/app\\\/uploads\\\/2025\\\/06\\\/Zeichnung-Balkon_NEU-500x281.jpg&quot;},&quot;project_small_2x&quot;:{&quot;file&quot;:&quot;Zeichnung-Balkon_NEU-1000x563.jpg&quot;,&quot;width&quot;:1000,&quot;height&quot;:563,&quot;mime-type&quot;:&quot;image\\\/jpeg&quot;,&quot;filesize&quot;:30256,&quot;source_url&quot;:&quot;https:\\\/\\\/burckhardt.swiss\\\/app\\\/uploads\\\/2025\\\/06\\\/Zeichnung-Balkon_NEU-1000x563.jpg&quot;},&quot;project_default&quot;:{&quot;file&quot;:&quot;Zeichnung-Balkon_NEU-700x394.jpg&quot;,&quot;width&quot;:700,&quot;height&quot;:394,&quot;mime-type&quot;:&quot;image\\\/jpeg&quot;,&quot;filesize&quot;:16947,&quot;source_url&quot;:&quot;https:\\\/\\\/burckhardt.swiss\\\/app\\\/uploads\\\/2025\\\/06\\\/Zeichnung-Balkon_NEU-700x394.jpg&quot;},&quot;project_default_2x&quot;:{&quot;file&quot;:&quot;Zeichnung-Balkon_NEU-1400x788.jpg&quot;,&quot;width&quot;:1400,&quot;height&quot;:788,&quot;mime-type&quot;:&quot;image\\\/jpeg&quot;,&quot;filesize&quot;:55661,&quot;source_url&quot;:&quot;https:\\\/\\\/burckhardt.swiss\\\/app\\\/uploads\\\/2025\\\/06\\\/Zeichnung-Balkon_NEU-1400x788.jpg&quot;},&quot;project_large&quot;:{&quot;file&quot;:&quot;Zeichnung-Balkon_NEU-1000x563.jpg&quot;,&quot;width&quot;:1000,&quot;height&quot;:563,&quot;mime-type&quot;:&quot;image\\\/jpeg&quot;,&quot;filesize&quot;:30256,&quot;source_url&quot;:&quot;https:\\\/\\\/burckhardt.swiss\\\/app\\\/uploads\\\/2025\\\/06\\\/Zeichnung-Balkon_NEU-1000x563.jpg&quot;},&quot;project_large_2x&quot;:{&quot;file&quot;:&quot;Zeichnung-Balkon_NEU-2000x1125.jpg&quot;,&quot;width&quot;:2000,&quot;height&quot;:1125,&quot;mime-type&quot;:&quot;image\\\/jpeg&quot;,&quot;filesize&quot;:110300,&quot;source_url&quot;:&quot;https:\\\/\\\/burckhardt.swiss\\\/app\\\/uploads\\\/2025\\\/06\\\/Zeichnung-Balkon_NEU-2000x1125.jpg&quot;}}}]\">\n    <template #record=\"record\">\n      <div class=\"c-slider--image\">\n        <div class=\"swiper-lazy-preloader\"><\/div>\n        <photo :photo=\"record.sizes.large_16_9\" :media=\"record\"><\/photo>\n      <\/div>\n    <\/template>\n  <\/slider>\n<\/div>\n\n<\/div>\n\n\n\n<div class=\"wp-block-group alignfull has-secondary-background-color has-background has-big-font-size is-layout-constrained wp-block-group-is-layout-constrained\"><div\n  id=\"block_bdc61ddbb6b6aa70e49130667bf0b068\"\n  data-block_bdc61ddbb6b6aa70e49130667bf0b068\n  class=\"c-block-more-projects more-projects align\"\n>\n  <h2 class=\"u-font-size-huge is-style-separator\">Plus de projets<\/h2>\n  <record-explorer\n    endpoint=\"projects\"\n    fields=\"title,acf,link,type,id,_links,_embedded\"\n    gutter=\"base\"\n    :limit=\"2\"\n    :show-filters=\"false\"\n    :labels=\"{&quot;name&quot;:&quot;projets&quot;,&quot;singular_name&quot;:&quot;Project&quot;,&quot;add_new&quot;:&quot;Add New&quot;,&quot;add_new_item&quot;:&quot;Add New Project&quot;,&quot;edit_item&quot;:&quot;Edit Project&quot;,&quot;new_item&quot;:&quot;New Project&quot;,&quot;view_item&quot;:&quot;View Project&quot;,&quot;view_items&quot;:&quot;View Projects&quot;,&quot;search_items&quot;:&quot;Search Projects&quot;,&quot;not_found&quot;:&quot;No projects found.&quot;,&quot;not_found_in_trash&quot;:&quot;No projects found in trash.&quot;,&quot;parent_item_colon&quot;:&quot;Parent Project:&quot;,&quot;all_items&quot;:&quot;All Projects&quot;,&quot;archives&quot;:&quot;Project Archives&quot;,&quot;attributes&quot;:&quot;Project Attributes&quot;,&quot;insert_into_item&quot;:&quot;Insert into project&quot;,&quot;uploaded_to_this_item&quot;:&quot;Uploaded to this project&quot;,&quot;featured_image&quot;:&quot;Featured image&quot;,&quot;set_featured_image&quot;:&quot;Set featured image&quot;,&quot;remove_featured_image&quot;:&quot;Remove featured image&quot;,&quot;use_featured_image&quot;:&quot;Use as featured image&quot;,&quot;filter_items_list&quot;:&quot;Filter projects list&quot;,&quot;filter_by_date&quot;:&quot;Filter by date&quot;,&quot;items_list_navigation&quot;:&quot;Projects list navigation&quot;,&quot;items_list&quot;:&quot;Projects list&quot;,&quot;item_published&quot;:&quot;Project published.&quot;,&quot;item_published_privately&quot;:&quot;Project published privately.&quot;,&quot;item_reverted_to_draft&quot;:&quot;Project reverted to draft.&quot;,&quot;item_trashed&quot;:&quot;Post trashed.&quot;,&quot;item_scheduled&quot;:&quot;Project scheduled.&quot;,&quot;item_updated&quot;:&quot;Project updated.&quot;,&quot;item_link&quot;:&quot;Post Link&quot;,&quot;item_link_description&quot;:&quot;A link to a post.&quot;,&quot;menu_name&quot;:&quot;projets&quot;,&quot;name_admin_bar&quot;:&quot;Project&quot;,&quot;template_name&quot;:&quot;Single item: Project&quot;}\"\n    :include=\"[18065,15832]\"\n    list-class=\"c-block-more-projects__list\"\n  >\n    <template #record=\"props\">\n      <project\n        :project=\"props.record\"\n        :is-landscape=\"true\"\n        :preview-width=\"props.index === 0 ? 'default' : 'small'\"\n      ><\/project>\n    <\/template>\n  <\/record-explorer>\n<\/div>\n\n<\/div>\n","protected":false},"excerpt":{"rendered":"<p>Deux parcelles, quatre b\u00e2timents, un ensemble Le projet profite de la situation de deux parcelles en vis-\u00e0-vis le long de la route d\u2019acc\u00e8s du quartier- Chemin Champ Perrin. Les b\u00e2timents de 5 niveaux s&#8217;organisent par paire sur chacune des parcelles &#8211; un b\u00e2timent en L et un plot &#8211; formant un espace de rencontres, une &hellip;<\/p>\n","protected":false},"featured_media":34393,"template":"","locations":[96,100],"project-categories":[283],"project-statuses":[2241,2245],"class_list":["post-35637","project","type-project","status-publish","has-post-thumbnail","hentry","location-geneve","location-lausanne-fr","project_category-logement","project_status-concours","project_status-projets-en-cours"],"acf":{"subline":"","previewSize":"small","previewLandscape":25194,"download":"","noDetails":false,"excludeHero":false},"_links":{"self":[{"href":"https:\/\/burckhardt.swiss\/fr\/wp-json\/wp\/v2\/projects\/35637","targetHints":{"allow":["GET"]}}],"collection":[{"href":"https:\/\/burckhardt.swiss\/fr\/wp-json\/wp\/v2\/projects"}],"about":[{"href":"https:\/\/burckhardt.swiss\/fr\/wp-json\/wp\/v2\/types\/project"}],"version-history":[{"count":12,"href":"https:\/\/burckhardt.swiss\/fr\/wp-json\/wp\/v2\/projects\/35637\/revisions"}],"predecessor-version":[{"id":38663,"href":"https:\/\/burckhardt.swiss\/fr\/wp-json\/wp\/v2\/projects\/35637\/revisions\/38663"}],"wp:featuredmedia":[{"embeddable":true,"href":"https:\/\/burckhardt.swiss\/fr\/wp-json\/wp\/v2\/media\/34393"}],"wp:attachment":[{"href":"https:\/\/burckhardt.swiss\/fr\/wp-json\/wp\/v2\/media?parent=35637"}],"wp:term":[{"taxonomy":"location","embeddable":true,"href":"https:\/\/burckhardt.swiss\/fr\/wp-json\/wp\/v2\/locations?post=35637"},{"taxonomy":"project_category","embeddable":true,"href":"https:\/\/burckhardt.swiss\/fr\/wp-json\/wp\/v2\/project-categories?post=35637"},{"taxonomy":"project_status","embeddable":true,"href":"https:\/\/burckhardt.swiss\/fr\/wp-json\/wp\/v2\/project-statuses?post=35637"}],"curies":[{"name":"wp","href":"https:\/\/api.w.org\/{rel}","templated":true}]}}