{"id":26701,"date":"2023-11-15T20:30:31","date_gmt":"2023-11-15T19:30:31","guid":{"rendered":"https:\/\/burckhardt.swiss\/?post_type=project&#038;p=26701"},"modified":"2025-04-01T09:52:26","modified_gmt":"2025-04-01T07:52:26","slug":"centre-dexploitation-romande-energie-rolle","status":"publish","type":"project","link":"https:\/\/burckhardt.swiss\/fr\/project\/centre-dexploitation-romande-energie-rolle\/","title":{"rendered":"Centre d&#8217;exploitation Romande Energie, Rolle"},"content":{"rendered":"\n<figure class=\"wp-block-image alignfull size-full\"><img loading=\"lazy\" decoding=\"async\" width=\"2000\" height=\"688\" src=\"https:\/\/burckhardt.swiss\/app\/uploads\/2024\/01\/Burckhardt_Betriebszentrum_Rolle1_Header.jpg\" alt=\"\" class=\"wp-image-26705\" srcset=\"https:\/\/burckhardt.swiss\/app\/uploads\/2024\/01\/Burckhardt_Betriebszentrum_Rolle1_Header.jpg 2000w, https:\/\/burckhardt.swiss\/app\/uploads\/2024\/01\/Burckhardt_Betriebszentrum_Rolle1_Header-300x103.jpg 300w, https:\/\/burckhardt.swiss\/app\/uploads\/2024\/01\/Burckhardt_Betriebszentrum_Rolle1_Header-1024x352.jpg 1024w, https:\/\/burckhardt.swiss\/app\/uploads\/2024\/01\/Burckhardt_Betriebszentrum_Rolle1_Header-600x206.jpg 600w, https:\/\/burckhardt.swiss\/app\/uploads\/2024\/01\/Burckhardt_Betriebszentrum_Rolle1_Header-500x172.jpg 500w, https:\/\/burckhardt.swiss\/app\/uploads\/2024\/01\/Burckhardt_Betriebszentrum_Rolle1_Header-1000x344.jpg 1000w, https:\/\/burckhardt.swiss\/app\/uploads\/2024\/01\/Burckhardt_Betriebszentrum_Rolle1_Header-700x241.jpg 700w, https:\/\/burckhardt.swiss\/app\/uploads\/2024\/01\/Burckhardt_Betriebszentrum_Rolle1_Header-1400x482.jpg 1400w\" sizes=\"auto, (max-width: 2000px) 100vw, 2000px\" \/><\/figure>\n\n\n\n<div class=\"wp-block-group is-layout-constrained wp-block-group-is-layout-constrained\"><div\n  id=\"block_867597938b0f18bf9b837319908e9843\"\n  data-block_867597938b0f18bf9b837319908e9843\n  class=\"project-intro align\"\n>\n  <div class=\"o-flex o-flex--centered\">\n    <a\n      href=\"https:\/\/burckhardt.swiss\/unsere-projekte\/\"\n      class=\"u-arrow--left\"\n      onclick=\"\n        event.preventDefault();\n        if (window.location.search.includes('back-history')) {\n          history.back();\n        } else {\n          window.location.href = 'https:\/\/burckhardt.swiss\/unsere-projekte\/';\n        }\n      \"\n    >retour<\/a>\n  <\/div>\n  <div class=\"c-block-project-intro\">\n    <div class=\"c-block-project-intro__intro\">\n      <h1 class=\"is-style-separator has-huge-font-size\">\n        Centre d&#039;exploitation Romande Energie, Rolle\n      <\/h1>\n      <p>Le nouveau centre d&#039;exploitation de Romande Energie SA est le fruit d&#039;un concours organis\u00e9 sous forme de mandat d&#039;\u00e9tude parall\u00e8le et remport\u00e9 par Burckhardt (anciennement Burckhardt+Partner) en 2008.<\/p>\n    <\/div>\n    <div class=\"c-block-project-intro__facts\">\n              <div class=\"c-block-project-intro__fact\">\n          <strong>Ma\u00eetre d\u2019ouvrage<\/strong>\n          <p>Romande Energie SA, Morges<\/p>\n        <\/div>\n              <div class=\"c-block-project-intro__fact\">\n          <strong>P\u00e9riode<\/strong>\n          <p>2008\u20132010<\/p>\n        <\/div>\n              <div class=\"c-block-project-intro__fact\">\n          <strong>Mandat<\/strong>\n          <p>Planification g\u00e9n\u00e9rale, architecture<\/p>\n        <\/div>\n              <div class=\"c-block-project-intro__fact\">\n          <strong>Photos<\/strong>\n          <p>Thomas Jantscher<\/p>\n        <\/div>\n                    <div class=\"c-block-project-intro__fact\">\n          <strong>Typologie<\/strong>\n          <p>Administration, Industrie &amp; Commerce<\/p>\n        <\/div>\n                    <div class=\"c-block-project-intro__fact\">\n          <strong>Office<\/strong>\n          <p>\n                          <span>Gen\u00e8ve, Schweiz<br\/><\/span>\n                          <span>Lausanne, Schweiz<br\/><\/span>\n                      <\/p>\n        <\/div>\n          <\/div>\n  <\/div>\n<\/div>\n<\/div>\n\n\n\n<div class=\"wp-block-group alignfull has-secondary-background-color has-background is-layout-constrained wp-block-group-is-layout-constrained\">\n<h2 class=\"wp-block-heading has-text-align-center\">Valeurs cl\u00e9s<\/h2>\n\n\n<div\n  id=\"block_ab7484735969f2ab377aa017bd1492d2\"\n  data-block_ab7484735969f2ab377aa017bd1492d2\n  class=\"fact-list align\"\n>\n      <div class=\"c-block-facts-list c-block-facts-list--desktop \"\n         style=\"grid-template-columns: repeat(4, minmax(15%, 1fr));\">\n              <Fact\n          :fact=\"{&quot;icon&quot;:&quot;https:\\\/\\\/burckhardt.swiss\\\/app\\\/uploads\\\/2023\\\/07\\\/Burckhardt_Icon_Awards.svg&quot;,&quot;headline&quot;:&quot;Premier prix&quot;,&quot;factsDescription&quot;:&quot;Concours&quot;,&quot;link&quot;:&quot;&quot;}\"\n          :headline-font-weight=\"&quot;bold&quot;\"\n          align=\"center\"\n        ><\/Fact>\n              <Fact\n          :fact=\"{&quot;icon&quot;:&quot;https:\\\/\\\/burckhardt.swiss\\\/app\\\/uploads\\\/2023\\\/02\\\/Burckhardt_Icon_Geschossflaechen.svg&quot;,&quot;headline&quot;:&quot;7.700m\\u00b2&quot;,&quot;factsDescription&quot;:&quot;Surface de base&quot;,&quot;link&quot;:&quot;&quot;}\"\n          :headline-font-weight=\"&quot;bold&quot;\"\n          align=\"center\"\n        ><\/Fact>\n              <Fact\n          :fact=\"{&quot;icon&quot;:&quot;https:\\\/\\\/burckhardt.swiss\\\/app\\\/uploads\\\/2023\\\/02\\\/Burckhardt_Icon_Gebaeudevolumen.svg&quot;,&quot;headline&quot;:&quot;30.400m\\u00b3&quot;,&quot;factsDescription&quot;:&quot;Volume du b\\u00e2timent&quot;,&quot;link&quot;:&quot;&quot;}\"\n          :headline-font-weight=\"&quot;bold&quot;\"\n          align=\"center\"\n        ><\/Fact>\n              <Fact\n          :fact=\"{&quot;icon&quot;:&quot;https:\\\/\\\/burckhardt.swiss\\\/app\\\/uploads\\\/2023\\\/02\\\/Burckhardt_Icon_nachhaltig.svg&quot;,&quot;headline&quot;:&quot;Durabilit\\u00e9&quot;,&quot;factsDescription&quot;:&quot;Norme Minergie-P&quot;,&quot;link&quot;:&quot;&quot;}\"\n          :headline-font-weight=\"&quot;bold&quot;\"\n          align=\"center\"\n        ><\/Fact>\n          <\/div>\n\n    <div class=\"c-block-facts-list c-block-facts-list--mobile \">\n      <slider :records=\"[{&quot;icon&quot;:&quot;https:\\\/\\\/burckhardt.swiss\\\/app\\\/uploads\\\/2023\\\/07\\\/Burckhardt_Icon_Awards.svg&quot;,&quot;headline&quot;:&quot;Premier prix&quot;,&quot;factsDescription&quot;:&quot;Concours&quot;,&quot;link&quot;:&quot;&quot;},{&quot;icon&quot;:&quot;https:\\\/\\\/burckhardt.swiss\\\/app\\\/uploads\\\/2023\\\/02\\\/Burckhardt_Icon_Geschossflaechen.svg&quot;,&quot;headline&quot;:&quot;7.700m\\u00b2&quot;,&quot;factsDescription&quot;:&quot;Surface de base&quot;,&quot;link&quot;:&quot;&quot;},{&quot;icon&quot;:&quot;https:\\\/\\\/burckhardt.swiss\\\/app\\\/uploads\\\/2023\\\/02\\\/Burckhardt_Icon_Gebaeudevolumen.svg&quot;,&quot;headline&quot;:&quot;30.400m\\u00b3&quot;,&quot;factsDescription&quot;:&quot;Volume du b\\u00e2timent&quot;,&quot;link&quot;:&quot;&quot;},{&quot;icon&quot;:&quot;https:\\\/\\\/burckhardt.swiss\\\/app\\\/uploads\\\/2023\\\/02\\\/Burckhardt_Icon_nachhaltig.svg&quot;,&quot;headline&quot;:&quot;Durabilit\\u00e9&quot;,&quot;factsDescription&quot;:&quot;Norme Minergie-P&quot;,&quot;link&quot;:&quot;&quot;}]\">\n        <template #record=\"record\">\n          <Fact\n            :fact=\"record\"\n            :headline-font-weight=\"&quot;bold&quot;\"\n            :align=\"center\"\n          ><\/Fact>\n        <\/template>\n      <\/slider>\n    <\/div>\n  <\/div>\n\n<\/div>\n\n\n\n<div class=\"wp-block-group is-layout-constrained wp-container-core-group-is-layout-3 wp-block-group-is-layout-constrained\">\n<h2 class=\"wp-block-heading has-text-align-center\">Id\u00e9e du projet<\/h2>\n\n\n\n<h3 class=\"wp-block-heading has-text-align-center\"><strong>Une relation harmonieuse entre le b\u00e2timent et son environnement<\/strong><\/h3>\n\n\n\n<p class=\"has-text-align-left\">Situ\u00e9 sur les hauts de la commune de Rolle, entre les coteaux viticoles et la rive du lac L\u00e9man, ce b\u00e2timent exploite les atouts paysagers du site et termine, par le biais de sa morphologie, la s\u00e9rie des cinq volumes du \u00abA-one business center\u00bb. Sa forme en S s\u2019ouvre sur le territoire et cr\u00e9e deux cours de caract\u00e8re diff\u00e9renci\u00e9, la cour d\u2019accueil qui forme l\u2019espace d\u2019entr\u00e9e du b\u00e2timent administratif et la cour technique, d\u00e9di\u00e9e \u00e0 l\u2019activit\u00e9 de terrain et aux man\u0153uvres des v\u00e9hicules de service.  <\/p>\n\n\n\n<figure class=\"wp-block-image aligncenter size-full\"><img loading=\"lazy\" decoding=\"async\" width=\"2400\" height=\"1792\" src=\"https:\/\/burckhardt.swiss\/app\/uploads\/2024\/01\/Burckhardt_Betriebszentrum_Rolle4.jpg\" alt=\"\" class=\"wp-image-26714\" style=\"aspect-ratio:4\/3;object-fit:cover\" srcset=\"https:\/\/burckhardt.swiss\/app\/uploads\/2024\/01\/Burckhardt_Betriebszentrum_Rolle4.jpg 2400w, https:\/\/burckhardt.swiss\/app\/uploads\/2024\/01\/Burckhardt_Betriebszentrum_Rolle4-300x224.jpg 300w, https:\/\/burckhardt.swiss\/app\/uploads\/2024\/01\/Burckhardt_Betriebszentrum_Rolle4-1024x765.jpg 1024w, https:\/\/burckhardt.swiss\/app\/uploads\/2024\/01\/Burckhardt_Betriebszentrum_Rolle4-600x448.jpg 600w, https:\/\/burckhardt.swiss\/app\/uploads\/2024\/01\/Burckhardt_Betriebszentrum_Rolle4-500x373.jpg 500w, https:\/\/burckhardt.swiss\/app\/uploads\/2024\/01\/Burckhardt_Betriebszentrum_Rolle4-1000x747.jpg 1000w, https:\/\/burckhardt.swiss\/app\/uploads\/2024\/01\/Burckhardt_Betriebszentrum_Rolle4-700x523.jpg 700w, https:\/\/burckhardt.swiss\/app\/uploads\/2024\/01\/Burckhardt_Betriebszentrum_Rolle4-1400x1045.jpg 1400w, https:\/\/burckhardt.swiss\/app\/uploads\/2024\/01\/Burckhardt_Betriebszentrum_Rolle4-2000x1493.jpg 2000w\" sizes=\"auto, (max-width: 2400px) 100vw, 2400px\" \/><\/figure>\n\n\n\n<div style=\"height:70px\" aria-hidden=\"true\" class=\"wp-block-spacer\"><\/div>\n<\/div>\n\n\n\n<div class=\"wp-block-group alignfull has-secondary-background-color has-background is-layout-constrained wp-block-group-is-layout-constrained\"><div\n  id=\"block_1fbffb6ebd51b83609c4f7984ab94455\"\n  data-block_1fbffb6ebd51b83609c4f7984ab94455\n  class=\"quote align\"\n>\n  <div class=\"c-block-quote\">\n    <div class=\"c-block-quote__quote\">\n      <blockquote class=\"wp-block-quote\">\n        <p>L\u2019emploi <span style=\"text-decoration: underline;\">d\u2019\u00e9nergies renouvelables <\/span> \u00e9tait pour La Romande Energie une question centrale.<\/p>\n        <cite>Nicolas Vaucher, architecte et membre de la direction de site Lausanne\/Gen\u00e8ve<\/cite>\n      <\/blockquote>\n          <\/div>\n\n          <div class=\"c-block-quote__image\">\n        <figure class=\"wp-block-image\">\n          <img loading=\"lazy\" decoding=\"async\" width=\"1024\" height=\"768\" src=\"https:\/\/burckhardt.swiss\/app\/uploads\/2023\/02\/burckhardt-nicolas-vaucher_web-edited-1-1024x768.jpg\" class=\"attachment-large size-large\" alt=\"\" srcset=\"https:\/\/burckhardt.swiss\/app\/uploads\/2023\/02\/burckhardt-nicolas-vaucher_web-edited-1-1024x768.jpg 1024w, https:\/\/burckhardt.swiss\/app\/uploads\/2023\/02\/burckhardt-nicolas-vaucher_web-edited-1-300x225.jpg 300w, https:\/\/burckhardt.swiss\/app\/uploads\/2023\/02\/burckhardt-nicolas-vaucher_web-edited-1-768x576.jpg 768w, https:\/\/burckhardt.swiss\/app\/uploads\/2023\/02\/burckhardt-nicolas-vaucher_web-edited-1.jpg 1139w\" sizes=\"auto, (max-width: 1024px) 100vw, 1024px\" \/>\n          <figcaption class=\"wp-element-caption\">\n            \n          <\/figcaption>\n        <\/figure>\n      <\/div>\n      <\/div>\n<\/div>\n<\/div>\n\n\n\n<div style=\"height:100px\" aria-hidden=\"true\" class=\"wp-block-spacer\"><\/div>\n\n\n\n<div class=\"wp-block-group alignfull has-white-background-color has-background is-layout-constrained wp-block-group-is-layout-constrained\">\n<div class=\"wp-block-columns is-layout-flex wp-container-core-columns-is-layout-1 wp-block-columns-is-layout-flex\">\n<div class=\"wp-block-column is-layout-flow wp-block-column-is-layout-flow\">\n<h3 class=\"wp-block-heading\"><strong>Les \u00e9nergies : enjeux de durabilit\u00e9<\/strong><\/h3>\n\n\n\n<p>Le concept de d\u00e9veloppement durable est illustr\u00e9 dans ce projet par les principes suivants : une relation harmonieuse du b\u00e2timent avec son environnement imm\u00e9diat, un environnement de travail de haute qualit\u00e9, une volum\u00e9trie compacte adapt\u00e9e \u00e0 chaque affectation grande flexibilit\u00e9 d&#8217;utilisation. La construction suit les principes du d\u00e9veloppement durable en choisissant des mat\u00e9riaux capables de r\u00e9sister \u00e0 des sollicitations accrues et \u00e9cologiquement durable par l\u2019usage d\u2019une charpente bois pour l\u2019ensemble des ateliers. Le projet r\u00e9pond \u00e0 de hautes exigences \u00e9nerg\u00e9tiques, certifi\u00e9 par le label Minergie-P.  <\/p>\n<\/div>\n\n\n\n<div class=\"wp-block-column is-layout-flow wp-block-column-is-layout-flow\">\n<figure class=\"wp-block-image size-full\"><img loading=\"lazy\" decoding=\"async\" width=\"2400\" height=\"1798\" src=\"https:\/\/burckhardt.swiss\/app\/uploads\/2024\/01\/Burckhardt_Betriebszentrum_Rolle5.jpg\" alt=\"\" class=\"wp-image-26717\" srcset=\"https:\/\/burckhardt.swiss\/app\/uploads\/2024\/01\/Burckhardt_Betriebszentrum_Rolle5.jpg 2400w, https:\/\/burckhardt.swiss\/app\/uploads\/2024\/01\/Burckhardt_Betriebszentrum_Rolle5-300x225.jpg 300w, https:\/\/burckhardt.swiss\/app\/uploads\/2024\/01\/Burckhardt_Betriebszentrum_Rolle5-1024x767.jpg 1024w, https:\/\/burckhardt.swiss\/app\/uploads\/2024\/01\/Burckhardt_Betriebszentrum_Rolle5-600x450.jpg 600w, https:\/\/burckhardt.swiss\/app\/uploads\/2024\/01\/Burckhardt_Betriebszentrum_Rolle5-500x375.jpg 500w, https:\/\/burckhardt.swiss\/app\/uploads\/2024\/01\/Burckhardt_Betriebszentrum_Rolle5-1000x749.jpg 1000w, https:\/\/burckhardt.swiss\/app\/uploads\/2024\/01\/Burckhardt_Betriebszentrum_Rolle5-700x524.jpg 700w, https:\/\/burckhardt.swiss\/app\/uploads\/2024\/01\/Burckhardt_Betriebszentrum_Rolle5-1400x1049.jpg 1400w, https:\/\/burckhardt.swiss\/app\/uploads\/2024\/01\/Burckhardt_Betriebszentrum_Rolle5-2000x1498.jpg 2000w\" sizes=\"auto, (max-width: 2400px) 100vw, 2400px\" \/><\/figure>\n<\/div>\n<\/div>\n\n\n\n<div class=\"wp-block-columns is-layout-flex wp-container-core-columns-is-layout-2 wp-block-columns-is-layout-flex\">\n<div class=\"wp-block-column is-layout-flow wp-block-column-is-layout-flow\">\n<figure class=\"wp-block-image size-full\"><img loading=\"lazy\" decoding=\"async\" width=\"2400\" height=\"1798\" src=\"https:\/\/burckhardt.swiss\/app\/uploads\/2024\/01\/Burckhardt_Betriebszentrum_Rolle3.jpg\" alt=\"\" class=\"wp-image-26720\" srcset=\"https:\/\/burckhardt.swiss\/app\/uploads\/2024\/01\/Burckhardt_Betriebszentrum_Rolle3.jpg 2400w, https:\/\/burckhardt.swiss\/app\/uploads\/2024\/01\/Burckhardt_Betriebszentrum_Rolle3-300x225.jpg 300w, https:\/\/burckhardt.swiss\/app\/uploads\/2024\/01\/Burckhardt_Betriebszentrum_Rolle3-1024x767.jpg 1024w, https:\/\/burckhardt.swiss\/app\/uploads\/2024\/01\/Burckhardt_Betriebszentrum_Rolle3-600x450.jpg 600w, https:\/\/burckhardt.swiss\/app\/uploads\/2024\/01\/Burckhardt_Betriebszentrum_Rolle3-500x375.jpg 500w, https:\/\/burckhardt.swiss\/app\/uploads\/2024\/01\/Burckhardt_Betriebszentrum_Rolle3-1000x749.jpg 1000w, https:\/\/burckhardt.swiss\/app\/uploads\/2024\/01\/Burckhardt_Betriebszentrum_Rolle3-700x524.jpg 700w, https:\/\/burckhardt.swiss\/app\/uploads\/2024\/01\/Burckhardt_Betriebszentrum_Rolle3-1400x1049.jpg 1400w, https:\/\/burckhardt.swiss\/app\/uploads\/2024\/01\/Burckhardt_Betriebszentrum_Rolle3-2000x1498.jpg 2000w\" sizes=\"auto, (max-width: 2400px) 100vw, 2400px\" \/><\/figure>\n<\/div>\n\n\n\n<div class=\"wp-block-column is-layout-flow wp-block-column-is-layout-flow\">\n<h3 class=\"wp-block-heading\"><strong>De grandes fen\u00eatres avec vue panoramique<\/strong><\/h3>\n\n\n\n<p>La fa\u00e7ade r\u00e9alis\u00e9e en profil de verre coul\u00e9 permet d\u2019\u00e9clairer abondamment les espaces int\u00e9rieurs. Les ouvertures, \u00abcollection\u00bb de cadres de grands formats, expriment la profondeur de l\u2019enveloppe thermique, en se situant alternativement sur les plans int\u00e9rieur ou ext\u00e9rieur. Ces ouvertures cadrent le paysage et offrent de larges panoramas aux diff\u00e9rentes salles de r\u00e9union et \u00e0 la caf\u00e9t\u00e9ria.  <\/p>\n<\/div>\n<\/div>\n\n\n\n<div class=\"wp-block-columns is-layout-flex wp-container-core-columns-is-layout-3 wp-block-columns-is-layout-flex\">\n<div class=\"wp-block-column is-layout-flow wp-block-column-is-layout-flow\">\n<h3 class=\"wp-block-heading\">Connexion fonctionnelle<\/h3>\n\n\n\n<p>La forme et l&#8217;organisation du b\u00e2timent refl\u00e8tent les deux domaines d&#8217;activit\u00e9 que sont le bureau d\u2019\u00e9tudes et la r\u00e9alisation des installations techniques, tout en formant une unit\u00e9 architecturale. La premi\u00e8re aile, de trois \u00e9tages, est d\u00e9di\u00e9e \u00e0 l\u2019activit\u00e9 de bureau, les suivantes aux ateliers et au stockage. Les liaisons fonctionnelles entre ces diff\u00e9rentes parties sont optimis\u00e9es par une distribution continue, facilitant l\u2019orientation et la lisibilit\u00e9 de l\u2019ensemble du b\u00e2timent.  <\/p>\n<\/div>\n\n\n\n<div class=\"wp-block-column is-layout-flow wp-block-column-is-layout-flow\">\n<figure class=\"wp-block-image size-full\"><img loading=\"lazy\" decoding=\"async\" width=\"2400\" height=\"3203\" src=\"https:\/\/burckhardt.swiss\/app\/uploads\/2024\/01\/Burckhardt_Betriebszentrum_Rolle2.jpg\" alt=\"\" class=\"wp-image-26723\" srcset=\"https:\/\/burckhardt.swiss\/app\/uploads\/2024\/01\/Burckhardt_Betriebszentrum_Rolle2.jpg 2400w, https:\/\/burckhardt.swiss\/app\/uploads\/2024\/01\/Burckhardt_Betriebszentrum_Rolle2-225x300.jpg 225w, https:\/\/burckhardt.swiss\/app\/uploads\/2024\/01\/Burckhardt_Betriebszentrum_Rolle2-767x1024.jpg 767w, https:\/\/burckhardt.swiss\/app\/uploads\/2024\/01\/Burckhardt_Betriebszentrum_Rolle2-600x801.jpg 600w, https:\/\/burckhardt.swiss\/app\/uploads\/2024\/01\/Burckhardt_Betriebszentrum_Rolle2-500x667.jpg 500w, https:\/\/burckhardt.swiss\/app\/uploads\/2024\/01\/Burckhardt_Betriebszentrum_Rolle2-1000x1335.jpg 1000w, https:\/\/burckhardt.swiss\/app\/uploads\/2024\/01\/Burckhardt_Betriebszentrum_Rolle2-700x934.jpg 700w, https:\/\/burckhardt.swiss\/app\/uploads\/2024\/01\/Burckhardt_Betriebszentrum_Rolle2-1400x1868.jpg 1400w, https:\/\/burckhardt.swiss\/app\/uploads\/2024\/01\/Burckhardt_Betriebszentrum_Rolle2-2000x2669.jpg 2000w\" sizes=\"auto, (max-width: 2400px) 100vw, 2400px\" \/><\/figure>\n<\/div>\n<\/div>\n<\/div>\n\n\n\n<div class=\"wp-block-group is-layout-constrained wp-block-group-is-layout-constrained\">\n<h2 class=\"wp-block-heading has-text-align-center\"><\/h2>\n\n\n<div\n  id=\"block_ad0de50947da77741fdb2c6c127f641e\"\n  data-block_ad0de50947da77741fdb2c6c127f641e\n  class=\"image-slider align\"\n>\n  <slider :records=\"false\">\n    <template #record=\"record\">\n      <div class=\"c-slider--image\">\n        <div class=\"swiper-lazy-preloader\"><\/div>\n        <photo :photo=\"record.sizes.large_16_9\" :media=\"record\"><\/photo>\n      <\/div>\n    <\/template>\n  <\/slider>\n<\/div>\n\n<\/div>\n\n\n\n<div class=\"wp-block-group alignfull has-secondary-background-color has-background has-big-font-size is-layout-constrained wp-block-group-is-layout-constrained\"><div\n  id=\"block_1205845a48423d4b77dd8160678e1970\"\n  data-block_1205845a48423d4b77dd8160678e1970\n  class=\"c-block-more-projects more-projects align\"\n>\n  <h2 class=\"u-font-size-huge is-style-separator\">Plus de projets<\/h2>\n  <record-explorer\n    endpoint=\"projects\"\n    fields=\"title,acf,link,type,id,_links,_embedded\"\n    gutter=\"base\"\n    :limit=\"2\"\n    :show-filters=\"false\"\n    :labels=\"{&quot;name&quot;:&quot;projets&quot;,&quot;singular_name&quot;:&quot;Project&quot;,&quot;add_new&quot;:&quot;Add New&quot;,&quot;add_new_item&quot;:&quot;Add New Project&quot;,&quot;edit_item&quot;:&quot;Edit Project&quot;,&quot;new_item&quot;:&quot;New Project&quot;,&quot;view_item&quot;:&quot;View Project&quot;,&quot;view_items&quot;:&quot;View Projects&quot;,&quot;search_items&quot;:&quot;Search Projects&quot;,&quot;not_found&quot;:&quot;No projects found.&quot;,&quot;not_found_in_trash&quot;:&quot;No projects found in trash.&quot;,&quot;parent_item_colon&quot;:&quot;Parent Project:&quot;,&quot;all_items&quot;:&quot;All Projects&quot;,&quot;archives&quot;:&quot;Project Archives&quot;,&quot;attributes&quot;:&quot;Project Attributes&quot;,&quot;insert_into_item&quot;:&quot;Insert into project&quot;,&quot;uploaded_to_this_item&quot;:&quot;Uploaded to this project&quot;,&quot;featured_image&quot;:&quot;Featured image&quot;,&quot;set_featured_image&quot;:&quot;Set featured image&quot;,&quot;remove_featured_image&quot;:&quot;Remove featured image&quot;,&quot;use_featured_image&quot;:&quot;Use as featured image&quot;,&quot;filter_items_list&quot;:&quot;Filter projects list&quot;,&quot;filter_by_date&quot;:&quot;Filter by date&quot;,&quot;items_list_navigation&quot;:&quot;Projects list navigation&quot;,&quot;items_list&quot;:&quot;Projects list&quot;,&quot;item_published&quot;:&quot;Project published.&quot;,&quot;item_published_privately&quot;:&quot;Project published privately.&quot;,&quot;item_reverted_to_draft&quot;:&quot;Project reverted to draft.&quot;,&quot;item_trashed&quot;:&quot;Post trashed.&quot;,&quot;item_scheduled&quot;:&quot;Project scheduled.&quot;,&quot;item_updated&quot;:&quot;Project updated.&quot;,&quot;item_link&quot;:&quot;Post Link&quot;,&quot;item_link_description&quot;:&quot;A link to a post.&quot;,&quot;menu_name&quot;:&quot;projets&quot;,&quot;name_admin_bar&quot;:&quot;Project&quot;,&quot;template_name&quot;:&quot;Single item: Project&quot;}\"\n    :include=\"[23569,8046]\"\n    list-class=\"c-block-more-projects__list\"\n  >\n    <template #record=\"props\">\n      <project\n        :project=\"props.record\"\n        :is-landscape=\"true\"\n        :preview-width=\"props.index === 0 ? 'default' : 'small'\"\n      ><\/project>\n    <\/template>\n  <\/record-explorer>\n<\/div>\n\n<\/div>\n","protected":false},"excerpt":{"rendered":"<p>Valeurs cl\u00e9s Id\u00e9e du projet Une relation harmonieuse entre le b\u00e2timent et son environnement Situ\u00e9 sur les hauts de la commune de Rolle, entre les coteaux viticoles et la rive du lac L\u00e9man, ce b\u00e2timent exploite les atouts paysagers du site et termine, par le biais de sa morphologie, la s\u00e9rie des cinq volumes du &hellip;<\/p>\n","protected":false},"featured_media":26712,"template":"","locations":[96,100],"project-categories":[262,377],"project-statuses":[2241,2243],"class_list":["post-26701","project","type-project","status-publish","has-post-thumbnail","hentry","location-geneve","location-lausanne-fr","project_category-administration-fr","project_category-industrie-commerce","project_status-concours","project_status-projets-termines"],"acf":{"subline":"","previewSize":"default","previewLandscape":26734,"download":"","noDetails":false,"excludeHero":false},"_links":{"self":[{"href":"https:\/\/burckhardt.swiss\/fr\/wp-json\/wp\/v2\/projects\/26701","targetHints":{"allow":["GET"]}}],"collection":[{"href":"https:\/\/burckhardt.swiss\/fr\/wp-json\/wp\/v2\/projects"}],"about":[{"href":"https:\/\/burckhardt.swiss\/fr\/wp-json\/wp\/v2\/types\/project"}],"version-history":[{"count":15,"href":"https:\/\/burckhardt.swiss\/fr\/wp-json\/wp\/v2\/projects\/26701\/revisions"}],"predecessor-version":[{"id":33014,"href":"https:\/\/burckhardt.swiss\/fr\/wp-json\/wp\/v2\/projects\/26701\/revisions\/33014"}],"wp:featuredmedia":[{"embeddable":true,"href":"https:\/\/burckhardt.swiss\/fr\/wp-json\/wp\/v2\/media\/26712"}],"wp:attachment":[{"href":"https:\/\/burckhardt.swiss\/fr\/wp-json\/wp\/v2\/media?parent=26701"}],"wp:term":[{"taxonomy":"location","embeddable":true,"href":"https:\/\/burckhardt.swiss\/fr\/wp-json\/wp\/v2\/locations?post=26701"},{"taxonomy":"project_category","embeddable":true,"href":"https:\/\/burckhardt.swiss\/fr\/wp-json\/wp\/v2\/project-categories?post=26701"},{"taxonomy":"project_status","embeddable":true,"href":"https:\/\/burckhardt.swiss\/fr\/wp-json\/wp\/v2\/project-statuses?post=26701"}],"curies":[{"name":"wp","href":"https:\/\/api.w.org\/{rel}","templated":true}]}}