{"id":18451,"date":"2023-08-25T10:51:44","date_gmt":"2023-08-25T08:51:44","guid":{"rendered":"https:\/\/burckhardt.swiss\/?post_type=project&#038;p=18451"},"modified":"2025-04-01T09:56:37","modified_gmt":"2025-04-01T07:56:37","slug":"site-dattisholz-batiment-kocherei-riedholz","status":"publish","type":"project","link":"https:\/\/burckhardt.swiss\/fr\/project\/site-dattisholz-batiment-kocherei-riedholz\/","title":{"rendered":"Site d\u2019Attisholz, b\u00e2timent \u00abKocherei\u00bb, Riedholz"},"content":{"rendered":"\n<figure class=\"wp-block-image alignfull size-full\"><img loading=\"lazy\" decoding=\"async\" width=\"5000\" height=\"1843\" src=\"https:\/\/burckhardt.swiss\/app\/uploads\/2023\/08\/burckhardt-attisholz-blick-aare_Teaser_Header.jpg\" alt=\"\" class=\"wp-image-19422\" srcset=\"https:\/\/burckhardt.swiss\/app\/uploads\/2023\/08\/burckhardt-attisholz-blick-aare_Teaser_Header.jpg 5000w, https:\/\/burckhardt.swiss\/app\/uploads\/2023\/08\/burckhardt-attisholz-blick-aare_Teaser_Header-300x111.jpg 300w, https:\/\/burckhardt.swiss\/app\/uploads\/2023\/08\/burckhardt-attisholz-blick-aare_Teaser_Header-1024x377.jpg 1024w, https:\/\/burckhardt.swiss\/app\/uploads\/2023\/08\/burckhardt-attisholz-blick-aare_Teaser_Header-600x221.jpg 600w, https:\/\/burckhardt.swiss\/app\/uploads\/2023\/08\/burckhardt-attisholz-blick-aare_Teaser_Header-500x184.jpg 500w, https:\/\/burckhardt.swiss\/app\/uploads\/2023\/08\/burckhardt-attisholz-blick-aare_Teaser_Header-1000x369.jpg 1000w, https:\/\/burckhardt.swiss\/app\/uploads\/2023\/08\/burckhardt-attisholz-blick-aare_Teaser_Header-700x258.jpg 700w, https:\/\/burckhardt.swiss\/app\/uploads\/2023\/08\/burckhardt-attisholz-blick-aare_Teaser_Header-1400x516.jpg 1400w, https:\/\/burckhardt.swiss\/app\/uploads\/2023\/08\/burckhardt-attisholz-blick-aare_Teaser_Header-2000x737.jpg 2000w\" sizes=\"auto, (max-width: 5000px) 100vw, 5000px\" \/><\/figure>\n\n\n\n<div class=\"wp-block-group is-layout-constrained wp-block-group-is-layout-constrained\"><div\n  id=\"block_eec0d2be2d7fc733bd88ed6cf43d6ff2\"\n  data-block_eec0d2be2d7fc733bd88ed6cf43d6ff2\n  class=\"project-intro align\"\n>\n  <div class=\"o-flex o-flex--centered\">\n    <a\n      href=\"https:\/\/burckhardt.swiss\/unsere-projekte\/\"\n      class=\"u-arrow--left\"\n      onclick=\"\n        event.preventDefault();\n        if (window.location.search.includes('back-history')) {\n          history.back();\n        } else {\n          window.location.href = 'https:\/\/burckhardt.swiss\/unsere-projekte\/';\n        }\n      \"\n    >retour<\/a>\n  <\/div>\n  <div class=\"c-block-project-intro\">\n    <div class=\"c-block-project-intro__intro\">\n      <h1 class=\"is-style-separator has-huge-font-size\">\n        Site d\u2019Attisholz, b\u00e2timent \u00abKocherei\u00bb, Riedholz\n      <\/h1>\n      <p>Le site d\u2019Attisholz, fond\u00e9 en 1881, a servi pendant 130 ans \u00e0 la production industrielle de cellulose. Ouvert au public depuis 2018, il deviendra dans les ann\u00e9es \u00e0 venir un \u00abquartier\u00bb urbain de Riedholz. La PIONIERhaus inaugurera le processus de transformation comme premi\u00e8re \u00e9tape de construction.  <\/p>\n    <\/div>\n    <div class=\"c-block-project-intro__facts\">\n              <div class=\"c-block-project-intro__fact\">\n          <strong>Ma\u00eetre d\u2019ouvrage<\/strong>\n          <p>Halter SA<\/p>\n        <\/div>\n              <div class=\"c-block-project-intro__fact\">\n          <strong>P\u00e9riode<\/strong>\n          <p>2023<\/p>\n        <\/div>\n              <div class=\"c-block-project-intro__fact\">\n          <strong>Mandat<\/strong>\n          <p>Concours<\/p>\n        <\/div>\n              <div class=\"c-block-project-intro__fact\">\n          <strong>Visualisations<\/strong>\n          <p>Filippo Bolognese Images<\/p>\n        <\/div>\n                    <div class=\"c-block-project-intro__fact\">\n          <strong>Typologie<\/strong>\n          <p>Logement, Loisirs &amp; Culture<\/p>\n        <\/div>\n                    <div class=\"c-block-project-intro__fact\">\n          <strong>Office<\/strong>\n          <p>\n                          <span>B\u00e2le, Schweiz<br\/><\/span>\n                      <\/p>\n        <\/div>\n          <\/div>\n  <\/div>\n<\/div>\n<\/div>\n\n\n\n<div class=\"wp-block-group alignfull has-secondary-background-color has-background is-layout-constrained wp-block-group-is-layout-constrained\">\n<h2 class=\"wp-block-heading has-text-align-center\">Valeurs cl\u00e9s<\/h2>\n\n\n<div\n  id=\"block_0112a32206f522138fbbd2d45c6ff297\"\n  data-block_0112a32206f522138fbbd2d45c6ff297\n  class=\"fact-list align\"\n>\n      <div class=\"c-block-facts-list c-block-facts-list--desktop \"\n         style=\"grid-template-columns: repeat(auto-fit, minmax(15%, 1fr));\">\n              <Fact\n          :fact=\"{&quot;icon&quot;:&quot;https:\\\/\\\/burckhardt.swiss\\\/app\\\/uploads\\\/2023\\\/07\\\/Burckhardt_Icon_Awards.svg&quot;,&quot;headline&quot;:&quot;Premier prix&quot;,&quot;factsDescription&quot;:&quot;Concours&quot;,&quot;link&quot;:&quot;&quot;}\"\n          :headline-font-weight=\"&quot;bold&quot;\"\n          align=\"center\"\n        ><\/Fact>\n              <Fact\n          :fact=\"{&quot;icon&quot;:&quot;https:\\\/\\\/burckhardt.swiss\\\/app\\\/uploads\\\/2023\\\/02\\\/Burckhardt_Icon_Geschossflaechen.svg&quot;,&quot;headline&quot;:&quot;23.475m\\u00b2&quot;,&quot;factsDescription&quot;:&quot;Surface de plancher&quot;,&quot;link&quot;:&quot;&quot;}\"\n          :headline-font-weight=\"&quot;bold&quot;\"\n          align=\"center\"\n        ><\/Fact>\n              <Fact\n          :fact=\"{&quot;icon&quot;:&quot;https:\\\/\\\/burckhardt.swiss\\\/app\\\/uploads\\\/2023\\\/02\\\/Burckhardt_Icon_Eigentumswohnungen.svg&quot;,&quot;headline&quot;:&quot;160&quot;,&quot;factsDescription&quot;:&quot;Appartements&quot;,&quot;link&quot;:&quot;&quot;}\"\n          :headline-font-weight=\"&quot;bold&quot;\"\n          align=\"center\"\n        ><\/Fact>\n              <Fact\n          :fact=\"{&quot;icon&quot;:&quot;https:\\\/\\\/burckhardt.swiss\\\/app\\\/uploads\\\/2023\\\/02\\\/Burckhardt_Icon_Handel_Verkauf.svg&quot;,&quot;headline&quot;:&quot;3.075m\\u00b2&quot;,&quot;factsDescription&quot;:&quot;Surfaces de services, d&#039;artisanat et de vente&quot;,&quot;link&quot;:&quot;&quot;}\"\n          :headline-font-weight=\"&quot;bold&quot;\"\n          align=\"center\"\n        ><\/Fact>\n              <Fact\n          :fact=\"{&quot;icon&quot;:&quot;https:\\\/\\\/burckhardt.swiss\\\/app\\\/uploads\\\/2023\\\/02\\\/Burckhardt_Icon_Aufenhaltsraum.svg&quot;,&quot;headline&quot;:&quot;1.175m\\u00b2&quot;,&quot;factsDescription&quot;:&quot;Surface culturelle&quot;,&quot;link&quot;:&quot;&quot;}\"\n          :headline-font-weight=\"&quot;bold&quot;\"\n          align=\"center\"\n        ><\/Fact>\n              <Fact\n          :fact=\"{&quot;icon&quot;:&quot;https:\\\/\\\/burckhardt.swiss\\\/app\\\/uploads\\\/2023\\\/02\\\/Burckhardt_Icon_nachhaltig.svg&quot;,&quot;headline&quot;:&quot;Durabilit\\u00e9&quot;,&quot;factsDescription&quot;:&quot;Construction hybride en bois \\\/ Conservation des structures existantes \\\/ \\u00c9l\\u00e9ments de construction r\\u00e9utilisables&lt;br&gt;&quot;,&quot;link&quot;:&quot;&quot;}\"\n          :headline-font-weight=\"&quot;bold&quot;\"\n          align=\"center\"\n        ><\/Fact>\n          <\/div>\n\n    <div class=\"c-block-facts-list c-block-facts-list--mobile \">\n      <slider :records=\"[{&quot;icon&quot;:&quot;https:\\\/\\\/burckhardt.swiss\\\/app\\\/uploads\\\/2023\\\/07\\\/Burckhardt_Icon_Awards.svg&quot;,&quot;headline&quot;:&quot;Premier prix&quot;,&quot;factsDescription&quot;:&quot;Concours&quot;,&quot;link&quot;:&quot;&quot;},{&quot;icon&quot;:&quot;https:\\\/\\\/burckhardt.swiss\\\/app\\\/uploads\\\/2023\\\/02\\\/Burckhardt_Icon_Geschossflaechen.svg&quot;,&quot;headline&quot;:&quot;23.475m\\u00b2&quot;,&quot;factsDescription&quot;:&quot;Surface de plancher&quot;,&quot;link&quot;:&quot;&quot;},{&quot;icon&quot;:&quot;https:\\\/\\\/burckhardt.swiss\\\/app\\\/uploads\\\/2023\\\/02\\\/Burckhardt_Icon_Eigentumswohnungen.svg&quot;,&quot;headline&quot;:&quot;160&quot;,&quot;factsDescription&quot;:&quot;Appartements&quot;,&quot;link&quot;:&quot;&quot;},{&quot;icon&quot;:&quot;https:\\\/\\\/burckhardt.swiss\\\/app\\\/uploads\\\/2023\\\/02\\\/Burckhardt_Icon_Handel_Verkauf.svg&quot;,&quot;headline&quot;:&quot;3.075m\\u00b2&quot;,&quot;factsDescription&quot;:&quot;Surfaces de services, d&#039;artisanat et de vente&quot;,&quot;link&quot;:&quot;&quot;},{&quot;icon&quot;:&quot;https:\\\/\\\/burckhardt.swiss\\\/app\\\/uploads\\\/2023\\\/02\\\/Burckhardt_Icon_Aufenhaltsraum.svg&quot;,&quot;headline&quot;:&quot;1.175m\\u00b2&quot;,&quot;factsDescription&quot;:&quot;Surface culturelle&quot;,&quot;link&quot;:&quot;&quot;},{&quot;icon&quot;:&quot;https:\\\/\\\/burckhardt.swiss\\\/app\\\/uploads\\\/2023\\\/02\\\/Burckhardt_Icon_nachhaltig.svg&quot;,&quot;headline&quot;:&quot;Durabilit\\u00e9&quot;,&quot;factsDescription&quot;:&quot;Construction hybride en bois \\\/ Conservation des structures existantes \\\/ \\u00c9l\\u00e9ments de construction r\\u00e9utilisables&lt;br&gt;&quot;,&quot;link&quot;:&quot;&quot;}]\">\n        <template #record=\"record\">\n          <Fact\n            :fact=\"record\"\n            :headline-font-weight=\"&quot;bold&quot;\"\n            :align=\"center\"\n          ><\/Fact>\n        <\/template>\n      <\/slider>\n    <\/div>\n  <\/div>\n\n<\/div>\n\n\n\n<div class=\"wp-block-cover alignfull is-light has-parallax has-custom-content-position is-position-top-left\" style=\"min-height:800px;aspect-ratio:unset;\"><span aria-hidden=\"true\" class=\"wp-block-cover__background has-background-dim-0 has-background-dim\"><\/span><div class=\"wp-block-cover__image-background wp-image-18506 has-parallax\" style=\"background-position:50% 50%;background-image:url(https:\/\/burckhardt.swiss\/app\/uploads\/2023\/08\/burckhardt-attisholz-situation.jpg)\"><\/div><div class=\"wp-block-cover__inner-container is-layout-flow wp-block-cover-is-layout-flow\">\n<p class=\"has-text-align-center has-large-font-size\"><\/p>\n<\/div><\/div>\n\n\n\n<div class=\"wp-block-group alignfull is-layout-constrained wp-container-core-group-is-layout-3 wp-block-group-is-layout-constrained\">\n<h1 class=\"wp-block-heading alignwide has-text-align-center\">Id\u00e9e du projet<\/h1>\n\n\n\n<p class=\"has-text-align-center has-big-font-size\"><strong>La PIONIERhaus<\/strong><\/p>\n\n\n\n<p>Notre id\u00e9e pour ce projet vise \u00e0 \u00e9tablir une passerelle entre le pass\u00e9, le pr\u00e9sent et l\u2019avenir. La PIONIERhaus doit s\u2019int\u00e9grer dans l\u2019histoire et l\u2019atmosph\u00e8re industrielles et, gr\u00e2ce \u00e0 une r\u00e9partition judicieuse des usages, dynamiser les lieux respectifs et renforcer leur caract\u00e8re. Ce projet phare innovant r\u00e9pond aux besoins sociaux d\u2019aujourd\u2019hui et met en \u0153uvre de nombreux aspects de la durabilit\u00e9. Dans un premier temps, une partie ouest sera ajout\u00e9e au b\u00e2timent actuel de la \u00abKocherei\u00bb. Elle se pr\u00e9sentera sous la forme d\u2019un corps principal clair et cubique donnant sur l\u2019Attisboulevard et sur le plateau nord de la \u00abKocherei\u00bb.   <br><\/p>\n\n\n\n<figure class=\"wp-block-image alignwide size-full\"><img loading=\"lazy\" decoding=\"async\" width=\"2304\" height=\"2560\" src=\"https:\/\/burckhardt.swiss\/app\/uploads\/2023\/03\/burckhardt_attisholz-areal-17-scaled.jpg\" alt=\"\" class=\"wp-image-14220\" srcset=\"https:\/\/burckhardt.swiss\/app\/uploads\/2023\/03\/burckhardt_attisholz-areal-17-scaled.jpg 2304w, https:\/\/burckhardt.swiss\/app\/uploads\/2023\/03\/burckhardt_attisholz-areal-17-270x300.jpg 270w, https:\/\/burckhardt.swiss\/app\/uploads\/2023\/03\/burckhardt_attisholz-areal-17-922x1024.jpg 922w, https:\/\/burckhardt.swiss\/app\/uploads\/2023\/03\/burckhardt_attisholz-areal-17-600x667.jpg 600w\" sizes=\"auto, (max-width: 2304px) 100vw, 2304px\" \/><\/figure>\n\n\n\n<p><\/p>\n\n\n\n<p><a rel=\"noreferrer noopener\" href=\"https:\/\/burckhardt.swiss\/app\/uploads\/2023\/03\/Medienmitteilung_Attisholz_Areal_D.pdf\" target=\"_blank\">Communiqu\u00e9 de presse sur la victoire au concours<\/a><br><a rel=\"noreferrer noopener\" href=\"https:\/\/kocherei.attisholz-areal.ch\/\" target=\"_blank\">Vision \u00abKocherei\u00bb 2026<\/a><\/p>\n\n\n\n<div style=\"height:100px\" aria-hidden=\"true\" class=\"wp-block-spacer\"><\/div>\n<\/div>\n\n\n\n<div class=\"wp-block-group alignfull has-secondary-background-color has-background is-layout-constrained wp-block-group-is-layout-constrained\"><div\n  id=\"block_a76e407d72854cfcf91fa804a868a879\"\n  data-block_a76e407d72854cfcf91fa804a868a879\n  class=\"quote align\"\n>\n  <div class=\"c-block-quote\">\n    <div class=\"c-block-quote__quote\">\n      <blockquote class=\"wp-block-quote\">\n        <p>Un lieu qui encourage \u00e0 agir, \u00e0 r\u00e9aliser et \u00e0 entreprendre: un lieu de tous les possibles!<\/p>\n        <cite>Christoph Jantos, responsable de projet et membre de la direction du site de B\u00e2le<\/cite>\n      <\/blockquote>\n          <\/div>\n\n          <div class=\"c-block-quote__image\">\n        <figure class=\"wp-block-image\">\n          <img loading=\"lazy\" decoding=\"async\" width=\"1024\" height=\"768\" src=\"https:\/\/burckhardt.swiss\/app\/uploads\/2023\/02\/Christoph-Jantos_MG_2053-edited-1024x768.jpg\" class=\"attachment-large size-large\" alt=\"\" srcset=\"https:\/\/burckhardt.swiss\/app\/uploads\/2023\/02\/Christoph-Jantos_MG_2053-edited-1024x768.jpg 1024w, https:\/\/burckhardt.swiss\/app\/uploads\/2023\/02\/Christoph-Jantos_MG_2053-edited-300x225.jpg 300w, https:\/\/burckhardt.swiss\/app\/uploads\/2023\/02\/Christoph-Jantos_MG_2053-edited-768x576.jpg 768w, https:\/\/burckhardt.swiss\/app\/uploads\/2023\/02\/Christoph-Jantos_MG_2053-edited-1536x1153.jpg 1536w, https:\/\/burckhardt.swiss\/app\/uploads\/2023\/02\/Christoph-Jantos_MG_2053-edited.jpg 1667w\" sizes=\"auto, (max-width: 1024px) 100vw, 1024px\" \/>\n          <figcaption class=\"wp-element-caption\">\n            \n          <\/figcaption>\n        <\/figure>\n      <\/div>\n      <\/div>\n<\/div>\n<\/div>\n\n\n\n<div class=\"wp-block-group alignfull has-white-background-color has-background is-layout-constrained wp-container-core-group-is-layout-5 wp-block-group-is-layout-constrained\">\n<h1 class=\"wp-block-heading alignwide has-text-align-center\">Stratification horizontale du site<\/h1>\n\n\n\n<p>Le site d\u2019Attisholz s\u2019articule autour de quatre strates superpos\u00e9es : le <strong>quai Aarkai\/la place Aareplatz<\/strong>, l\u2019<strong>Attisboulevard avec l\u2019Attisforum<\/strong>, le <strong>plateau de la \u00abKocherei\u00bb<\/strong> et l\u2019<strong>Attiscampus<\/strong> (\u2039Kommunikationsring\u203a en cours de planification). Cette structure ouvrira un dialogue entre la PIONIERhaus et les autres strates.  <\/p>\n\n\n\n<figure class=\"wp-block-image alignwide size-full\"><img loading=\"lazy\" decoding=\"async\" width=\"3200\" height=\"4247\" src=\"https:\/\/burckhardt.swiss\/app\/uploads\/2023\/09\/burckhardt_Attisholz_Areal_Schichtung.jpg\" alt=\"\" class=\"wp-image-19375\" srcset=\"https:\/\/burckhardt.swiss\/app\/uploads\/2023\/09\/burckhardt_Attisholz_Areal_Schichtung.jpg 3200w, https:\/\/burckhardt.swiss\/app\/uploads\/2023\/09\/burckhardt_Attisholz_Areal_Schichtung-226x300.jpg 226w, https:\/\/burckhardt.swiss\/app\/uploads\/2023\/09\/burckhardt_Attisholz_Areal_Schichtung-772x1024.jpg 772w, https:\/\/burckhardt.swiss\/app\/uploads\/2023\/09\/burckhardt_Attisholz_Areal_Schichtung-600x796.jpg 600w, https:\/\/burckhardt.swiss\/app\/uploads\/2023\/09\/burckhardt_Attisholz_Areal_Schichtung-500x664.jpg 500w, https:\/\/burckhardt.swiss\/app\/uploads\/2023\/09\/burckhardt_Attisholz_Areal_Schichtung-1000x1327.jpg 1000w, https:\/\/burckhardt.swiss\/app\/uploads\/2023\/09\/burckhardt_Attisholz_Areal_Schichtung-700x929.jpg 700w, https:\/\/burckhardt.swiss\/app\/uploads\/2023\/09\/burckhardt_Attisholz_Areal_Schichtung-1400x1858.jpg 1400w, https:\/\/burckhardt.swiss\/app\/uploads\/2023\/09\/burckhardt_Attisholz_Areal_Schichtung-2000x2654.jpg 2000w\" sizes=\"auto, (max-width: 3200px) 100vw, 3200px\" \/><\/figure>\n<\/div>\n\n\n\n<div class=\"wp-block-group alignfull has-secondary-background-color has-background is-layout-constrained wp-block-group-is-layout-constrained\">\n<h2 class=\"wp-block-heading has-text-align-center\">Conception du site<\/h2>\n\n\n\n<div class=\"wp-block-columns is-layout-flex wp-container-core-columns-is-layout-1 wp-block-columns-is-layout-flex\">\n<div class=\"wp-block-column is-layout-flow wp-block-column-is-layout-flow\">\n<h3 class=\"wp-block-heading\"><strong>Art\u00e8re culturelle<\/strong><\/h3>\n\n\n\n<p>L\u2019Attisboulevard, art\u00e8re culturelle, devient le c\u0153ur du site. Deux entr\u00e9es principales de grandes dimensions conf\u00e8rent au b\u00e2timent un visage accueillant et donnent une visibilit\u00e9 ext\u00e9rieure \u00e0 cette structure impressionnante.  <br>Destin\u00e9 \u00e0 des usages tr\u00e8s divers, le nouvel Attisforum est am\u00e9nag\u00e9 sous la cour int\u00e9rieure du b\u00e2timent de la \u00abKocherei\u00bb. En direction de l\u2019Aareplatz, un caf\u00e9 invite \u00e0 s\u2019attarder et une galerie marchande de deux \u00e9tages, reli\u00e9e \u00e0 l\u2019Aarekai, va \u00e9galement voir le jour. <\/p>\n\n\n\n<figure class=\"wp-block-image size-large\"><img loading=\"lazy\" decoding=\"async\" width=\"922\" height=\"1024\" src=\"https:\/\/burckhardt.swiss\/app\/uploads\/2023\/08\/burckhardt-attisholz-boulevard-1-922x1024.jpg\" alt=\"\" class=\"wp-image-18660\" srcset=\"https:\/\/burckhardt.swiss\/app\/uploads\/2023\/08\/burckhardt-attisholz-boulevard-1-922x1024.jpg 922w, https:\/\/burckhardt.swiss\/app\/uploads\/2023\/08\/burckhardt-attisholz-boulevard-1-270x300.jpg 270w, https:\/\/burckhardt.swiss\/app\/uploads\/2023\/08\/burckhardt-attisholz-boulevard-1-600x667.jpg 600w, https:\/\/burckhardt.swiss\/app\/uploads\/2023\/08\/burckhardt-attisholz-boulevard-1-500x556.jpg 500w, https:\/\/burckhardt.swiss\/app\/uploads\/2023\/08\/burckhardt-attisholz-boulevard-1-1000x1111.jpg 1000w, https:\/\/burckhardt.swiss\/app\/uploads\/2023\/08\/burckhardt-attisholz-boulevard-1-700x778.jpg 700w, https:\/\/burckhardt.swiss\/app\/uploads\/2023\/08\/burckhardt-attisholz-boulevard-1-1400x1556.jpg 1400w, https:\/\/burckhardt.swiss\/app\/uploads\/2023\/08\/burckhardt-attisholz-boulevard-1-2000x2222.jpg 2000w\" sizes=\"auto, (max-width: 922px) 100vw, 922px\" \/><\/figure>\n<\/div>\n\n\n\n<div class=\"wp-block-column is-layout-flow wp-block-column-is-layout-flow\">\n<figure class=\"wp-block-image size-large\"><img loading=\"lazy\" decoding=\"async\" width=\"1024\" height=\"853\" src=\"https:\/\/burckhardt.swiss\/app\/uploads\/2023\/08\/burckhardt-attisholz-kochereiplateau-1-1024x853.jpg\" alt=\"\" class=\"wp-image-18663\" srcset=\"https:\/\/burckhardt.swiss\/app\/uploads\/2023\/08\/burckhardt-attisholz-kochereiplateau-1-1024x853.jpg 1024w, https:\/\/burckhardt.swiss\/app\/uploads\/2023\/08\/burckhardt-attisholz-kochereiplateau-1-300x250.jpg 300w, https:\/\/burckhardt.swiss\/app\/uploads\/2023\/08\/burckhardt-attisholz-kochereiplateau-1-600x500.jpg 600w, https:\/\/burckhardt.swiss\/app\/uploads\/2023\/08\/burckhardt-attisholz-kochereiplateau-1-500x417.jpg 500w, https:\/\/burckhardt.swiss\/app\/uploads\/2023\/08\/burckhardt-attisholz-kochereiplateau-1-1000x833.jpg 1000w, https:\/\/burckhardt.swiss\/app\/uploads\/2023\/08\/burckhardt-attisholz-kochereiplateau-1-700x583.jpg 700w, https:\/\/burckhardt.swiss\/app\/uploads\/2023\/08\/burckhardt-attisholz-kochereiplateau-1-1400x1167.jpg 1400w, https:\/\/burckhardt.swiss\/app\/uploads\/2023\/08\/burckhardt-attisholz-kochereiplateau-1-2000x1667.jpg 2000w\" sizes=\"auto, (max-width: 1024px) 100vw, 1024px\" \/><\/figure>\n\n\n\n<h3 class=\"wp-block-heading\">Une histoire industrielle en mutation<\/h3>\n\n\n\n<p>Un passage relie l\u2019agrandissement et le b\u00e2timent existant de la \u00abKocherei\u00bb \u00e0 son plateau. Des espaces de services comme une cr\u00e8che, des bureaux ou de petites unit\u00e9s commerciales compl\u00e8tent l\u2019espace libre et contribuent \u00e0 l\u2019animation de cette strate. <\/p>\n<\/div>\n<\/div>\n\n\n\n<div class=\"wp-block-columns is-layout-flex wp-container-core-columns-is-layout-2 wp-block-columns-is-layout-flex\">\n<div class=\"wp-block-column is-layout-flow wp-block-column-is-layout-flow\" style=\"flex-basis:50em\">\n<h3 class=\"wp-block-heading\">Habitat urbain<\/h3>\n\n\n\n<p>Les formes alternatives d\u2019habitat et de vie commune sont de plus en plus populaires. Elles vont de pair avec un besoin d\u2019\u00e9change, de communication et de coh\u00e9sion sociale. Le nouveau cercle d\u2019\u00e9change propose aux r\u00e9sident\u00b7e\u00b7s un lieu communautaire, qui favorise le vivre ensemble et accentue le caract\u00e8re de la PIONIERhaus, y compris vers l\u2019ext\u00e9rieur.  <\/p>\n<\/div>\n\n\n\n<div class=\"wp-block-column is-layout-flow wp-block-column-is-layout-flow\" style=\"flex-basis:66.66%\">\n<figure class=\"wp-block-image size-large\"><img loading=\"lazy\" decoding=\"async\" width=\"1024\" height=\"1024\" src=\"https:\/\/burckhardt.swiss\/app\/uploads\/2023\/08\/burckhardt-attisholz-austauschring-1-1024x1024.jpg\" alt=\"\" class=\"wp-image-18657\" srcset=\"https:\/\/burckhardt.swiss\/app\/uploads\/2023\/08\/burckhardt-attisholz-austauschring-1-1024x1024.jpg 1024w, https:\/\/burckhardt.swiss\/app\/uploads\/2023\/08\/burckhardt-attisholz-austauschring-1-300x300.jpg 300w, https:\/\/burckhardt.swiss\/app\/uploads\/2023\/08\/burckhardt-attisholz-austauschring-1-150x150.jpg 150w, https:\/\/burckhardt.swiss\/app\/uploads\/2023\/08\/burckhardt-attisholz-austauschring-1-600x600.jpg 600w, https:\/\/burckhardt.swiss\/app\/uploads\/2023\/08\/burckhardt-attisholz-austauschring-1-500x500.jpg 500w, https:\/\/burckhardt.swiss\/app\/uploads\/2023\/08\/burckhardt-attisholz-austauschring-1-1000x1000.jpg 1000w, https:\/\/burckhardt.swiss\/app\/uploads\/2023\/08\/burckhardt-attisholz-austauschring-1-700x700.jpg 700w, https:\/\/burckhardt.swiss\/app\/uploads\/2023\/08\/burckhardt-attisholz-austauschring-1-1400x1400.jpg 1400w, https:\/\/burckhardt.swiss\/app\/uploads\/2023\/08\/burckhardt-attisholz-austauschring-1-2000x2000.jpg 2000w\" sizes=\"auto, (max-width: 1024px) 100vw, 1024px\" \/><\/figure>\n<\/div>\n<\/div>\n<\/div>\n\n\n\n<div class=\"wp-block-group alignfull is-layout-constrained wp-block-group-is-layout-constrained\">\n<div class=\"wp-block-cover alignfull has-parallax has-custom-content-position is-position-top-left\" style=\"min-height:600px;aspect-ratio:unset;\"><span aria-hidden=\"true\" class=\"wp-block-cover__background has-background-dim-0 has-background-dim\"><\/span><div class=\"wp-block-cover__image-background wp-image-18545 has-parallax\" style=\"background-position:50% 50%;background-image:url(https:\/\/burckhardt.swiss\/app\/uploads\/2023\/08\/burckhardt-attisholz-foto.jpg)\"><\/div><div class=\"wp-block-cover__inner-container is-layout-flow wp-block-cover-is-layout-flow\">\n<p class=\"has-text-align-center has-large-font-size\"><\/p>\n<\/div><\/div>\n<\/div>\n\n\n\n<div class=\"wp-block-group is-layout-constrained wp-container-core-group-is-layout-8 wp-block-group-is-layout-constrained\">\n<figure class=\"wp-block-gallery has-nested-images columns-default is-cropped wp-block-gallery-1 is-layout-flex wp-block-gallery-is-layout-flex\">\n<figure class=\"wp-block-image size-full\"><img loading=\"lazy\" decoding=\"async\" width=\"470\" height=\"520\" src=\"https:\/\/burckhardt.swiss\/app\/uploads\/2023\/08\/burckhardt-attisholz-alt_1912.jpg\" alt=\"\" class=\"wp-image-18649\" srcset=\"https:\/\/burckhardt.swiss\/app\/uploads\/2023\/08\/burckhardt-attisholz-alt_1912.jpg 470w, https:\/\/burckhardt.swiss\/app\/uploads\/2023\/08\/burckhardt-attisholz-alt_1912-271x300.jpg 271w\" sizes=\"auto, (max-width: 470px) 100vw, 470px\" \/><\/figure>\n\n\n\n<figure class=\"wp-block-image size-full\"><img loading=\"lazy\" decoding=\"async\" width=\"470\" height=\"520\" src=\"https:\/\/burckhardt.swiss\/app\/uploads\/2023\/08\/burckhardt-attisholz-alt_1924.jpg\" alt=\"\" class=\"wp-image-18654\" srcset=\"https:\/\/burckhardt.swiss\/app\/uploads\/2023\/08\/burckhardt-attisholz-alt_1924.jpg 470w, https:\/\/burckhardt.swiss\/app\/uploads\/2023\/08\/burckhardt-attisholz-alt_1924-271x300.jpg 271w\" sizes=\"auto, (max-width: 470px) 100vw, 470px\" \/><\/figure>\n<\/figure>\n<\/div>\n\n\n\n<div class=\"wp-block-group alignfull is-layout-constrained wp-container-core-group-is-layout-9 wp-block-group-is-layout-constrained\">\n<div class=\"wp-block-columns is-layout-flex wp-container-core-columns-is-layout-3 wp-block-columns-is-layout-flex\">\n<div class=\"wp-block-column is-layout-flow wp-block-column-is-layout-flow\">\n<figure class=\"wp-block-image size-large\"><img loading=\"lazy\" decoding=\"async\" width=\"1024\" height=\"724\" src=\"https:\/\/burckhardt.swiss\/app\/uploads\/2023\/09\/burckhardt_Attisholz_Areal_Gebaeude_1912_2028-1-1024x724.jpg\" alt=\"\" class=\"wp-image-19383\" srcset=\"https:\/\/burckhardt.swiss\/app\/uploads\/2023\/09\/burckhardt_Attisholz_Areal_Gebaeude_1912_2028-1-1024x724.jpg 1024w, https:\/\/burckhardt.swiss\/app\/uploads\/2023\/09\/burckhardt_Attisholz_Areal_Gebaeude_1912_2028-1-300x212.jpg 300w, https:\/\/burckhardt.swiss\/app\/uploads\/2023\/09\/burckhardt_Attisholz_Areal_Gebaeude_1912_2028-1-600x424.jpg 600w, https:\/\/burckhardt.swiss\/app\/uploads\/2023\/09\/burckhardt_Attisholz_Areal_Gebaeude_1912_2028-1-500x354.jpg 500w, https:\/\/burckhardt.swiss\/app\/uploads\/2023\/09\/burckhardt_Attisholz_Areal_Gebaeude_1912_2028-1-1000x707.jpg 1000w, https:\/\/burckhardt.swiss\/app\/uploads\/2023\/09\/burckhardt_Attisholz_Areal_Gebaeude_1912_2028-1-700x495.jpg 700w, https:\/\/burckhardt.swiss\/app\/uploads\/2023\/09\/burckhardt_Attisholz_Areal_Gebaeude_1912_2028-1-1400x990.jpg 1400w, https:\/\/burckhardt.swiss\/app\/uploads\/2023\/09\/burckhardt_Attisholz_Areal_Gebaeude_1912_2028-1-2000x1414.jpg 2000w\" sizes=\"auto, (max-width: 1024px) 100vw, 1024px\" \/><\/figure>\n<\/div>\n<\/div>\n<\/div>\n\n\n\n<div class=\"wp-block-group is-layout-constrained wp-block-group-is-layout-constrained\">\n<h2 class=\"wp-block-heading has-text-align-center\">Plans de projet<\/h2>\n\n\n<div\n  id=\"block_e20d3d3672a36cb3e3e9b0792060513f\"\n  data-block_e20d3d3672a36cb3e3e9b0792060513f\n  class=\"image-slider align\"\n>\n  <slider :records=\"[{&quot;ID&quot;:18532,&quot;id&quot;:18532,&quot;title&quot;:&quot;burckhardt-attisholz-grundriss-kochereiforum&quot;,&quot;filename&quot;:&quot;burckhardt-attisholz-grundriss-kochereiforum-1.jpg&quot;,&quot;filesize&quot;:1253443,&quot;url&quot;:&quot;https:\\\/\\\/burckhardt.swiss\\\/app\\\/uploads\\\/2023\\\/08\\\/burckhardt-attisholz-grundriss-kochereiforum-1.jpg&quot;,&quot;link&quot;:&quot;https:\\\/\\\/burckhardt.swiss\\\/fr\\\/burckhardt-attisholz-grundriss-kochereiforum-2\\\/&quot;,&quot;alt&quot;:&quot;&quot;,&quot;author&quot;:&quot;6&quot;,&quot;description&quot;:&quot;&quot;,&quot;caption&quot;:&quot;&quot;,&quot;name&quot;:&quot;burckhardt-attisholz-grundriss-kochereiforum-2&quot;,&quot;status&quot;:&quot;inherit&quot;,&quot;uploaded_to&quot;:0,&quot;date&quot;:&quot;2023-08-25 09:32:21&quot;,&quot;modified&quot;:&quot;2023-08-25 09:32:21&quot;,&quot;menu_order&quot;:0,&quot;mime_type&quot;:&quot;image\\\/jpeg&quot;,&quot;type&quot;:&quot;image&quot;,&quot;subtype&quot;:&quot;jpeg&quot;,&quot;icon&quot;:&quot;https:\\\/\\\/burckhardt.swiss\\\/wp\\\/wp-includes\\\/images\\\/media\\\/default.png&quot;,&quot;width&quot;:2400,&quot;height&quot;:1351,&quot;sizes&quot;:{&quot;medium&quot;:{&quot;file&quot;:&quot;burckhardt-attisholz-grundriss-kochereiforum-1-300x169.jpg&quot;,&quot;width&quot;:300,&quot;height&quot;:169,&quot;mime-type&quot;:&quot;image\\\/jpeg&quot;,&quot;filesize&quot;:9677,&quot;source_url&quot;:&quot;https:\\\/\\\/burckhardt.swiss\\\/app\\\/uploads\\\/2023\\\/08\\\/burckhardt-attisholz-grundriss-kochereiforum-1-300x169.jpg&quot;},&quot;large&quot;:{&quot;file&quot;:&quot;burckhardt-attisholz-grundriss-kochereiforum-1-1024x576.jpg&quot;,&quot;width&quot;:1024,&quot;height&quot;:576,&quot;mime-type&quot;:&quot;image\\\/jpeg&quot;,&quot;filesize&quot;:67367,&quot;source_url&quot;:&quot;https:\\\/\\\/burckhardt.swiss\\\/app\\\/uploads\\\/2023\\\/08\\\/burckhardt-attisholz-grundriss-kochereiforum-1-1024x576.jpg&quot;},&quot;thumbnail&quot;:{&quot;file&quot;:&quot;burckhardt-attisholz-grundriss-kochereiforum-1-150x150.jpg&quot;,&quot;width&quot;:150,&quot;height&quot;:150,&quot;mime-type&quot;:&quot;image\\\/jpeg&quot;,&quot;filesize&quot;:7071,&quot;source_url&quot;:&quot;https:\\\/\\\/burckhardt.swiss\\\/app\\\/uploads\\\/2023\\\/08\\\/burckhardt-attisholz-grundriss-kochereiforum-1-150x150.jpg&quot;},&quot;medium_large&quot;:{&quot;file&quot;:&quot;burckhardt-attisholz-grundriss-kochereiforum-1-600x338.jpg&quot;,&quot;width&quot;:600,&quot;height&quot;:338,&quot;mime-type&quot;:&quot;image\\\/jpeg&quot;,&quot;filesize&quot;:27062,&quot;source_url&quot;:&quot;https:\\\/\\\/burckhardt.swiss\\\/app\\\/uploads\\\/2023\\\/08\\\/burckhardt-attisholz-grundriss-kochereiforum-1-600x338.jpg&quot;},&quot;post_preview&quot;:{&quot;file&quot;:&quot;burckhardt-attisholz-grundriss-kochereiforum-1-380x260.jpg&quot;,&quot;width&quot;:380,&quot;height&quot;:260,&quot;mime-type&quot;:&quot;image\\\/jpeg&quot;,&quot;filesize&quot;:16678,&quot;source_url&quot;:&quot;https:\\\/\\\/burckhardt.swiss\\\/app\\\/uploads\\\/2023\\\/08\\\/burckhardt-attisholz-grundriss-kochereiforum-1-380x260.jpg&quot;},&quot;post_preview_2x&quot;:{&quot;file&quot;:&quot;burckhardt-attisholz-grundriss-kochereiforum-1-760x520.jpg&quot;,&quot;width&quot;:760,&quot;height&quot;:520,&quot;mime-type&quot;:&quot;image\\\/jpeg&quot;,&quot;filesize&quot;:51798,&quot;source_url&quot;:&quot;https:\\\/\\\/burckhardt.swiss\\\/app\\\/uploads\\\/2023\\\/08\\\/burckhardt-attisholz-grundriss-kochereiforum-1-760x520.jpg&quot;},&quot;employee_preview&quot;:{&quot;file&quot;:&quot;burckhardt-attisholz-grundriss-kochereiforum-1-400x480.jpg&quot;,&quot;width&quot;:400,&quot;height&quot;:480,&quot;mime-type&quot;:&quot;image\\\/jpeg&quot;,&quot;filesize&quot;:31053,&quot;source_url&quot;:&quot;https:\\\/\\\/burckhardt.swiss\\\/app\\\/uploads\\\/2023\\\/08\\\/burckhardt-attisholz-grundriss-kochereiforum-1-400x480.jpg&quot;},&quot;employee_preview_2x&quot;:{&quot;file&quot;:&quot;burckhardt-attisholz-grundriss-kochereiforum-1-800x960.jpg&quot;,&quot;width&quot;:800,&quot;height&quot;:960,&quot;mime-type&quot;:&quot;image\\\/jpeg&quot;,&quot;filesize&quot;:111199,&quot;source_url&quot;:&quot;https:\\\/\\\/burckhardt.swiss\\\/app\\\/uploads\\\/2023\\\/08\\\/burckhardt-attisholz-grundriss-kochereiforum-1-800x960.jpg&quot;},&quot;large_16_9&quot;:{&quot;file&quot;:&quot;burckhardt-attisholz-grundriss-kochereiforum-1-1200x675.jpg&quot;,&quot;width&quot;:1200,&quot;height&quot;:675,&quot;mime-type&quot;:&quot;image\\\/jpeg&quot;,&quot;filesize&quot;:87292,&quot;source_url&quot;:&quot;https:\\\/\\\/burckhardt.swiss\\\/app\\\/uploads\\\/2023\\\/08\\\/burckhardt-attisholz-grundriss-kochereiforum-1-1200x675.jpg&quot;},&quot;project_small&quot;:{&quot;file&quot;:&quot;burckhardt-attisholz-grundriss-kochereiforum-1-500x281.jpg&quot;,&quot;width&quot;:500,&quot;height&quot;:281,&quot;mime-type&quot;:&quot;image\\\/jpeg&quot;,&quot;filesize&quot;:19344,&quot;source_url&quot;:&quot;https:\\\/\\\/burckhardt.swiss\\\/app\\\/uploads\\\/2023\\\/08\\\/burckhardt-attisholz-grundriss-kochereiforum-1-500x281.jpg&quot;},&quot;project_small_2x&quot;:{&quot;file&quot;:&quot;burckhardt-attisholz-grundriss-kochereiforum-1-1000x563.jpg&quot;,&quot;width&quot;:1000,&quot;height&quot;:563,&quot;mime-type&quot;:&quot;image\\\/jpeg&quot;,&quot;filesize&quot;:62273,&quot;source_url&quot;:&quot;https:\\\/\\\/burckhardt.swiss\\\/app\\\/uploads\\\/2023\\\/08\\\/burckhardt-attisholz-grundriss-kochereiforum-1-1000x563.jpg&quot;},&quot;project_default&quot;:{&quot;file&quot;:&quot;burckhardt-attisholz-grundriss-kochereiforum-1-700x394.jpg&quot;,&quot;width&quot;:700,&quot;height&quot;:394,&quot;mime-type&quot;:&quot;image\\\/jpeg&quot;,&quot;filesize&quot;:32992,&quot;source_url&quot;:&quot;https:\\\/\\\/burckhardt.swiss\\\/app\\\/uploads\\\/2023\\\/08\\\/burckhardt-attisholz-grundriss-kochereiforum-1-700x394.jpg&quot;},&quot;project_default_2x&quot;:{&quot;file&quot;:&quot;burckhardt-attisholz-grundriss-kochereiforum-1-1400x788.jpg&quot;,&quot;width&quot;:1400,&quot;height&quot;:788,&quot;mime-type&quot;:&quot;image\\\/jpeg&quot;,&quot;filesize&quot;:127143,&quot;source_url&quot;:&quot;https:\\\/\\\/burckhardt.swiss\\\/app\\\/uploads\\\/2023\\\/08\\\/burckhardt-attisholz-grundriss-kochereiforum-1-1400x788.jpg&quot;},&quot;project_large&quot;:{&quot;file&quot;:&quot;burckhardt-attisholz-grundriss-kochereiforum-1-1000x563.jpg&quot;,&quot;width&quot;:1000,&quot;height&quot;:563,&quot;mime-type&quot;:&quot;image\\\/jpeg&quot;,&quot;filesize&quot;:62273,&quot;source_url&quot;:&quot;https:\\\/\\\/burckhardt.swiss\\\/app\\\/uploads\\\/2023\\\/08\\\/burckhardt-attisholz-grundriss-kochereiforum-1-1000x563.jpg&quot;},&quot;project_large_2x&quot;:{&quot;file&quot;:&quot;burckhardt-attisholz-grundriss-kochereiforum-1-2000x1126.jpg&quot;,&quot;width&quot;:2000,&quot;height&quot;:1126,&quot;mime-type&quot;:&quot;image\\\/jpeg&quot;,&quot;filesize&quot;:261362,&quot;source_url&quot;:&quot;https:\\\/\\\/burckhardt.swiss\\\/app\\\/uploads\\\/2023\\\/08\\\/burckhardt-attisholz-grundriss-kochereiforum-1-2000x1126.jpg&quot;}}},{&quot;ID&quot;:18535,&quot;id&quot;:18535,&quot;title&quot;:&quot;burckhardt-attisholz-grundriss-kochereihof&quot;,&quot;filename&quot;:&quot;burckhardt-attisholz-grundriss-kochereihof-1.jpg&quot;,&quot;filesize&quot;:893491,&quot;url&quot;:&quot;https:\\\/\\\/burckhardt.swiss\\\/app\\\/uploads\\\/2023\\\/08\\\/burckhardt-attisholz-grundriss-kochereihof-1.jpg&quot;,&quot;link&quot;:&quot;https:\\\/\\\/burckhardt.swiss\\\/fr\\\/burckhardt-attisholz-grundriss-kochereihof-2\\\/&quot;,&quot;alt&quot;:&quot;&quot;,&quot;author&quot;:&quot;6&quot;,&quot;description&quot;:&quot;&quot;,&quot;caption&quot;:&quot;&quot;,&quot;name&quot;:&quot;burckhardt-attisholz-grundriss-kochereihof-2&quot;,&quot;status&quot;:&quot;inherit&quot;,&quot;uploaded_to&quot;:0,&quot;date&quot;:&quot;2023-08-25 09:32:28&quot;,&quot;modified&quot;:&quot;2023-08-25 09:32:28&quot;,&quot;menu_order&quot;:0,&quot;mime_type&quot;:&quot;image\\\/jpeg&quot;,&quot;type&quot;:&quot;image&quot;,&quot;subtype&quot;:&quot;jpeg&quot;,&quot;icon&quot;:&quot;https:\\\/\\\/burckhardt.swiss\\\/wp\\\/wp-includes\\\/images\\\/media\\\/default.png&quot;,&quot;width&quot;:2400,&quot;height&quot;:1351,&quot;sizes&quot;:{&quot;medium&quot;:{&quot;file&quot;:&quot;burckhardt-attisholz-grundriss-kochereihof-1-300x169.jpg&quot;,&quot;width&quot;:300,&quot;height&quot;:169,&quot;mime-type&quot;:&quot;image\\\/jpeg&quot;,&quot;filesize&quot;:9359,&quot;source_url&quot;:&quot;https:\\\/\\\/burckhardt.swiss\\\/app\\\/uploads\\\/2023\\\/08\\\/burckhardt-attisholz-grundriss-kochereihof-1-300x169.jpg&quot;},&quot;large&quot;:{&quot;file&quot;:&quot;burckhardt-attisholz-grundriss-kochereihof-1-1024x576.jpg&quot;,&quot;width&quot;:1024,&quot;height&quot;:576,&quot;mime-type&quot;:&quot;image\\\/jpeg&quot;,&quot;filesize&quot;:59888,&quot;source_url&quot;:&quot;https:\\\/\\\/burckhardt.swiss\\\/app\\\/uploads\\\/2023\\\/08\\\/burckhardt-attisholz-grundriss-kochereihof-1-1024x576.jpg&quot;},&quot;thumbnail&quot;:{&quot;file&quot;:&quot;burckhardt-attisholz-grundriss-kochereihof-1-150x150.jpg&quot;,&quot;width&quot;:150,&quot;height&quot;:150,&quot;mime-type&quot;:&quot;image\\\/jpeg&quot;,&quot;filesize&quot;:7211,&quot;source_url&quot;:&quot;https:\\\/\\\/burckhardt.swiss\\\/app\\\/uploads\\\/2023\\\/08\\\/burckhardt-attisholz-grundriss-kochereihof-1-150x150.jpg&quot;},&quot;medium_large&quot;:{&quot;file&quot;:&quot;burckhardt-attisholz-grundriss-kochereihof-1-600x338.jpg&quot;,&quot;width&quot;:600,&quot;height&quot;:338,&quot;mime-type&quot;:&quot;image\\\/jpeg&quot;,&quot;filesize&quot;:25587,&quot;source_url&quot;:&quot;https:\\\/\\\/burckhardt.swiss\\\/app\\\/uploads\\\/2023\\\/08\\\/burckhardt-attisholz-grundriss-kochereihof-1-600x338.jpg&quot;},&quot;post_preview&quot;:{&quot;file&quot;:&quot;burckhardt-attisholz-grundriss-kochereihof-1-380x260.jpg&quot;,&quot;width&quot;:380,&quot;height&quot;:260,&quot;mime-type&quot;:&quot;image\\\/jpeg&quot;,&quot;filesize&quot;:16571,&quot;source_url&quot;:&quot;https:\\\/\\\/burckhardt.swiss\\\/app\\\/uploads\\\/2023\\\/08\\\/burckhardt-attisholz-grundriss-kochereihof-1-380x260.jpg&quot;},&quot;post_preview_2x&quot;:{&quot;file&quot;:&quot;burckhardt-attisholz-grundriss-kochereihof-1-760x520.jpg&quot;,&quot;width&quot;:760,&quot;height&quot;:520,&quot;mime-type&quot;:&quot;image\\\/jpeg&quot;,&quot;filesize&quot;:49767,&quot;source_url&quot;:&quot;https:\\\/\\\/burckhardt.swiss\\\/app\\\/uploads\\\/2023\\\/08\\\/burckhardt-attisholz-grundriss-kochereihof-1-760x520.jpg&quot;},&quot;employee_preview&quot;:{&quot;file&quot;:&quot;burckhardt-attisholz-grundriss-kochereihof-1-400x480.jpg&quot;,&quot;width&quot;:400,&quot;height&quot;:480,&quot;mime-type&quot;:&quot;image\\\/jpeg&quot;,&quot;filesize&quot;:31580,&quot;source_url&quot;:&quot;https:\\\/\\\/burckhardt.swiss\\\/app\\\/uploads\\\/2023\\\/08\\\/burckhardt-attisholz-grundriss-kochereihof-1-400x480.jpg&quot;},&quot;employee_preview_2x&quot;:{&quot;file&quot;:&quot;burckhardt-attisholz-grundriss-kochereihof-1-800x960.jpg&quot;,&quot;width&quot;:800,&quot;height&quot;:960,&quot;mime-type&quot;:&quot;image\\\/jpeg&quot;,&quot;filesize&quot;:108508,&quot;source_url&quot;:&quot;https:\\\/\\\/burckhardt.swiss\\\/app\\\/uploads\\\/2023\\\/08\\\/burckhardt-attisholz-grundriss-kochereihof-1-800x960.jpg&quot;},&quot;large_16_9&quot;:{&quot;file&quot;:&quot;burckhardt-attisholz-grundriss-kochereihof-1-1200x675.jpg&quot;,&quot;width&quot;:1200,&quot;height&quot;:675,&quot;mime-type&quot;:&quot;image\\\/jpeg&quot;,&quot;filesize&quot;:77061,&quot;source_url&quot;:&quot;https:\\\/\\\/burckhardt.swiss\\\/app\\\/uploads\\\/2023\\\/08\\\/burckhardt-attisholz-grundriss-kochereihof-1-1200x675.jpg&quot;},&quot;project_small&quot;:{&quot;file&quot;:&quot;burckhardt-attisholz-grundriss-kochereihof-1-500x281.jpg&quot;,&quot;width&quot;:500,&quot;height&quot;:281,&quot;mime-type&quot;:&quot;image\\\/jpeg&quot;,&quot;filesize&quot;:19076,&quot;source_url&quot;:&quot;https:\\\/\\\/burckhardt.swiss\\\/app\\\/uploads\\\/2023\\\/08\\\/burckhardt-attisholz-grundriss-kochereihof-1-500x281.jpg&quot;},&quot;project_small_2x&quot;:{&quot;file&quot;:&quot;burckhardt-attisholz-grundriss-kochereihof-1-1000x563.jpg&quot;,&quot;width&quot;:1000,&quot;height&quot;:563,&quot;mime-type&quot;:&quot;image\\\/jpeg&quot;,&quot;filesize&quot;:56786,&quot;source_url&quot;:&quot;https:\\\/\\\/burckhardt.swiss\\\/app\\\/uploads\\\/2023\\\/08\\\/burckhardt-attisholz-grundriss-kochereihof-1-1000x563.jpg&quot;},&quot;project_default&quot;:{&quot;file&quot;:&quot;burckhardt-attisholz-grundriss-kochereihof-1-700x394.jpg&quot;,&quot;width&quot;:700,&quot;height&quot;:394,&quot;mime-type&quot;:&quot;image\\\/jpeg&quot;,&quot;filesize&quot;:32233,&quot;source_url&quot;:&quot;https:\\\/\\\/burckhardt.swiss\\\/app\\\/uploads\\\/2023\\\/08\\\/burckhardt-attisholz-grundriss-kochereihof-1-700x394.jpg&quot;},&quot;project_default_2x&quot;:{&quot;file&quot;:&quot;burckhardt-attisholz-grundriss-kochereihof-1-1400x788.jpg&quot;,&quot;width&quot;:1400,&quot;height&quot;:788,&quot;mime-type&quot;:&quot;image\\\/jpeg&quot;,&quot;filesize&quot;:106458,&quot;source_url&quot;:&quot;https:\\\/\\\/burckhardt.swiss\\\/app\\\/uploads\\\/2023\\\/08\\\/burckhardt-attisholz-grundriss-kochereihof-1-1400x788.jpg&quot;},&quot;project_large&quot;:{&quot;file&quot;:&quot;burckhardt-attisholz-grundriss-kochereihof-1-1000x563.jpg&quot;,&quot;width&quot;:1000,&quot;height&quot;:563,&quot;mime-type&quot;:&quot;image\\\/jpeg&quot;,&quot;filesize&quot;:56786,&quot;source_url&quot;:&quot;https:\\\/\\\/burckhardt.swiss\\\/app\\\/uploads\\\/2023\\\/08\\\/burckhardt-attisholz-grundriss-kochereihof-1-1000x563.jpg&quot;},&quot;project_large_2x&quot;:{&quot;file&quot;:&quot;burckhardt-attisholz-grundriss-kochereihof-1-2000x1126.jpg&quot;,&quot;width&quot;:2000,&quot;height&quot;:1126,&quot;mime-type&quot;:&quot;image\\\/jpeg&quot;,&quot;filesize&quot;:208647,&quot;source_url&quot;:&quot;https:\\\/\\\/burckhardt.swiss\\\/app\\\/uploads\\\/2023\\\/08\\\/burckhardt-attisholz-grundriss-kochereihof-1-2000x1126.jpg&quot;}}},{&quot;ID&quot;:18529,&quot;id&quot;:18529,&quot;title&quot;:&quot;burckhardt-attisholz-grundriss-austauschring&quot;,&quot;filename&quot;:&quot;burckhardt-attisholz-grundriss-austauschring-1.jpg&quot;,&quot;filesize&quot;:469853,&quot;url&quot;:&quot;https:\\\/\\\/burckhardt.swiss\\\/app\\\/uploads\\\/2023\\\/08\\\/burckhardt-attisholz-grundriss-austauschring-1.jpg&quot;,&quot;link&quot;:&quot;https:\\\/\\\/burckhardt.swiss\\\/fr\\\/burckhardt-attisholz-grundriss-austauschring-2\\\/&quot;,&quot;alt&quot;:&quot;&quot;,&quot;author&quot;:&quot;6&quot;,&quot;description&quot;:&quot;&quot;,&quot;caption&quot;:&quot;&quot;,&quot;name&quot;:&quot;burckhardt-attisholz-grundriss-austauschring-2&quot;,&quot;status&quot;:&quot;inherit&quot;,&quot;uploaded_to&quot;:0,&quot;date&quot;:&quot;2023-08-25 09:32:15&quot;,&quot;modified&quot;:&quot;2023-08-25 09:32:15&quot;,&quot;menu_order&quot;:0,&quot;mime_type&quot;:&quot;image\\\/jpeg&quot;,&quot;type&quot;:&quot;image&quot;,&quot;subtype&quot;:&quot;jpeg&quot;,&quot;icon&quot;:&quot;https:\\\/\\\/burckhardt.swiss\\\/wp\\\/wp-includes\\\/images\\\/media\\\/default.png&quot;,&quot;width&quot;:2400,&quot;height&quot;:1351,&quot;sizes&quot;:{&quot;medium&quot;:{&quot;file&quot;:&quot;burckhardt-attisholz-grundriss-austauschring-1-300x169.jpg&quot;,&quot;width&quot;:300,&quot;height&quot;:169,&quot;mime-type&quot;:&quot;image\\\/jpeg&quot;,&quot;filesize&quot;:8351,&quot;source_url&quot;:&quot;https:\\\/\\\/burckhardt.swiss\\\/app\\\/uploads\\\/2023\\\/08\\\/burckhardt-attisholz-grundriss-austauschring-1-300x169.jpg&quot;},&quot;large&quot;:{&quot;file&quot;:&quot;burckhardt-attisholz-grundriss-austauschring-1-1024x576.jpg&quot;,&quot;width&quot;:1024,&quot;height&quot;:576,&quot;mime-type&quot;:&quot;image\\\/jpeg&quot;,&quot;filesize&quot;:50997,&quot;source_url&quot;:&quot;https:\\\/\\\/burckhardt.swiss\\\/app\\\/uploads\\\/2023\\\/08\\\/burckhardt-attisholz-grundriss-austauschring-1-1024x576.jpg&quot;},&quot;thumbnail&quot;:{&quot;file&quot;:&quot;burckhardt-attisholz-grundriss-austauschring-1-150x150.jpg&quot;,&quot;width&quot;:150,&quot;height&quot;:150,&quot;mime-type&quot;:&quot;image\\\/jpeg&quot;,&quot;filesize&quot;:6581,&quot;source_url&quot;:&quot;https:\\\/\\\/burckhardt.swiss\\\/app\\\/uploads\\\/2023\\\/08\\\/burckhardt-attisholz-grundriss-austauschring-1-150x150.jpg&quot;},&quot;medium_large&quot;:{&quot;file&quot;:&quot;burckhardt-attisholz-grundriss-austauschring-1-600x338.jpg&quot;,&quot;width&quot;:600,&quot;height&quot;:338,&quot;mime-type&quot;:&quot;image\\\/jpeg&quot;,&quot;filesize&quot;:21787,&quot;source_url&quot;:&quot;https:\\\/\\\/burckhardt.swiss\\\/app\\\/uploads\\\/2023\\\/08\\\/burckhardt-attisholz-grundriss-austauschring-1-600x338.jpg&quot;},&quot;post_preview&quot;:{&quot;file&quot;:&quot;burckhardt-attisholz-grundriss-austauschring-1-380x260.jpg&quot;,&quot;width&quot;:380,&quot;height&quot;:260,&quot;mime-type&quot;:&quot;image\\\/jpeg&quot;,&quot;filesize&quot;:14649,&quot;source_url&quot;:&quot;https:\\\/\\\/burckhardt.swiss\\\/app\\\/uploads\\\/2023\\\/08\\\/burckhardt-attisholz-grundriss-austauschring-1-380x260.jpg&quot;},&quot;post_preview_2x&quot;:{&quot;file&quot;:&quot;burckhardt-attisholz-grundriss-austauschring-1-760x520.jpg&quot;,&quot;width&quot;:760,&quot;height&quot;:520,&quot;mime-type&quot;:&quot;image\\\/jpeg&quot;,&quot;filesize&quot;:41451,&quot;source_url&quot;:&quot;https:\\\/\\\/burckhardt.swiss\\\/app\\\/uploads\\\/2023\\\/08\\\/burckhardt-attisholz-grundriss-austauschring-1-760x520.jpg&quot;},&quot;employee_preview&quot;:{&quot;file&quot;:&quot;burckhardt-attisholz-grundriss-austauschring-1-400x480.jpg&quot;,&quot;width&quot;:400,&quot;height&quot;:480,&quot;mime-type&quot;:&quot;image\\\/jpeg&quot;,&quot;filesize&quot;:26240,&quot;source_url&quot;:&quot;https:\\\/\\\/burckhardt.swiss\\\/app\\\/uploads\\\/2023\\\/08\\\/burckhardt-attisholz-grundriss-austauschring-1-400x480.jpg&quot;},&quot;employee_preview_2x&quot;:{&quot;file&quot;:&quot;burckhardt-attisholz-grundriss-austauschring-1-800x960.jpg&quot;,&quot;width&quot;:800,&quot;height&quot;:960,&quot;mime-type&quot;:&quot;image\\\/jpeg&quot;,&quot;filesize&quot;:82127,&quot;source_url&quot;:&quot;https:\\\/\\\/burckhardt.swiss\\\/app\\\/uploads\\\/2023\\\/08\\\/burckhardt-attisholz-grundriss-austauschring-1-800x960.jpg&quot;},&quot;large_16_9&quot;:{&quot;file&quot;:&quot;burckhardt-attisholz-grundriss-austauschring-1-1200x675.jpg&quot;,&quot;width&quot;:1200,&quot;height&quot;:675,&quot;mime-type&quot;:&quot;image\\\/jpeg&quot;,&quot;filesize&quot;:64992,&quot;source_url&quot;:&quot;https:\\\/\\\/burckhardt.swiss\\\/app\\\/uploads\\\/2023\\\/08\\\/burckhardt-attisholz-grundriss-austauschring-1-1200x675.jpg&quot;},&quot;project_small&quot;:{&quot;file&quot;:&quot;burckhardt-attisholz-grundriss-austauschring-1-500x281.jpg&quot;,&quot;width&quot;:500,&quot;height&quot;:281,&quot;mime-type&quot;:&quot;image\\\/jpeg&quot;,&quot;filesize&quot;:16632,&quot;source_url&quot;:&quot;https:\\\/\\\/burckhardt.swiss\\\/app\\\/uploads\\\/2023\\\/08\\\/burckhardt-attisholz-grundriss-austauschring-1-500x281.jpg&quot;},&quot;project_small_2x&quot;:{&quot;file&quot;:&quot;burckhardt-attisholz-grundriss-austauschring-1-1000x563.jpg&quot;,&quot;width&quot;:1000,&quot;height&quot;:563,&quot;mime-type&quot;:&quot;image\\\/jpeg&quot;,&quot;filesize&quot;:48602,&quot;source_url&quot;:&quot;https:\\\/\\\/burckhardt.swiss\\\/app\\\/uploads\\\/2023\\\/08\\\/burckhardt-attisholz-grundriss-austauschring-1-1000x563.jpg&quot;},&quot;project_default&quot;:{&quot;file&quot;:&quot;burckhardt-attisholz-grundriss-austauschring-1-700x394.jpg&quot;,&quot;width&quot;:700,&quot;height&quot;:394,&quot;mime-type&quot;:&quot;image\\\/jpeg&quot;,&quot;filesize&quot;:27631,&quot;source_url&quot;:&quot;https:\\\/\\\/burckhardt.swiss\\\/app\\\/uploads\\\/2023\\\/08\\\/burckhardt-attisholz-grundriss-austauschring-1-700x394.jpg&quot;},&quot;project_default_2x&quot;:{&quot;file&quot;:&quot;burckhardt-attisholz-grundriss-austauschring-1-1400x788.jpg&quot;,&quot;width&quot;:1400,&quot;height&quot;:788,&quot;mime-type&quot;:&quot;image\\\/jpeg&quot;,&quot;filesize&quot;:87236,&quot;source_url&quot;:&quot;https:\\\/\\\/burckhardt.swiss\\\/app\\\/uploads\\\/2023\\\/08\\\/burckhardt-attisholz-grundriss-austauschring-1-1400x788.jpg&quot;},&quot;project_large&quot;:{&quot;file&quot;:&quot;burckhardt-attisholz-grundriss-austauschring-1-1000x563.jpg&quot;,&quot;width&quot;:1000,&quot;height&quot;:563,&quot;mime-type&quot;:&quot;image\\\/jpeg&quot;,&quot;filesize&quot;:48602,&quot;source_url&quot;:&quot;https:\\\/\\\/burckhardt.swiss\\\/app\\\/uploads\\\/2023\\\/08\\\/burckhardt-attisholz-grundriss-austauschring-1-1000x563.jpg&quot;},&quot;project_large_2x&quot;:{&quot;file&quot;:&quot;burckhardt-attisholz-grundriss-austauschring-1-2000x1126.jpg&quot;,&quot;width&quot;:2000,&quot;height&quot;:1126,&quot;mime-type&quot;:&quot;image\\\/jpeg&quot;,&quot;filesize&quot;:157901,&quot;source_url&quot;:&quot;https:\\\/\\\/burckhardt.swiss\\\/app\\\/uploads\\\/2023\\\/08\\\/burckhardt-attisholz-grundriss-austauschring-1-2000x1126.jpg&quot;}}},{&quot;ID&quot;:18538,&quot;id&quot;:18538,&quot;title&quot;:&quot;burckhardt-attisholz-grundriss-wohngeschoss&quot;,&quot;filename&quot;:&quot;burckhardt-attisholz-grundriss-wohngeschoss-1.jpg&quot;,&quot;filesize&quot;:386614,&quot;url&quot;:&quot;https:\\\/\\\/burckhardt.swiss\\\/app\\\/uploads\\\/2023\\\/08\\\/burckhardt-attisholz-grundriss-wohngeschoss-1.jpg&quot;,&quot;link&quot;:&quot;https:\\\/\\\/burckhardt.swiss\\\/fr\\\/burckhardt-attisholz-grundriss-wohngeschoss-2\\\/&quot;,&quot;alt&quot;:&quot;&quot;,&quot;author&quot;:&quot;6&quot;,&quot;description&quot;:&quot;&quot;,&quot;caption&quot;:&quot;&quot;,&quot;name&quot;:&quot;burckhardt-attisholz-grundriss-wohngeschoss-2&quot;,&quot;status&quot;:&quot;inherit&quot;,&quot;uploaded_to&quot;:0,&quot;date&quot;:&quot;2023-08-25 09:32:33&quot;,&quot;modified&quot;:&quot;2023-08-25 09:32:33&quot;,&quot;menu_order&quot;:0,&quot;mime_type&quot;:&quot;image\\\/jpeg&quot;,&quot;type&quot;:&quot;image&quot;,&quot;subtype&quot;:&quot;jpeg&quot;,&quot;icon&quot;:&quot;https:\\\/\\\/burckhardt.swiss\\\/wp\\\/wp-includes\\\/images\\\/media\\\/default.png&quot;,&quot;width&quot;:2400,&quot;height&quot;:1351,&quot;sizes&quot;:{&quot;medium&quot;:{&quot;file&quot;:&quot;burckhardt-attisholz-grundriss-wohngeschoss-1-300x169.jpg&quot;,&quot;width&quot;:300,&quot;height&quot;:169,&quot;mime-type&quot;:&quot;image\\\/jpeg&quot;,&quot;filesize&quot;:8261,&quot;source_url&quot;:&quot;https:\\\/\\\/burckhardt.swiss\\\/app\\\/uploads\\\/2023\\\/08\\\/burckhardt-attisholz-grundriss-wohngeschoss-1-300x169.jpg&quot;},&quot;large&quot;:{&quot;file&quot;:&quot;burckhardt-attisholz-grundriss-wohngeschoss-1-1024x576.jpg&quot;,&quot;width&quot;:1024,&quot;height&quot;:576,&quot;mime-type&quot;:&quot;image\\\/jpeg&quot;,&quot;filesize&quot;:50738,&quot;source_url&quot;:&quot;https:\\\/\\\/burckhardt.swiss\\\/app\\\/uploads\\\/2023\\\/08\\\/burckhardt-attisholz-grundriss-wohngeschoss-1-1024x576.jpg&quot;},&quot;thumbnail&quot;:{&quot;file&quot;:&quot;burckhardt-attisholz-grundriss-wohngeschoss-1-150x150.jpg&quot;,&quot;width&quot;:150,&quot;height&quot;:150,&quot;mime-type&quot;:&quot;image\\\/jpeg&quot;,&quot;filesize&quot;:6507,&quot;source_url&quot;:&quot;https:\\\/\\\/burckhardt.swiss\\\/app\\\/uploads\\\/2023\\\/08\\\/burckhardt-attisholz-grundriss-wohngeschoss-1-150x150.jpg&quot;},&quot;medium_large&quot;:{&quot;file&quot;:&quot;burckhardt-attisholz-grundriss-wohngeschoss-1-600x338.jpg&quot;,&quot;width&quot;:600,&quot;height&quot;:338,&quot;mime-type&quot;:&quot;image\\\/jpeg&quot;,&quot;filesize&quot;:21709,&quot;source_url&quot;:&quot;https:\\\/\\\/burckhardt.swiss\\\/app\\\/uploads\\\/2023\\\/08\\\/burckhardt-attisholz-grundriss-wohngeschoss-1-600x338.jpg&quot;},&quot;post_preview&quot;:{&quot;file&quot;:&quot;burckhardt-attisholz-grundriss-wohngeschoss-1-380x260.jpg&quot;,&quot;width&quot;:380,&quot;height&quot;:260,&quot;mime-type&quot;:&quot;image\\\/jpeg&quot;,&quot;filesize&quot;:14311,&quot;source_url&quot;:&quot;https:\\\/\\\/burckhardt.swiss\\\/app\\\/uploads\\\/2023\\\/08\\\/burckhardt-attisholz-grundriss-wohngeschoss-1-380x260.jpg&quot;},&quot;post_preview_2x&quot;:{&quot;file&quot;:&quot;burckhardt-attisholz-grundriss-wohngeschoss-1-760x520.jpg&quot;,&quot;width&quot;:760,&quot;height&quot;:520,&quot;mime-type&quot;:&quot;image\\\/jpeg&quot;,&quot;filesize&quot;:41906,&quot;source_url&quot;:&quot;https:\\\/\\\/burckhardt.swiss\\\/app\\\/uploads\\\/2023\\\/08\\\/burckhardt-attisholz-grundriss-wohngeschoss-1-760x520.jpg&quot;},&quot;employee_preview&quot;:{&quot;file&quot;:&quot;burckhardt-attisholz-grundriss-wohngeschoss-1-400x480.jpg&quot;,&quot;width&quot;:400,&quot;height&quot;:480,&quot;mime-type&quot;:&quot;image\\\/jpeg&quot;,&quot;filesize&quot;:25614,&quot;source_url&quot;:&quot;https:\\\/\\\/burckhardt.swiss\\\/app\\\/uploads\\\/2023\\\/08\\\/burckhardt-attisholz-grundriss-wohngeschoss-1-400x480.jpg&quot;},&quot;employee_preview_2x&quot;:{&quot;file&quot;:&quot;burckhardt-attisholz-grundriss-wohngeschoss-1-800x960.jpg&quot;,&quot;width&quot;:800,&quot;height&quot;:960,&quot;mime-type&quot;:&quot;image\\\/jpeg&quot;,&quot;filesize&quot;:76029,&quot;source_url&quot;:&quot;https:\\\/\\\/burckhardt.swiss\\\/app\\\/uploads\\\/2023\\\/08\\\/burckhardt-attisholz-grundriss-wohngeschoss-1-800x960.jpg&quot;},&quot;large_16_9&quot;:{&quot;file&quot;:&quot;burckhardt-attisholz-grundriss-wohngeschoss-1-1200x675.jpg&quot;,&quot;width&quot;:1200,&quot;height&quot;:675,&quot;mime-type&quot;:&quot;image\\\/jpeg&quot;,&quot;filesize&quot;:64385,&quot;source_url&quot;:&quot;https:\\\/\\\/burckhardt.swiss\\\/app\\\/uploads\\\/2023\\\/08\\\/burckhardt-attisholz-grundriss-wohngeschoss-1-1200x675.jpg&quot;},&quot;project_small&quot;:{&quot;file&quot;:&quot;burckhardt-attisholz-grundriss-wohngeschoss-1-500x281.jpg&quot;,&quot;width&quot;:500,&quot;height&quot;:281,&quot;mime-type&quot;:&quot;image\\\/jpeg&quot;,&quot;filesize&quot;:16466,&quot;source_url&quot;:&quot;https:\\\/\\\/burckhardt.swiss\\\/app\\\/uploads\\\/2023\\\/08\\\/burckhardt-attisholz-grundriss-wohngeschoss-1-500x281.jpg&quot;},&quot;project_small_2x&quot;:{&quot;file&quot;:&quot;burckhardt-attisholz-grundriss-wohngeschoss-1-1000x563.jpg&quot;,&quot;width&quot;:1000,&quot;height&quot;:563,&quot;mime-type&quot;:&quot;image\\\/jpeg&quot;,&quot;filesize&quot;:47950,&quot;source_url&quot;:&quot;https:\\\/\\\/burckhardt.swiss\\\/app\\\/uploads\\\/2023\\\/08\\\/burckhardt-attisholz-grundriss-wohngeschoss-1-1000x563.jpg&quot;},&quot;project_default&quot;:{&quot;file&quot;:&quot;burckhardt-attisholz-grundriss-wohngeschoss-1-700x394.jpg&quot;,&quot;width&quot;:700,&quot;height&quot;:394,&quot;mime-type&quot;:&quot;image\\\/jpeg&quot;,&quot;filesize&quot;:27567,&quot;source_url&quot;:&quot;https:\\\/\\\/burckhardt.swiss\\\/app\\\/uploads\\\/2023\\\/08\\\/burckhardt-attisholz-grundriss-wohngeschoss-1-700x394.jpg&quot;},&quot;project_default_2x&quot;:{&quot;file&quot;:&quot;burckhardt-attisholz-grundriss-wohngeschoss-1-1400x788.jpg&quot;,&quot;width&quot;:1400,&quot;height&quot;:788,&quot;mime-type&quot;:&quot;image\\\/jpeg&quot;,&quot;filesize&quot;:84486,&quot;source_url&quot;:&quot;https:\\\/\\\/burckhardt.swiss\\\/app\\\/uploads\\\/2023\\\/08\\\/burckhardt-attisholz-grundriss-wohngeschoss-1-1400x788.jpg&quot;},&quot;project_large&quot;:{&quot;file&quot;:&quot;burckhardt-attisholz-grundriss-wohngeschoss-1-1000x563.jpg&quot;,&quot;width&quot;:1000,&quot;height&quot;:563,&quot;mime-type&quot;:&quot;image\\\/jpeg&quot;,&quot;filesize&quot;:47950,&quot;source_url&quot;:&quot;https:\\\/\\\/burckhardt.swiss\\\/app\\\/uploads\\\/2023\\\/08\\\/burckhardt-attisholz-grundriss-wohngeschoss-1-1000x563.jpg&quot;},&quot;project_large_2x&quot;:{&quot;file&quot;:&quot;burckhardt-attisholz-grundriss-wohngeschoss-1-2000x1126.jpg&quot;,&quot;width&quot;:2000,&quot;height&quot;:1126,&quot;mime-type&quot;:&quot;image\\\/jpeg&quot;,&quot;filesize&quot;:146804,&quot;source_url&quot;:&quot;https:\\\/\\\/burckhardt.swiss\\\/app\\\/uploads\\\/2023\\\/08\\\/burckhardt-attisholz-grundriss-wohngeschoss-1-2000x1126.jpg&quot;}}},{&quot;ID&quot;:18541,&quot;id&quot;:18541,&quot;title&quot;:&quot;burckhardt-attisholz-l\\u00e4ngsschnitt&quot;,&quot;filename&quot;:&quot;burckhardt-attisholz-laengsschnitt-1.jpg&quot;,&quot;filesize&quot;:674650,&quot;url&quot;:&quot;https:\\\/\\\/burckhardt.swiss\\\/app\\\/uploads\\\/2023\\\/08\\\/burckhardt-attisholz-laengsschnitt-1.jpg&quot;,&quot;link&quot;:&quot;https:\\\/\\\/burckhardt.swiss\\\/fr\\\/burckhardt-attisholz-laengsschnitt-2\\\/&quot;,&quot;alt&quot;:&quot;&quot;,&quot;author&quot;:&quot;6&quot;,&quot;description&quot;:&quot;&quot;,&quot;caption&quot;:&quot;&quot;,&quot;name&quot;:&quot;burckhardt-attisholz-laengsschnitt-2&quot;,&quot;status&quot;:&quot;inherit&quot;,&quot;uploaded_to&quot;:0,&quot;date&quot;:&quot;2023-08-25 09:32:41&quot;,&quot;modified&quot;:&quot;2023-08-25 09:32:41&quot;,&quot;menu_order&quot;:0,&quot;mime_type&quot;:&quot;image\\\/jpeg&quot;,&quot;type&quot;:&quot;image&quot;,&quot;subtype&quot;:&quot;jpeg&quot;,&quot;icon&quot;:&quot;https:\\\/\\\/burckhardt.swiss\\\/wp\\\/wp-includes\\\/images\\\/media\\\/default.png&quot;,&quot;width&quot;:2400,&quot;height&quot;:1351,&quot;sizes&quot;:{&quot;medium&quot;:{&quot;file&quot;:&quot;burckhardt-attisholz-laengsschnitt-1-300x169.jpg&quot;,&quot;width&quot;:300,&quot;height&quot;:169,&quot;mime-type&quot;:&quot;image\\\/jpeg&quot;,&quot;filesize&quot;:9838,&quot;source_url&quot;:&quot;https:\\\/\\\/burckhardt.swiss\\\/app\\\/uploads\\\/2023\\\/08\\\/burckhardt-attisholz-laengsschnitt-1-300x169.jpg&quot;},&quot;large&quot;:{&quot;file&quot;:&quot;burckhardt-attisholz-laengsschnitt-1-1024x576.jpg&quot;,&quot;width&quot;:1024,&quot;height&quot;:576,&quot;mime-type&quot;:&quot;image\\\/jpeg&quot;,&quot;filesize&quot;:62749,&quot;source_url&quot;:&quot;https:\\\/\\\/burckhardt.swiss\\\/app\\\/uploads\\\/2023\\\/08\\\/burckhardt-attisholz-laengsschnitt-1-1024x576.jpg&quot;},&quot;thumbnail&quot;:{&quot;file&quot;:&quot;burckhardt-attisholz-laengsschnitt-1-150x150.jpg&quot;,&quot;width&quot;:150,&quot;height&quot;:150,&quot;mime-type&quot;:&quot;image\\\/jpeg&quot;,&quot;filesize&quot;:6748,&quot;source_url&quot;:&quot;https:\\\/\\\/burckhardt.swiss\\\/app\\\/uploads\\\/2023\\\/08\\\/burckhardt-attisholz-laengsschnitt-1-150x150.jpg&quot;},&quot;medium_large&quot;:{&quot;file&quot;:&quot;burckhardt-attisholz-laengsschnitt-1-600x338.jpg&quot;,&quot;width&quot;:600,&quot;height&quot;:338,&quot;mime-type&quot;:&quot;image\\\/jpeg&quot;,&quot;filesize&quot;:26219,&quot;source_url&quot;:&quot;https:\\\/\\\/burckhardt.swiss\\\/app\\\/uploads\\\/2023\\\/08\\\/burckhardt-attisholz-laengsschnitt-1-600x338.jpg&quot;},&quot;post_preview&quot;:{&quot;file&quot;:&quot;burckhardt-attisholz-laengsschnitt-1-380x260.jpg&quot;,&quot;width&quot;:380,&quot;height&quot;:260,&quot;mime-type&quot;:&quot;image\\\/jpeg&quot;,&quot;filesize&quot;:17150,&quot;source_url&quot;:&quot;https:\\\/\\\/burckhardt.swiss\\\/app\\\/uploads\\\/2023\\\/08\\\/burckhardt-attisholz-laengsschnitt-1-380x260.jpg&quot;},&quot;post_preview_2x&quot;:{&quot;file&quot;:&quot;burckhardt-attisholz-laengsschnitt-1-760x520.jpg&quot;,&quot;width&quot;:760,&quot;height&quot;:520,&quot;mime-type&quot;:&quot;image\\\/jpeg&quot;,&quot;filesize&quot;:50592,&quot;source_url&quot;:&quot;https:\\\/\\\/burckhardt.swiss\\\/app\\\/uploads\\\/2023\\\/08\\\/burckhardt-attisholz-laengsschnitt-1-760x520.jpg&quot;},&quot;employee_preview&quot;:{&quot;file&quot;:&quot;burckhardt-attisholz-laengsschnitt-1-400x480.jpg&quot;,&quot;width&quot;:400,&quot;height&quot;:480,&quot;mime-type&quot;:&quot;image\\\/jpeg&quot;,&quot;filesize&quot;:27814,&quot;source_url&quot;:&quot;https:\\\/\\\/burckhardt.swiss\\\/app\\\/uploads\\\/2023\\\/08\\\/burckhardt-attisholz-laengsschnitt-1-400x480.jpg&quot;},&quot;employee_preview_2x&quot;:{&quot;file&quot;:&quot;burckhardt-attisholz-laengsschnitt-1-800x960.jpg&quot;,&quot;width&quot;:800,&quot;height&quot;:960,&quot;mime-type&quot;:&quot;image\\\/jpeg&quot;,&quot;filesize&quot;:86611,&quot;source_url&quot;:&quot;https:\\\/\\\/burckhardt.swiss\\\/app\\\/uploads\\\/2023\\\/08\\\/burckhardt-attisholz-laengsschnitt-1-800x960.jpg&quot;},&quot;large_16_9&quot;:{&quot;file&quot;:&quot;burckhardt-attisholz-laengsschnitt-1-1200x675.jpg&quot;,&quot;width&quot;:1200,&quot;height&quot;:675,&quot;mime-type&quot;:&quot;image\\\/jpeg&quot;,&quot;filesize&quot;:80666,&quot;source_url&quot;:&quot;https:\\\/\\\/burckhardt.swiss\\\/app\\\/uploads\\\/2023\\\/08\\\/burckhardt-attisholz-laengsschnitt-1-1200x675.jpg&quot;},&quot;project_small&quot;:{&quot;file&quot;:&quot;burckhardt-attisholz-laengsschnitt-1-500x281.jpg&quot;,&quot;width&quot;:500,&quot;height&quot;:281,&quot;mime-type&quot;:&quot;image\\\/jpeg&quot;,&quot;filesize&quot;:19461,&quot;source_url&quot;:&quot;https:\\\/\\\/burckhardt.swiss\\\/app\\\/uploads\\\/2023\\\/08\\\/burckhardt-attisholz-laengsschnitt-1-500x281.jpg&quot;},&quot;project_small_2x&quot;:{&quot;file&quot;:&quot;burckhardt-attisholz-laengsschnitt-1-1000x563.jpg&quot;,&quot;width&quot;:1000,&quot;height&quot;:563,&quot;mime-type&quot;:&quot;image\\\/jpeg&quot;,&quot;filesize&quot;:60010,&quot;source_url&quot;:&quot;https:\\\/\\\/burckhardt.swiss\\\/app\\\/uploads\\\/2023\\\/08\\\/burckhardt-attisholz-laengsschnitt-1-1000x563.jpg&quot;},&quot;project_default&quot;:{&quot;file&quot;:&quot;burckhardt-attisholz-laengsschnitt-1-700x394.jpg&quot;,&quot;width&quot;:700,&quot;height&quot;:394,&quot;mime-type&quot;:&quot;image\\\/jpeg&quot;,&quot;filesize&quot;:32863,&quot;source_url&quot;:&quot;https:\\\/\\\/burckhardt.swiss\\\/app\\\/uploads\\\/2023\\\/08\\\/burckhardt-attisholz-laengsschnitt-1-700x394.jpg&quot;},&quot;project_default_2x&quot;:{&quot;file&quot;:&quot;burckhardt-attisholz-laengsschnitt-1-1400x788.jpg&quot;,&quot;width&quot;:1400,&quot;height&quot;:788,&quot;mime-type&quot;:&quot;image\\\/jpeg&quot;,&quot;filesize&quot;:105043,&quot;source_url&quot;:&quot;https:\\\/\\\/burckhardt.swiss\\\/app\\\/uploads\\\/2023\\\/08\\\/burckhardt-attisholz-laengsschnitt-1-1400x788.jpg&quot;},&quot;project_large&quot;:{&quot;file&quot;:&quot;burckhardt-attisholz-laengsschnitt-1-1000x563.jpg&quot;,&quot;width&quot;:1000,&quot;height&quot;:563,&quot;mime-type&quot;:&quot;image\\\/jpeg&quot;,&quot;filesize&quot;:60010,&quot;source_url&quot;:&quot;https:\\\/\\\/burckhardt.swiss\\\/app\\\/uploads\\\/2023\\\/08\\\/burckhardt-attisholz-laengsschnitt-1-1000x563.jpg&quot;},&quot;project_large_2x&quot;:{&quot;file&quot;:&quot;burckhardt-attisholz-laengsschnitt-1-2000x1126.jpg&quot;,&quot;width&quot;:2000,&quot;height&quot;:1126,&quot;mime-type&quot;:&quot;image\\\/jpeg&quot;,&quot;filesize&quot;:195511,&quot;source_url&quot;:&quot;https:\\\/\\\/burckhardt.swiss\\\/app\\\/uploads\\\/2023\\\/08\\\/burckhardt-attisholz-laengsschnitt-1-2000x1126.jpg&quot;}}},{&quot;ID&quot;:18544,&quot;id&quot;:18544,&quot;title&quot;:&quot;burckhardt-attisholz-querschnitt&quot;,&quot;filename&quot;:&quot;burckhardt-attisholz-querschnitt-1.jpg&quot;,&quot;filesize&quot;:510027,&quot;url&quot;:&quot;https:\\\/\\\/burckhardt.swiss\\\/app\\\/uploads\\\/2023\\\/08\\\/burckhardt-attisholz-querschnitt-1.jpg&quot;,&quot;link&quot;:&quot;https:\\\/\\\/burckhardt.swiss\\\/fr\\\/burckhardt-attisholz-querschnitt-2\\\/&quot;,&quot;alt&quot;:&quot;&quot;,&quot;author&quot;:&quot;6&quot;,&quot;description&quot;:&quot;&quot;,&quot;caption&quot;:&quot;&quot;,&quot;name&quot;:&quot;burckhardt-attisholz-querschnitt-2&quot;,&quot;status&quot;:&quot;inherit&quot;,&quot;uploaded_to&quot;:0,&quot;date&quot;:&quot;2023-08-25 09:32:46&quot;,&quot;modified&quot;:&quot;2023-08-25 09:32:46&quot;,&quot;menu_order&quot;:0,&quot;mime_type&quot;:&quot;image\\\/jpeg&quot;,&quot;type&quot;:&quot;image&quot;,&quot;subtype&quot;:&quot;jpeg&quot;,&quot;icon&quot;:&quot;https:\\\/\\\/burckhardt.swiss\\\/wp\\\/wp-includes\\\/images\\\/media\\\/default.png&quot;,&quot;width&quot;:2400,&quot;height&quot;:1351,&quot;sizes&quot;:{&quot;medium&quot;:{&quot;file&quot;:&quot;burckhardt-attisholz-querschnitt-1-300x169.jpg&quot;,&quot;width&quot;:300,&quot;height&quot;:169,&quot;mime-type&quot;:&quot;image\\\/jpeg&quot;,&quot;filesize&quot;:8678,&quot;source_url&quot;:&quot;https:\\\/\\\/burckhardt.swiss\\\/app\\\/uploads\\\/2023\\\/08\\\/burckhardt-attisholz-querschnitt-1-300x169.jpg&quot;},&quot;large&quot;:{&quot;file&quot;:&quot;burckhardt-attisholz-querschnitt-1-1024x576.jpg&quot;,&quot;width&quot;:1024,&quot;height&quot;:576,&quot;mime-type&quot;:&quot;image\\\/jpeg&quot;,&quot;filesize&quot;:50860,&quot;source_url&quot;:&quot;https:\\\/\\\/burckhardt.swiss\\\/app\\\/uploads\\\/2023\\\/08\\\/burckhardt-attisholz-querschnitt-1-1024x576.jpg&quot;},&quot;thumbnail&quot;:{&quot;file&quot;:&quot;burckhardt-attisholz-querschnitt-1-150x150.jpg&quot;,&quot;width&quot;:150,&quot;height&quot;:150,&quot;mime-type&quot;:&quot;image\\\/jpeg&quot;,&quot;filesize&quot;:6051,&quot;source_url&quot;:&quot;https:\\\/\\\/burckhardt.swiss\\\/app\\\/uploads\\\/2023\\\/08\\\/burckhardt-attisholz-querschnitt-1-150x150.jpg&quot;},&quot;medium_large&quot;:{&quot;file&quot;:&quot;burckhardt-attisholz-querschnitt-1-600x338.jpg&quot;,&quot;width&quot;:600,&quot;height&quot;:338,&quot;mime-type&quot;:&quot;image\\\/jpeg&quot;,&quot;filesize&quot;:21696,&quot;source_url&quot;:&quot;https:\\\/\\\/burckhardt.swiss\\\/app\\\/uploads\\\/2023\\\/08\\\/burckhardt-attisholz-querschnitt-1-600x338.jpg&quot;},&quot;post_preview&quot;:{&quot;file&quot;:&quot;burckhardt-attisholz-querschnitt-1-380x260.jpg&quot;,&quot;width&quot;:380,&quot;height&quot;:260,&quot;mime-type&quot;:&quot;image\\\/jpeg&quot;,&quot;filesize&quot;:14092,&quot;source_url&quot;:&quot;https:\\\/\\\/burckhardt.swiss\\\/app\\\/uploads\\\/2023\\\/08\\\/burckhardt-attisholz-querschnitt-1-380x260.jpg&quot;},&quot;post_preview_2x&quot;:{&quot;file&quot;:&quot;burckhardt-attisholz-querschnitt-1-760x520.jpg&quot;,&quot;width&quot;:760,&quot;height&quot;:520,&quot;mime-type&quot;:&quot;image\\\/jpeg&quot;,&quot;filesize&quot;:38963,&quot;source_url&quot;:&quot;https:\\\/\\\/burckhardt.swiss\\\/app\\\/uploads\\\/2023\\\/08\\\/burckhardt-attisholz-querschnitt-1-760x520.jpg&quot;},&quot;employee_preview&quot;:{&quot;file&quot;:&quot;burckhardt-attisholz-querschnitt-1-400x480.jpg&quot;,&quot;width&quot;:400,&quot;height&quot;:480,&quot;mime-type&quot;:&quot;image\\\/jpeg&quot;,&quot;filesize&quot;:20270,&quot;source_url&quot;:&quot;https:\\\/\\\/burckhardt.swiss\\\/app\\\/uploads\\\/2023\\\/08\\\/burckhardt-attisholz-querschnitt-1-400x480.jpg&quot;},&quot;employee_preview_2x&quot;:{&quot;file&quot;:&quot;burckhardt-attisholz-querschnitt-1-800x960.jpg&quot;,&quot;width&quot;:800,&quot;height&quot;:960,&quot;mime-type&quot;:&quot;image\\\/jpeg&quot;,&quot;filesize&quot;:60951,&quot;source_url&quot;:&quot;https:\\\/\\\/burckhardt.swiss\\\/app\\\/uploads\\\/2023\\\/08\\\/burckhardt-attisholz-querschnitt-1-800x960.jpg&quot;},&quot;large_16_9&quot;:{&quot;file&quot;:&quot;burckhardt-attisholz-querschnitt-1-1200x675.jpg&quot;,&quot;width&quot;:1200,&quot;height&quot;:675,&quot;mime-type&quot;:&quot;image\\\/jpeg&quot;,&quot;filesize&quot;:64632,&quot;source_url&quot;:&quot;https:\\\/\\\/burckhardt.swiss\\\/app\\\/uploads\\\/2023\\\/08\\\/burckhardt-attisholz-querschnitt-1-1200x675.jpg&quot;},&quot;project_small&quot;:{&quot;file&quot;:&quot;burckhardt-attisholz-querschnitt-1-500x281.jpg&quot;,&quot;width&quot;:500,&quot;height&quot;:281,&quot;mime-type&quot;:&quot;image\\\/jpeg&quot;,&quot;filesize&quot;:17130,&quot;source_url&quot;:&quot;https:\\\/\\\/burckhardt.swiss\\\/app\\\/uploads\\\/2023\\\/08\\\/burckhardt-attisholz-querschnitt-1-500x281.jpg&quot;},&quot;project_small_2x&quot;:{&quot;file&quot;:&quot;burckhardt-attisholz-querschnitt-1-1000x563.jpg&quot;,&quot;width&quot;:1000,&quot;height&quot;:563,&quot;mime-type&quot;:&quot;image\\\/jpeg&quot;,&quot;filesize&quot;:49297,&quot;source_url&quot;:&quot;https:\\\/\\\/burckhardt.swiss\\\/app\\\/uploads\\\/2023\\\/08\\\/burckhardt-attisholz-querschnitt-1-1000x563.jpg&quot;},&quot;project_default&quot;:{&quot;file&quot;:&quot;burckhardt-attisholz-querschnitt-1-700x394.jpg&quot;,&quot;width&quot;:700,&quot;height&quot;:394,&quot;mime-type&quot;:&quot;image\\\/jpeg&quot;,&quot;filesize&quot;:27815,&quot;source_url&quot;:&quot;https:\\\/\\\/burckhardt.swiss\\\/app\\\/uploads\\\/2023\\\/08\\\/burckhardt-attisholz-querschnitt-1-700x394.jpg&quot;},&quot;project_default_2x&quot;:{&quot;file&quot;:&quot;burckhardt-attisholz-querschnitt-1-1400x788.jpg&quot;,&quot;width&quot;:1400,&quot;height&quot;:788,&quot;mime-type&quot;:&quot;image\\\/jpeg&quot;,&quot;filesize&quot;:85432,&quot;source_url&quot;:&quot;https:\\\/\\\/burckhardt.swiss\\\/app\\\/uploads\\\/2023\\\/08\\\/burckhardt-attisholz-querschnitt-1-1400x788.jpg&quot;},&quot;project_large&quot;:{&quot;file&quot;:&quot;burckhardt-attisholz-querschnitt-1-1000x563.jpg&quot;,&quot;width&quot;:1000,&quot;height&quot;:563,&quot;mime-type&quot;:&quot;image\\\/jpeg&quot;,&quot;filesize&quot;:49297,&quot;source_url&quot;:&quot;https:\\\/\\\/burckhardt.swiss\\\/app\\\/uploads\\\/2023\\\/08\\\/burckhardt-attisholz-querschnitt-1-1000x563.jpg&quot;},&quot;project_large_2x&quot;:{&quot;file&quot;:&quot;burckhardt-attisholz-querschnitt-1-2000x1126.jpg&quot;,&quot;width&quot;:2000,&quot;height&quot;:1126,&quot;mime-type&quot;:&quot;image\\\/jpeg&quot;,&quot;filesize&quot;:156531,&quot;source_url&quot;:&quot;https:\\\/\\\/burckhardt.swiss\\\/app\\\/uploads\\\/2023\\\/08\\\/burckhardt-attisholz-querschnitt-1-2000x1126.jpg&quot;}}},{&quot;ID&quot;:18523,&quot;id&quot;:18523,&quot;title&quot;:&quot;burckhardt-attisholz-ansicht-sued&quot;,&quot;filename&quot;:&quot;burckhardt-attisholz-ansicht-sued-1.jpg&quot;,&quot;filesize&quot;:726267,&quot;url&quot;:&quot;https:\\\/\\\/burckhardt.swiss\\\/app\\\/uploads\\\/2023\\\/08\\\/burckhardt-attisholz-ansicht-sued-1.jpg&quot;,&quot;link&quot;:&quot;https:\\\/\\\/burckhardt.swiss\\\/fr\\\/burckhardt-attisholz-ansicht-sued-2-2\\\/&quot;,&quot;alt&quot;:&quot;&quot;,&quot;author&quot;:&quot;6&quot;,&quot;description&quot;:&quot;&quot;,&quot;caption&quot;:&quot;&quot;,&quot;name&quot;:&quot;burckhardt-attisholz-ansicht-sued-2-2&quot;,&quot;status&quot;:&quot;inherit&quot;,&quot;uploaded_to&quot;:0,&quot;date&quot;:&quot;2023-08-25 09:31:59&quot;,&quot;modified&quot;:&quot;2023-08-25 09:38:47&quot;,&quot;menu_order&quot;:0,&quot;mime_type&quot;:&quot;image\\\/jpeg&quot;,&quot;type&quot;:&quot;image&quot;,&quot;subtype&quot;:&quot;jpeg&quot;,&quot;icon&quot;:&quot;https:\\\/\\\/burckhardt.swiss\\\/wp\\\/wp-includes\\\/images\\\/media\\\/default.png&quot;,&quot;width&quot;:2400,&quot;height&quot;:1351,&quot;sizes&quot;:{&quot;medium&quot;:{&quot;file&quot;:&quot;burckhardt-attisholz-ansicht-sued-1-300x169.jpg&quot;,&quot;width&quot;:300,&quot;height&quot;:169,&quot;mime-type&quot;:&quot;image\\\/jpeg&quot;,&quot;filesize&quot;:8705,&quot;source_url&quot;:&quot;https:\\\/\\\/burckhardt.swiss\\\/app\\\/uploads\\\/2023\\\/08\\\/burckhardt-attisholz-ansicht-sued-1-300x169.jpg&quot;},&quot;large&quot;:{&quot;file&quot;:&quot;burckhardt-attisholz-ansicht-sued-1-1024x576.jpg&quot;,&quot;width&quot;:1024,&quot;height&quot;:576,&quot;mime-type&quot;:&quot;image\\\/jpeg&quot;,&quot;filesize&quot;:53939,&quot;source_url&quot;:&quot;https:\\\/\\\/burckhardt.swiss\\\/app\\\/uploads\\\/2023\\\/08\\\/burckhardt-attisholz-ansicht-sued-1-1024x576.jpg&quot;},&quot;thumbnail&quot;:{&quot;file&quot;:&quot;burckhardt-attisholz-ansicht-sued-1-150x150.jpg&quot;,&quot;width&quot;:150,&quot;height&quot;:150,&quot;mime-type&quot;:&quot;image\\\/jpeg&quot;,&quot;filesize&quot;:6063,&quot;source_url&quot;:&quot;https:\\\/\\\/burckhardt.swiss\\\/app\\\/uploads\\\/2023\\\/08\\\/burckhardt-attisholz-ansicht-sued-1-150x150.jpg&quot;},&quot;medium_large&quot;:{&quot;file&quot;:&quot;burckhardt-attisholz-ansicht-sued-1-600x338.jpg&quot;,&quot;width&quot;:600,&quot;height&quot;:338,&quot;mime-type&quot;:&quot;image\\\/jpeg&quot;,&quot;filesize&quot;:22086,&quot;source_url&quot;:&quot;https:\\\/\\\/burckhardt.swiss\\\/app\\\/uploads\\\/2023\\\/08\\\/burckhardt-attisholz-ansicht-sued-1-600x338.jpg&quot;},&quot;post_preview&quot;:{&quot;file&quot;:&quot;burckhardt-attisholz-ansicht-sued-1-380x260.jpg&quot;,&quot;width&quot;:380,&quot;height&quot;:260,&quot;mime-type&quot;:&quot;image\\\/jpeg&quot;,&quot;filesize&quot;:14551,&quot;source_url&quot;:&quot;https:\\\/\\\/burckhardt.swiss\\\/app\\\/uploads\\\/2023\\\/08\\\/burckhardt-attisholz-ansicht-sued-1-380x260.jpg&quot;},&quot;post_preview_2x&quot;:{&quot;file&quot;:&quot;burckhardt-attisholz-ansicht-sued-1-760x520.jpg&quot;,&quot;width&quot;:760,&quot;height&quot;:520,&quot;mime-type&quot;:&quot;image\\\/jpeg&quot;,&quot;filesize&quot;:43751,&quot;source_url&quot;:&quot;https:\\\/\\\/burckhardt.swiss\\\/app\\\/uploads\\\/2023\\\/08\\\/burckhardt-attisholz-ansicht-sued-1-760x520.jpg&quot;},&quot;employee_preview&quot;:{&quot;file&quot;:&quot;burckhardt-attisholz-ansicht-sued-1-400x480.jpg&quot;,&quot;width&quot;:400,&quot;height&quot;:480,&quot;mime-type&quot;:&quot;image\\\/jpeg&quot;,&quot;filesize&quot;:21969,&quot;source_url&quot;:&quot;https:\\\/\\\/burckhardt.swiss\\\/app\\\/uploads\\\/2023\\\/08\\\/burckhardt-attisholz-ansicht-sued-1-400x480.jpg&quot;},&quot;employee_preview_2x&quot;:{&quot;file&quot;:&quot;burckhardt-attisholz-ansicht-sued-1-800x960.jpg&quot;,&quot;width&quot;:800,&quot;height&quot;:960,&quot;mime-type&quot;:&quot;image\\\/jpeg&quot;,&quot;filesize&quot;:76902,&quot;source_url&quot;:&quot;https:\\\/\\\/burckhardt.swiss\\\/app\\\/uploads\\\/2023\\\/08\\\/burckhardt-attisholz-ansicht-sued-1-800x960.jpg&quot;},&quot;large_16_9&quot;:{&quot;file&quot;:&quot;burckhardt-attisholz-ansicht-sued-1-1200x675.jpg&quot;,&quot;width&quot;:1200,&quot;height&quot;:675,&quot;mime-type&quot;:&quot;image\\\/jpeg&quot;,&quot;filesize&quot;:71281,&quot;source_url&quot;:&quot;https:\\\/\\\/burckhardt.swiss\\\/app\\\/uploads\\\/2023\\\/08\\\/burckhardt-attisholz-ansicht-sued-1-1200x675.jpg&quot;},&quot;project_small&quot;:{&quot;file&quot;:&quot;burckhardt-attisholz-ansicht-sued-1-500x281.jpg&quot;,&quot;width&quot;:500,&quot;height&quot;:281,&quot;mime-type&quot;:&quot;image\\\/jpeg&quot;,&quot;filesize&quot;:16838,&quot;source_url&quot;:&quot;https:\\\/\\\/burckhardt.swiss\\\/app\\\/uploads\\\/2023\\\/08\\\/burckhardt-attisholz-ansicht-sued-1-500x281.jpg&quot;},&quot;project_small_2x&quot;:{&quot;file&quot;:&quot;burckhardt-attisholz-ansicht-sued-1-1000x563.jpg&quot;,&quot;width&quot;:1000,&quot;height&quot;:563,&quot;mime-type&quot;:&quot;image\\\/jpeg&quot;,&quot;filesize&quot;:51793,&quot;source_url&quot;:&quot;https:\\\/\\\/burckhardt.swiss\\\/app\\\/uploads\\\/2023\\\/08\\\/burckhardt-attisholz-ansicht-sued-1-1000x563.jpg&quot;},&quot;project_default&quot;:{&quot;file&quot;:&quot;burckhardt-attisholz-ansicht-sued-1-700x394.jpg&quot;,&quot;width&quot;:700,&quot;height&quot;:394,&quot;mime-type&quot;:&quot;image\\\/jpeg&quot;,&quot;filesize&quot;:28232,&quot;source_url&quot;:&quot;https:\\\/\\\/burckhardt.swiss\\\/app\\\/uploads\\\/2023\\\/08\\\/burckhardt-attisholz-ansicht-sued-1-700x394.jpg&quot;},&quot;project_default_2x&quot;:{&quot;file&quot;:&quot;burckhardt-attisholz-ansicht-sued-1-1400x788.jpg&quot;,&quot;width&quot;:1400,&quot;height&quot;:788,&quot;mime-type&quot;:&quot;image\\\/jpeg&quot;,&quot;filesize&quot;:97166,&quot;source_url&quot;:&quot;https:\\\/\\\/burckhardt.swiss\\\/app\\\/uploads\\\/2023\\\/08\\\/burckhardt-attisholz-ansicht-sued-1-1400x788.jpg&quot;},&quot;project_large&quot;:{&quot;file&quot;:&quot;burckhardt-attisholz-ansicht-sued-1-1000x563.jpg&quot;,&quot;width&quot;:1000,&quot;height&quot;:563,&quot;mime-type&quot;:&quot;image\\\/jpeg&quot;,&quot;filesize&quot;:51793,&quot;source_url&quot;:&quot;https:\\\/\\\/burckhardt.swiss\\\/app\\\/uploads\\\/2023\\\/08\\\/burckhardt-attisholz-ansicht-sued-1-1000x563.jpg&quot;},&quot;project_large_2x&quot;:{&quot;file&quot;:&quot;burckhardt-attisholz-ansicht-sued-1-2000x1126.jpg&quot;,&quot;width&quot;:2000,&quot;height&quot;:1126,&quot;mime-type&quot;:&quot;image\\\/jpeg&quot;,&quot;filesize&quot;:189789,&quot;source_url&quot;:&quot;https:\\\/\\\/burckhardt.swiss\\\/app\\\/uploads\\\/2023\\\/08\\\/burckhardt-attisholz-ansicht-sued-1-2000x1126.jpg&quot;}}},{&quot;ID&quot;:18526,&quot;id&quot;:18526,&quot;title&quot;:&quot;burckhardt-attisholz-ansicht-west&quot;,&quot;filename&quot;:&quot;burckhardt-attisholz-ansicht-west-1.jpg&quot;,&quot;filesize&quot;:423046,&quot;url&quot;:&quot;https:\\\/\\\/burckhardt.swiss\\\/app\\\/uploads\\\/2023\\\/08\\\/burckhardt-attisholz-ansicht-west-1.jpg&quot;,&quot;link&quot;:&quot;https:\\\/\\\/burckhardt.swiss\\\/fr\\\/burckhardt-attisholz-ansicht-west-2\\\/&quot;,&quot;alt&quot;:&quot;&quot;,&quot;author&quot;:&quot;6&quot;,&quot;description&quot;:&quot;&quot;,&quot;caption&quot;:&quot;&quot;,&quot;name&quot;:&quot;burckhardt-attisholz-ansicht-west-2&quot;,&quot;status&quot;:&quot;inherit&quot;,&quot;uploaded_to&quot;:0,&quot;date&quot;:&quot;2023-08-25 09:32:07&quot;,&quot;modified&quot;:&quot;2023-08-25 09:32:07&quot;,&quot;menu_order&quot;:0,&quot;mime_type&quot;:&quot;image\\\/jpeg&quot;,&quot;type&quot;:&quot;image&quot;,&quot;subtype&quot;:&quot;jpeg&quot;,&quot;icon&quot;:&quot;https:\\\/\\\/burckhardt.swiss\\\/wp\\\/wp-includes\\\/images\\\/media\\\/default.png&quot;,&quot;width&quot;:2400,&quot;height&quot;:1351,&quot;sizes&quot;:{&quot;medium&quot;:{&quot;file&quot;:&quot;burckhardt-attisholz-ansicht-west-1-300x169.jpg&quot;,&quot;width&quot;:300,&quot;height&quot;:169,&quot;mime-type&quot;:&quot;image\\\/jpeg&quot;,&quot;filesize&quot;:6950,&quot;source_url&quot;:&quot;https:\\\/\\\/burckhardt.swiss\\\/app\\\/uploads\\\/2023\\\/08\\\/burckhardt-attisholz-ansicht-west-1-300x169.jpg&quot;},&quot;large&quot;:{&quot;file&quot;:&quot;burckhardt-attisholz-ansicht-west-1-1024x576.jpg&quot;,&quot;width&quot;:1024,&quot;height&quot;:576,&quot;mime-type&quot;:&quot;image\\\/jpeg&quot;,&quot;filesize&quot;:35393,&quot;source_url&quot;:&quot;https:\\\/\\\/burckhardt.swiss\\\/app\\\/uploads\\\/2023\\\/08\\\/burckhardt-attisholz-ansicht-west-1-1024x576.jpg&quot;},&quot;thumbnail&quot;:{&quot;file&quot;:&quot;burckhardt-attisholz-ansicht-west-1-150x150.jpg&quot;,&quot;width&quot;:150,&quot;height&quot;:150,&quot;mime-type&quot;:&quot;image\\\/jpeg&quot;,&quot;filesize&quot;:5557,&quot;source_url&quot;:&quot;https:\\\/\\\/burckhardt.swiss\\\/app\\\/uploads\\\/2023\\\/08\\\/burckhardt-attisholz-ansicht-west-1-150x150.jpg&quot;},&quot;medium_large&quot;:{&quot;file&quot;:&quot;burckhardt-attisholz-ansicht-west-1-600x338.jpg&quot;,&quot;width&quot;:600,&quot;height&quot;:338,&quot;mime-type&quot;:&quot;image\\\/jpeg&quot;,&quot;filesize&quot;:15828,&quot;source_url&quot;:&quot;https:\\\/\\\/burckhardt.swiss\\\/app\\\/uploads\\\/2023\\\/08\\\/burckhardt-attisholz-ansicht-west-1-600x338.jpg&quot;},&quot;post_preview&quot;:{&quot;file&quot;:&quot;burckhardt-attisholz-ansicht-west-1-380x260.jpg&quot;,&quot;width&quot;:380,&quot;height&quot;:260,&quot;mime-type&quot;:&quot;image\\\/jpeg&quot;,&quot;filesize&quot;:10590,&quot;source_url&quot;:&quot;https:\\\/\\\/burckhardt.swiss\\\/app\\\/uploads\\\/2023\\\/08\\\/burckhardt-attisholz-ansicht-west-1-380x260.jpg&quot;},&quot;post_preview_2x&quot;:{&quot;file&quot;:&quot;burckhardt-attisholz-ansicht-west-1-760x520.jpg&quot;,&quot;width&quot;:760,&quot;height&quot;:520,&quot;mime-type&quot;:&quot;image\\\/jpeg&quot;,&quot;filesize&quot;:28067,&quot;source_url&quot;:&quot;https:\\\/\\\/burckhardt.swiss\\\/app\\\/uploads\\\/2023\\\/08\\\/burckhardt-attisholz-ansicht-west-1-760x520.jpg&quot;},&quot;employee_preview&quot;:{&quot;file&quot;:&quot;burckhardt-attisholz-ansicht-west-1-400x480.jpg&quot;,&quot;width&quot;:400,&quot;height&quot;:480,&quot;mime-type&quot;:&quot;image\\\/jpeg&quot;,&quot;filesize&quot;:17656,&quot;source_url&quot;:&quot;https:\\\/\\\/burckhardt.swiss\\\/app\\\/uploads\\\/2023\\\/08\\\/burckhardt-attisholz-ansicht-west-1-400x480.jpg&quot;},&quot;employee_preview_2x&quot;:{&quot;file&quot;:&quot;burckhardt-attisholz-ansicht-west-1-800x960.jpg&quot;,&quot;width&quot;:800,&quot;height&quot;:960,&quot;mime-type&quot;:&quot;image\\\/jpeg&quot;,&quot;filesize&quot;:58198,&quot;source_url&quot;:&quot;https:\\\/\\\/burckhardt.swiss\\\/app\\\/uploads\\\/2023\\\/08\\\/burckhardt-attisholz-ansicht-west-1-800x960.jpg&quot;},&quot;large_16_9&quot;:{&quot;file&quot;:&quot;burckhardt-attisholz-ansicht-west-1-1200x675.jpg&quot;,&quot;width&quot;:1200,&quot;height&quot;:675,&quot;mime-type&quot;:&quot;image\\\/jpeg&quot;,&quot;filesize&quot;:44774,&quot;source_url&quot;:&quot;https:\\\/\\\/burckhardt.swiss\\\/app\\\/uploads\\\/2023\\\/08\\\/burckhardt-attisholz-ansicht-west-1-1200x675.jpg&quot;},&quot;project_small&quot;:{&quot;file&quot;:&quot;burckhardt-attisholz-ansicht-west-1-500x281.jpg&quot;,&quot;width&quot;:500,&quot;height&quot;:281,&quot;mime-type&quot;:&quot;image\\\/jpeg&quot;,&quot;filesize&quot;:12155,&quot;source_url&quot;:&quot;https:\\\/\\\/burckhardt.swiss\\\/app\\\/uploads\\\/2023\\\/08\\\/burckhardt-attisholz-ansicht-west-1-500x281.jpg&quot;},&quot;project_small_2x&quot;:{&quot;file&quot;:&quot;burckhardt-attisholz-ansicht-west-1-1000x563.jpg&quot;,&quot;width&quot;:1000,&quot;height&quot;:563,&quot;mime-type&quot;:&quot;image\\\/jpeg&quot;,&quot;filesize&quot;:33817,&quot;source_url&quot;:&quot;https:\\\/\\\/burckhardt.swiss\\\/app\\\/uploads\\\/2023\\\/08\\\/burckhardt-attisholz-ansicht-west-1-1000x563.jpg&quot;},&quot;project_default&quot;:{&quot;file&quot;:&quot;burckhardt-attisholz-ansicht-west-1-700x394.jpg&quot;,&quot;width&quot;:700,&quot;height&quot;:394,&quot;mime-type&quot;:&quot;image\\\/jpeg&quot;,&quot;filesize&quot;:19500,&quot;source_url&quot;:&quot;https:\\\/\\\/burckhardt.swiss\\\/app\\\/uploads\\\/2023\\\/08\\\/burckhardt-attisholz-ansicht-west-1-700x394.jpg&quot;},&quot;project_default_2x&quot;:{&quot;file&quot;:&quot;burckhardt-attisholz-ansicht-west-1-1400x788.jpg&quot;,&quot;width&quot;:1400,&quot;height&quot;:788,&quot;mime-type&quot;:&quot;image\\\/jpeg&quot;,&quot;filesize&quot;:62536,&quot;source_url&quot;:&quot;https:\\\/\\\/burckhardt.swiss\\\/app\\\/uploads\\\/2023\\\/08\\\/burckhardt-attisholz-ansicht-west-1-1400x788.jpg&quot;},&quot;project_large&quot;:{&quot;file&quot;:&quot;burckhardt-attisholz-ansicht-west-1-1000x563.jpg&quot;,&quot;width&quot;:1000,&quot;height&quot;:563,&quot;mime-type&quot;:&quot;image\\\/jpeg&quot;,&quot;filesize&quot;:33817,&quot;source_url&quot;:&quot;https:\\\/\\\/burckhardt.swiss\\\/app\\\/uploads\\\/2023\\\/08\\\/burckhardt-attisholz-ansicht-west-1-1000x563.jpg&quot;},&quot;project_large_2x&quot;:{&quot;file&quot;:&quot;burckhardt-attisholz-ansicht-west-1-2000x1126.jpg&quot;,&quot;width&quot;:2000,&quot;height&quot;:1126,&quot;mime-type&quot;:&quot;image\\\/jpeg&quot;,&quot;filesize&quot;:121353,&quot;source_url&quot;:&quot;https:\\\/\\\/burckhardt.swiss\\\/app\\\/uploads\\\/2023\\\/08\\\/burckhardt-attisholz-ansicht-west-1-2000x1126.jpg&quot;}}}]\">\n    <template #record=\"record\">\n      <div class=\"c-slider--image\">\n        <div class=\"swiper-lazy-preloader\"><\/div>\n        <photo :photo=\"record.sizes.large_16_9\" :media=\"record\"><\/photo>\n      <\/div>\n    <\/template>\n  <\/slider>\n<\/div>\n\n<\/div>\n\n\n\n<div class=\"wp-block-group alignfull has-secondary-background-color has-background has-big-font-size is-layout-constrained wp-block-group-is-layout-constrained\"><div\n  id=\"block_3f4d317e3883c0e2cade4551bfbb196c\"\n  data-block_3f4d317e3883c0e2cade4551bfbb196c\n  class=\"c-block-more-projects more-projects align\"\n>\n  <h2 class=\"u-font-size-huge is-style-separator\">Plus de projets<\/h2>\n  <record-explorer\n    endpoint=\"projects\"\n    fields=\"title,acf,link,type,id,_links,_embedded\"\n    gutter=\"base\"\n    :limit=\"2\"\n    :show-filters=\"false\"\n    :labels=\"{&quot;name&quot;:&quot;projets&quot;,&quot;singular_name&quot;:&quot;Project&quot;,&quot;add_new&quot;:&quot;Add New&quot;,&quot;add_new_item&quot;:&quot;Add New Project&quot;,&quot;edit_item&quot;:&quot;Edit Project&quot;,&quot;new_item&quot;:&quot;New Project&quot;,&quot;view_item&quot;:&quot;View Project&quot;,&quot;view_items&quot;:&quot;View Projects&quot;,&quot;search_items&quot;:&quot;Search Projects&quot;,&quot;not_found&quot;:&quot;No projects found.&quot;,&quot;not_found_in_trash&quot;:&quot;No projects found in trash.&quot;,&quot;parent_item_colon&quot;:&quot;Parent Project:&quot;,&quot;all_items&quot;:&quot;All Projects&quot;,&quot;archives&quot;:&quot;Project Archives&quot;,&quot;attributes&quot;:&quot;Project Attributes&quot;,&quot;insert_into_item&quot;:&quot;Insert into project&quot;,&quot;uploaded_to_this_item&quot;:&quot;Uploaded to this project&quot;,&quot;featured_image&quot;:&quot;Featured image&quot;,&quot;set_featured_image&quot;:&quot;Set featured image&quot;,&quot;remove_featured_image&quot;:&quot;Remove featured image&quot;,&quot;use_featured_image&quot;:&quot;Use as featured image&quot;,&quot;filter_items_list&quot;:&quot;Filter projects list&quot;,&quot;filter_by_date&quot;:&quot;Filter by date&quot;,&quot;items_list_navigation&quot;:&quot;Projects list navigation&quot;,&quot;items_list&quot;:&quot;Projects list&quot;,&quot;item_published&quot;:&quot;Project published.&quot;,&quot;item_published_privately&quot;:&quot;Project published privately.&quot;,&quot;item_reverted_to_draft&quot;:&quot;Project reverted to draft.&quot;,&quot;item_trashed&quot;:&quot;Post trashed.&quot;,&quot;item_scheduled&quot;:&quot;Project scheduled.&quot;,&quot;item_updated&quot;:&quot;Project updated.&quot;,&quot;item_link&quot;:&quot;Post Link&quot;,&quot;item_link_description&quot;:&quot;A link to a post.&quot;,&quot;menu_name&quot;:&quot;projets&quot;,&quot;name_admin_bar&quot;:&quot;Project&quot;,&quot;template_name&quot;:&quot;Single item: Project&quot;}\"\n    :include=\"[83,429]\"\n    list-class=\"c-block-more-projects__list\"\n  >\n    <template #record=\"props\">\n      <project\n        :project=\"props.record\"\n        :is-landscape=\"true\"\n        :preview-width=\"props.index === 0 ? 'default' : 'small'\"\n      ><\/project>\n    <\/template>\n  <\/record-explorer>\n<\/div>\n\n<\/div>\n","protected":false},"excerpt":{"rendered":"<p>Valeurs cl\u00e9s Id\u00e9e du projet La PIONIERhaus Notre id\u00e9e pour ce projet vise \u00e0 \u00e9tablir une passerelle entre le pass\u00e9, le pr\u00e9sent et l\u2019avenir. La PIONIERhaus doit s\u2019int\u00e9grer dans l\u2019histoire et l\u2019atmosph\u00e8re industrielles et, gr\u00e2ce \u00e0 une r\u00e9partition judicieuse des usages, dynamiser les lieux respectifs et renforcer leur caract\u00e8re. Ce projet phare innovant r\u00e9pond aux &hellip;<\/p>\n","protected":false},"featured_media":19389,"template":"","locations":[95],"project-categories":[283,109],"project-statuses":[2241],"class_list":["post-18451","project","type-project","status-publish","has-post-thumbnail","hentry","location-bale","project_category-logement","project_category-loisirs-culture","project_status-concours"],"acf":{"subline":"","previewSize":"large","previewLandscape":20975,"download":"","noDetails":false,"excludeHero":false},"_links":{"self":[{"href":"https:\/\/burckhardt.swiss\/fr\/wp-json\/wp\/v2\/projects\/18451","targetHints":{"allow":["GET"]}}],"collection":[{"href":"https:\/\/burckhardt.swiss\/fr\/wp-json\/wp\/v2\/projects"}],"about":[{"href":"https:\/\/burckhardt.swiss\/fr\/wp-json\/wp\/v2\/types\/project"}],"version-history":[{"count":16,"href":"https:\/\/burckhardt.swiss\/fr\/wp-json\/wp\/v2\/projects\/18451\/revisions"}],"predecessor-version":[{"id":33029,"href":"https:\/\/burckhardt.swiss\/fr\/wp-json\/wp\/v2\/projects\/18451\/revisions\/33029"}],"wp:featuredmedia":[{"embeddable":true,"href":"https:\/\/burckhardt.swiss\/fr\/wp-json\/wp\/v2\/media\/19389"}],"wp:attachment":[{"href":"https:\/\/burckhardt.swiss\/fr\/wp-json\/wp\/v2\/media?parent=18451"}],"wp:term":[{"taxonomy":"location","embeddable":true,"href":"https:\/\/burckhardt.swiss\/fr\/wp-json\/wp\/v2\/locations?post=18451"},{"taxonomy":"project_category","embeddable":true,"href":"https:\/\/burckhardt.swiss\/fr\/wp-json\/wp\/v2\/project-categories?post=18451"},{"taxonomy":"project_status","embeddable":true,"href":"https:\/\/burckhardt.swiss\/fr\/wp-json\/wp\/v2\/project-statuses?post=18451"}],"curies":[{"name":"wp","href":"https:\/\/api.w.org\/{rel}","templated":true}]}}