{"id":16655,"date":"2023-03-02T16:00:00","date_gmt":"2023-03-02T15:00:00","guid":{"rendered":"https:\/\/burckhardt.swiss\/?post_type=project&#038;p=16655"},"modified":"2025-04-01T09:49:46","modified_gmt":"2025-04-01T07:49:46","slug":"batiment-administratif-nestle-vevey","status":"publish","type":"project","link":"https:\/\/burckhardt.swiss\/fr\/project\/batiment-administratif-nestle-vevey\/","title":{"rendered":"B\u00e2timent administratif Nestl\u00e9, Vevey"},"content":{"rendered":"\n<figure class=\"wp-block-image alignfull size-large\"><img loading=\"lazy\" decoding=\"async\" width=\"1024\" height=\"761\" src=\"https:\/\/burckhardt.swiss\/app\/uploads\/2023\/07\/burckhardt_Nestle_Vevey_Ansicht-1024x761.jpg\" alt=\"\" class=\"wp-image-16684\" srcset=\"https:\/\/burckhardt.swiss\/app\/uploads\/2023\/07\/burckhardt_Nestle_Vevey_Ansicht-1024x761.jpg 1024w, https:\/\/burckhardt.swiss\/app\/uploads\/2023\/07\/burckhardt_Nestle_Vevey_Ansicht-300x223.jpg 300w, https:\/\/burckhardt.swiss\/app\/uploads\/2023\/07\/burckhardt_Nestle_Vevey_Ansicht-600x446.jpg 600w, https:\/\/burckhardt.swiss\/app\/uploads\/2023\/07\/burckhardt_Nestle_Vevey_Ansicht-500x372.jpg 500w, https:\/\/burckhardt.swiss\/app\/uploads\/2023\/07\/burckhardt_Nestle_Vevey_Ansicht-1000x743.jpg 1000w, https:\/\/burckhardt.swiss\/app\/uploads\/2023\/07\/burckhardt_Nestle_Vevey_Ansicht-700x520.jpg 700w, https:\/\/burckhardt.swiss\/app\/uploads\/2023\/07\/burckhardt_Nestle_Vevey_Ansicht.jpg 1133w\" sizes=\"auto, (max-width: 1024px) 100vw, 1024px\" \/><\/figure>\n\n\n\n<div class=\"wp-block-group is-layout-constrained wp-block-group-is-layout-constrained\"><div\n  id=\"block_601ce585108071b8f1eb98e6ae44a2eb\"\n  data-block_601ce585108071b8f1eb98e6ae44a2eb\n  class=\"project-intro align\"\n>\n  <div class=\"o-flex o-flex--centered\">\n    <a\n      href=\"https:\/\/burckhardt.swiss\/unsere-projekte\/\"\n      class=\"u-arrow--left\"\n      onclick=\"\n        event.preventDefault();\n        if (window.location.search.includes('back-history')) {\n          history.back();\n        } else {\n          window.location.href = 'https:\/\/burckhardt.swiss\/unsere-projekte\/';\n        }\n      \"\n    >retour<\/a>\n  <\/div>\n  <div class=\"c-block-project-intro\">\n    <div class=\"c-block-project-intro__intro\">\n      <h1 class=\"is-style-separator has-huge-font-size\">\n        B\u00e2timent administratif Nestl\u00e9, Vevey\n      <\/h1>\n      <p>L&#039;un des b\u00e2timents les plus marquants de Suisse \u00e0 l&#039;\u00e9poque devait \u00eatre compl\u00e9t\u00e9 par un b\u00e2timent administratif abritant environ 1.000 postes de travail. Le b\u00e2timent Nestl\u00e9 r\u00e9alis\u00e9 par l&#039;architecte Prof. Jean Tschumi dans les ann\u00e9es 50, a \u00e9t\u00e9 compl\u00e9t\u00e9 par Burckhardt dans les ann\u00e9es 70 par un autre b\u00e2timent.  <\/p>\n    <\/div>\n    <div class=\"c-block-project-intro__facts\">\n              <div class=\"c-block-project-intro__fact\">\n          <strong>Ma\u00eetre d\u2019ouvrage<\/strong>\n          <p>Nestl\u00e9 SA, Vevey<\/p>\n        <\/div>\n              <div class=\"c-block-project-intro__fact\">\n          <strong>Mandat<\/strong>\n          <p>Architecture, r\u00e9alisation<\/p>\n        <\/div>\n              <div class=\"c-block-project-intro__fact\">\n          <strong>P\u00e9riode<\/strong>\n          <p>1971\u20131976<\/p>\n        <\/div>\n              <div class=\"c-block-project-intro__fact\">\n          <strong>Photos<\/strong>\n          <p>Archives Burckhardt Architektur AG<\/p>\n        <\/div>\n                    <div class=\"c-block-project-intro__fact\">\n          <strong>Typologie<\/strong>\n          <p>Administration<\/p>\n        <\/div>\n                    <div class=\"c-block-project-intro__fact\">\n          <strong>Office<\/strong>\n          <p>\n                          <span>Gen\u00e8ve, Schweiz<br\/><\/span>\n                          <span>Lausanne, Schweiz<br\/><\/span>\n                      <\/p>\n        <\/div>\n          <\/div>\n  <\/div>\n<\/div>\n<\/div>\n\n\n\n<div class=\"wp-block-group alignfull has-secondary-background-color has-background is-layout-constrained wp-block-group-is-layout-constrained\">\n<h2 class=\"wp-block-heading has-text-align-center has-secondary-background-color has-background\">Valeurs cl\u00e9s<\/h2>\n\n\n<div\n  id=\"block_4b01773d697b467c1c895e516e519780\"\n  data-block_4b01773d697b467c1c895e516e519780\n  class=\"fact-list align\"\n>\n      <div class=\"c-block-facts-list c-block-facts-list--desktop \"\n         style=\"grid-template-columns: repeat(4, minmax(15%, 1fr));\">\n              <Fact\n          :fact=\"{&quot;icon&quot;:&quot;https:\\\/\\\/burckhardt.swiss\\\/app\\\/uploads\\\/2023\\\/02\\\/Burckhardt_Icon_Gesamtflaeche.svg&quot;,&quot;headline&quot;:&quot;32.000m\\u00b2&quot;,&quot;factsDescription&quot;:&quot;Surface du b\\u00e2timent&quot;,&quot;link&quot;:&quot;&quot;}\"\n          :headline-font-weight=\"&quot;bold&quot;\"\n          align=\"center\"\n        ><\/Fact>\n              <Fact\n          :fact=\"{&quot;icon&quot;:&quot;https:\\\/\\\/burckhardt.swiss\\\/app\\\/uploads\\\/2023\\\/02\\\/Burckhardt_Icon_Gebaeudevolumen.svg&quot;,&quot;headline&quot;:&quot;142.000m\\u00b3&quot;,&quot;factsDescription&quot;:&quot;Volume du b\\u00e2timent&quot;,&quot;link&quot;:&quot;&quot;}\"\n          :headline-font-weight=\"&quot;bold&quot;\"\n          align=\"center\"\n        ><\/Fact>\n              <Fact\n          :fact=\"{&quot;icon&quot;:&quot;https:\\\/\\\/burckhardt.swiss\\\/app\\\/uploads\\\/2023\\\/02\\\/Burckhardt_Icon_Geschossflaechen.svg&quot;,&quot;headline&quot;:&quot;5&quot;,&quot;factsDescription&quot;:&quot;\\u00c9tages&quot;,&quot;link&quot;:&quot;&quot;}\"\n          :headline-font-weight=\"&quot;bold&quot;\"\n          align=\"center\"\n        ><\/Fact>\n              <Fact\n          :fact=\"{&quot;icon&quot;:&quot;https:\\\/\\\/burckhardt.swiss\\\/app\\\/uploads\\\/2023\\\/02\\\/Burckhardt_Icon_Arbeitsplaetze.svg&quot;,&quot;headline&quot;:&quot;1.000&quot;,&quot;factsDescription&quot;:&quot;Emplois&quot;,&quot;link&quot;:&quot;&quot;}\"\n          :headline-font-weight=\"&quot;bold&quot;\"\n          align=\"center\"\n        ><\/Fact>\n          <\/div>\n\n    <div class=\"c-block-facts-list c-block-facts-list--mobile \">\n      <slider :records=\"[{&quot;icon&quot;:&quot;https:\\\/\\\/burckhardt.swiss\\\/app\\\/uploads\\\/2023\\\/02\\\/Burckhardt_Icon_Gesamtflaeche.svg&quot;,&quot;headline&quot;:&quot;32.000m\\u00b2&quot;,&quot;factsDescription&quot;:&quot;Surface du b\\u00e2timent&quot;,&quot;link&quot;:&quot;&quot;},{&quot;icon&quot;:&quot;https:\\\/\\\/burckhardt.swiss\\\/app\\\/uploads\\\/2023\\\/02\\\/Burckhardt_Icon_Gebaeudevolumen.svg&quot;,&quot;headline&quot;:&quot;142.000m\\u00b3&quot;,&quot;factsDescription&quot;:&quot;Volume du b\\u00e2timent&quot;,&quot;link&quot;:&quot;&quot;},{&quot;icon&quot;:&quot;https:\\\/\\\/burckhardt.swiss\\\/app\\\/uploads\\\/2023\\\/02\\\/Burckhardt_Icon_Geschossflaechen.svg&quot;,&quot;headline&quot;:&quot;5&quot;,&quot;factsDescription&quot;:&quot;\\u00c9tages&quot;,&quot;link&quot;:&quot;&quot;},{&quot;icon&quot;:&quot;https:\\\/\\\/burckhardt.swiss\\\/app\\\/uploads\\\/2023\\\/02\\\/Burckhardt_Icon_Arbeitsplaetze.svg&quot;,&quot;headline&quot;:&quot;1.000&quot;,&quot;factsDescription&quot;:&quot;Emplois&quot;,&quot;link&quot;:&quot;&quot;}]\">\n        <template #record=\"record\">\n          <Fact\n            :fact=\"record\"\n            :headline-font-weight=\"&quot;bold&quot;\"\n            :align=\"center\"\n          ><\/Fact>\n        <\/template>\n      <\/slider>\n    <\/div>\n  <\/div>\n\n<\/div>\n\n\n\n<div class=\"wp-block-group alignfull is-layout-constrained wp-block-group-is-layout-constrained\">\n<div class=\"wp-block-cover alignfull has-custom-content-position is-position-bottom-left\" style=\"min-height:40em;aspect-ratio:unset;\"><span aria-hidden=\"true\" class=\"wp-block-cover__background has-background-dim-0 has-background-dim\"><\/span><img loading=\"lazy\" decoding=\"async\" width=\"2870\" height=\"2615\" class=\"wp-block-cover__image-background wp-image-16675\" alt=\"\" src=\"https:\/\/burckhardt.swiss\/app\/uploads\/2023\/07\/burckhardt_1374_Nestle-Vevey_innen_20.jpg\" style=\"object-position:51% 58%\" data-object-fit=\"cover\" data-object-position=\"51% 58%\" srcset=\"https:\/\/burckhardt.swiss\/app\/uploads\/2023\/07\/burckhardt_1374_Nestle-Vevey_innen_20.jpg 2870w, https:\/\/burckhardt.swiss\/app\/uploads\/2023\/07\/burckhardt_1374_Nestle-Vevey_innen_20-300x273.jpg 300w, https:\/\/burckhardt.swiss\/app\/uploads\/2023\/07\/burckhardt_1374_Nestle-Vevey_innen_20-1024x933.jpg 1024w, https:\/\/burckhardt.swiss\/app\/uploads\/2023\/07\/burckhardt_1374_Nestle-Vevey_innen_20-600x547.jpg 600w, https:\/\/burckhardt.swiss\/app\/uploads\/2023\/07\/burckhardt_1374_Nestle-Vevey_innen_20-500x456.jpg 500w, https:\/\/burckhardt.swiss\/app\/uploads\/2023\/07\/burckhardt_1374_Nestle-Vevey_innen_20-1000x911.jpg 1000w, https:\/\/burckhardt.swiss\/app\/uploads\/2023\/07\/burckhardt_1374_Nestle-Vevey_innen_20-700x638.jpg 700w, https:\/\/burckhardt.swiss\/app\/uploads\/2023\/07\/burckhardt_1374_Nestle-Vevey_innen_20-1400x1276.jpg 1400w, https:\/\/burckhardt.swiss\/app\/uploads\/2023\/07\/burckhardt_1374_Nestle-Vevey_innen_20-2000x1822.jpg 2000w\" sizes=\"auto, (max-width: 2870px) 100vw, 2870px\" \/><div class=\"wp-block-cover__inner-container is-layout-flow wp-block-cover-is-layout-flow\">\n<p class=\"has-black-color has-text-color has-base-font-size\">Le restaurant du personnel dans le style des ann\u00e9es 70.<\/p>\n<\/div><\/div>\n<\/div>\n\n\n\n<div class=\"wp-block-group alignfull has-white-background-color has-background is-layout-constrained wp-container-core-group-is-layout-7 wp-block-group-is-layout-constrained\">\n<h2 class=\"wp-block-heading has-text-align-center has-big-font-size\">\u00abLe Bourgeois: entre cour et jardin\u00bb<\/h2>\n\n\n\n<p>Le d\u00e9fi consistait d\u2019une part \u00e0 agrandir l\u2019\u00e9difice de l\u2019un des plus c\u00e9l\u00e8bres architectes romands de l\u2019\u00e9poque sans lui faire concurrence et d\u2019autre part \u00e0 rendre justice au tr\u00e8s bel emplacement au bord du lac L\u00e9man, qui constituait une importante zone prot\u00e9g\u00e9e. Le projet \u00ab Le Bourgeois \u00bb, une construction dont la hauteur de corniche est conforme \u00e0 celle de la zone, a \u00e9t\u00e9 retenu parmi 15 \u00e9bauches d\u2019id\u00e9es.  <\/p>\n\n\n\n<figure class=\"wp-block-image size-large\"><img loading=\"lazy\" decoding=\"async\" width=\"1024\" height=\"510\" src=\"https:\/\/burckhardt.swiss\/app\/uploads\/2023\/07\/burckhardt_BP_Bulletin_1_1978a-1024x510.jpg\" alt=\"\" class=\"wp-image-16731\" srcset=\"https:\/\/burckhardt.swiss\/app\/uploads\/2023\/07\/burckhardt_BP_Bulletin_1_1978a-1024x510.jpg 1024w, https:\/\/burckhardt.swiss\/app\/uploads\/2023\/07\/burckhardt_BP_Bulletin_1_1978a-300x149.jpg 300w, https:\/\/burckhardt.swiss\/app\/uploads\/2023\/07\/burckhardt_BP_Bulletin_1_1978a-600x299.jpg 600w, https:\/\/burckhardt.swiss\/app\/uploads\/2023\/07\/burckhardt_BP_Bulletin_1_1978a-500x249.jpg 500w, https:\/\/burckhardt.swiss\/app\/uploads\/2023\/07\/burckhardt_BP_Bulletin_1_1978a-1000x498.jpg 1000w, https:\/\/burckhardt.swiss\/app\/uploads\/2023\/07\/burckhardt_BP_Bulletin_1_1978a-700x349.jpg 700w, https:\/\/burckhardt.swiss\/app\/uploads\/2023\/07\/burckhardt_BP_Bulletin_1_1978a.jpg 1078w\" sizes=\"auto, (max-width: 1024px) 100vw, 1024px\" \/><\/figure>\n\n\n\n<div style=\"height:100px\" aria-hidden=\"true\" class=\"wp-block-spacer\"><\/div>\n\n\n\n<div class=\"wp-block-group alignfull has-secondary-background-color has-background is-layout-constrained wp-block-group-is-layout-constrained\"><div\n  id=\"block_3c637c55b1e152b0c2e8ba7a318396a5\"\n  data-block_3c637c55b1e152b0c2e8ba7a318396a5\n  class=\"quote align\"\n>\n  <div class=\"c-block-quote\">\n    <div class=\"c-block-quote__quote\">\n      <blockquote class=\"wp-block-quote\">\n        <p>Le d\u00e9fi consistait \u00e0 agrandir l\u2019\u00e9difice de l\u2019un des plus c\u00e9l\u00e8bres architectes romands de l\u2019\u00e9poque.<\/p>\n        <cite>Eric Proment, membre de la direction du site Suisse romande<\/cite>\n      <\/blockquote>\n          <\/div>\n\n          <div class=\"c-block-quote__image\">\n        <figure class=\"wp-block-image\">\n          <img loading=\"lazy\" decoding=\"async\" width=\"683\" height=\"1024\" src=\"https:\/\/burckhardt.swiss\/app\/uploads\/2023\/02\/burckhardt-eric-proment-683x1024.jpg\" class=\"attachment-large size-large\" alt=\"\" srcset=\"https:\/\/burckhardt.swiss\/app\/uploads\/2023\/02\/burckhardt-eric-proment-683x1024.jpg 683w, https:\/\/burckhardt.swiss\/app\/uploads\/2023\/02\/burckhardt-eric-proment-200x300.jpg 200w, https:\/\/burckhardt.swiss\/app\/uploads\/2023\/02\/burckhardt-eric-proment-600x900.jpg 600w, https:\/\/burckhardt.swiss\/app\/uploads\/2023\/02\/burckhardt-eric-proment-500x750.jpg 500w, https:\/\/burckhardt.swiss\/app\/uploads\/2023\/02\/burckhardt-eric-proment-1000x1499.jpg 1000w, https:\/\/burckhardt.swiss\/app\/uploads\/2023\/02\/burckhardt-eric-proment-700x1049.jpg 700w, https:\/\/burckhardt.swiss\/app\/uploads\/2023\/02\/burckhardt-eric-proment-1400x2099.jpg 1400w, https:\/\/burckhardt.swiss\/app\/uploads\/2023\/02\/burckhardt-eric-proment-scaled.jpg 1708w\" sizes=\"auto, (max-width: 683px) 100vw, 683px\" \/>\n          <figcaption class=\"wp-element-caption\">\n            \n          <\/figcaption>\n        <\/figure>\n      <\/div>\n      <\/div>\n<\/div>\n<\/div>\n\n\n\n<div class=\"wp-block-group alignfull has-white-background-color has-background is-layout-constrained wp-block-group-is-layout-constrained\">\n<h2 class=\"wp-block-heading has-text-align-center has-big-font-size\">De la transition \u00e0 la disposition int\u00e9rieure<\/h2>\n\n\n\n<div class=\"wp-block-columns is-layout-flex wp-container-core-columns-is-layout-1 wp-block-columns-is-layout-flex\">\n<div class=\"wp-block-column is-layout-flow wp-block-column-is-layout-flow\">\n<p>Les deux b\u00e2timents ont \u00e9t\u00e9 reli\u00e9s par des plans verticaux constitu\u00e9s d\u2019escaliers et d\u2019une rampe qui compense leur diff\u00e9rence de hauteur. La climatisation int\u00e9gr\u00e9e dans l\u2019ensemble de la nouvelle construction est aliment\u00e9e par l\u2019eau du lac L\u00e9man.  <\/p>\n\n\n\n<figure class=\"wp-block-image size-large\"><img loading=\"lazy\" decoding=\"async\" width=\"937\" height=\"1024\" src=\"https:\/\/burckhardt.swiss\/app\/uploads\/2023\/07\/burckhardt_1374_Nestle-Vevey_aussen_Tag_31b-937x1024.jpg\" alt=\"\" class=\"wp-image-16728\" srcset=\"https:\/\/burckhardt.swiss\/app\/uploads\/2023\/07\/burckhardt_1374_Nestle-Vevey_aussen_Tag_31b-937x1024.jpg 937w, https:\/\/burckhardt.swiss\/app\/uploads\/2023\/07\/burckhardt_1374_Nestle-Vevey_aussen_Tag_31b-274x300.jpg 274w, https:\/\/burckhardt.swiss\/app\/uploads\/2023\/07\/burckhardt_1374_Nestle-Vevey_aussen_Tag_31b-600x656.jpg 600w, https:\/\/burckhardt.swiss\/app\/uploads\/2023\/07\/burckhardt_1374_Nestle-Vevey_aussen_Tag_31b-500x547.jpg 500w, https:\/\/burckhardt.swiss\/app\/uploads\/2023\/07\/burckhardt_1374_Nestle-Vevey_aussen_Tag_31b-1000x1093.jpg 1000w, https:\/\/burckhardt.swiss\/app\/uploads\/2023\/07\/burckhardt_1374_Nestle-Vevey_aussen_Tag_31b-700x765.jpg 700w, https:\/\/burckhardt.swiss\/app\/uploads\/2023\/07\/burckhardt_1374_Nestle-Vevey_aussen_Tag_31b-1400x1530.jpg 1400w, https:\/\/burckhardt.swiss\/app\/uploads\/2023\/07\/burckhardt_1374_Nestle-Vevey_aussen_Tag_31b-2000x2186.jpg 2000w\" sizes=\"auto, (max-width: 937px) 100vw, 937px\" \/><\/figure>\n<\/div>\n\n\n\n<div class=\"wp-block-column is-layout-flow wp-block-column-is-layout-flow\">\n<figure class=\"wp-block-image size-large\"><img loading=\"lazy\" decoding=\"async\" width=\"1024\" height=\"933\" src=\"https:\/\/burckhardt.swiss\/app\/uploads\/2023\/07\/burckhardt_1374_Nestle-Vevey_innen_18-1-1024x933.jpg\" alt=\"\" class=\"wp-image-16739\" srcset=\"https:\/\/burckhardt.swiss\/app\/uploads\/2023\/07\/burckhardt_1374_Nestle-Vevey_innen_18-1-1024x933.jpg 1024w, https:\/\/burckhardt.swiss\/app\/uploads\/2023\/07\/burckhardt_1374_Nestle-Vevey_innen_18-1-300x273.jpg 300w, https:\/\/burckhardt.swiss\/app\/uploads\/2023\/07\/burckhardt_1374_Nestle-Vevey_innen_18-1-600x547.jpg 600w, https:\/\/burckhardt.swiss\/app\/uploads\/2023\/07\/burckhardt_1374_Nestle-Vevey_innen_18-1-500x456.jpg 500w, https:\/\/burckhardt.swiss\/app\/uploads\/2023\/07\/burckhardt_1374_Nestle-Vevey_innen_18-1-1000x911.jpg 1000w, https:\/\/burckhardt.swiss\/app\/uploads\/2023\/07\/burckhardt_1374_Nestle-Vevey_innen_18-1-700x638.jpg 700w, https:\/\/burckhardt.swiss\/app\/uploads\/2023\/07\/burckhardt_1374_Nestle-Vevey_innen_18-1-1400x1276.jpg 1400w, https:\/\/burckhardt.swiss\/app\/uploads\/2023\/07\/burckhardt_1374_Nestle-Vevey_innen_18-1-2000x1822.jpg 2000w\" sizes=\"auto, (max-width: 1024px) 100vw, 1024px\" \/><\/figure>\n\n\n\n<p>En toute logique, le sous-sol accueille les abris antia\u00e9riens, les locaux techniques destin\u00e9s au chauffage et \u00e0 la climatisation, les archives et les pi\u00e8ces annexes du restaurant du personnel. Pour tenir compte de la beaut\u00e9 du site et profiter de l\u2019acc\u00e8s au jardin, le restaurant du personnel se trouve au niveau du sol. L\u2019entr\u00e9e accueille \u00e9galement une premi\u00e8re s\u00e9rie de bureaux, un centre m\u00e9dical ainsi qu\u2019un magasin interne. Des bureaux suppl\u00e9mentaires sont r\u00e9partis dans les \u00e9tages 1 \u00e0 5. Des salles de r\u00e9ception et de conf\u00e9rences ainsi qu\u2019un auditorium pouvant accueillir jusqu\u2019\u00e0 350 personnes sont int\u00e9gr\u00e9s au penthouse.   <\/p>\n<\/div>\n<\/div>\n<\/div>\n\n\n\n<div style=\"height:100px\" aria-hidden=\"true\" class=\"wp-block-spacer\"><\/div>\n\n\n\n<div class=\"wp-block-group alignfull has-secondary-background-color has-background is-layout-constrained wp-block-group-is-layout-constrained\">\n<h2 class=\"wp-block-heading has-text-align-center has-big-font-size\">Jean Tschumi, architecte et visionnaire<\/h2>\n\n\n\n<div class=\"wp-block-columns is-layout-flex wp-container-core-columns-is-layout-2 wp-block-columns-is-layout-flex\">\n<div class=\"wp-block-column is-layout-flow wp-block-column-is-layout-flow\">\n<p>Jean Tschumi (1904-1962) \u00e9tait un architecte suisse et professeur \u00e0 l\u2019EPFL. De toutes ses \u0153uvres, le si\u00e8ge en forme de Y de Nestl\u00e9, r\u00e9compens\u00e9 par le prix Reynolds, est celle qui a obtenu la plus grande reconnaissance internationale. Aujourd\u2019hui encore, le b\u00e2timent administratif est per\u00e7u comme un repr\u00e9sentant contemporain de l\u2019entreprise.   <br><br>Les r\u00e9alisations embl\u00e9matiques de Tschumi sont autant de points de r\u00e9f\u00e9rence qui nous permettent de suivre son \u00e9volution et la pr\u00e9cision de son projet d&#8217;architecture d&#8217;entreprise. Cette esth\u00e9tique, cette exaltation des lignes et des mat\u00e9riaux, il les emprunte \u00e0 l&#8217;h\u00e9ritage rationaliste d&#8217;Auguste Perret, mais aussi au style international qui fleurit alors aux \u00c9tats-Unis et qui marquera sa cr\u00e9ation architecturale \u00e0 partir des ann\u00e9es 50. Mesur\u00e9 internationalement \u00e0 l&#8217;aune de la puret\u00e9, Tschumi \u00e9tait aussi un observateur avis\u00e9 du paysage. <\/p>\n<\/div>\n\n\n\n<div class=\"wp-block-column is-layout-flow wp-block-column-is-layout-flow\"><figure class=\"wp-block-image size-full is-resized\"><img loading=\"lazy\" decoding=\"async\" width=\"686\" height=\"940\" src=\"https:\/\/burckhardt.swiss\/app\/uploads\/2023\/07\/burckhardt_Nestle_-JeanTschumi1960.jpg\" alt=\"\" class=\"wp-image-16879\" style=\"width:410px\" srcset=\"https:\/\/burckhardt.swiss\/app\/uploads\/2023\/07\/burckhardt_Nestle_-JeanTschumi1960.jpg 686w, https:\/\/burckhardt.swiss\/app\/uploads\/2023\/07\/burckhardt_Nestle_-JeanTschumi1960-219x300.jpg 219w, https:\/\/burckhardt.swiss\/app\/uploads\/2023\/07\/burckhardt_Nestle_-JeanTschumi1960-600x822.jpg 600w, https:\/\/burckhardt.swiss\/app\/uploads\/2023\/07\/burckhardt_Nestle_-JeanTschumi1960-500x685.jpg 500w\" sizes=\"auto, (max-width: 686px) 100vw, 686px\" \/><figcaption class=\"wp-element-caption\"><span>Jean Tschumi devant la maquette du si\u00e8ge de Nestl\u00e9, 1960.\u00a9 Bernhard Tschumi Archives.<\/span><\/figcaption><\/figure><\/div>\n<\/div>\n<\/div>\n\n\n\n<div style=\"height:100px\" aria-hidden=\"true\" class=\"wp-block-spacer\"><\/div>\n<\/div>\n\n\n\n<div class=\"wp-block-group is-layout-constrained wp-block-group-is-layout-constrained\">\n<h2 class=\"wp-block-heading has-text-align-center\">Plans de projet<\/h2>\n\n\n<div\n  id=\"block_6295c3d468f6ed67a2fcb44a69ad0f1f\"\n  data-block_6295c3d468f6ed67a2fcb44a69ad0f1f\n  class=\"image-slider align\"\n>\n  <slider :records=\"[{&quot;ID&quot;:17832,&quot;id&quot;:17832,&quot;title&quot;:&quot;burckhardt-nestle-genf-grundriss-situation&quot;,&quot;filename&quot;:&quot;burckhardt-nestle-genf-grundriss-situation.jpg&quot;,&quot;filesize&quot;:258426,&quot;url&quot;:&quot;https:\\\/\\\/burckhardt.swiss\\\/app\\\/uploads\\\/2023\\\/08\\\/burckhardt-nestle-genf-grundriss-situation.jpg&quot;,&quot;link&quot;:&quot;https:\\\/\\\/burckhardt.swiss\\\/fr\\\/project\\\/batiment-administratif-nestle-vevey\\\/burckhardt-nestle-genf-grundriss-situation-2\\\/&quot;,&quot;alt&quot;:&quot;&quot;,&quot;author&quot;:&quot;6&quot;,&quot;description&quot;:&quot;&quot;,&quot;caption&quot;:&quot;&quot;,&quot;name&quot;:&quot;burckhardt-nestle-genf-grundriss-situation-2&quot;,&quot;status&quot;:&quot;inherit&quot;,&quot;uploaded_to&quot;:16655,&quot;date&quot;:&quot;2023-08-11 20:34:52&quot;,&quot;modified&quot;:&quot;2023-08-11 20:34:52&quot;,&quot;menu_order&quot;:0,&quot;mime_type&quot;:&quot;image\\\/jpeg&quot;,&quot;type&quot;:&quot;image&quot;,&quot;subtype&quot;:&quot;jpeg&quot;,&quot;icon&quot;:&quot;https:\\\/\\\/burckhardt.swiss\\\/wp\\\/wp-includes\\\/images\\\/media\\\/default.png&quot;,&quot;width&quot;:2179,&quot;height&quot;:1226,&quot;sizes&quot;:{&quot;medium&quot;:{&quot;file&quot;:&quot;burckhardt-nestle-genf-grundriss-situation-300x169.jpg&quot;,&quot;width&quot;:300,&quot;height&quot;:169,&quot;mime-type&quot;:&quot;image\\\/jpeg&quot;,&quot;filesize&quot;:7742,&quot;source_url&quot;:&quot;https:\\\/\\\/burckhardt.swiss\\\/app\\\/uploads\\\/2023\\\/08\\\/burckhardt-nestle-genf-grundriss-situation-300x169.jpg&quot;},&quot;large&quot;:{&quot;file&quot;:&quot;burckhardt-nestle-genf-grundriss-situation-1024x576.jpg&quot;,&quot;width&quot;:1024,&quot;height&quot;:576,&quot;mime-type&quot;:&quot;image\\\/jpeg&quot;,&quot;filesize&quot;:38357,&quot;source_url&quot;:&quot;https:\\\/\\\/burckhardt.swiss\\\/app\\\/uploads\\\/2023\\\/08\\\/burckhardt-nestle-genf-grundriss-situation-1024x576.jpg&quot;},&quot;thumbnail&quot;:{&quot;file&quot;:&quot;burckhardt-nestle-genf-grundriss-situation-150x150.jpg&quot;,&quot;width&quot;:150,&quot;height&quot;:150,&quot;mime-type&quot;:&quot;image\\\/jpeg&quot;,&quot;filesize&quot;:6811,&quot;source_url&quot;:&quot;https:\\\/\\\/burckhardt.swiss\\\/app\\\/uploads\\\/2023\\\/08\\\/burckhardt-nestle-genf-grundriss-situation-150x150.jpg&quot;},&quot;medium_large&quot;:{&quot;file&quot;:&quot;burckhardt-nestle-genf-grundriss-situation-600x338.jpg&quot;,&quot;width&quot;:600,&quot;height&quot;:338,&quot;mime-type&quot;:&quot;image\\\/jpeg&quot;,&quot;filesize&quot;:18268,&quot;source_url&quot;:&quot;https:\\\/\\\/burckhardt.swiss\\\/app\\\/uploads\\\/2023\\\/08\\\/burckhardt-nestle-genf-grundriss-situation-600x338.jpg&quot;},&quot;post_preview&quot;:{&quot;file&quot;:&quot;burckhardt-nestle-genf-grundriss-situation-380x260.jpg&quot;,&quot;width&quot;:380,&quot;height&quot;:260,&quot;mime-type&quot;:&quot;image\\\/jpeg&quot;,&quot;filesize&quot;:12563,&quot;source_url&quot;:&quot;https:\\\/\\\/burckhardt.swiss\\\/app\\\/uploads\\\/2023\\\/08\\\/burckhardt-nestle-genf-grundriss-situation-380x260.jpg&quot;},&quot;post_preview_2x&quot;:{&quot;file&quot;:&quot;burckhardt-nestle-genf-grundriss-situation-760x520.jpg&quot;,&quot;width&quot;:760,&quot;height&quot;:520,&quot;mime-type&quot;:&quot;image\\\/jpeg&quot;,&quot;filesize&quot;:32691,&quot;source_url&quot;:&quot;https:\\\/\\\/burckhardt.swiss\\\/app\\\/uploads\\\/2023\\\/08\\\/burckhardt-nestle-genf-grundriss-situation-760x520.jpg&quot;},&quot;employee_preview&quot;:{&quot;file&quot;:&quot;burckhardt-nestle-genf-grundriss-situation-400x480.jpg&quot;,&quot;width&quot;:400,&quot;height&quot;:480,&quot;mime-type&quot;:&quot;image\\\/jpeg&quot;,&quot;filesize&quot;:27306,&quot;source_url&quot;:&quot;https:\\\/\\\/burckhardt.swiss\\\/app\\\/uploads\\\/2023\\\/08\\\/burckhardt-nestle-genf-grundriss-situation-400x480.jpg&quot;},&quot;employee_preview_2x&quot;:{&quot;file&quot;:&quot;burckhardt-nestle-genf-grundriss-situation-800x960.jpg&quot;,&quot;width&quot;:800,&quot;height&quot;:960,&quot;mime-type&quot;:&quot;image\\\/jpeg&quot;,&quot;filesize&quot;:75947,&quot;source_url&quot;:&quot;https:\\\/\\\/burckhardt.swiss\\\/app\\\/uploads\\\/2023\\\/08\\\/burckhardt-nestle-genf-grundriss-situation-800x960.jpg&quot;},&quot;large_16_9&quot;:{&quot;file&quot;:&quot;burckhardt-nestle-genf-grundriss-situation-1200x675.jpg&quot;,&quot;width&quot;:1200,&quot;height&quot;:675,&quot;mime-type&quot;:&quot;image\\\/jpeg&quot;,&quot;filesize&quot;:48858,&quot;source_url&quot;:&quot;https:\\\/\\\/burckhardt.swiss\\\/app\\\/uploads\\\/2023\\\/08\\\/burckhardt-nestle-genf-grundriss-situation-1200x675.jpg&quot;},&quot;project_small&quot;:{&quot;file&quot;:&quot;burckhardt-nestle-genf-grundriss-situation-500x281.jpg&quot;,&quot;width&quot;:500,&quot;height&quot;:281,&quot;mime-type&quot;:&quot;image\\\/jpeg&quot;,&quot;filesize&quot;:14037,&quot;source_url&quot;:&quot;https:\\\/\\\/burckhardt.swiss\\\/app\\\/uploads\\\/2023\\\/08\\\/burckhardt-nestle-genf-grundriss-situation-500x281.jpg&quot;},&quot;project_small_2x&quot;:{&quot;file&quot;:&quot;burckhardt-nestle-genf-grundriss-situation-1000x563.jpg&quot;,&quot;width&quot;:1000,&quot;height&quot;:563,&quot;mime-type&quot;:&quot;image\\\/jpeg&quot;,&quot;filesize&quot;:37086,&quot;source_url&quot;:&quot;https:\\\/\\\/burckhardt.swiss\\\/app\\\/uploads\\\/2023\\\/08\\\/burckhardt-nestle-genf-grundriss-situation-1000x563.jpg&quot;},&quot;project_default&quot;:{&quot;file&quot;:&quot;burckhardt-nestle-genf-grundriss-situation-700x394.jpg&quot;,&quot;width&quot;:700,&quot;height&quot;:394,&quot;mime-type&quot;:&quot;image\\\/jpeg&quot;,&quot;filesize&quot;:22744,&quot;source_url&quot;:&quot;https:\\\/\\\/burckhardt.swiss\\\/app\\\/uploads\\\/2023\\\/08\\\/burckhardt-nestle-genf-grundriss-situation-700x394.jpg&quot;},&quot;project_default_2x&quot;:{&quot;file&quot;:&quot;burckhardt-nestle-genf-grundriss-situation-1400x788.jpg&quot;,&quot;width&quot;:1400,&quot;height&quot;:788,&quot;mime-type&quot;:&quot;image\\\/jpeg&quot;,&quot;filesize&quot;:61432,&quot;source_url&quot;:&quot;https:\\\/\\\/burckhardt.swiss\\\/app\\\/uploads\\\/2023\\\/08\\\/burckhardt-nestle-genf-grundriss-situation-1400x788.jpg&quot;},&quot;project_large&quot;:{&quot;file&quot;:&quot;burckhardt-nestle-genf-grundriss-situation-1000x563.jpg&quot;,&quot;width&quot;:1000,&quot;height&quot;:563,&quot;mime-type&quot;:&quot;image\\\/jpeg&quot;,&quot;filesize&quot;:37086,&quot;source_url&quot;:&quot;https:\\\/\\\/burckhardt.swiss\\\/app\\\/uploads\\\/2023\\\/08\\\/burckhardt-nestle-genf-grundriss-situation-1000x563.jpg&quot;},&quot;project_large_2x&quot;:{&quot;file&quot;:&quot;burckhardt-nestle-genf-grundriss-situation-2000x1125.jpg&quot;,&quot;width&quot;:2000,&quot;height&quot;:1125,&quot;mime-type&quot;:&quot;image\\\/jpeg&quot;,&quot;filesize&quot;:103056,&quot;source_url&quot;:&quot;https:\\\/\\\/burckhardt.swiss\\\/app\\\/uploads\\\/2023\\\/08\\\/burckhardt-nestle-genf-grundriss-situation-2000x1125.jpg&quot;}}},{&quot;ID&quot;:17823,&quot;id&quot;:17823,&quot;title&quot;:&quot;burckhardt-nestle-genf-grundriss-gartenniveau&quot;,&quot;filename&quot;:&quot;burckhardt-nestle-genf-grundriss-gartenniveau.jpg&quot;,&quot;filesize&quot;:455539,&quot;url&quot;:&quot;https:\\\/\\\/burckhardt.swiss\\\/app\\\/uploads\\\/2023\\\/08\\\/burckhardt-nestle-genf-grundriss-gartenniveau.jpg&quot;,&quot;link&quot;:&quot;https:\\\/\\\/burckhardt.swiss\\\/fr\\\/project\\\/batiment-administratif-nestle-vevey\\\/burckhardt-nestle-genf-grundriss-gartenniveau-2\\\/&quot;,&quot;alt&quot;:&quot;&quot;,&quot;author&quot;:&quot;6&quot;,&quot;description&quot;:&quot;&quot;,&quot;caption&quot;:&quot;&quot;,&quot;name&quot;:&quot;burckhardt-nestle-genf-grundriss-gartenniveau-2&quot;,&quot;status&quot;:&quot;inherit&quot;,&quot;uploaded_to&quot;:16655,&quot;date&quot;:&quot;2023-08-11 20:34:33&quot;,&quot;modified&quot;:&quot;2023-08-11 20:34:33&quot;,&quot;menu_order&quot;:0,&quot;mime_type&quot;:&quot;image\\\/jpeg&quot;,&quot;type&quot;:&quot;image&quot;,&quot;subtype&quot;:&quot;jpeg&quot;,&quot;icon&quot;:&quot;https:\\\/\\\/burckhardt.swiss\\\/wp\\\/wp-includes\\\/images\\\/media\\\/default.png&quot;,&quot;width&quot;:2179,&quot;height&quot;:1226,&quot;sizes&quot;:{&quot;medium&quot;:{&quot;file&quot;:&quot;burckhardt-nestle-genf-grundriss-gartenniveau-300x169.jpg&quot;,&quot;width&quot;:300,&quot;height&quot;:169,&quot;mime-type&quot;:&quot;image\\\/jpeg&quot;,&quot;filesize&quot;:10472,&quot;source_url&quot;:&quot;https:\\\/\\\/burckhardt.swiss\\\/app\\\/uploads\\\/2023\\\/08\\\/burckhardt-nestle-genf-grundriss-gartenniveau-300x169.jpg&quot;},&quot;large&quot;:{&quot;file&quot;:&quot;burckhardt-nestle-genf-grundriss-gartenniveau-1024x576.jpg&quot;,&quot;width&quot;:1024,&quot;height&quot;:576,&quot;mime-type&quot;:&quot;image\\\/jpeg&quot;,&quot;filesize&quot;:71082,&quot;source_url&quot;:&quot;https:\\\/\\\/burckhardt.swiss\\\/app\\\/uploads\\\/2023\\\/08\\\/burckhardt-nestle-genf-grundriss-gartenniveau-1024x576.jpg&quot;},&quot;thumbnail&quot;:{&quot;file&quot;:&quot;burckhardt-nestle-genf-grundriss-gartenniveau-150x150.jpg&quot;,&quot;width&quot;:150,&quot;height&quot;:150,&quot;mime-type&quot;:&quot;image\\\/jpeg&quot;,&quot;filesize&quot;:7079,&quot;source_url&quot;:&quot;https:\\\/\\\/burckhardt.swiss\\\/app\\\/uploads\\\/2023\\\/08\\\/burckhardt-nestle-genf-grundriss-gartenniveau-150x150.jpg&quot;},&quot;medium_large&quot;:{&quot;file&quot;:&quot;burckhardt-nestle-genf-grundriss-gartenniveau-600x338.jpg&quot;,&quot;width&quot;:600,&quot;height&quot;:338,&quot;mime-type&quot;:&quot;image\\\/jpeg&quot;,&quot;filesize&quot;:29369,&quot;source_url&quot;:&quot;https:\\\/\\\/burckhardt.swiss\\\/app\\\/uploads\\\/2023\\\/08\\\/burckhardt-nestle-genf-grundriss-gartenniveau-600x338.jpg&quot;},&quot;post_preview&quot;:{&quot;file&quot;:&quot;burckhardt-nestle-genf-grundriss-gartenniveau-380x260.jpg&quot;,&quot;width&quot;:380,&quot;height&quot;:260,&quot;mime-type&quot;:&quot;image\\\/jpeg&quot;,&quot;filesize&quot;:17866,&quot;source_url&quot;:&quot;https:\\\/\\\/burckhardt.swiss\\\/app\\\/uploads\\\/2023\\\/08\\\/burckhardt-nestle-genf-grundriss-gartenniveau-380x260.jpg&quot;},&quot;post_preview_2x&quot;:{&quot;file&quot;:&quot;burckhardt-nestle-genf-grundriss-gartenniveau-760x520.jpg&quot;,&quot;width&quot;:760,&quot;height&quot;:520,&quot;mime-type&quot;:&quot;image\\\/jpeg&quot;,&quot;filesize&quot;:54787,&quot;source_url&quot;:&quot;https:\\\/\\\/burckhardt.swiss\\\/app\\\/uploads\\\/2023\\\/08\\\/burckhardt-nestle-genf-grundriss-gartenniveau-760x520.jpg&quot;},&quot;employee_preview&quot;:{&quot;file&quot;:&quot;burckhardt-nestle-genf-grundriss-gartenniveau-400x480.jpg&quot;,&quot;width&quot;:400,&quot;height&quot;:480,&quot;mime-type&quot;:&quot;image\\\/jpeg&quot;,&quot;filesize&quot;:28797,&quot;source_url&quot;:&quot;https:\\\/\\\/burckhardt.swiss\\\/app\\\/uploads\\\/2023\\\/08\\\/burckhardt-nestle-genf-grundriss-gartenniveau-400x480.jpg&quot;},&quot;employee_preview_2x&quot;:{&quot;file&quot;:&quot;burckhardt-nestle-genf-grundriss-gartenniveau-800x960.jpg&quot;,&quot;width&quot;:800,&quot;height&quot;:960,&quot;mime-type&quot;:&quot;image\\\/jpeg&quot;,&quot;filesize&quot;:84754,&quot;source_url&quot;:&quot;https:\\\/\\\/burckhardt.swiss\\\/app\\\/uploads\\\/2023\\\/08\\\/burckhardt-nestle-genf-grundriss-gartenniveau-800x960.jpg&quot;},&quot;large_16_9&quot;:{&quot;file&quot;:&quot;burckhardt-nestle-genf-grundriss-gartenniveau-1200x675.jpg&quot;,&quot;width&quot;:1200,&quot;height&quot;:675,&quot;mime-type&quot;:&quot;image\\\/jpeg&quot;,&quot;filesize&quot;:91669,&quot;source_url&quot;:&quot;https:\\\/\\\/burckhardt.swiss\\\/app\\\/uploads\\\/2023\\\/08\\\/burckhardt-nestle-genf-grundriss-gartenniveau-1200x675.jpg&quot;},&quot;project_small&quot;:{&quot;file&quot;:&quot;burckhardt-nestle-genf-grundriss-gartenniveau-500x281.jpg&quot;,&quot;width&quot;:500,&quot;height&quot;:281,&quot;mime-type&quot;:&quot;image\\\/jpeg&quot;,&quot;filesize&quot;:21718,&quot;source_url&quot;:&quot;https:\\\/\\\/burckhardt.swiss\\\/app\\\/uploads\\\/2023\\\/08\\\/burckhardt-nestle-genf-grundriss-gartenniveau-500x281.jpg&quot;},&quot;project_small_2x&quot;:{&quot;file&quot;:&quot;burckhardt-nestle-genf-grundriss-gartenniveau-1000x563.jpg&quot;,&quot;width&quot;:1000,&quot;height&quot;:563,&quot;mime-type&quot;:&quot;image\\\/jpeg&quot;,&quot;filesize&quot;:67904,&quot;source_url&quot;:&quot;https:\\\/\\\/burckhardt.swiss\\\/app\\\/uploads\\\/2023\\\/08\\\/burckhardt-nestle-genf-grundriss-gartenniveau-1000x563.jpg&quot;},&quot;project_default&quot;:{&quot;file&quot;:&quot;burckhardt-nestle-genf-grundriss-gartenniveau-700x394.jpg&quot;,&quot;width&quot;:700,&quot;height&quot;:394,&quot;mime-type&quot;:&quot;image\\\/jpeg&quot;,&quot;filesize&quot;:37969,&quot;source_url&quot;:&quot;https:\\\/\\\/burckhardt.swiss\\\/app\\\/uploads\\\/2023\\\/08\\\/burckhardt-nestle-genf-grundriss-gartenniveau-700x394.jpg&quot;},&quot;project_default_2x&quot;:{&quot;file&quot;:&quot;burckhardt-nestle-genf-grundriss-gartenniveau-1400x788.jpg&quot;,&quot;width&quot;:1400,&quot;height&quot;:788,&quot;mime-type&quot;:&quot;image\\\/jpeg&quot;,&quot;filesize&quot;:119036,&quot;source_url&quot;:&quot;https:\\\/\\\/burckhardt.swiss\\\/app\\\/uploads\\\/2023\\\/08\\\/burckhardt-nestle-genf-grundriss-gartenniveau-1400x788.jpg&quot;},&quot;project_large&quot;:{&quot;file&quot;:&quot;burckhardt-nestle-genf-grundriss-gartenniveau-1000x563.jpg&quot;,&quot;width&quot;:1000,&quot;height&quot;:563,&quot;mime-type&quot;:&quot;image\\\/jpeg&quot;,&quot;filesize&quot;:67904,&quot;source_url&quot;:&quot;https:\\\/\\\/burckhardt.swiss\\\/app\\\/uploads\\\/2023\\\/08\\\/burckhardt-nestle-genf-grundriss-gartenniveau-1000x563.jpg&quot;},&quot;project_large_2x&quot;:{&quot;file&quot;:&quot;burckhardt-nestle-genf-grundriss-gartenniveau-2000x1125.jpg&quot;,&quot;width&quot;:2000,&quot;height&quot;:1125,&quot;mime-type&quot;:&quot;image\\\/jpeg&quot;,&quot;filesize&quot;:207638,&quot;source_url&quot;:&quot;https:\\\/\\\/burckhardt.swiss\\\/app\\\/uploads\\\/2023\\\/08\\\/burckhardt-nestle-genf-grundriss-gartenniveau-2000x1125.jpg&quot;}}},{&quot;ID&quot;:17826,&quot;id&quot;:17826,&quot;title&quot;:&quot;burckhardt-nestle-genf-grundriss-normalgeschoss&quot;,&quot;filename&quot;:&quot;burckhardt-nestle-genf-grundriss-normalgeschoss.jpg&quot;,&quot;filesize&quot;:317428,&quot;url&quot;:&quot;https:\\\/\\\/burckhardt.swiss\\\/app\\\/uploads\\\/2023\\\/08\\\/burckhardt-nestle-genf-grundriss-normalgeschoss.jpg&quot;,&quot;link&quot;:&quot;https:\\\/\\\/burckhardt.swiss\\\/fr\\\/project\\\/batiment-administratif-nestle-vevey\\\/burckhardt-nestle-genf-grundriss-normalgeschoss-2\\\/&quot;,&quot;alt&quot;:&quot;&quot;,&quot;author&quot;:&quot;6&quot;,&quot;description&quot;:&quot;&quot;,&quot;caption&quot;:&quot;&quot;,&quot;name&quot;:&quot;burckhardt-nestle-genf-grundriss-normalgeschoss-2&quot;,&quot;status&quot;:&quot;inherit&quot;,&quot;uploaded_to&quot;:16655,&quot;date&quot;:&quot;2023-08-11 20:34:42&quot;,&quot;modified&quot;:&quot;2023-08-11 20:39:53&quot;,&quot;menu_order&quot;:0,&quot;mime_type&quot;:&quot;image\\\/jpeg&quot;,&quot;type&quot;:&quot;image&quot;,&quot;subtype&quot;:&quot;jpeg&quot;,&quot;icon&quot;:&quot;https:\\\/\\\/burckhardt.swiss\\\/wp\\\/wp-includes\\\/images\\\/media\\\/default.png&quot;,&quot;width&quot;:2179,&quot;height&quot;:1226,&quot;sizes&quot;:{&quot;medium&quot;:{&quot;file&quot;:&quot;burckhardt-nestle-genf-grundriss-normalgeschoss-300x169.jpg&quot;,&quot;width&quot;:300,&quot;height&quot;:169,&quot;mime-type&quot;:&quot;image\\\/jpeg&quot;,&quot;filesize&quot;:7988,&quot;source_url&quot;:&quot;https:\\\/\\\/burckhardt.swiss\\\/app\\\/uploads\\\/2023\\\/08\\\/burckhardt-nestle-genf-grundriss-normalgeschoss-300x169.jpg&quot;},&quot;large&quot;:{&quot;file&quot;:&quot;burckhardt-nestle-genf-grundriss-normalgeschoss-1024x576.jpg&quot;,&quot;width&quot;:1024,&quot;height&quot;:576,&quot;mime-type&quot;:&quot;image\\\/jpeg&quot;,&quot;filesize&quot;:49516,&quot;source_url&quot;:&quot;https:\\\/\\\/burckhardt.swiss\\\/app\\\/uploads\\\/2023\\\/08\\\/burckhardt-nestle-genf-grundriss-normalgeschoss-1024x576.jpg&quot;},&quot;thumbnail&quot;:{&quot;file&quot;:&quot;burckhardt-nestle-genf-grundriss-normalgeschoss-150x150.jpg&quot;,&quot;width&quot;:150,&quot;height&quot;:150,&quot;mime-type&quot;:&quot;image\\\/jpeg&quot;,&quot;filesize&quot;:5966,&quot;source_url&quot;:&quot;https:\\\/\\\/burckhardt.swiss\\\/app\\\/uploads\\\/2023\\\/08\\\/burckhardt-nestle-genf-grundriss-normalgeschoss-150x150.jpg&quot;},&quot;medium_large&quot;:{&quot;file&quot;:&quot;burckhardt-nestle-genf-grundriss-normalgeschoss-600x338.jpg&quot;,&quot;width&quot;:600,&quot;height&quot;:338,&quot;mime-type&quot;:&quot;image\\\/jpeg&quot;,&quot;filesize&quot;:20286,&quot;source_url&quot;:&quot;https:\\\/\\\/burckhardt.swiss\\\/app\\\/uploads\\\/2023\\\/08\\\/burckhardt-nestle-genf-grundriss-normalgeschoss-600x338.jpg&quot;},&quot;post_preview&quot;:{&quot;file&quot;:&quot;burckhardt-nestle-genf-grundriss-normalgeschoss-380x260.jpg&quot;,&quot;width&quot;:380,&quot;height&quot;:260,&quot;mime-type&quot;:&quot;image\\\/jpeg&quot;,&quot;filesize&quot;:13260,&quot;source_url&quot;:&quot;https:\\\/\\\/burckhardt.swiss\\\/app\\\/uploads\\\/2023\\\/08\\\/burckhardt-nestle-genf-grundriss-normalgeschoss-380x260.jpg&quot;},&quot;post_preview_2x&quot;:{&quot;file&quot;:&quot;burckhardt-nestle-genf-grundriss-normalgeschoss-760x520.jpg&quot;,&quot;width&quot;:760,&quot;height&quot;:520,&quot;mime-type&quot;:&quot;image\\\/jpeg&quot;,&quot;filesize&quot;:39717,&quot;source_url&quot;:&quot;https:\\\/\\\/burckhardt.swiss\\\/app\\\/uploads\\\/2023\\\/08\\\/burckhardt-nestle-genf-grundriss-normalgeschoss-760x520.jpg&quot;},&quot;employee_preview&quot;:{&quot;file&quot;:&quot;burckhardt-nestle-genf-grundriss-normalgeschoss-400x480.jpg&quot;,&quot;width&quot;:400,&quot;height&quot;:480,&quot;mime-type&quot;:&quot;image\\\/jpeg&quot;,&quot;filesize&quot;:23959,&quot;source_url&quot;:&quot;https:\\\/\\\/burckhardt.swiss\\\/app\\\/uploads\\\/2023\\\/08\\\/burckhardt-nestle-genf-grundriss-normalgeschoss-400x480.jpg&quot;},&quot;employee_preview_2x&quot;:{&quot;file&quot;:&quot;burckhardt-nestle-genf-grundriss-normalgeschoss-800x960.jpg&quot;,&quot;width&quot;:800,&quot;height&quot;:960,&quot;mime-type&quot;:&quot;image\\\/jpeg&quot;,&quot;filesize&quot;:73559,&quot;source_url&quot;:&quot;https:\\\/\\\/burckhardt.swiss\\\/app\\\/uploads\\\/2023\\\/08\\\/burckhardt-nestle-genf-grundriss-normalgeschoss-800x960.jpg&quot;},&quot;large_16_9&quot;:{&quot;file&quot;:&quot;burckhardt-nestle-genf-grundriss-normalgeschoss-1200x675.jpg&quot;,&quot;width&quot;:1200,&quot;height&quot;:675,&quot;mime-type&quot;:&quot;image\\\/jpeg&quot;,&quot;filesize&quot;:64837,&quot;source_url&quot;:&quot;https:\\\/\\\/burckhardt.swiss\\\/app\\\/uploads\\\/2023\\\/08\\\/burckhardt-nestle-genf-grundriss-normalgeschoss-1200x675.jpg&quot;},&quot;project_small&quot;:{&quot;file&quot;:&quot;burckhardt-nestle-genf-grundriss-normalgeschoss-500x281.jpg&quot;,&quot;width&quot;:500,&quot;height&quot;:281,&quot;mime-type&quot;:&quot;image\\\/jpeg&quot;,&quot;filesize&quot;:15449,&quot;source_url&quot;:&quot;https:\\\/\\\/burckhardt.swiss\\\/app\\\/uploads\\\/2023\\\/08\\\/burckhardt-nestle-genf-grundriss-normalgeschoss-500x281.jpg&quot;},&quot;project_small_2x&quot;:{&quot;file&quot;:&quot;burckhardt-nestle-genf-grundriss-normalgeschoss-1000x563.jpg&quot;,&quot;width&quot;:1000,&quot;height&quot;:563,&quot;mime-type&quot;:&quot;image\\\/jpeg&quot;,&quot;filesize&quot;:47792,&quot;source_url&quot;:&quot;https:\\\/\\\/burckhardt.swiss\\\/app\\\/uploads\\\/2023\\\/08\\\/burckhardt-nestle-genf-grundriss-normalgeschoss-1000x563.jpg&quot;},&quot;project_default&quot;:{&quot;file&quot;:&quot;burckhardt-nestle-genf-grundriss-normalgeschoss-700x394.jpg&quot;,&quot;width&quot;:700,&quot;height&quot;:394,&quot;mime-type&quot;:&quot;image\\\/jpeg&quot;,&quot;filesize&quot;:26367,&quot;source_url&quot;:&quot;https:\\\/\\\/burckhardt.swiss\\\/app\\\/uploads\\\/2023\\\/08\\\/burckhardt-nestle-genf-grundriss-normalgeschoss-700x394.jpg&quot;},&quot;project_default_2x&quot;:{&quot;file&quot;:&quot;burckhardt-nestle-genf-grundriss-normalgeschoss-1400x788.jpg&quot;,&quot;width&quot;:1400,&quot;height&quot;:788,&quot;mime-type&quot;:&quot;image\\\/jpeg&quot;,&quot;filesize&quot;:84786,&quot;source_url&quot;:&quot;https:\\\/\\\/burckhardt.swiss\\\/app\\\/uploads\\\/2023\\\/08\\\/burckhardt-nestle-genf-grundriss-normalgeschoss-1400x788.jpg&quot;},&quot;project_large&quot;:{&quot;file&quot;:&quot;burckhardt-nestle-genf-grundriss-normalgeschoss-1000x563.jpg&quot;,&quot;width&quot;:1000,&quot;height&quot;:563,&quot;mime-type&quot;:&quot;image\\\/jpeg&quot;,&quot;filesize&quot;:47792,&quot;source_url&quot;:&quot;https:\\\/\\\/burckhardt.swiss\\\/app\\\/uploads\\\/2023\\\/08\\\/burckhardt-nestle-genf-grundriss-normalgeschoss-1000x563.jpg&quot;},&quot;project_large_2x&quot;:{&quot;file&quot;:&quot;burckhardt-nestle-genf-grundriss-normalgeschoss-2000x1125.jpg&quot;,&quot;width&quot;:2000,&quot;height&quot;:1125,&quot;mime-type&quot;:&quot;image\\\/jpeg&quot;,&quot;filesize&quot;:150368,&quot;source_url&quot;:&quot;https:\\\/\\\/burckhardt.swiss\\\/app\\\/uploads\\\/2023\\\/08\\\/burckhardt-nestle-genf-grundriss-normalgeschoss-2000x1125.jpg&quot;}}},{&quot;ID&quot;:17820,&quot;id&quot;:17820,&quot;title&quot;:&quot;burckhardt-nestle-genf-grundriss-attikageschoss&quot;,&quot;filename&quot;:&quot;burckhardt-nestle-genf-grundriss-attikageschoss.jpg&quot;,&quot;filesize&quot;:296223,&quot;url&quot;:&quot;https:\\\/\\\/burckhardt.swiss\\\/app\\\/uploads\\\/2023\\\/08\\\/burckhardt-nestle-genf-grundriss-attikageschoss.jpg&quot;,&quot;link&quot;:&quot;https:\\\/\\\/burckhardt.swiss\\\/fr\\\/project\\\/batiment-administratif-nestle-vevey\\\/burckhardt-nestle-genf-grundriss-attikageschoss-2\\\/&quot;,&quot;alt&quot;:&quot;&quot;,&quot;author&quot;:&quot;6&quot;,&quot;description&quot;:&quot;&quot;,&quot;caption&quot;:&quot;&quot;,&quot;name&quot;:&quot;burckhardt-nestle-genf-grundriss-attikageschoss-2&quot;,&quot;status&quot;:&quot;inherit&quot;,&quot;uploaded_to&quot;:16655,&quot;date&quot;:&quot;2023-08-11 20:34:28&quot;,&quot;modified&quot;:&quot;2023-08-11 20:40:39&quot;,&quot;menu_order&quot;:0,&quot;mime_type&quot;:&quot;image\\\/jpeg&quot;,&quot;type&quot;:&quot;image&quot;,&quot;subtype&quot;:&quot;jpeg&quot;,&quot;icon&quot;:&quot;https:\\\/\\\/burckhardt.swiss\\\/wp\\\/wp-includes\\\/images\\\/media\\\/default.png&quot;,&quot;width&quot;:2179,&quot;height&quot;:1226,&quot;sizes&quot;:{&quot;medium&quot;:{&quot;file&quot;:&quot;burckhardt-nestle-genf-grundriss-attikageschoss-300x169.jpg&quot;,&quot;width&quot;:300,&quot;height&quot;:169,&quot;mime-type&quot;:&quot;image\\\/jpeg&quot;,&quot;filesize&quot;:8001,&quot;source_url&quot;:&quot;https:\\\/\\\/burckhardt.swiss\\\/app\\\/uploads\\\/2023\\\/08\\\/burckhardt-nestle-genf-grundriss-attikageschoss-300x169.jpg&quot;},&quot;large&quot;:{&quot;file&quot;:&quot;burckhardt-nestle-genf-grundriss-attikageschoss-1024x576.jpg&quot;,&quot;width&quot;:1024,&quot;height&quot;:576,&quot;mime-type&quot;:&quot;image\\\/jpeg&quot;,&quot;filesize&quot;:48979,&quot;source_url&quot;:&quot;https:\\\/\\\/burckhardt.swiss\\\/app\\\/uploads\\\/2023\\\/08\\\/burckhardt-nestle-genf-grundriss-attikageschoss-1024x576.jpg&quot;},&quot;thumbnail&quot;:{&quot;file&quot;:&quot;burckhardt-nestle-genf-grundriss-attikageschoss-150x150.jpg&quot;,&quot;width&quot;:150,&quot;height&quot;:150,&quot;mime-type&quot;:&quot;image\\\/jpeg&quot;,&quot;filesize&quot;:5873,&quot;source_url&quot;:&quot;https:\\\/\\\/burckhardt.swiss\\\/app\\\/uploads\\\/2023\\\/08\\\/burckhardt-nestle-genf-grundriss-attikageschoss-150x150.jpg&quot;},&quot;medium_large&quot;:{&quot;file&quot;:&quot;burckhardt-nestle-genf-grundriss-attikageschoss-600x338.jpg&quot;,&quot;width&quot;:600,&quot;height&quot;:338,&quot;mime-type&quot;:&quot;image\\\/jpeg&quot;,&quot;filesize&quot;:20295,&quot;source_url&quot;:&quot;https:\\\/\\\/burckhardt.swiss\\\/app\\\/uploads\\\/2023\\\/08\\\/burckhardt-nestle-genf-grundriss-attikageschoss-600x338.jpg&quot;},&quot;post_preview&quot;:{&quot;file&quot;:&quot;burckhardt-nestle-genf-grundriss-attikageschoss-380x260.jpg&quot;,&quot;width&quot;:380,&quot;height&quot;:260,&quot;mime-type&quot;:&quot;image\\\/jpeg&quot;,&quot;filesize&quot;:13032,&quot;source_url&quot;:&quot;https:\\\/\\\/burckhardt.swiss\\\/app\\\/uploads\\\/2023\\\/08\\\/burckhardt-nestle-genf-grundriss-attikageschoss-380x260.jpg&quot;},&quot;post_preview_2x&quot;:{&quot;file&quot;:&quot;burckhardt-nestle-genf-grundriss-attikageschoss-760x520.jpg&quot;,&quot;width&quot;:760,&quot;height&quot;:520,&quot;mime-type&quot;:&quot;image\\\/jpeg&quot;,&quot;filesize&quot;:38991,&quot;source_url&quot;:&quot;https:\\\/\\\/burckhardt.swiss\\\/app\\\/uploads\\\/2023\\\/08\\\/burckhardt-nestle-genf-grundriss-attikageschoss-760x520.jpg&quot;},&quot;employee_preview&quot;:{&quot;file&quot;:&quot;burckhardt-nestle-genf-grundriss-attikageschoss-400x480.jpg&quot;,&quot;width&quot;:400,&quot;height&quot;:480,&quot;mime-type&quot;:&quot;image\\\/jpeg&quot;,&quot;filesize&quot;:22865,&quot;source_url&quot;:&quot;https:\\\/\\\/burckhardt.swiss\\\/app\\\/uploads\\\/2023\\\/08\\\/burckhardt-nestle-genf-grundriss-attikageschoss-400x480.jpg&quot;},&quot;employee_preview_2x&quot;:{&quot;file&quot;:&quot;burckhardt-nestle-genf-grundriss-attikageschoss-800x960.jpg&quot;,&quot;width&quot;:800,&quot;height&quot;:960,&quot;mime-type&quot;:&quot;image\\\/jpeg&quot;,&quot;filesize&quot;:70176,&quot;source_url&quot;:&quot;https:\\\/\\\/burckhardt.swiss\\\/app\\\/uploads\\\/2023\\\/08\\\/burckhardt-nestle-genf-grundriss-attikageschoss-800x960.jpg&quot;},&quot;large_16_9&quot;:{&quot;file&quot;:&quot;burckhardt-nestle-genf-grundriss-attikageschoss-1200x675.jpg&quot;,&quot;width&quot;:1200,&quot;height&quot;:675,&quot;mime-type&quot;:&quot;image\\\/jpeg&quot;,&quot;filesize&quot;:63840,&quot;source_url&quot;:&quot;https:\\\/\\\/burckhardt.swiss\\\/app\\\/uploads\\\/2023\\\/08\\\/burckhardt-nestle-genf-grundriss-attikageschoss-1200x675.jpg&quot;},&quot;project_small&quot;:{&quot;file&quot;:&quot;burckhardt-nestle-genf-grundriss-attikageschoss-500x281.jpg&quot;,&quot;width&quot;:500,&quot;height&quot;:281,&quot;mime-type&quot;:&quot;image\\\/jpeg&quot;,&quot;filesize&quot;:15366,&quot;source_url&quot;:&quot;https:\\\/\\\/burckhardt.swiss\\\/app\\\/uploads\\\/2023\\\/08\\\/burckhardt-nestle-genf-grundriss-attikageschoss-500x281.jpg&quot;},&quot;project_small_2x&quot;:{&quot;file&quot;:&quot;burckhardt-nestle-genf-grundriss-attikageschoss-1000x563.jpg&quot;,&quot;width&quot;:1000,&quot;height&quot;:563,&quot;mime-type&quot;:&quot;image\\\/jpeg&quot;,&quot;filesize&quot;:47373,&quot;source_url&quot;:&quot;https:\\\/\\\/burckhardt.swiss\\\/app\\\/uploads\\\/2023\\\/08\\\/burckhardt-nestle-genf-grundriss-attikageschoss-1000x563.jpg&quot;},&quot;project_default&quot;:{&quot;file&quot;:&quot;burckhardt-nestle-genf-grundriss-attikageschoss-700x394.jpg&quot;,&quot;width&quot;:700,&quot;height&quot;:394,&quot;mime-type&quot;:&quot;image\\\/jpeg&quot;,&quot;filesize&quot;:26186,&quot;source_url&quot;:&quot;https:\\\/\\\/burckhardt.swiss\\\/app\\\/uploads\\\/2023\\\/08\\\/burckhardt-nestle-genf-grundriss-attikageschoss-700x394.jpg&quot;},&quot;project_default_2x&quot;:{&quot;file&quot;:&quot;burckhardt-nestle-genf-grundriss-attikageschoss-1400x788.jpg&quot;,&quot;width&quot;:1400,&quot;height&quot;:788,&quot;mime-type&quot;:&quot;image\\\/jpeg&quot;,&quot;filesize&quot;:82699,&quot;source_url&quot;:&quot;https:\\\/\\\/burckhardt.swiss\\\/app\\\/uploads\\\/2023\\\/08\\\/burckhardt-nestle-genf-grundriss-attikageschoss-1400x788.jpg&quot;},&quot;project_large&quot;:{&quot;file&quot;:&quot;burckhardt-nestle-genf-grundriss-attikageschoss-1000x563.jpg&quot;,&quot;width&quot;:1000,&quot;height&quot;:563,&quot;mime-type&quot;:&quot;image\\\/jpeg&quot;,&quot;filesize&quot;:47373,&quot;source_url&quot;:&quot;https:\\\/\\\/burckhardt.swiss\\\/app\\\/uploads\\\/2023\\\/08\\\/burckhardt-nestle-genf-grundriss-attikageschoss-1000x563.jpg&quot;},&quot;project_large_2x&quot;:{&quot;file&quot;:&quot;burckhardt-nestle-genf-grundriss-attikageschoss-2000x1125.jpg&quot;,&quot;width&quot;:2000,&quot;height&quot;:1125,&quot;mime-type&quot;:&quot;image\\\/jpeg&quot;,&quot;filesize&quot;:145179,&quot;source_url&quot;:&quot;https:\\\/\\\/burckhardt.swiss\\\/app\\\/uploads\\\/2023\\\/08\\\/burckhardt-nestle-genf-grundriss-attikageschoss-2000x1125.jpg&quot;}}},{&quot;ID&quot;:17829,&quot;id&quot;:17829,&quot;title&quot;:&quot;burckhardt-nestle-genf-grundriss-querschnitt&quot;,&quot;filename&quot;:&quot;burckhardt-nestle-genf-grundriss-querschnitt.jpg&quot;,&quot;filesize&quot;:188007,&quot;url&quot;:&quot;https:\\\/\\\/burckhardt.swiss\\\/app\\\/uploads\\\/2023\\\/08\\\/burckhardt-nestle-genf-grundriss-querschnitt.jpg&quot;,&quot;link&quot;:&quot;https:\\\/\\\/burckhardt.swiss\\\/fr\\\/project\\\/batiment-administratif-nestle-vevey\\\/burckhardt-nestle-genf-grundriss-querschnitt-2\\\/&quot;,&quot;alt&quot;:&quot;&quot;,&quot;author&quot;:&quot;6&quot;,&quot;description&quot;:&quot;&quot;,&quot;caption&quot;:&quot;&quot;,&quot;name&quot;:&quot;burckhardt-nestle-genf-grundriss-querschnitt-2&quot;,&quot;status&quot;:&quot;inherit&quot;,&quot;uploaded_to&quot;:16655,&quot;date&quot;:&quot;2023-08-11 20:34:47&quot;,&quot;modified&quot;:&quot;2023-08-11 20:34:47&quot;,&quot;menu_order&quot;:0,&quot;mime_type&quot;:&quot;image\\\/jpeg&quot;,&quot;type&quot;:&quot;image&quot;,&quot;subtype&quot;:&quot;jpeg&quot;,&quot;icon&quot;:&quot;https:\\\/\\\/burckhardt.swiss\\\/wp\\\/wp-includes\\\/images\\\/media\\\/default.png&quot;,&quot;width&quot;:2179,&quot;height&quot;:1226,&quot;sizes&quot;:{&quot;medium&quot;:{&quot;file&quot;:&quot;burckhardt-nestle-genf-grundriss-querschnitt-300x169.jpg&quot;,&quot;width&quot;:300,&quot;height&quot;:169,&quot;mime-type&quot;:&quot;image\\\/jpeg&quot;,&quot;filesize&quot;:6562,&quot;source_url&quot;:&quot;https:\\\/\\\/burckhardt.swiss\\\/app\\\/uploads\\\/2023\\\/08\\\/burckhardt-nestle-genf-grundriss-querschnitt-300x169.jpg&quot;},&quot;large&quot;:{&quot;file&quot;:&quot;burckhardt-nestle-genf-grundriss-querschnitt-1024x576.jpg&quot;,&quot;width&quot;:1024,&quot;height&quot;:576,&quot;mime-type&quot;:&quot;image\\\/jpeg&quot;,&quot;filesize&quot;:29684,&quot;source_url&quot;:&quot;https:\\\/\\\/burckhardt.swiss\\\/app\\\/uploads\\\/2023\\\/08\\\/burckhardt-nestle-genf-grundriss-querschnitt-1024x576.jpg&quot;},&quot;thumbnail&quot;:{&quot;file&quot;:&quot;burckhardt-nestle-genf-grundriss-querschnitt-150x150.jpg&quot;,&quot;width&quot;:150,&quot;height&quot;:150,&quot;mime-type&quot;:&quot;image\\\/jpeg&quot;,&quot;filesize&quot;:5689,&quot;source_url&quot;:&quot;https:\\\/\\\/burckhardt.swiss\\\/app\\\/uploads\\\/2023\\\/08\\\/burckhardt-nestle-genf-grundriss-querschnitt-150x150.jpg&quot;},&quot;medium_large&quot;:{&quot;file&quot;:&quot;burckhardt-nestle-genf-grundriss-querschnitt-600x338.jpg&quot;,&quot;width&quot;:600,&quot;height&quot;:338,&quot;mime-type&quot;:&quot;image\\\/jpeg&quot;,&quot;filesize&quot;:14211,&quot;source_url&quot;:&quot;https:\\\/\\\/burckhardt.swiss\\\/app\\\/uploads\\\/2023\\\/08\\\/burckhardt-nestle-genf-grundriss-querschnitt-600x338.jpg&quot;},&quot;post_preview&quot;:{&quot;file&quot;:&quot;burckhardt-nestle-genf-grundriss-querschnitt-380x260.jpg&quot;,&quot;width&quot;:380,&quot;height&quot;:260,&quot;mime-type&quot;:&quot;image\\\/jpeg&quot;,&quot;filesize&quot;:10026,&quot;source_url&quot;:&quot;https:\\\/\\\/burckhardt.swiss\\\/app\\\/uploads\\\/2023\\\/08\\\/burckhardt-nestle-genf-grundriss-querschnitt-380x260.jpg&quot;},&quot;post_preview_2x&quot;:{&quot;file&quot;:&quot;burckhardt-nestle-genf-grundriss-querschnitt-760x520.jpg&quot;,&quot;width&quot;:760,&quot;height&quot;:520,&quot;mime-type&quot;:&quot;image\\\/jpeg&quot;,&quot;filesize&quot;:24717,&quot;source_url&quot;:&quot;https:\\\/\\\/burckhardt.swiss\\\/app\\\/uploads\\\/2023\\\/08\\\/burckhardt-nestle-genf-grundriss-querschnitt-760x520.jpg&quot;},&quot;employee_preview&quot;:{&quot;file&quot;:&quot;burckhardt-nestle-genf-grundriss-querschnitt-400x480.jpg&quot;,&quot;width&quot;:400,&quot;height&quot;:480,&quot;mime-type&quot;:&quot;image\\\/jpeg&quot;,&quot;filesize&quot;:21725,&quot;source_url&quot;:&quot;https:\\\/\\\/burckhardt.swiss\\\/app\\\/uploads\\\/2023\\\/08\\\/burckhardt-nestle-genf-grundriss-querschnitt-400x480.jpg&quot;},&quot;employee_preview_2x&quot;:{&quot;file&quot;:&quot;burckhardt-nestle-genf-grundriss-querschnitt-800x960.jpg&quot;,&quot;width&quot;:800,&quot;height&quot;:960,&quot;mime-type&quot;:&quot;image\\\/jpeg&quot;,&quot;filesize&quot;:57702,&quot;source_url&quot;:&quot;https:\\\/\\\/burckhardt.swiss\\\/app\\\/uploads\\\/2023\\\/08\\\/burckhardt-nestle-genf-grundriss-querschnitt-800x960.jpg&quot;},&quot;large_16_9&quot;:{&quot;file&quot;:&quot;burckhardt-nestle-genf-grundriss-querschnitt-1200x675.jpg&quot;,&quot;width&quot;:1200,&quot;height&quot;:675,&quot;mime-type&quot;:&quot;image\\\/jpeg&quot;,&quot;filesize&quot;:36831,&quot;source_url&quot;:&quot;https:\\\/\\\/burckhardt.swiss\\\/app\\\/uploads\\\/2023\\\/08\\\/burckhardt-nestle-genf-grundriss-querschnitt-1200x675.jpg&quot;},&quot;project_small&quot;:{&quot;file&quot;:&quot;burckhardt-nestle-genf-grundriss-querschnitt-500x281.jpg&quot;,&quot;width&quot;:500,&quot;height&quot;:281,&quot;mime-type&quot;:&quot;image\\\/jpeg&quot;,&quot;filesize&quot;:11108,&quot;source_url&quot;:&quot;https:\\\/\\\/burckhardt.swiss\\\/app\\\/uploads\\\/2023\\\/08\\\/burckhardt-nestle-genf-grundriss-querschnitt-500x281.jpg&quot;},&quot;project_small_2x&quot;:{&quot;file&quot;:&quot;burckhardt-nestle-genf-grundriss-querschnitt-1000x563.jpg&quot;,&quot;width&quot;:1000,&quot;height&quot;:563,&quot;mime-type&quot;:&quot;image\\\/jpeg&quot;,&quot;filesize&quot;:28309,&quot;source_url&quot;:&quot;https:\\\/\\\/burckhardt.swiss\\\/app\\\/uploads\\\/2023\\\/08\\\/burckhardt-nestle-genf-grundriss-querschnitt-1000x563.jpg&quot;},&quot;project_default&quot;:{&quot;file&quot;:&quot;burckhardt-nestle-genf-grundriss-querschnitt-700x394.jpg&quot;,&quot;width&quot;:700,&quot;height&quot;:394,&quot;mime-type&quot;:&quot;image\\\/jpeg&quot;,&quot;filesize&quot;:17584,&quot;source_url&quot;:&quot;https:\\\/\\\/burckhardt.swiss\\\/app\\\/uploads\\\/2023\\\/08\\\/burckhardt-nestle-genf-grundriss-querschnitt-700x394.jpg&quot;},&quot;project_default_2x&quot;:{&quot;file&quot;:&quot;burckhardt-nestle-genf-grundriss-querschnitt-1400x788.jpg&quot;,&quot;width&quot;:1400,&quot;height&quot;:788,&quot;mime-type&quot;:&quot;image\\\/jpeg&quot;,&quot;filesize&quot;:48351,&quot;source_url&quot;:&quot;https:\\\/\\\/burckhardt.swiss\\\/app\\\/uploads\\\/2023\\\/08\\\/burckhardt-nestle-genf-grundriss-querschnitt-1400x788.jpg&quot;},&quot;project_large&quot;:{&quot;file&quot;:&quot;burckhardt-nestle-genf-grundriss-querschnitt-1000x563.jpg&quot;,&quot;width&quot;:1000,&quot;height&quot;:563,&quot;mime-type&quot;:&quot;image\\\/jpeg&quot;,&quot;filesize&quot;:28309,&quot;source_url&quot;:&quot;https:\\\/\\\/burckhardt.swiss\\\/app\\\/uploads\\\/2023\\\/08\\\/burckhardt-nestle-genf-grundriss-querschnitt-1000x563.jpg&quot;},&quot;project_large_2x&quot;:{&quot;file&quot;:&quot;burckhardt-nestle-genf-grundriss-querschnitt-2000x1125.jpg&quot;,&quot;width&quot;:2000,&quot;height&quot;:1125,&quot;mime-type&quot;:&quot;image\\\/jpeg&quot;,&quot;filesize&quot;:78897,&quot;source_url&quot;:&quot;https:\\\/\\\/burckhardt.swiss\\\/app\\\/uploads\\\/2023\\\/08\\\/burckhardt-nestle-genf-grundriss-querschnitt-2000x1125.jpg&quot;}}}]\">\n    <template #record=\"record\">\n      <div class=\"c-slider--image\">\n        <div class=\"swiper-lazy-preloader\"><\/div>\n        <photo :photo=\"record.sizes.large_16_9\" :media=\"record\"><\/photo>\n      <\/div>\n    <\/template>\n  <\/slider>\n<\/div>\n\n<\/div>\n\n\n\n<div class=\"wp-block-group alignfull has-secondary-background-color has-background is-layout-constrained wp-block-group-is-layout-constrained\"><div\n  id=\"block_4723c052f90d906a6868a4bf38316755\"\n  data-block_4723c052f90d906a6868a4bf38316755\n  class=\"c-block-more-projects more-projects align\"\n>\n  <h2 class=\"u-font-size-huge is-style-separator\">Plus de projets<\/h2>\n  <record-explorer\n    endpoint=\"projects\"\n    fields=\"title,acf,link,type,id,_links,_embedded\"\n    gutter=\"base\"\n    :limit=\"2\"\n    :show-filters=\"false\"\n    :labels=\"{&quot;name&quot;:&quot;projets&quot;,&quot;singular_name&quot;:&quot;Project&quot;,&quot;add_new&quot;:&quot;Add New&quot;,&quot;add_new_item&quot;:&quot;Add New Project&quot;,&quot;edit_item&quot;:&quot;Edit Project&quot;,&quot;new_item&quot;:&quot;New Project&quot;,&quot;view_item&quot;:&quot;View Project&quot;,&quot;view_items&quot;:&quot;View Projects&quot;,&quot;search_items&quot;:&quot;Search Projects&quot;,&quot;not_found&quot;:&quot;No projects found.&quot;,&quot;not_found_in_trash&quot;:&quot;No projects found in trash.&quot;,&quot;parent_item_colon&quot;:&quot;Parent Project:&quot;,&quot;all_items&quot;:&quot;All Projects&quot;,&quot;archives&quot;:&quot;Project Archives&quot;,&quot;attributes&quot;:&quot;Project Attributes&quot;,&quot;insert_into_item&quot;:&quot;Insert into project&quot;,&quot;uploaded_to_this_item&quot;:&quot;Uploaded to this project&quot;,&quot;featured_image&quot;:&quot;Featured image&quot;,&quot;set_featured_image&quot;:&quot;Set featured image&quot;,&quot;remove_featured_image&quot;:&quot;Remove featured image&quot;,&quot;use_featured_image&quot;:&quot;Use as featured image&quot;,&quot;filter_items_list&quot;:&quot;Filter projects list&quot;,&quot;filter_by_date&quot;:&quot;Filter by date&quot;,&quot;items_list_navigation&quot;:&quot;Projects list navigation&quot;,&quot;items_list&quot;:&quot;Projects list&quot;,&quot;item_published&quot;:&quot;Project published.&quot;,&quot;item_published_privately&quot;:&quot;Project published privately.&quot;,&quot;item_reverted_to_draft&quot;:&quot;Project reverted to draft.&quot;,&quot;item_trashed&quot;:&quot;Post trashed.&quot;,&quot;item_scheduled&quot;:&quot;Project scheduled.&quot;,&quot;item_updated&quot;:&quot;Project updated.&quot;,&quot;item_link&quot;:&quot;Post Link&quot;,&quot;item_link_description&quot;:&quot;A link to a post.&quot;,&quot;menu_name&quot;:&quot;projets&quot;,&quot;name_admin_bar&quot;:&quot;Project&quot;,&quot;template_name&quot;:&quot;Single item: Project&quot;}\"\n    :include=\"[4214,4391]\"\n    list-class=\"c-block-more-projects__list\"\n  >\n    <template #record=\"props\">\n      <project\n        :project=\"props.record\"\n        :is-landscape=\"true\"\n        :preview-width=\"props.index === 0 ? 'default' : 'small'\"\n      ><\/project>\n    <\/template>\n  <\/record-explorer>\n<\/div>\n\n<\/div>\n","protected":false},"excerpt":{"rendered":"<p>as von Architekt Prof. Jean Tschumi in den 50er Jahren realisierte Nestl\u00e9 Geb\u00e4ude wurde von Burckhard in den 70er Jahren um ein weiteres Geb\u00e4ude erg\u00e4nzt. <\/p>\n","protected":false},"featured_media":16686,"template":"","locations":[96,100],"project-categories":[262],"project-statuses":[2243],"class_list":["post-16655","project","type-project","status-publish","has-post-thumbnail","hentry","location-geneve","location-lausanne-fr","project_category-administration-fr","project_status-projets-termines"],"acf":{"subline":"","previewSize":"default","previewLandscape":"","download":"","noDetails":false,"excludeHero":true},"_links":{"self":[{"href":"https:\/\/burckhardt.swiss\/fr\/wp-json\/wp\/v2\/projects\/16655","targetHints":{"allow":["GET"]}}],"collection":[{"href":"https:\/\/burckhardt.swiss\/fr\/wp-json\/wp\/v2\/projects"}],"about":[{"href":"https:\/\/burckhardt.swiss\/fr\/wp-json\/wp\/v2\/types\/project"}],"version-history":[{"count":30,"href":"https:\/\/burckhardt.swiss\/fr\/wp-json\/wp\/v2\/projects\/16655\/revisions"}],"predecessor-version":[{"id":33010,"href":"https:\/\/burckhardt.swiss\/fr\/wp-json\/wp\/v2\/projects\/16655\/revisions\/33010"}],"wp:featuredmedia":[{"embeddable":true,"href":"https:\/\/burckhardt.swiss\/fr\/wp-json\/wp\/v2\/media\/16686"}],"wp:attachment":[{"href":"https:\/\/burckhardt.swiss\/fr\/wp-json\/wp\/v2\/media?parent=16655"}],"wp:term":[{"taxonomy":"location","embeddable":true,"href":"https:\/\/burckhardt.swiss\/fr\/wp-json\/wp\/v2\/locations?post=16655"},{"taxonomy":"project_category","embeddable":true,"href":"https:\/\/burckhardt.swiss\/fr\/wp-json\/wp\/v2\/project-categories?post=16655"},{"taxonomy":"project_status","embeddable":true,"href":"https:\/\/burckhardt.swiss\/fr\/wp-json\/wp\/v2\/project-statuses?post=16655"}],"curies":[{"name":"wp","href":"https:\/\/api.w.org\/{rel}","templated":true}]}}