{"id":10845,"date":"2023-02-16T08:51:27","date_gmt":"2023-02-16T07:51:27","guid":{"rendered":"https:\/\/burckhardt.swiss\/project\/batiment-de-fabrication-et-de-stockage-de-thomi-franck-sa-bale\/"},"modified":"2025-04-01T09:52:40","modified_gmt":"2025-04-01T07:52:40","slug":"batiment-de-fabrication-et-de-stockage-de-thomi-franck-sa-bale","status":"publish","type":"project","link":"https:\/\/burckhardt.swiss\/fr\/project\/batiment-de-fabrication-et-de-stockage-de-thomi-franck-sa-bale\/","title":{"rendered":"B\u00e2timent de fabrication et de stockage de Thomi + Franck SA, B\u00e2le"},"content":{"rendered":"\n<figure class=\"wp-block-image alignfull size-full\"><img loading=\"lazy\" decoding=\"async\" width=\"2560\" height=\"1101\" src=\"https:\/\/burckhardt.swiss\/app\/uploads\/2023\/02\/burckhardt-thomi_franck_basel-4-1-scaled.jpg\" alt=\"\" class=\"wp-image-6361\" srcset=\"https:\/\/burckhardt.swiss\/app\/uploads\/2023\/02\/burckhardt-thomi_franck_basel-4-1-scaled.jpg 2560w, https:\/\/burckhardt.swiss\/app\/uploads\/2023\/02\/burckhardt-thomi_franck_basel-4-1-300x129.jpg 300w, https:\/\/burckhardt.swiss\/app\/uploads\/2023\/02\/burckhardt-thomi_franck_basel-4-1-1024x440.jpg 1024w, https:\/\/burckhardt.swiss\/app\/uploads\/2023\/02\/burckhardt-thomi_franck_basel-4-1-600x258.jpg 600w, https:\/\/burckhardt.swiss\/app\/uploads\/2023\/02\/burckhardt-thomi_franck_basel-4-1-500x215.jpg 500w, https:\/\/burckhardt.swiss\/app\/uploads\/2023\/02\/burckhardt-thomi_franck_basel-4-1-1000x430.jpg 1000w, https:\/\/burckhardt.swiss\/app\/uploads\/2023\/02\/burckhardt-thomi_franck_basel-4-1-700x301.jpg 700w, https:\/\/burckhardt.swiss\/app\/uploads\/2023\/02\/burckhardt-thomi_franck_basel-4-1-1400x602.jpg 1400w, https:\/\/burckhardt.swiss\/app\/uploads\/2023\/02\/burckhardt-thomi_franck_basel-4-1-2000x860.jpg 2000w\" sizes=\"auto, (max-width: 2560px) 100vw, 2560px\" \/><\/figure>\n\n\n\n<div class=\"wp-block-group is-layout-constrained wp-block-group-is-layout-constrained\"><div\n  id=\"block_e210a69e5d77b4174e1f0e11fb9d9c73\"\n  data-block_e210a69e5d77b4174e1f0e11fb9d9c73\n  class=\"project-intro align\"\n>\n  <div class=\"o-flex o-flex--centered\">\n    <a\n      href=\"https:\/\/burckhardt.swiss\/unsere-projekte\/\"\n      class=\"u-arrow--left\"\n      onclick=\"\n        event.preventDefault();\n        if (window.location.search.includes('back-history')) {\n          history.back();\n        } else {\n          window.location.href = 'https:\/\/burckhardt.swiss\/unsere-projekte\/';\n        }\n      \"\n    >retour<\/a>\n  <\/div>\n  <div class=\"c-block-project-intro\">\n    <div class=\"c-block-project-intro__intro\">\n      <h1 class=\"is-style-separator has-huge-font-size\">\n        B\u00e2timent de fabrication et de stockage de Thomi + Franck SA, B\u00e2le\n      <\/h1>\n      <p>\u00c0 la p\u00e9riph\u00e9rie nord-ouest de B\u00e2le, non loin de la fronti\u00e8re allemande et bien en vue de l\u2019autoroute urbaine, se trouve l\u2019ancien site Thomi + Franck, entre-temps rachet\u00e9 par Nestl\u00e9 SA. Entre 1956 et 1972, Burckhardt y a r\u00e9alis\u00e9 dix b\u00e2timents pour le producteur de moutarde Thomi + Franck. Parmi eux, le b\u00e2timent de fabrication et de stockage est le plus marquant: avec ses 38 m\u00e8tres, il se d\u00e9tache des b\u00e2timents voisins et constitue un point de rep\u00e8re.  <\/p>\n    <\/div>\n    <div class=\"c-block-project-intro__facts\">\n              <div class=\"c-block-project-intro__fact\">\n          <strong>Ma\u00eetre d\u2019ouvrage<\/strong>\n          <p>Thomi + Franck AG<\/p>\n        <\/div>\n              <div class=\"c-block-project-intro__fact\">\n          <strong>Mandat<\/strong>\n          <p>Architecture, r\u00e9alisation<\/p>\n        <\/div>\n              <div class=\"c-block-project-intro__fact\">\n          <strong>P\u00e9riode<\/strong>\n          <p>1962\u20131967<\/p>\n        <\/div>\n              <div class=\"c-block-project-intro__fact\">\n          <strong>Photos<\/strong>\n          <p>Archives Burckhardt Architektur AG<\/p>\n        <\/div>\n                    <div class=\"c-block-project-intro__fact\">\n          <strong>Typologie<\/strong>\n          <p>Industrie &amp; Commerce<\/p>\n        <\/div>\n                    <div class=\"c-block-project-intro__fact\">\n          <strong>Office<\/strong>\n          <p>\n                          <span>B\u00e2le, Schweiz<br\/><\/span>\n                      <\/p>\n        <\/div>\n          <\/div>\n  <\/div>\n<\/div>\n<\/div>\n\n\n\n<div class=\"wp-block-group alignfull has-secondary-background-color has-background is-layout-constrained wp-block-group-is-layout-constrained\">\n<div class=\"wp-block-columns is-layout-flex wp-container-core-columns-is-layout-1 wp-block-columns-is-layout-flex\">\n<div class=\"wp-block-column is-layout-flow wp-block-column-is-layout-flow\">\n<h2 class=\"wp-block-heading\">Il servait \u00e0 la production, au stockage et \u00e0 l\u2019exp\u00e9dition de produits tels que la moutarde et la mayonnaise.<\/h2>\n\n\n\n<p>Sur les neuf \u00e9tages de l\u2019\u00e9difice, quatre ont \u00e9t\u00e9 construits pour l\u2019entrep\u00f4t avec des hauteurs standard de 3,50 m\u00e8tres. Les trois niveaux de production suivants et celui de la cantine au sommet affichaient une hauteur sous plafond de 4,65 m\u00e8tres. Le rez-de-chauss\u00e9e, qui servait \u00e0 la r\u00e9ception et \u00e0 l\u2019exp\u00e9dition des marchandises et produits, \u00e9tait travers\u00e9 par deux voies ferr\u00e9es.  <\/p>\n\n\n<figure class=\"wp-block-image size-large\"><img loading=\"lazy\" decoding=\"async\" width=\"1024\" height=\"819\" src=\"https:\/\/burckhardt.swiss\/app\/uploads\/2023\/02\/burckhardt-thomi-frank-schnitt-1024x819.png\" alt=\"\" class=\"wp-image-7078\" srcset=\"https:\/\/burckhardt.swiss\/app\/uploads\/2023\/02\/burckhardt-thomi-frank-schnitt-1024x819.png 1024w, https:\/\/burckhardt.swiss\/app\/uploads\/2023\/02\/burckhardt-thomi-frank-schnitt-300x240.png 300w, https:\/\/burckhardt.swiss\/app\/uploads\/2023\/02\/burckhardt-thomi-frank-schnitt-600x480.png 600w, https:\/\/burckhardt.swiss\/app\/uploads\/2023\/02\/burckhardt-thomi-frank-schnitt-500x400.png 500w, https:\/\/burckhardt.swiss\/app\/uploads\/2023\/02\/burckhardt-thomi-frank-schnitt-1000x800.png 1000w, https:\/\/burckhardt.swiss\/app\/uploads\/2023\/02\/burckhardt-thomi-frank-schnitt-700x560.png 700w, https:\/\/burckhardt.swiss\/app\/uploads\/2023\/02\/burckhardt-thomi-frank-schnitt-1400x1120.png 1400w, https:\/\/burckhardt.swiss\/app\/uploads\/2023\/02\/burckhardt-thomi-frank-schnitt-2000x1600.png 2000w\" sizes=\"auto, (max-width: 1024px) 100vw, 1024px\" \/><figcaption class=\"wp-element-caption\"><span>Coupe longitudinale<\/span><\/figcaption><\/figure><\/div>\n\n\n\n<div class=\"wp-block-column is-layout-flow wp-block-column-is-layout-flow\"><figure class=\"wp-block-image size-large\"><img loading=\"lazy\" decoding=\"async\" width=\"1024\" height=\"819\" src=\"https:\/\/burckhardt.swiss\/app\/uploads\/2023\/02\/burckhardt-thomi-frank-ansicht-1024x819.png\" alt=\"\" class=\"wp-image-7075\" srcset=\"https:\/\/burckhardt.swiss\/app\/uploads\/2023\/02\/burckhardt-thomi-frank-ansicht-1024x819.png 1024w, https:\/\/burckhardt.swiss\/app\/uploads\/2023\/02\/burckhardt-thomi-frank-ansicht-300x240.png 300w, https:\/\/burckhardt.swiss\/app\/uploads\/2023\/02\/burckhardt-thomi-frank-ansicht-600x480.png 600w, https:\/\/burckhardt.swiss\/app\/uploads\/2023\/02\/burckhardt-thomi-frank-ansicht-500x400.png 500w, https:\/\/burckhardt.swiss\/app\/uploads\/2023\/02\/burckhardt-thomi-frank-ansicht-1000x800.png 1000w, https:\/\/burckhardt.swiss\/app\/uploads\/2023\/02\/burckhardt-thomi-frank-ansicht-700x560.png 700w, https:\/\/burckhardt.swiss\/app\/uploads\/2023\/02\/burckhardt-thomi-frank-ansicht-1400x1120.png 1400w, https:\/\/burckhardt.swiss\/app\/uploads\/2023\/02\/burckhardt-thomi-frank-ansicht-2000x1600.png 2000w\" sizes=\"auto, (max-width: 1024px) 100vw, 1024px\" \/><figcaption class=\"wp-element-caption\"><span>Fa\u00e7ade nord<\/span><\/figcaption><\/figure>\n\n\n<div style=\"height:15px\" aria-hidden=\"true\" class=\"wp-block-spacer\"><\/div>\n\n\n\n<h2 class=\"wp-block-heading\">Ossature en b\u00e9ton arm\u00e9<\/h2>\n\n\n\n<p>La construction a \u00e9t\u00e9 r\u00e9alis\u00e9e sous la forme d\u2019une ossature en b\u00e9ton arm\u00e9 avec 14 piliers int\u00e9rieurs ind\u00e9pendants, dont la section de 70\u00d770cm exc\u00e8de les dimensions habituelles. Le but de cette structure \u00e9tait d\u2019autoriser des charges utiles \u00e9lev\u00e9es et de disposer de surfaces librement utilisables d\u2019une longueur allant jusqu\u2019\u00e0 7,9m entre les \u00e9l\u00e9ments porteurs.  <\/p>\n<\/div>\n<\/div>\n\n\n\n<div style=\"height:10px\" aria-hidden=\"true\" class=\"wp-block-spacer\"><\/div>\n<\/div>\n\n\n\n<div class=\"wp-block-group alignfull is-layout-constrained wp-block-group-is-layout-constrained\">\n<div class=\"wp-block-columns is-layout-flex wp-container-core-columns-is-layout-2 wp-block-columns-is-layout-flex\">\n<div class=\"wp-block-column is-layout-flow wp-block-column-is-layout-flow\" style=\"flex-basis:51%\">\n<h1 class=\"wp-block-heading is-style-separator has-huge-font-size\">Des caract\u00e9ristiques s\u00e9duisantes<\/h1>\n\n\n\n<p>Le b\u00e2timent de fabrication et de stockage se distingue par son plan rectangulaire, sa forme cubique et sa mat\u00e9rialisation complexe. Les fa\u00e7ades sont structur\u00e9es par des poteaux en saillie et des balcons pare-soleil qui supportent des lamelles verticales en b\u00e9ton et en verre Profilit. Des parois vitr\u00e9es assurent une r\u00e9fraction sp\u00e9cifique de la lumi\u00e8re et prot\u00e8gent l\u2019entrep\u00f4t et la production d\u2019une luminosit\u00e9 naturelle excessive. Quant aux surfaces de fa\u00e7ade aveugles en briques orange, elles renforcent la r\u00e9sistance au vent.   <\/p>\n<\/div>\n\n\n\n<div class=\"wp-block-column is-layout-flow wp-block-column-is-layout-flow\" style=\"flex-basis:66.66%\">\n<figure class=\"wp-block-image alignright size-large is-resized\"><img loading=\"lazy\" decoding=\"async\" width=\"1921\" height=\"2560\" src=\"https:\/\/burckhardt.swiss\/app\/uploads\/2023\/02\/burckhardt-thomi_franck_basel-3-edited-scaled.jpg\" alt=\"\" class=\"wp-image-7943\" style=\"width:534px\" srcset=\"https:\/\/burckhardt.swiss\/app\/uploads\/2023\/02\/burckhardt-thomi_franck_basel-3-edited-scaled.jpg 1921w, https:\/\/burckhardt.swiss\/app\/uploads\/2023\/02\/burckhardt-thomi_franck_basel-3-edited-225x300.jpg 225w, https:\/\/burckhardt.swiss\/app\/uploads\/2023\/02\/burckhardt-thomi_franck_basel-3-edited-768x1024.jpg 768w, https:\/\/burckhardt.swiss\/app\/uploads\/2023\/02\/burckhardt-thomi_franck_basel-3-edited-600x800.jpg 600w, https:\/\/burckhardt.swiss\/app\/uploads\/2023\/02\/burckhardt-thomi_franck_basel-3-edited-500x666.jpg 500w, https:\/\/burckhardt.swiss\/app\/uploads\/2023\/02\/burckhardt-thomi_franck_basel-3-edited-1000x1333.jpg 1000w, https:\/\/burckhardt.swiss\/app\/uploads\/2023\/02\/burckhardt-thomi_franck_basel-3-edited-700x933.jpg 700w, https:\/\/burckhardt.swiss\/app\/uploads\/2023\/02\/burckhardt-thomi_franck_basel-3-edited-1400x1866.jpg 1400w, https:\/\/burckhardt.swiss\/app\/uploads\/2023\/02\/burckhardt-thomi_franck_basel-3-edited-2000x2665.jpg 2000w\" sizes=\"auto, (max-width: 1921px) 100vw, 1921px\" \/><\/figure>\n<\/div>\n<\/div>\n<\/div>\n\n\n\n<div class=\"wp-block-group is-layout-constrained wp-block-group-is-layout-constrained\">\n<h2 class=\"wp-block-heading has-text-align-center\">Plans de projet<\/h2>\n\n\n<div\n  id=\"block_1b413110d63f42498729dcc090bf1644\"\n  data-block_1b413110d63f42498729dcc090bf1644\n  class=\"image-slider align\"\n>\n  <slider :records=\"[{&quot;ID&quot;:6662,&quot;id&quot;:6662,&quot;title&quot;:&quot;burckhardt-thomi-frank-histrorisch-schnitt&quot;,&quot;filename&quot;:&quot;burckhardt-thomi-frank-histrorisch-schnitt-2.jpg&quot;,&quot;filesize&quot;:600332,&quot;url&quot;:&quot;https:\\\/\\\/burckhardt.swiss\\\/app\\\/uploads\\\/2023\\\/02\\\/burckhardt-thomi-frank-histrorisch-schnitt-2.jpg&quot;,&quot;link&quot;:&quot;https:\\\/\\\/burckhardt.swiss\\\/fr\\\/burckhardt-thomi-frank-histrorisch-schnitt-3-2\\\/&quot;,&quot;alt&quot;:&quot;&quot;,&quot;author&quot;:&quot;6&quot;,&quot;description&quot;:&quot;&quot;,&quot;caption&quot;:&quot;&quot;,&quot;name&quot;:&quot;burckhardt-thomi-frank-histrorisch-schnitt-3-2&quot;,&quot;status&quot;:&quot;inherit&quot;,&quot;uploaded_to&quot;:0,&quot;date&quot;:&quot;2023-02-27 14:18:54&quot;,&quot;modified&quot;:&quot;2023-02-27 14:18:54&quot;,&quot;menu_order&quot;:0,&quot;mime_type&quot;:&quot;image\\\/jpeg&quot;,&quot;type&quot;:&quot;image&quot;,&quot;subtype&quot;:&quot;jpeg&quot;,&quot;icon&quot;:&quot;https:\\\/\\\/burckhardt.swiss\\\/wp\\\/wp-includes\\\/images\\\/media\\\/default.png&quot;,&quot;width&quot;:2500,&quot;height&quot;:2000,&quot;sizes&quot;:{&quot;medium&quot;:{&quot;file&quot;:&quot;burckhardt-thomi-frank-histrorisch-schnitt-2-300x240.jpg&quot;,&quot;width&quot;:300,&quot;height&quot;:240,&quot;mime-type&quot;:&quot;image\\\/jpeg&quot;,&quot;filesize&quot;:9226,&quot;source_url&quot;:&quot;https:\\\/\\\/burckhardt.swiss\\\/app\\\/uploads\\\/2023\\\/02\\\/burckhardt-thomi-frank-histrorisch-schnitt-2-300x240.jpg&quot;},&quot;large&quot;:{&quot;file&quot;:&quot;burckhardt-thomi-frank-histrorisch-schnitt-2-1024x819.jpg&quot;,&quot;width&quot;:1024,&quot;height&quot;:819,&quot;mime-type&quot;:&quot;image\\\/jpeg&quot;,&quot;filesize&quot;:48804,&quot;source_url&quot;:&quot;https:\\\/\\\/burckhardt.swiss\\\/app\\\/uploads\\\/2023\\\/02\\\/burckhardt-thomi-frank-histrorisch-schnitt-2-1024x819.jpg&quot;},&quot;thumbnail&quot;:{&quot;file&quot;:&quot;burckhardt-thomi-frank-histrorisch-schnitt-2-150x150.jpg&quot;,&quot;width&quot;:150,&quot;height&quot;:150,&quot;mime-type&quot;:&quot;image\\\/jpeg&quot;,&quot;filesize&quot;:6094,&quot;source_url&quot;:&quot;https:\\\/\\\/burckhardt.swiss\\\/app\\\/uploads\\\/2023\\\/02\\\/burckhardt-thomi-frank-histrorisch-schnitt-2-150x150.jpg&quot;},&quot;medium_large&quot;:{&quot;file&quot;:&quot;burckhardt-thomi-frank-histrorisch-schnitt-2-768x614.jpg&quot;,&quot;width&quot;:768,&quot;height&quot;:614,&quot;mime-type&quot;:&quot;image\\\/jpeg&quot;,&quot;filesize&quot;:31445,&quot;source_url&quot;:&quot;https:\\\/\\\/burckhardt.swiss\\\/app\\\/uploads\\\/2023\\\/02\\\/burckhardt-thomi-frank-histrorisch-schnitt-2-768x614.jpg&quot;},&quot;1536x1536&quot;:{&quot;file&quot;:&quot;burckhardt-thomi-frank-histrorisch-schnitt-2-1536x1229.jpg&quot;,&quot;width&quot;:1536,&quot;height&quot;:1229,&quot;mime-type&quot;:&quot;image\\\/jpeg&quot;,&quot;filesize&quot;:96530,&quot;source_url&quot;:&quot;https:\\\/\\\/burckhardt.swiss\\\/app\\\/uploads\\\/2023\\\/02\\\/burckhardt-thomi-frank-histrorisch-schnitt-2-1536x1229.jpg&quot;},&quot;2048x2048&quot;:{&quot;file&quot;:&quot;burckhardt-thomi-frank-histrorisch-schnitt-2-2048x1638.jpg&quot;,&quot;width&quot;:2048,&quot;height&quot;:1638,&quot;mime-type&quot;:&quot;image\\\/jpeg&quot;,&quot;filesize&quot;:158111,&quot;source_url&quot;:&quot;https:\\\/\\\/burckhardt.swiss\\\/app\\\/uploads\\\/2023\\\/02\\\/burckhardt-thomi-frank-histrorisch-schnitt-2-2048x1638.jpg&quot;},&quot;employee_preview&quot;:{&quot;file&quot;:&quot;burckhardt-thomi-frank-histrorisch-schnitt-2-400x480.jpg&quot;,&quot;width&quot;:400,&quot;height&quot;:480,&quot;mime-type&quot;:&quot;image\\\/jpeg&quot;,&quot;filesize&quot;:21221,&quot;source_url&quot;:&quot;https:\\\/\\\/burckhardt.swiss\\\/app\\\/uploads\\\/2023\\\/02\\\/burckhardt-thomi-frank-histrorisch-schnitt-2-400x480.jpg&quot;},&quot;post_preview&quot;:{&quot;file&quot;:&quot;burckhardt-thomi-frank-histrorisch-schnitt-2-500x340.jpg&quot;,&quot;width&quot;:500,&quot;height&quot;:340,&quot;mime-type&quot;:&quot;image\\\/jpeg&quot;,&quot;filesize&quot;:16738,&quot;source_url&quot;:&quot;https:\\\/\\\/burckhardt.swiss\\\/app\\\/uploads\\\/2023\\\/02\\\/burckhardt-thomi-frank-histrorisch-schnitt-2-500x340.jpg&quot;},&quot;large_16_9&quot;:{&quot;file&quot;:&quot;burckhardt-thomi-frank-histrorisch-schnitt-2-1200x675.jpg&quot;,&quot;width&quot;:1200,&quot;height&quot;:675,&quot;mime-type&quot;:&quot;image\\\/jpeg&quot;,&quot;filesize&quot;:61079,&quot;source_url&quot;:&quot;https:\\\/\\\/burckhardt.swiss\\\/app\\\/uploads\\\/2023\\\/02\\\/burckhardt-thomi-frank-histrorisch-schnitt-2-1200x675.jpg&quot;}}},{&quot;ID&quot;:6656,&quot;id&quot;:6656,&quot;title&quot;:&quot;burckhardt-thomi-frank-histrorisch-grundriss-erdgeschoss&quot;,&quot;filename&quot;:&quot;burckhardt-thomi-frank-histrorisch-grundriss-erdgeschoss-2.jpg&quot;,&quot;filesize&quot;:610435,&quot;url&quot;:&quot;https:\\\/\\\/burckhardt.swiss\\\/app\\\/uploads\\\/2023\\\/02\\\/burckhardt-thomi-frank-histrorisch-grundriss-erdgeschoss-2.jpg&quot;,&quot;link&quot;:&quot;https:\\\/\\\/burckhardt.swiss\\\/fr\\\/burckhardt-thomi-frank-histrorisch-grundriss-erdgeschoss-3-2\\\/&quot;,&quot;alt&quot;:&quot;&quot;,&quot;author&quot;:&quot;6&quot;,&quot;description&quot;:&quot;&quot;,&quot;caption&quot;:&quot;&quot;,&quot;name&quot;:&quot;burckhardt-thomi-frank-histrorisch-grundriss-erdgeschoss-3-2&quot;,&quot;status&quot;:&quot;inherit&quot;,&quot;uploaded_to&quot;:0,&quot;date&quot;:&quot;2023-02-27 14:18:44&quot;,&quot;modified&quot;:&quot;2023-02-27 14:18:44&quot;,&quot;menu_order&quot;:0,&quot;mime_type&quot;:&quot;image\\\/jpeg&quot;,&quot;type&quot;:&quot;image&quot;,&quot;subtype&quot;:&quot;jpeg&quot;,&quot;icon&quot;:&quot;https:\\\/\\\/burckhardt.swiss\\\/wp\\\/wp-includes\\\/images\\\/media\\\/default.png&quot;,&quot;width&quot;:2500,&quot;height&quot;:2000,&quot;sizes&quot;:{&quot;medium&quot;:{&quot;file&quot;:&quot;burckhardt-thomi-frank-histrorisch-grundriss-erdgeschoss-2-300x240.jpg&quot;,&quot;width&quot;:300,&quot;height&quot;:240,&quot;mime-type&quot;:&quot;image\\\/jpeg&quot;,&quot;filesize&quot;:8185,&quot;source_url&quot;:&quot;https:\\\/\\\/burckhardt.swiss\\\/app\\\/uploads\\\/2023\\\/02\\\/burckhardt-thomi-frank-histrorisch-grundriss-erdgeschoss-2-300x240.jpg&quot;},&quot;large&quot;:{&quot;file&quot;:&quot;burckhardt-thomi-frank-histrorisch-grundriss-erdgeschoss-2-1024x819.jpg&quot;,&quot;width&quot;:1024,&quot;height&quot;:819,&quot;mime-type&quot;:&quot;image\\\/jpeg&quot;,&quot;filesize&quot;:37152,&quot;source_url&quot;:&quot;https:\\\/\\\/burckhardt.swiss\\\/app\\\/uploads\\\/2023\\\/02\\\/burckhardt-thomi-frank-histrorisch-grundriss-erdgeschoss-2-1024x819.jpg&quot;},&quot;thumbnail&quot;:{&quot;file&quot;:&quot;burckhardt-thomi-frank-histrorisch-grundriss-erdgeschoss-2-150x150.jpg&quot;,&quot;width&quot;:150,&quot;height&quot;:150,&quot;mime-type&quot;:&quot;image\\\/jpeg&quot;,&quot;filesize&quot;:5763,&quot;source_url&quot;:&quot;https:\\\/\\\/burckhardt.swiss\\\/app\\\/uploads\\\/2023\\\/02\\\/burckhardt-thomi-frank-histrorisch-grundriss-erdgeschoss-2-150x150.jpg&quot;},&quot;medium_large&quot;:{&quot;file&quot;:&quot;burckhardt-thomi-frank-histrorisch-grundriss-erdgeschoss-2-768x614.jpg&quot;,&quot;width&quot;:768,&quot;height&quot;:614,&quot;mime-type&quot;:&quot;image\\\/jpeg&quot;,&quot;filesize&quot;:24284,&quot;source_url&quot;:&quot;https:\\\/\\\/burckhardt.swiss\\\/app\\\/uploads\\\/2023\\\/02\\\/burckhardt-thomi-frank-histrorisch-grundriss-erdgeschoss-2-768x614.jpg&quot;},&quot;1536x1536&quot;:{&quot;file&quot;:&quot;burckhardt-thomi-frank-histrorisch-grundriss-erdgeschoss-2-1536x1229.jpg&quot;,&quot;width&quot;:1536,&quot;height&quot;:1229,&quot;mime-type&quot;:&quot;image\\\/jpeg&quot;,&quot;filesize&quot;:67055,&quot;source_url&quot;:&quot;https:\\\/\\\/burckhardt.swiss\\\/app\\\/uploads\\\/2023\\\/02\\\/burckhardt-thomi-frank-histrorisch-grundriss-erdgeschoss-2-1536x1229.jpg&quot;},&quot;2048x2048&quot;:{&quot;file&quot;:&quot;burckhardt-thomi-frank-histrorisch-grundriss-erdgeschoss-2-2048x1638.jpg&quot;,&quot;width&quot;:2048,&quot;height&quot;:1638,&quot;mime-type&quot;:&quot;image\\\/jpeg&quot;,&quot;filesize&quot;:106777,&quot;source_url&quot;:&quot;https:\\\/\\\/burckhardt.swiss\\\/app\\\/uploads\\\/2023\\\/02\\\/burckhardt-thomi-frank-histrorisch-grundriss-erdgeschoss-2-2048x1638.jpg&quot;},&quot;employee_preview&quot;:{&quot;file&quot;:&quot;burckhardt-thomi-frank-histrorisch-grundriss-erdgeschoss-2-400x480.jpg&quot;,&quot;width&quot;:400,&quot;height&quot;:480,&quot;mime-type&quot;:&quot;image\\\/jpeg&quot;,&quot;filesize&quot;:17063,&quot;source_url&quot;:&quot;https:\\\/\\\/burckhardt.swiss\\\/app\\\/uploads\\\/2023\\\/02\\\/burckhardt-thomi-frank-histrorisch-grundriss-erdgeschoss-2-400x480.jpg&quot;},&quot;post_preview&quot;:{&quot;file&quot;:&quot;burckhardt-thomi-frank-histrorisch-grundriss-erdgeschoss-2-500x340.jpg&quot;,&quot;width&quot;:500,&quot;height&quot;:340,&quot;mime-type&quot;:&quot;image\\\/jpeg&quot;,&quot;filesize&quot;:14063,&quot;source_url&quot;:&quot;https:\\\/\\\/burckhardt.swiss\\\/app\\\/uploads\\\/2023\\\/02\\\/burckhardt-thomi-frank-histrorisch-grundriss-erdgeschoss-2-500x340.jpg&quot;},&quot;large_16_9&quot;:{&quot;file&quot;:&quot;burckhardt-thomi-frank-histrorisch-grundriss-erdgeschoss-2-1200x675.jpg&quot;,&quot;width&quot;:1200,&quot;height&quot;:675,&quot;mime-type&quot;:&quot;image\\\/jpeg&quot;,&quot;filesize&quot;:44724,&quot;source_url&quot;:&quot;https:\\\/\\\/burckhardt.swiss\\\/app\\\/uploads\\\/2023\\\/02\\\/burckhardt-thomi-frank-histrorisch-grundriss-erdgeschoss-2-1200x675.jpg&quot;}}},{&quot;ID&quot;:6659,&quot;id&quot;:6659,&quot;title&quot;:&quot;burckhardt-thomi-frank-histrorisch-grundriss-obergeschoss&quot;,&quot;filename&quot;:&quot;burckhardt-thomi-frank-histrorisch-grundriss-obergeschoss-2.jpg&quot;,&quot;filesize&quot;:412188,&quot;url&quot;:&quot;https:\\\/\\\/burckhardt.swiss\\\/app\\\/uploads\\\/2023\\\/02\\\/burckhardt-thomi-frank-histrorisch-grundriss-obergeschoss-2.jpg&quot;,&quot;link&quot;:&quot;https:\\\/\\\/burckhardt.swiss\\\/fr\\\/burckhardt-thomi-frank-histrorisch-grundriss-obergeschoss-3-2\\\/&quot;,&quot;alt&quot;:&quot;&quot;,&quot;author&quot;:&quot;6&quot;,&quot;description&quot;:&quot;&quot;,&quot;caption&quot;:&quot;&quot;,&quot;name&quot;:&quot;burckhardt-thomi-frank-histrorisch-grundriss-obergeschoss-3-2&quot;,&quot;status&quot;:&quot;inherit&quot;,&quot;uploaded_to&quot;:0,&quot;date&quot;:&quot;2023-02-27 14:18:49&quot;,&quot;modified&quot;:&quot;2023-02-27 14:18:49&quot;,&quot;menu_order&quot;:0,&quot;mime_type&quot;:&quot;image\\\/jpeg&quot;,&quot;type&quot;:&quot;image&quot;,&quot;subtype&quot;:&quot;jpeg&quot;,&quot;icon&quot;:&quot;https:\\\/\\\/burckhardt.swiss\\\/wp\\\/wp-includes\\\/images\\\/media\\\/default.png&quot;,&quot;width&quot;:2500,&quot;height&quot;:2000,&quot;sizes&quot;:{&quot;medium&quot;:{&quot;file&quot;:&quot;burckhardt-thomi-frank-histrorisch-grundriss-obergeschoss-2-300x240.jpg&quot;,&quot;width&quot;:300,&quot;height&quot;:240,&quot;mime-type&quot;:&quot;image\\\/jpeg&quot;,&quot;filesize&quot;:7742,&quot;source_url&quot;:&quot;https:\\\/\\\/burckhardt.swiss\\\/app\\\/uploads\\\/2023\\\/02\\\/burckhardt-thomi-frank-histrorisch-grundriss-obergeschoss-2-300x240.jpg&quot;},&quot;large&quot;:{&quot;file&quot;:&quot;burckhardt-thomi-frank-histrorisch-grundriss-obergeschoss-2-1024x819.jpg&quot;,&quot;width&quot;:1024,&quot;height&quot;:819,&quot;mime-type&quot;:&quot;image\\\/jpeg&quot;,&quot;filesize&quot;:32427,&quot;source_url&quot;:&quot;https:\\\/\\\/burckhardt.swiss\\\/app\\\/uploads\\\/2023\\\/02\\\/burckhardt-thomi-frank-histrorisch-grundriss-obergeschoss-2-1024x819.jpg&quot;},&quot;thumbnail&quot;:{&quot;file&quot;:&quot;burckhardt-thomi-frank-histrorisch-grundriss-obergeschoss-2-150x150.jpg&quot;,&quot;width&quot;:150,&quot;height&quot;:150,&quot;mime-type&quot;:&quot;image\\\/jpeg&quot;,&quot;filesize&quot;:5633,&quot;source_url&quot;:&quot;https:\\\/\\\/burckhardt.swiss\\\/app\\\/uploads\\\/2023\\\/02\\\/burckhardt-thomi-frank-histrorisch-grundriss-obergeschoss-2-150x150.jpg&quot;},&quot;medium_large&quot;:{&quot;file&quot;:&quot;burckhardt-thomi-frank-histrorisch-grundriss-obergeschoss-2-768x614.jpg&quot;,&quot;width&quot;:768,&quot;height&quot;:614,&quot;mime-type&quot;:&quot;image\\\/jpeg&quot;,&quot;filesize&quot;:21738,&quot;source_url&quot;:&quot;https:\\\/\\\/burckhardt.swiss\\\/app\\\/uploads\\\/2023\\\/02\\\/burckhardt-thomi-frank-histrorisch-grundriss-obergeschoss-2-768x614.jpg&quot;},&quot;1536x1536&quot;:{&quot;file&quot;:&quot;burckhardt-thomi-frank-histrorisch-grundriss-obergeschoss-2-1536x1229.jpg&quot;,&quot;width&quot;:1536,&quot;height&quot;:1229,&quot;mime-type&quot;:&quot;image\\\/jpeg&quot;,&quot;filesize&quot;:58948,&quot;source_url&quot;:&quot;https:\\\/\\\/burckhardt.swiss\\\/app\\\/uploads\\\/2023\\\/02\\\/burckhardt-thomi-frank-histrorisch-grundriss-obergeschoss-2-1536x1229.jpg&quot;},&quot;2048x2048&quot;:{&quot;file&quot;:&quot;burckhardt-thomi-frank-histrorisch-grundriss-obergeschoss-2-2048x1638.jpg&quot;,&quot;width&quot;:2048,&quot;height&quot;:1638,&quot;mime-type&quot;:&quot;image\\\/jpeg&quot;,&quot;filesize&quot;:88867,&quot;source_url&quot;:&quot;https:\\\/\\\/burckhardt.swiss\\\/app\\\/uploads\\\/2023\\\/02\\\/burckhardt-thomi-frank-histrorisch-grundriss-obergeschoss-2-2048x1638.jpg&quot;},&quot;employee_preview&quot;:{&quot;file&quot;:&quot;burckhardt-thomi-frank-histrorisch-grundriss-obergeschoss-2-400x480.jpg&quot;,&quot;width&quot;:400,&quot;height&quot;:480,&quot;mime-type&quot;:&quot;image\\\/jpeg&quot;,&quot;filesize&quot;:15522,&quot;source_url&quot;:&quot;https:\\\/\\\/burckhardt.swiss\\\/app\\\/uploads\\\/2023\\\/02\\\/burckhardt-thomi-frank-histrorisch-grundriss-obergeschoss-2-400x480.jpg&quot;},&quot;post_preview&quot;:{&quot;file&quot;:&quot;burckhardt-thomi-frank-histrorisch-grundriss-obergeschoss-2-500x340.jpg&quot;,&quot;width&quot;:500,&quot;height&quot;:340,&quot;mime-type&quot;:&quot;image\\\/jpeg&quot;,&quot;filesize&quot;:12826,&quot;source_url&quot;:&quot;https:\\\/\\\/burckhardt.swiss\\\/app\\\/uploads\\\/2023\\\/02\\\/burckhardt-thomi-frank-histrorisch-grundriss-obergeschoss-2-500x340.jpg&quot;},&quot;large_16_9&quot;:{&quot;file&quot;:&quot;burckhardt-thomi-frank-histrorisch-grundriss-obergeschoss-2-1200x675.jpg&quot;,&quot;width&quot;:1200,&quot;height&quot;:675,&quot;mime-type&quot;:&quot;image\\\/jpeg&quot;,&quot;filesize&quot;:39071,&quot;source_url&quot;:&quot;https:\\\/\\\/burckhardt.swiss\\\/app\\\/uploads\\\/2023\\\/02\\\/burckhardt-thomi-frank-histrorisch-grundriss-obergeschoss-2-1200x675.jpg&quot;}}},{&quot;ID&quot;:6675,&quot;id&quot;:6675,&quot;title&quot;:&quot;burckhardt-thomi-frank-histrorisch-ansicht-ost&quot;,&quot;filename&quot;:&quot;burckhardt-thomi-frank-histrorisch-ansicht-ost-3.jpg&quot;,&quot;filesize&quot;:985432,&quot;url&quot;:&quot;https:\\\/\\\/burckhardt.swiss\\\/app\\\/uploads\\\/2023\\\/02\\\/burckhardt-thomi-frank-histrorisch-ansicht-ost-3.jpg&quot;,&quot;link&quot;:&quot;https:\\\/\\\/burckhardt.swiss\\\/fr\\\/burckhardt-thomi-frank-histrorisch-ansicht-ost-4-2\\\/&quot;,&quot;alt&quot;:&quot;&quot;,&quot;author&quot;:&quot;6&quot;,&quot;description&quot;:&quot;&quot;,&quot;caption&quot;:&quot;&quot;,&quot;name&quot;:&quot;burckhardt-thomi-frank-histrorisch-ansicht-ost-4-2&quot;,&quot;status&quot;:&quot;inherit&quot;,&quot;uploaded_to&quot;:0,&quot;date&quot;:&quot;2023-02-27 14:23:33&quot;,&quot;modified&quot;:&quot;2023-02-27 14:23:57&quot;,&quot;menu_order&quot;:0,&quot;mime_type&quot;:&quot;image\\\/jpeg&quot;,&quot;type&quot;:&quot;image&quot;,&quot;subtype&quot;:&quot;jpeg&quot;,&quot;icon&quot;:&quot;https:\\\/\\\/burckhardt.swiss\\\/wp\\\/wp-includes\\\/images\\\/media\\\/default.png&quot;,&quot;width&quot;:2500,&quot;height&quot;:2000,&quot;sizes&quot;:{&quot;medium&quot;:{&quot;file&quot;:&quot;burckhardt-thomi-frank-histrorisch-ansicht-ost-3-300x240.jpg&quot;,&quot;width&quot;:300,&quot;height&quot;:240,&quot;mime-type&quot;:&quot;image\\\/jpeg&quot;,&quot;filesize&quot;:9317,&quot;source_url&quot;:&quot;https:\\\/\\\/burckhardt.swiss\\\/app\\\/uploads\\\/2023\\\/02\\\/burckhardt-thomi-frank-histrorisch-ansicht-ost-3-300x240.jpg&quot;},&quot;large&quot;:{&quot;file&quot;:&quot;burckhardt-thomi-frank-histrorisch-ansicht-ost-3-1024x819.jpg&quot;,&quot;width&quot;:1024,&quot;height&quot;:819,&quot;mime-type&quot;:&quot;image\\\/jpeg&quot;,&quot;filesize&quot;:56943,&quot;source_url&quot;:&quot;https:\\\/\\\/burckhardt.swiss\\\/app\\\/uploads\\\/2023\\\/02\\\/burckhardt-thomi-frank-histrorisch-ansicht-ost-3-1024x819.jpg&quot;},&quot;thumbnail&quot;:{&quot;file&quot;:&quot;burckhardt-thomi-frank-histrorisch-ansicht-ost-3-150x150.jpg&quot;,&quot;width&quot;:150,&quot;height&quot;:150,&quot;mime-type&quot;:&quot;image\\\/jpeg&quot;,&quot;filesize&quot;:5962,&quot;source_url&quot;:&quot;https:\\\/\\\/burckhardt.swiss\\\/app\\\/uploads\\\/2023\\\/02\\\/burckhardt-thomi-frank-histrorisch-ansicht-ost-3-150x150.jpg&quot;},&quot;medium_large&quot;:{&quot;file&quot;:&quot;burckhardt-thomi-frank-histrorisch-ansicht-ost-3-768x614.jpg&quot;,&quot;width&quot;:768,&quot;height&quot;:614,&quot;mime-type&quot;:&quot;image\\\/jpeg&quot;,&quot;filesize&quot;:35532,&quot;source_url&quot;:&quot;https:\\\/\\\/burckhardt.swiss\\\/app\\\/uploads\\\/2023\\\/02\\\/burckhardt-thomi-frank-histrorisch-ansicht-ost-3-768x614.jpg&quot;},&quot;1536x1536&quot;:{&quot;file&quot;:&quot;burckhardt-thomi-frank-histrorisch-ansicht-ost-3-1536x1229.jpg&quot;,&quot;width&quot;:1536,&quot;height&quot;:1229,&quot;mime-type&quot;:&quot;image\\\/jpeg&quot;,&quot;filesize&quot;:119398,&quot;source_url&quot;:&quot;https:\\\/\\\/burckhardt.swiss\\\/app\\\/uploads\\\/2023\\\/02\\\/burckhardt-thomi-frank-histrorisch-ansicht-ost-3-1536x1229.jpg&quot;},&quot;2048x2048&quot;:{&quot;file&quot;:&quot;burckhardt-thomi-frank-histrorisch-ansicht-ost-3-2048x1638.jpg&quot;,&quot;width&quot;:2048,&quot;height&quot;:1638,&quot;mime-type&quot;:&quot;image\\\/jpeg&quot;,&quot;filesize&quot;:204375,&quot;source_url&quot;:&quot;https:\\\/\\\/burckhardt.swiss\\\/app\\\/uploads\\\/2023\\\/02\\\/burckhardt-thomi-frank-histrorisch-ansicht-ost-3-2048x1638.jpg&quot;},&quot;employee_preview&quot;:{&quot;file&quot;:&quot;burckhardt-thomi-frank-histrorisch-ansicht-ost-3-400x480.jpg&quot;,&quot;width&quot;:400,&quot;height&quot;:480,&quot;mime-type&quot;:&quot;image\\\/jpeg&quot;,&quot;filesize&quot;:23132,&quot;source_url&quot;:&quot;https:\\\/\\\/burckhardt.swiss\\\/app\\\/uploads\\\/2023\\\/02\\\/burckhardt-thomi-frank-histrorisch-ansicht-ost-3-400x480.jpg&quot;},&quot;post_preview&quot;:{&quot;file&quot;:&quot;burckhardt-thomi-frank-histrorisch-ansicht-ost-3-500x340.jpg&quot;,&quot;width&quot;:500,&quot;height&quot;:340,&quot;mime-type&quot;:&quot;image\\\/jpeg&quot;,&quot;filesize&quot;:17804,&quot;source_url&quot;:&quot;https:\\\/\\\/burckhardt.swiss\\\/app\\\/uploads\\\/2023\\\/02\\\/burckhardt-thomi-frank-histrorisch-ansicht-ost-3-500x340.jpg&quot;},&quot;large_16_9&quot;:{&quot;file&quot;:&quot;burckhardt-thomi-frank-histrorisch-ansicht-ost-3-1200x675.jpg&quot;,&quot;width&quot;:1200,&quot;height&quot;:675,&quot;mime-type&quot;:&quot;image\\\/jpeg&quot;,&quot;filesize&quot;:74452,&quot;source_url&quot;:&quot;https:\\\/\\\/burckhardt.swiss\\\/app\\\/uploads\\\/2023\\\/02\\\/burckhardt-thomi-frank-histrorisch-ansicht-ost-3-1200x675.jpg&quot;}}},{&quot;ID&quot;:6689,&quot;id&quot;:6689,&quot;title&quot;:&quot;burckhardt-thomi-frank-histrorisch-ansicht-nord&quot;,&quot;filename&quot;:&quot;burckhardt-thomi-frank-histrorisch-ansicht-nord-4.jpg&quot;,&quot;filesize&quot;:773167,&quot;url&quot;:&quot;https:\\\/\\\/burckhardt.swiss\\\/app\\\/uploads\\\/2023\\\/02\\\/burckhardt-thomi-frank-histrorisch-ansicht-nord-4.jpg&quot;,&quot;link&quot;:&quot;https:\\\/\\\/burckhardt.swiss\\\/fr\\\/burckhardt-thomi-frank-histrorisch-ansicht-nord-5-2\\\/&quot;,&quot;alt&quot;:&quot;&quot;,&quot;author&quot;:&quot;6&quot;,&quot;description&quot;:&quot;&quot;,&quot;caption&quot;:&quot;&quot;,&quot;name&quot;:&quot;burckhardt-thomi-frank-histrorisch-ansicht-nord-5-2&quot;,&quot;status&quot;:&quot;inherit&quot;,&quot;uploaded_to&quot;:0,&quot;date&quot;:&quot;2023-02-27 14:26:05&quot;,&quot;modified&quot;:&quot;2023-02-27 14:26:35&quot;,&quot;menu_order&quot;:0,&quot;mime_type&quot;:&quot;image\\\/jpeg&quot;,&quot;type&quot;:&quot;image&quot;,&quot;subtype&quot;:&quot;jpeg&quot;,&quot;icon&quot;:&quot;https:\\\/\\\/burckhardt.swiss\\\/wp\\\/wp-includes\\\/images\\\/media\\\/default.png&quot;,&quot;width&quot;:2500,&quot;height&quot;:2000,&quot;sizes&quot;:{&quot;medium&quot;:{&quot;file&quot;:&quot;burckhardt-thomi-frank-histrorisch-ansicht-nord-4-300x240.jpg&quot;,&quot;width&quot;:300,&quot;height&quot;:240,&quot;mime-type&quot;:&quot;image\\\/jpeg&quot;,&quot;filesize&quot;:8640,&quot;source_url&quot;:&quot;https:\\\/\\\/burckhardt.swiss\\\/app\\\/uploads\\\/2023\\\/02\\\/burckhardt-thomi-frank-histrorisch-ansicht-nord-4-300x240.jpg&quot;},&quot;large&quot;:{&quot;file&quot;:&quot;burckhardt-thomi-frank-histrorisch-ansicht-nord-4-1024x819.jpg&quot;,&quot;width&quot;:1024,&quot;height&quot;:819,&quot;mime-type&quot;:&quot;image\\\/jpeg&quot;,&quot;filesize&quot;:51791,&quot;source_url&quot;:&quot;https:\\\/\\\/burckhardt.swiss\\\/app\\\/uploads\\\/2023\\\/02\\\/burckhardt-thomi-frank-histrorisch-ansicht-nord-4-1024x819.jpg&quot;},&quot;thumbnail&quot;:{&quot;file&quot;:&quot;burckhardt-thomi-frank-histrorisch-ansicht-nord-4-150x150.jpg&quot;,&quot;width&quot;:150,&quot;height&quot;:150,&quot;mime-type&quot;:&quot;image\\\/jpeg&quot;,&quot;filesize&quot;:5391,&quot;source_url&quot;:&quot;https:\\\/\\\/burckhardt.swiss\\\/app\\\/uploads\\\/2023\\\/02\\\/burckhardt-thomi-frank-histrorisch-ansicht-nord-4-150x150.jpg&quot;},&quot;medium_large&quot;:{&quot;file&quot;:&quot;burckhardt-thomi-frank-histrorisch-ansicht-nord-4-768x614.jpg&quot;,&quot;width&quot;:768,&quot;height&quot;:614,&quot;mime-type&quot;:&quot;image\\\/jpeg&quot;,&quot;filesize&quot;:34095,&quot;source_url&quot;:&quot;https:\\\/\\\/burckhardt.swiss\\\/app\\\/uploads\\\/2023\\\/02\\\/burckhardt-thomi-frank-histrorisch-ansicht-nord-4-768x614.jpg&quot;},&quot;1536x1536&quot;:{&quot;file&quot;:&quot;burckhardt-thomi-frank-histrorisch-ansicht-nord-4-1536x1229.jpg&quot;,&quot;width&quot;:1536,&quot;height&quot;:1229,&quot;mime-type&quot;:&quot;image\\\/jpeg&quot;,&quot;filesize&quot;:103911,&quot;source_url&quot;:&quot;https:\\\/\\\/burckhardt.swiss\\\/app\\\/uploads\\\/2023\\\/02\\\/burckhardt-thomi-frank-histrorisch-ansicht-nord-4-1536x1229.jpg&quot;},&quot;2048x2048&quot;:{&quot;file&quot;:&quot;burckhardt-thomi-frank-histrorisch-ansicht-nord-4-2048x1638.jpg&quot;,&quot;width&quot;:2048,&quot;height&quot;:1638,&quot;mime-type&quot;:&quot;image\\\/jpeg&quot;,&quot;filesize&quot;:171499,&quot;source_url&quot;:&quot;https:\\\/\\\/burckhardt.swiss\\\/app\\\/uploads\\\/2023\\\/02\\\/burckhardt-thomi-frank-histrorisch-ansicht-nord-4-2048x1638.jpg&quot;},&quot;employee_preview&quot;:{&quot;file&quot;:&quot;burckhardt-thomi-frank-histrorisch-ansicht-nord-4-400x480.jpg&quot;,&quot;width&quot;:400,&quot;height&quot;:480,&quot;mime-type&quot;:&quot;image\\\/jpeg&quot;,&quot;filesize&quot;:21723,&quot;source_url&quot;:&quot;https:\\\/\\\/burckhardt.swiss\\\/app\\\/uploads\\\/2023\\\/02\\\/burckhardt-thomi-frank-histrorisch-ansicht-nord-4-400x480.jpg&quot;},&quot;post_preview&quot;:{&quot;file&quot;:&quot;burckhardt-thomi-frank-histrorisch-ansicht-nord-4-500x340.jpg&quot;,&quot;width&quot;:500,&quot;height&quot;:340,&quot;mime-type&quot;:&quot;image\\\/jpeg&quot;,&quot;filesize&quot;:16610,&quot;source_url&quot;:&quot;https:\\\/\\\/burckhardt.swiss\\\/app\\\/uploads\\\/2023\\\/02\\\/burckhardt-thomi-frank-histrorisch-ansicht-nord-4-500x340.jpg&quot;},&quot;large_16_9&quot;:{&quot;file&quot;:&quot;burckhardt-thomi-frank-histrorisch-ansicht-nord-4-1200x675.jpg&quot;,&quot;width&quot;:1200,&quot;height&quot;:675,&quot;mime-type&quot;:&quot;image\\\/jpeg&quot;,&quot;filesize&quot;:64414,&quot;source_url&quot;:&quot;https:\\\/\\\/burckhardt.swiss\\\/app\\\/uploads\\\/2023\\\/02\\\/burckhardt-thomi-frank-histrorisch-ansicht-nord-4-1200x675.jpg&quot;}}}]\">\n    <template #record=\"record\">\n      <div class=\"c-slider--image\">\n        <div class=\"swiper-lazy-preloader\"><\/div>\n        <photo :photo=\"record.sizes.large_16_9\" :media=\"record\"><\/photo>\n      <\/div>\n    <\/template>\n  <\/slider>\n<\/div>\n\n<\/div>\n\n\n\n<div class=\"wp-block-group alignfull has-secondary-background-color has-background is-layout-constrained wp-block-group-is-layout-constrained\"><div\n  id=\"block_c8742d3f04de203dc0ab2d40aa50faa8\"\n  data-block_c8742d3f04de203dc0ab2d40aa50faa8\n  class=\"c-block-more-projects more-projects align\"\n>\n  <h2 class=\"u-font-size-huge is-style-separator\">Plus de projets<\/h2>\n  <record-explorer\n    endpoint=\"projects\"\n    fields=\"title,acf,link,type,id,_links,_embedded\"\n    gutter=\"base\"\n    :limit=\"2\"\n    :show-filters=\"false\"\n    :labels=\"{&quot;name&quot;:&quot;projets&quot;,&quot;singular_name&quot;:&quot;Project&quot;,&quot;add_new&quot;:&quot;Add New&quot;,&quot;add_new_item&quot;:&quot;Add New Project&quot;,&quot;edit_item&quot;:&quot;Edit Project&quot;,&quot;new_item&quot;:&quot;New Project&quot;,&quot;view_item&quot;:&quot;View Project&quot;,&quot;view_items&quot;:&quot;View Projects&quot;,&quot;search_items&quot;:&quot;Search Projects&quot;,&quot;not_found&quot;:&quot;No projects found.&quot;,&quot;not_found_in_trash&quot;:&quot;No projects found in trash.&quot;,&quot;parent_item_colon&quot;:&quot;Parent Project:&quot;,&quot;all_items&quot;:&quot;All Projects&quot;,&quot;archives&quot;:&quot;Project Archives&quot;,&quot;attributes&quot;:&quot;Project Attributes&quot;,&quot;insert_into_item&quot;:&quot;Insert into project&quot;,&quot;uploaded_to_this_item&quot;:&quot;Uploaded to this project&quot;,&quot;featured_image&quot;:&quot;Featured image&quot;,&quot;set_featured_image&quot;:&quot;Set featured image&quot;,&quot;remove_featured_image&quot;:&quot;Remove featured image&quot;,&quot;use_featured_image&quot;:&quot;Use as featured image&quot;,&quot;filter_items_list&quot;:&quot;Filter projects list&quot;,&quot;filter_by_date&quot;:&quot;Filter by date&quot;,&quot;items_list_navigation&quot;:&quot;Projects list navigation&quot;,&quot;items_list&quot;:&quot;Projects list&quot;,&quot;item_published&quot;:&quot;Project published.&quot;,&quot;item_published_privately&quot;:&quot;Project published privately.&quot;,&quot;item_reverted_to_draft&quot;:&quot;Project reverted to draft.&quot;,&quot;item_trashed&quot;:&quot;Post trashed.&quot;,&quot;item_scheduled&quot;:&quot;Project scheduled.&quot;,&quot;item_updated&quot;:&quot;Project updated.&quot;,&quot;item_link&quot;:&quot;Post Link&quot;,&quot;item_link_description&quot;:&quot;A link to a post.&quot;,&quot;menu_name&quot;:&quot;projets&quot;,&quot;name_admin_bar&quot;:&quot;Project&quot;,&quot;template_name&quot;:&quot;Single item: Project&quot;}\"\n    :include=\"[476,4373]\"\n    list-class=\"c-block-more-projects__list\"\n  >\n    <template #record=\"props\">\n      <project\n        :project=\"props.record\"\n        :is-landscape=\"true\"\n        :preview-width=\"props.index === 0 ? 'default' : 'small'\"\n      ><\/project>\n    <\/template>\n  <\/record-explorer>\n<\/div>\n\n<\/div>\n","protected":false},"excerpt":{"rendered":"<p>\u00c0 la p\u00e9riph\u00e9rie nord-ouest de B\u00e2le, non loin de la fronti\u00e8re allemande et bien en vue de l\u2019autoroute urbaine, se trouve l\u2019ancien site Thomi &amp; Franck, entre-temps rachet\u00e9 par Nestl\u00e9 SA. Entre 1956 et 1972, Burckhardt y a r\u00e9alis\u00e9 dix b\u00e2timents pour le producteur de moutarde Thomi &amp; Franck. <\/p>\n","protected":false},"featured_media":4942,"template":"","locations":[95],"project-categories":[377],"project-statuses":[2243],"class_list":["post-10845","project","type-project","status-publish","has-post-thumbnail","hentry","location-bale","project_category-industrie-commerce","project_status-projets-termines"],"acf":{"subline":"","previewSize":"default","previewLandscape":20807,"download":"","noDetails":false,"excludeHero":false},"_links":{"self":[{"href":"https:\/\/burckhardt.swiss\/fr\/wp-json\/wp\/v2\/projects\/10845","targetHints":{"allow":["GET"]}}],"collection":[{"href":"https:\/\/burckhardt.swiss\/fr\/wp-json\/wp\/v2\/projects"}],"about":[{"href":"https:\/\/burckhardt.swiss\/fr\/wp-json\/wp\/v2\/types\/project"}],"version-history":[{"count":14,"href":"https:\/\/burckhardt.swiss\/fr\/wp-json\/wp\/v2\/projects\/10845\/revisions"}],"predecessor-version":[{"id":33017,"href":"https:\/\/burckhardt.swiss\/fr\/wp-json\/wp\/v2\/projects\/10845\/revisions\/33017"}],"wp:featuredmedia":[{"embeddable":true,"href":"https:\/\/burckhardt.swiss\/fr\/wp-json\/wp\/v2\/media\/4942"}],"wp:attachment":[{"href":"https:\/\/burckhardt.swiss\/fr\/wp-json\/wp\/v2\/media?parent=10845"}],"wp:term":[{"taxonomy":"location","embeddable":true,"href":"https:\/\/burckhardt.swiss\/fr\/wp-json\/wp\/v2\/locations?post=10845"},{"taxonomy":"project_category","embeddable":true,"href":"https:\/\/burckhardt.swiss\/fr\/wp-json\/wp\/v2\/project-categories?post=10845"},{"taxonomy":"project_status","embeddable":true,"href":"https:\/\/burckhardt.swiss\/fr\/wp-json\/wp\/v2\/project-statuses?post=10845"}],"curies":[{"name":"wp","href":"https:\/\/api.w.org\/{rel}","templated":true}]}}