{"id":10658,"date":"2023-02-10T15:22:48","date_gmt":"2023-02-10T14:22:48","guid":{"rendered":"https:\/\/burckhardt.swiss\/project\/aeroport-terminal-b-zurich\/"},"modified":"2025-04-01T09:53:51","modified_gmt":"2025-04-01T07:53:51","slug":"aeroport-terminal-b-zurich","status":"publish","type":"project","link":"https:\/\/burckhardt.swiss\/fr\/project\/aeroport-terminal-b-zurich\/","title":{"rendered":"A\u00e9roport terminal B, Zurich"},"content":{"rendered":"<figure class=\"wp-block-image alignfull size-full\"><img loading=\"lazy\" decoding=\"async\" width=\"2000\" height=\"687\" src=\"https:\/\/burckhardt.swiss\/app\/uploads\/2023\/02\/burckhardt_dock_b_flughafen_zuerich-1.jpg\" alt=\"\" class=\"wp-image-31298\" srcset=\"https:\/\/burckhardt.swiss\/app\/uploads\/2023\/02\/burckhardt_dock_b_flughafen_zuerich-1.jpg 2000w, https:\/\/burckhardt.swiss\/app\/uploads\/2023\/02\/burckhardt_dock_b_flughafen_zuerich-1-300x103.jpg 300w, https:\/\/burckhardt.swiss\/app\/uploads\/2023\/02\/burckhardt_dock_b_flughafen_zuerich-1-1024x352.jpg 1024w, https:\/\/burckhardt.swiss\/app\/uploads\/2023\/02\/burckhardt_dock_b_flughafen_zuerich-1-600x206.jpg 600w, https:\/\/burckhardt.swiss\/app\/uploads\/2023\/02\/burckhardt_dock_b_flughafen_zuerich-1-500x172.jpg 500w, https:\/\/burckhardt.swiss\/app\/uploads\/2023\/02\/burckhardt_dock_b_flughafen_zuerich-1-1000x344.jpg 1000w, https:\/\/burckhardt.swiss\/app\/uploads\/2023\/02\/burckhardt_dock_b_flughafen_zuerich-1-700x240.jpg 700w, https:\/\/burckhardt.swiss\/app\/uploads\/2023\/02\/burckhardt_dock_b_flughafen_zuerich-1-1400x481.jpg 1400w\" sizes=\"auto, (max-width: 2000px) 100vw, 2000px\" \/><figcaption class=\"wp-element-caption\"><span><\/span><\/figcaption><\/figure>\n\n\n<div class=\"wp-block-group is-layout-constrained wp-block-group-is-layout-constrained\"><div\n  id=\"block_091b50490c567e55b633ea5d81f95780\"\n  data-block_091b50490c567e55b633ea5d81f95780\n  class=\"project-intro align\"\n>\n  <div class=\"o-flex o-flex--centered\">\n    <a\n      href=\"https:\/\/burckhardt.swiss\/unsere-projekte\/\"\n      class=\"u-arrow--left\"\n      onclick=\"\n        event.preventDefault();\n        if (window.location.search.includes('back-history')) {\n          history.back();\n        } else {\n          window.location.href = 'https:\/\/burckhardt.swiss\/unsere-projekte\/';\n        }\n      \"\n    >retour<\/a>\n  <\/div>\n  <div class=\"c-block-project-intro\">\n    <div class=\"c-block-project-intro__intro\">\n      <h1 class=\"is-style-separator has-huge-font-size\">\n        Transformation du terminal B, a\u00e9roport de Zurich\n      <\/h1>\n      <p>Le terminal B est un \u00e9l\u00e9ment cl\u00e9 du projet de planification g\u00e9n\u00e9rale \u00abZurich 2010\u00bb de l\u2019a\u00e9roport de Zurich. Il assure la conformit\u00e9 avec les prescriptions de l\u2019accord de Schengen en permettant le traitement parall\u00e8le des vols Schengen et non-Schengen, tout en contribuant largement \u00e0 ce que l\u2019a\u00e9roport de Zurich reste l\u2019un des meilleurs et des plus attractifs au monde.  La sobri\u00e9t\u00e9 de l\u2019aspect ext\u00e9rieur du terminal B ne laisse en rien pr\u00e9sager son niveau d\u2019exigences en termes d\u2019exploitation et de technologies de s\u00e9curit\u00e9. Le b\u00e2timent convaincant sur le plan architectural cache des travaux de construction et une mise en \u0153uvre d\u2019une grande complexit\u00e9. <\/p>\n    <\/div>\n    <div class=\"c-block-project-intro__facts\">\n              <div class=\"c-block-project-intro__fact\">\n          <strong>Ma\u00eetre d\u2019ouvrage<\/strong>\n          <p>Flughafen Z\u00fcrich AG<\/p>\n        <\/div>\n              <div class=\"c-block-project-intro__fact\">\n          <strong>P\u00e9riode<\/strong>\n          <p>2008\u20132011<\/p>\n        <\/div>\n              <div class=\"c-block-project-intro__fact\">\n          <strong>Mandat<\/strong>\n          <p>Architecture, planification g\u00e9n\u00e9rale<\/p>\n        <\/div>\n              <div class=\"c-block-project-intro__fact\">\n          <strong>Photos<\/strong>\n          <p>Ren\u00e9 D\u00fcrr<\/p>\n        <\/div>\n                    <div class=\"c-block-project-intro__fact\">\n          <strong>Typologie<\/strong>\n          <p>Infrastructure<\/p>\n        <\/div>\n                    <div class=\"c-block-project-intro__fact\">\n          <strong>Office<\/strong>\n          <p>\n                          <span>Zurich, Schweiz<br\/><\/span>\n                      <\/p>\n        <\/div>\n          <\/div>\n  <\/div>\n<\/div>\n<\/div>\n\n\n\n<div class=\"wp-block-cover alignfull has-custom-content-position is-position-top-right\" style=\"min-height:900px;aspect-ratio:unset;\"><span aria-hidden=\"true\" class=\"wp-block-cover__background has-background-dim-0 has-background-dim\"><\/span><img loading=\"lazy\" decoding=\"async\" width=\"1240\" height=\"827\" class=\"wp-block-cover__image-background wp-image-4527\" alt=\"\" src=\"https:\/\/burckhardt.swiss\/app\/uploads\/2023\/02\/burckhardt_dock-b-flughafen_zuerich-5.jpg\" style=\"object-position:55% 14%\" data-object-fit=\"cover\" data-object-position=\"55% 14%\" srcset=\"https:\/\/burckhardt.swiss\/app\/uploads\/2023\/02\/burckhardt_dock-b-flughafen_zuerich-5.jpg 1240w, https:\/\/burckhardt.swiss\/app\/uploads\/2023\/02\/burckhardt_dock-b-flughafen_zuerich-5-300x200.jpg 300w, https:\/\/burckhardt.swiss\/app\/uploads\/2023\/02\/burckhardt_dock-b-flughafen_zuerich-5-1024x683.jpg 1024w, https:\/\/burckhardt.swiss\/app\/uploads\/2023\/02\/burckhardt_dock-b-flughafen_zuerich-5-600x400.jpg 600w, https:\/\/burckhardt.swiss\/app\/uploads\/2023\/02\/burckhardt_dock-b-flughafen_zuerich-5-500x333.jpg 500w, https:\/\/burckhardt.swiss\/app\/uploads\/2023\/02\/burckhardt_dock-b-flughafen_zuerich-5-1000x667.jpg 1000w, https:\/\/burckhardt.swiss\/app\/uploads\/2023\/02\/burckhardt_dock-b-flughafen_zuerich-5-700x467.jpg 700w\" sizes=\"auto, (max-width: 1240px) 100vw, 1240px\" \/><div class=\"wp-block-cover__inner-container is-layout-flow wp-block-cover-is-layout-flow\">\n<h2 class=\"wp-block-heading is-style-default has-black-color has-text-color has-big-font-size\"><strong>Exigences \u00e9lev\u00e9es en termes de s\u00e9curit\u00e9 et de fonctionnalit\u00e9<\/strong><\/h2>\n\n\n\n<p class=\"has-black-color has-text-color\">Le terminal existant, d\u2019une surface totale de 35.000m<sup>2<\/sup>, a pu \u00eatre transform\u00e9 en 48 mois seulement, tout en r\u00e9pondant \u00e0 de multiples exigences et besoins en termes d\u2019exploitation et de s\u00e9curit\u00e9 au moyen de technologies de pointe. Neuf satellites et huit portes d\u2019embarquement permettent le traitement flexible des vols Schengen et non-Schengen.<\/p>\n\n\n\n<p class=\"has-text-align-center has-large-font-size\"><\/p>\n<\/div><\/div>\n\n\n\n<div class=\"wp-block-group is-layout-constrained wp-block-group-is-layout-constrained\">\n<div class=\"wp-block-columns is-layout-flex wp-container-core-columns-is-layout-1 wp-block-columns-is-layout-flex\">\n<div class=\"wp-block-column is-layout-flow wp-block-column-is-layout-flow\" style=\"flex-basis:33.33%\">\n<h2 class=\"wp-block-heading is-style-default has-big-font-size\"><strong>Vue spectaculaire<\/strong><\/h2>\n\n\n\n<p>Surmont\u00e9e d\u2019un \u00e9l\u00e9gant avant-toit qui se d\u00e9ploie telle une gigantesque aile d\u2019avion, la terrasse ouverte au public offre une vue imprenable sur les activit\u00e9s de l\u2019a\u00e9roport.<\/p>\n<\/div>\n\n\n\n<div class=\"wp-block-column is-layout-flow wp-block-column-is-layout-flow\" style=\"flex-basis:66.66%\">\n<figure class=\"wp-block-image size-full\"><img loading=\"lazy\" decoding=\"async\" width=\"1600\" height=\"1131\" src=\"https:\/\/burckhardt.swiss\/app\/uploads\/2023\/02\/burckhardt_dock-b-flughafen_zuerich-2.jpg\" alt=\"\" class=\"wp-image-4518\" srcset=\"https:\/\/burckhardt.swiss\/app\/uploads\/2023\/02\/burckhardt_dock-b-flughafen_zuerich-2.jpg 1600w, https:\/\/burckhardt.swiss\/app\/uploads\/2023\/02\/burckhardt_dock-b-flughafen_zuerich-2-300x212.jpg 300w, https:\/\/burckhardt.swiss\/app\/uploads\/2023\/02\/burckhardt_dock-b-flughafen_zuerich-2-1024x724.jpg 1024w, https:\/\/burckhardt.swiss\/app\/uploads\/2023\/02\/burckhardt_dock-b-flughafen_zuerich-2-600x424.jpg 600w, https:\/\/burckhardt.swiss\/app\/uploads\/2023\/02\/burckhardt_dock-b-flughafen_zuerich-2-500x353.jpg 500w, https:\/\/burckhardt.swiss\/app\/uploads\/2023\/02\/burckhardt_dock-b-flughafen_zuerich-2-1000x707.jpg 1000w, https:\/\/burckhardt.swiss\/app\/uploads\/2023\/02\/burckhardt_dock-b-flughafen_zuerich-2-700x495.jpg 700w, https:\/\/burckhardt.swiss\/app\/uploads\/2023\/02\/burckhardt_dock-b-flughafen_zuerich-2-1400x990.jpg 1400w\" sizes=\"auto, (max-width: 1600px) 100vw, 1600px\" \/><\/figure>\n<\/div>\n<\/div>\n<\/div>\n\n\n\n<div class=\"wp-block-group alignfull has-secondary-background-color has-background is-layout-constrained wp-block-group-is-layout-constrained\">\n<h2 class=\"wp-block-heading has-text-align-center\">Concept<\/h2>\n\n\n\n<div class=\"wp-block-columns is-layout-flex wp-container-core-columns-is-layout-2 wp-block-columns-is-layout-flex\">\n<div class=\"wp-block-column is-layout-flow wp-block-column-is-layout-flow\" style=\"flex-basis:33.33%\">\n<h1 class=\"wp-block-heading is-style-default has-big-font-size\">Moderne et durable<\/h1>\n\n\n\n<p>Le concept de l\u2019architecture, de la structure porteuse et de la technique du b\u00e2timent du terminal B conjugue durabilit\u00e9 et modernit\u00e9. Une partie de la structure porteuse de l\u2019ancien terminal B, compos\u00e9e d\u2019environ 1200 tonnes d\u2019acier recyclable, a pu \u00eatre r\u00e9utilis\u00e9e. Dans le m\u00eame temps, nous avons employ\u00e9 des technologies de pointe pour r\u00e9pondre \u00e0 toutes les exigences techniques sp\u00e9cifiques \u00e0 l\u2019a\u00e9roport.<\/p>\n<\/div>\n\n\n\n<div class=\"wp-block-column is-layout-flow wp-block-column-is-layout-flow\" style=\"flex-basis:66.66%\">\n<figure class=\"wp-block-image size-full\"><img loading=\"lazy\" decoding=\"async\" width=\"1600\" height=\"1067\" src=\"https:\/\/burckhardt.swiss\/app\/uploads\/2023\/02\/burckhardt_dock-b-flughafen_zuerich-8.jpg\" alt=\"\" class=\"wp-image-4536\" srcset=\"https:\/\/burckhardt.swiss\/app\/uploads\/2023\/02\/burckhardt_dock-b-flughafen_zuerich-8.jpg 1600w, https:\/\/burckhardt.swiss\/app\/uploads\/2023\/02\/burckhardt_dock-b-flughafen_zuerich-8-300x200.jpg 300w, https:\/\/burckhardt.swiss\/app\/uploads\/2023\/02\/burckhardt_dock-b-flughafen_zuerich-8-1024x683.jpg 1024w, https:\/\/burckhardt.swiss\/app\/uploads\/2023\/02\/burckhardt_dock-b-flughafen_zuerich-8-600x400.jpg 600w, https:\/\/burckhardt.swiss\/app\/uploads\/2023\/02\/burckhardt_dock-b-flughafen_zuerich-8-500x333.jpg 500w, https:\/\/burckhardt.swiss\/app\/uploads\/2023\/02\/burckhardt_dock-b-flughafen_zuerich-8-1000x667.jpg 1000w, https:\/\/burckhardt.swiss\/app\/uploads\/2023\/02\/burckhardt_dock-b-flughafen_zuerich-8-700x467.jpg 700w, https:\/\/burckhardt.swiss\/app\/uploads\/2023\/02\/burckhardt_dock-b-flughafen_zuerich-8-1400x934.jpg 1400w\" sizes=\"auto, (max-width: 1600px) 100vw, 1600px\" \/><\/figure>\n<\/div>\n<\/div>\n\n\n\n<div class=\"wp-block-columns is-layout-flex wp-container-core-columns-is-layout-3 wp-block-columns-is-layout-flex\">\n<div class=\"wp-block-column is-layout-flow wp-block-column-is-layout-flow\" style=\"flex-basis:66.66%\"><div\n  id=\"block_3490c201d72485cac35a30858cd8d471\"\n  data-block_3490c201d72485cac35a30858cd8d471\n  class=\"image-slider aligncenter\"\n>\n  <slider :records=\"[{&quot;ID&quot;:4523,&quot;id&quot;:4523,&quot;title&quot;:&quot;burckhardt_dock-b-flughafen_z\\u00fcrich (3)&quot;,&quot;filename&quot;:&quot;burckhardt_dock-b-flughafen_zuerich-3.jpg&quot;,&quot;filesize&quot;:131880,&quot;url&quot;:&quot;https:\\\/\\\/burckhardt.swiss\\\/app\\\/uploads\\\/2023\\\/02\\\/burckhardt_dock-b-flughafen_zuerich-3.jpg&quot;,&quot;link&quot;:&quot;https:\\\/\\\/burckhardt.swiss\\\/fr\\\/burckhardt_dock-b-flughafen_zuerich-3-2\\\/&quot;,&quot;alt&quot;:&quot;&quot;,&quot;author&quot;:&quot;4&quot;,&quot;description&quot;:&quot;&quot;,&quot;caption&quot;:&quot;&quot;,&quot;name&quot;:&quot;burckhardt_dock-b-flughafen_zuerich-3-2&quot;,&quot;status&quot;:&quot;inherit&quot;,&quot;uploaded_to&quot;:0,&quot;date&quot;:&quot;2023-02-10 14:22:14&quot;,&quot;modified&quot;:&quot;2023-02-10 14:22:14&quot;,&quot;menu_order&quot;:0,&quot;mime_type&quot;:&quot;image\\\/jpeg&quot;,&quot;type&quot;:&quot;image&quot;,&quot;subtype&quot;:&quot;jpeg&quot;,&quot;icon&quot;:&quot;https:\\\/\\\/burckhardt.swiss\\\/wp\\\/wp-includes\\\/images\\\/media\\\/default.png&quot;,&quot;width&quot;:1240,&quot;height&quot;:620,&quot;sizes&quot;:{&quot;medium&quot;:{&quot;file&quot;:&quot;burckhardt_dock-b-flughafen_zuerich-3-300x150.jpg&quot;,&quot;width&quot;:300,&quot;height&quot;:150,&quot;mime-type&quot;:&quot;image\\\/jpeg&quot;,&quot;filesize&quot;:15077,&quot;source_url&quot;:&quot;https:\\\/\\\/burckhardt.swiss\\\/app\\\/uploads\\\/2023\\\/02\\\/burckhardt_dock-b-flughafen_zuerich-3-300x150.jpg&quot;},&quot;large&quot;:{&quot;file&quot;:&quot;burckhardt_dock-b-flughafen_zuerich-3-1024x512.jpg&quot;,&quot;width&quot;:1024,&quot;height&quot;:512,&quot;mime-type&quot;:&quot;image\\\/jpeg&quot;,&quot;filesize&quot;:128384,&quot;source_url&quot;:&quot;https:\\\/\\\/burckhardt.swiss\\\/app\\\/uploads\\\/2023\\\/02\\\/burckhardt_dock-b-flughafen_zuerich-3-1024x512.jpg&quot;},&quot;thumbnail&quot;:{&quot;file&quot;:&quot;burckhardt_dock-b-flughafen_zuerich-3-150x150.jpg&quot;,&quot;width&quot;:150,&quot;height&quot;:150,&quot;mime-type&quot;:&quot;image\\\/jpeg&quot;,&quot;filesize&quot;:10092,&quot;source_url&quot;:&quot;https:\\\/\\\/burckhardt.swiss\\\/app\\\/uploads\\\/2023\\\/02\\\/burckhardt_dock-b-flughafen_zuerich-3-150x150.jpg&quot;},&quot;medium_large&quot;:{&quot;file&quot;:&quot;burckhardt_dock-b-flughafen_zuerich-3-768x384.jpg&quot;,&quot;width&quot;:768,&quot;height&quot;:384,&quot;mime-type&quot;:&quot;image\\\/jpeg&quot;,&quot;filesize&quot;:71981,&quot;source_url&quot;:&quot;https:\\\/\\\/burckhardt.swiss\\\/app\\\/uploads\\\/2023\\\/02\\\/burckhardt_dock-b-flughafen_zuerich-3-768x384.jpg&quot;},&quot;employee_preview&quot;:{&quot;file&quot;:&quot;burckhardt_dock-b-flughafen_zuerich-3-400x480.jpg&quot;,&quot;width&quot;:400,&quot;height&quot;:480,&quot;mime-type&quot;:&quot;image\\\/jpeg&quot;,&quot;filesize&quot;:50714,&quot;source_url&quot;:&quot;https:\\\/\\\/burckhardt.swiss\\\/app\\\/uploads\\\/2023\\\/02\\\/burckhardt_dock-b-flughafen_zuerich-3-400x480.jpg&quot;},&quot;post_preview&quot;:{&quot;file&quot;:&quot;burckhardt_dock-b-flughafen_zuerich-3-500x340.jpg&quot;,&quot;width&quot;:500,&quot;height&quot;:340,&quot;mime-type&quot;:&quot;image\\\/jpeg&quot;,&quot;filesize&quot;:43851,&quot;source_url&quot;:&quot;https:\\\/\\\/burckhardt.swiss\\\/app\\\/uploads\\\/2023\\\/02\\\/burckhardt_dock-b-flughafen_zuerich-3-500x340.jpg&quot;},&quot;large_16_9&quot;:{&quot;file&quot;:&quot;burckhardt_dock-b-flughafen_zuerich-3-1200x620.jpg&quot;,&quot;width&quot;:1200,&quot;height&quot;:620,&quot;mime-type&quot;:&quot;image\\\/jpeg&quot;,&quot;filesize&quot;:207864,&quot;source_url&quot;:&quot;https:\\\/\\\/burckhardt.swiss\\\/app\\\/uploads\\\/2023\\\/02\\\/burckhardt_dock-b-flughafen_zuerich-3-1200x620.jpg&quot;}}},{&quot;ID&quot;:5977,&quot;id&quot;:5977,&quot;title&quot;:&quot;burckhardt_dock-b-flughafen_z\\u00fcrich (7)&quot;,&quot;filename&quot;:&quot;burckhardt_dock-b-flughafen_zuerich-7-1.jpg&quot;,&quot;filesize&quot;:168834,&quot;url&quot;:&quot;https:\\\/\\\/burckhardt.swiss\\\/app\\\/uploads\\\/2023\\\/02\\\/burckhardt_dock-b-flughafen_zuerich-7-1.jpg&quot;,&quot;link&quot;:&quot;https:\\\/\\\/burckhardt.swiss\\\/fr\\\/project\\\/aeroport-terminal-b-zurich\\\/burckhardt_dock-b-flughafen_zuerich-7-2-2\\\/&quot;,&quot;alt&quot;:&quot;&quot;,&quot;author&quot;:&quot;8&quot;,&quot;description&quot;:&quot;&quot;,&quot;caption&quot;:&quot;&quot;,&quot;name&quot;:&quot;burckhardt_dock-b-flughafen_zuerich-7-2-2&quot;,&quot;status&quot;:&quot;inherit&quot;,&quot;uploaded_to&quot;:10658,&quot;date&quot;:&quot;2023-02-23 10:13:18&quot;,&quot;modified&quot;:&quot;2023-03-07 09:57:34&quot;,&quot;menu_order&quot;:0,&quot;mime_type&quot;:&quot;image\\\/jpeg&quot;,&quot;type&quot;:&quot;image&quot;,&quot;subtype&quot;:&quot;jpeg&quot;,&quot;icon&quot;:&quot;https:\\\/\\\/burckhardt.swiss\\\/wp\\\/wp-includes\\\/images\\\/media\\\/default.png&quot;,&quot;width&quot;:1600,&quot;height&quot;:1067,&quot;sizes&quot;:{&quot;medium&quot;:{&quot;file&quot;:&quot;burckhardt_dock-b-flughafen_zuerich-7-1-300x200.jpg&quot;,&quot;width&quot;:300,&quot;height&quot;:200,&quot;mime-type&quot;:&quot;image\\\/jpeg&quot;,&quot;filesize&quot;:10275,&quot;source_url&quot;:&quot;https:\\\/\\\/burckhardt.swiss\\\/app\\\/uploads\\\/2023\\\/02\\\/burckhardt_dock-b-flughafen_zuerich-7-1-300x200.jpg&quot;},&quot;large&quot;:{&quot;file&quot;:&quot;burckhardt_dock-b-flughafen_zuerich-7-1-1024x683.jpg&quot;,&quot;width&quot;:1024,&quot;height&quot;:683,&quot;mime-type&quot;:&quot;image\\\/jpeg&quot;,&quot;filesize&quot;:84309,&quot;source_url&quot;:&quot;https:\\\/\\\/burckhardt.swiss\\\/app\\\/uploads\\\/2023\\\/02\\\/burckhardt_dock-b-flughafen_zuerich-7-1-1024x683.jpg&quot;},&quot;thumbnail&quot;:{&quot;file&quot;:&quot;burckhardt_dock-b-flughafen_zuerich-7-1-150x150.jpg&quot;,&quot;width&quot;:150,&quot;height&quot;:150,&quot;mime-type&quot;:&quot;image\\\/jpeg&quot;,&quot;filesize&quot;:4862,&quot;source_url&quot;:&quot;https:\\\/\\\/burckhardt.swiss\\\/app\\\/uploads\\\/2023\\\/02\\\/burckhardt_dock-b-flughafen_zuerich-7-1-150x150.jpg&quot;},&quot;medium_large&quot;:{&quot;file&quot;:&quot;burckhardt_dock-b-flughafen_zuerich-7-1-768x512.jpg&quot;,&quot;width&quot;:768,&quot;height&quot;:512,&quot;mime-type&quot;:&quot;image\\\/jpeg&quot;,&quot;filesize&quot;:50792,&quot;source_url&quot;:&quot;https:\\\/\\\/burckhardt.swiss\\\/app\\\/uploads\\\/2023\\\/02\\\/burckhardt_dock-b-flughafen_zuerich-7-1-768x512.jpg&quot;},&quot;1536x1536&quot;:{&quot;file&quot;:&quot;burckhardt_dock-b-flughafen_zuerich-7-1-1536x1024.jpg&quot;,&quot;width&quot;:1536,&quot;height&quot;:1024,&quot;mime-type&quot;:&quot;image\\\/jpeg&quot;,&quot;filesize&quot;:167680,&quot;source_url&quot;:&quot;https:\\\/\\\/burckhardt.swiss\\\/app\\\/uploads\\\/2023\\\/02\\\/burckhardt_dock-b-flughafen_zuerich-7-1-1536x1024.jpg&quot;},&quot;employee_preview&quot;:{&quot;file&quot;:&quot;burckhardt_dock-b-flughafen_zuerich-7-1-400x480.jpg&quot;,&quot;width&quot;:400,&quot;height&quot;:480,&quot;mime-type&quot;:&quot;image\\\/jpeg&quot;,&quot;filesize&quot;:28296,&quot;source_url&quot;:&quot;https:\\\/\\\/burckhardt.swiss\\\/app\\\/uploads\\\/2023\\\/02\\\/burckhardt_dock-b-flughafen_zuerich-7-1-400x480.jpg&quot;},&quot;post_preview&quot;:{&quot;file&quot;:&quot;burckhardt_dock-b-flughafen_zuerich-7-1-500x340.jpg&quot;,&quot;width&quot;:500,&quot;height&quot;:340,&quot;mime-type&quot;:&quot;image\\\/jpeg&quot;,&quot;filesize&quot;:25159,&quot;source_url&quot;:&quot;https:\\\/\\\/burckhardt.swiss\\\/app\\\/uploads\\\/2023\\\/02\\\/burckhardt_dock-b-flughafen_zuerich-7-1-500x340.jpg&quot;},&quot;large_16_9&quot;:{&quot;file&quot;:&quot;burckhardt_dock-b-flughafen_zuerich-7-1-1200x675.jpg&quot;,&quot;width&quot;:1200,&quot;height&quot;:675,&quot;mime-type&quot;:&quot;image\\\/jpeg&quot;,&quot;filesize&quot;:93438,&quot;source_url&quot;:&quot;https:\\\/\\\/burckhardt.swiss\\\/app\\\/uploads\\\/2023\\\/02\\\/burckhardt_dock-b-flughafen_zuerich-7-1-1200x675.jpg&quot;}}},{&quot;ID&quot;:5974,&quot;id&quot;:5974,&quot;title&quot;:&quot;burckhardt_dock-b-flughafen_z\\u00fcrich (1)&quot;,&quot;filename&quot;:&quot;burckhardt_dock-b-flughafen_zuerich-1-1.jpg&quot;,&quot;filesize&quot;:273179,&quot;url&quot;:&quot;https:\\\/\\\/burckhardt.swiss\\\/app\\\/uploads\\\/2023\\\/02\\\/burckhardt_dock-b-flughafen_zuerich-1-1.jpg&quot;,&quot;link&quot;:&quot;https:\\\/\\\/burckhardt.swiss\\\/fr\\\/project\\\/aeroport-terminal-b-zurich\\\/burckhardt_dock-b-flughafen_zuerich-1-2-2\\\/&quot;,&quot;alt&quot;:&quot;&quot;,&quot;author&quot;:&quot;8&quot;,&quot;description&quot;:&quot;&quot;,&quot;caption&quot;:&quot;&quot;,&quot;name&quot;:&quot;burckhardt_dock-b-flughafen_zuerich-1-2-2&quot;,&quot;status&quot;:&quot;inherit&quot;,&quot;uploaded_to&quot;:10658,&quot;date&quot;:&quot;2023-02-23 10:13:14&quot;,&quot;modified&quot;:&quot;2023-03-07 09:57:34&quot;,&quot;menu_order&quot;:0,&quot;mime_type&quot;:&quot;image\\\/jpeg&quot;,&quot;type&quot;:&quot;image&quot;,&quot;subtype&quot;:&quot;jpeg&quot;,&quot;icon&quot;:&quot;https:\\\/\\\/burckhardt.swiss\\\/wp\\\/wp-includes\\\/images\\\/media\\\/default.png&quot;,&quot;width&quot;:1600,&quot;height&quot;:1067,&quot;sizes&quot;:{&quot;medium&quot;:{&quot;file&quot;:&quot;burckhardt_dock-b-flughafen_zuerich-1-1-300x200.jpg&quot;,&quot;width&quot;:300,&quot;height&quot;:200,&quot;mime-type&quot;:&quot;image\\\/jpeg&quot;,&quot;filesize&quot;:13055,&quot;source_url&quot;:&quot;https:\\\/\\\/burckhardt.swiss\\\/app\\\/uploads\\\/2023\\\/02\\\/burckhardt_dock-b-flughafen_zuerich-1-1-300x200.jpg&quot;},&quot;large&quot;:{&quot;file&quot;:&quot;burckhardt_dock-b-flughafen_zuerich-1-1-1024x683.jpg&quot;,&quot;width&quot;:1024,&quot;height&quot;:683,&quot;mime-type&quot;:&quot;image\\\/jpeg&quot;,&quot;filesize&quot;:121434,&quot;source_url&quot;:&quot;https:\\\/\\\/burckhardt.swiss\\\/app\\\/uploads\\\/2023\\\/02\\\/burckhardt_dock-b-flughafen_zuerich-1-1-1024x683.jpg&quot;},&quot;thumbnail&quot;:{&quot;file&quot;:&quot;burckhardt_dock-b-flughafen_zuerich-1-1-150x150.jpg&quot;,&quot;width&quot;:150,&quot;height&quot;:150,&quot;mime-type&quot;:&quot;image\\\/jpeg&quot;,&quot;filesize&quot;:5633,&quot;source_url&quot;:&quot;https:\\\/\\\/burckhardt.swiss\\\/app\\\/uploads\\\/2023\\\/02\\\/burckhardt_dock-b-flughafen_zuerich-1-1-150x150.jpg&quot;},&quot;medium_large&quot;:{&quot;file&quot;:&quot;burckhardt_dock-b-flughafen_zuerich-1-1-768x512.jpg&quot;,&quot;width&quot;:768,&quot;height&quot;:512,&quot;mime-type&quot;:&quot;image\\\/jpeg&quot;,&quot;filesize&quot;:70217,&quot;source_url&quot;:&quot;https:\\\/\\\/burckhardt.swiss\\\/app\\\/uploads\\\/2023\\\/02\\\/burckhardt_dock-b-flughafen_zuerich-1-1-768x512.jpg&quot;},&quot;1536x1536&quot;:{&quot;file&quot;:&quot;burckhardt_dock-b-flughafen_zuerich-1-1-1536x1024.jpg&quot;,&quot;width&quot;:1536,&quot;height&quot;:1024,&quot;mime-type&quot;:&quot;image\\\/jpeg&quot;,&quot;filesize&quot;:259281,&quot;source_url&quot;:&quot;https:\\\/\\\/burckhardt.swiss\\\/app\\\/uploads\\\/2023\\\/02\\\/burckhardt_dock-b-flughafen_zuerich-1-1-1536x1024.jpg&quot;},&quot;employee_preview&quot;:{&quot;file&quot;:&quot;burckhardt_dock-b-flughafen_zuerich-1-1-400x480.jpg&quot;,&quot;width&quot;:400,&quot;height&quot;:480,&quot;mime-type&quot;:&quot;image\\\/jpeg&quot;,&quot;filesize&quot;:34123,&quot;source_url&quot;:&quot;https:\\\/\\\/burckhardt.swiss\\\/app\\\/uploads\\\/2023\\\/02\\\/burckhardt_dock-b-flughafen_zuerich-1-1-400x480.jpg&quot;},&quot;post_preview&quot;:{&quot;file&quot;:&quot;burckhardt_dock-b-flughafen_zuerich-1-1-500x340.jpg&quot;,&quot;width&quot;:500,&quot;height&quot;:340,&quot;mime-type&quot;:&quot;image\\\/jpeg&quot;,&quot;filesize&quot;:32465,&quot;source_url&quot;:&quot;https:\\\/\\\/burckhardt.swiss\\\/app\\\/uploads\\\/2023\\\/02\\\/burckhardt_dock-b-flughafen_zuerich-1-1-500x340.jpg&quot;},&quot;large_16_9&quot;:{&quot;file&quot;:&quot;burckhardt_dock-b-flughafen_zuerich-1-1-1200x675.jpg&quot;,&quot;width&quot;:1200,&quot;height&quot;:675,&quot;mime-type&quot;:&quot;image\\\/jpeg&quot;,&quot;filesize&quot;:136862,&quot;source_url&quot;:&quot;https:\\\/\\\/burckhardt.swiss\\\/app\\\/uploads\\\/2023\\\/02\\\/burckhardt_dock-b-flughafen_zuerich-1-1-1200x675.jpg&quot;}}},{&quot;ID&quot;:4544,&quot;id&quot;:4544,&quot;title&quot;:&quot;burckhardt_dock-b-flughafen_z\\u00fcrich (10)&quot;,&quot;filename&quot;:&quot;burckhardt_dock-b-flughafen_zuerich-10.jpg&quot;,&quot;filesize&quot;:215163,&quot;url&quot;:&quot;https:\\\/\\\/burckhardt.swiss\\\/app\\\/uploads\\\/2023\\\/02\\\/burckhardt_dock-b-flughafen_zuerich-10.jpg&quot;,&quot;link&quot;:&quot;https:\\\/\\\/burckhardt.swiss\\\/fr\\\/burckhardt_dock-b-flughafen_zuerich-10-2\\\/&quot;,&quot;alt&quot;:&quot;&quot;,&quot;author&quot;:&quot;4&quot;,&quot;description&quot;:&quot;&quot;,&quot;caption&quot;:&quot;&quot;,&quot;name&quot;:&quot;burckhardt_dock-b-flughafen_zuerich-10-2&quot;,&quot;status&quot;:&quot;inherit&quot;,&quot;uploaded_to&quot;:0,&quot;date&quot;:&quot;2023-02-10 14:22:28&quot;,&quot;modified&quot;:&quot;2023-02-10 14:35:28&quot;,&quot;menu_order&quot;:0,&quot;mime_type&quot;:&quot;image\\\/jpeg&quot;,&quot;type&quot;:&quot;image&quot;,&quot;subtype&quot;:&quot;jpeg&quot;,&quot;icon&quot;:&quot;https:\\\/\\\/burckhardt.swiss\\\/wp\\\/wp-includes\\\/images\\\/media\\\/default.png&quot;,&quot;width&quot;:1600,&quot;height&quot;:1067,&quot;sizes&quot;:{&quot;medium&quot;:{&quot;file&quot;:&quot;burckhardt_dock-b-flughafen_zuerich-10-300x200.jpg&quot;,&quot;width&quot;:300,&quot;height&quot;:200,&quot;mime-type&quot;:&quot;image\\\/jpeg&quot;,&quot;filesize&quot;:10623,&quot;source_url&quot;:&quot;https:\\\/\\\/burckhardt.swiss\\\/app\\\/uploads\\\/2023\\\/02\\\/burckhardt_dock-b-flughafen_zuerich-10-300x200.jpg&quot;},&quot;large&quot;:{&quot;file&quot;:&quot;burckhardt_dock-b-flughafen_zuerich-10-1024x683.jpg&quot;,&quot;width&quot;:1024,&quot;height&quot;:683,&quot;mime-type&quot;:&quot;image\\\/jpeg&quot;,&quot;filesize&quot;:90200,&quot;source_url&quot;:&quot;https:\\\/\\\/burckhardt.swiss\\\/app\\\/uploads\\\/2023\\\/02\\\/burckhardt_dock-b-flughafen_zuerich-10-1024x683.jpg&quot;},&quot;thumbnail&quot;:{&quot;file&quot;:&quot;burckhardt_dock-b-flughafen_zuerich-10-150x150.jpg&quot;,&quot;width&quot;:150,&quot;height&quot;:150,&quot;mime-type&quot;:&quot;image\\\/jpeg&quot;,&quot;filesize&quot;:4644,&quot;source_url&quot;:&quot;https:\\\/\\\/burckhardt.swiss\\\/app\\\/uploads\\\/2023\\\/02\\\/burckhardt_dock-b-flughafen_zuerich-10-150x150.jpg&quot;},&quot;medium_large&quot;:{&quot;file&quot;:&quot;burckhardt_dock-b-flughafen_zuerich-10-768x512.jpg&quot;,&quot;width&quot;:768,&quot;height&quot;:512,&quot;mime-type&quot;:&quot;image\\\/jpeg&quot;,&quot;filesize&quot;:52624,&quot;source_url&quot;:&quot;https:\\\/\\\/burckhardt.swiss\\\/app\\\/uploads\\\/2023\\\/02\\\/burckhardt_dock-b-flughafen_zuerich-10-768x512.jpg&quot;},&quot;1536x1536&quot;:{&quot;file&quot;:&quot;burckhardt_dock-b-flughafen_zuerich-10-1536x1024.jpg&quot;,&quot;width&quot;:1536,&quot;height&quot;:1024,&quot;mime-type&quot;:&quot;image\\\/jpeg&quot;,&quot;filesize&quot;:188015,&quot;source_url&quot;:&quot;https:\\\/\\\/burckhardt.swiss\\\/app\\\/uploads\\\/2023\\\/02\\\/burckhardt_dock-b-flughafen_zuerich-10-1536x1024.jpg&quot;},&quot;employee_preview&quot;:{&quot;file&quot;:&quot;burckhardt_dock-b-flughafen_zuerich-10-400x480.jpg&quot;,&quot;width&quot;:400,&quot;height&quot;:480,&quot;mime-type&quot;:&quot;image\\\/jpeg&quot;,&quot;filesize&quot;:25767,&quot;source_url&quot;:&quot;https:\\\/\\\/burckhardt.swiss\\\/app\\\/uploads\\\/2023\\\/02\\\/burckhardt_dock-b-flughafen_zuerich-10-400x480.jpg&quot;},&quot;post_preview&quot;:{&quot;file&quot;:&quot;burckhardt_dock-b-flughafen_zuerich-10-500x340.jpg&quot;,&quot;width&quot;:500,&quot;height&quot;:340,&quot;mime-type&quot;:&quot;image\\\/jpeg&quot;,&quot;filesize&quot;:26328,&quot;source_url&quot;:&quot;https:\\\/\\\/burckhardt.swiss\\\/app\\\/uploads\\\/2023\\\/02\\\/burckhardt_dock-b-flughafen_zuerich-10-500x340.jpg&quot;},&quot;large_16_9&quot;:{&quot;file&quot;:&quot;burckhardt_dock-b-flughafen_zuerich-10-1200x675.jpg&quot;,&quot;width&quot;:1200,&quot;height&quot;:675,&quot;mime-type&quot;:&quot;image\\\/jpeg&quot;,&quot;filesize&quot;:98115,&quot;source_url&quot;:&quot;https:\\\/\\\/burckhardt.swiss\\\/app\\\/uploads\\\/2023\\\/02\\\/burckhardt_dock-b-flughafen_zuerich-10-1200x675.jpg&quot;}}},{&quot;ID&quot;:4532,&quot;id&quot;:4532,&quot;title&quot;:&quot;burckhardt_dock-b-flughafen_z\\u00fcrich (6)&quot;,&quot;filename&quot;:&quot;burckhardt_dock-b-flughafen_zuerich-6.jpg&quot;,&quot;filesize&quot;:112369,&quot;url&quot;:&quot;https:\\\/\\\/burckhardt.swiss\\\/app\\\/uploads\\\/2023\\\/02\\\/burckhardt_dock-b-flughafen_zuerich-6.jpg&quot;,&quot;link&quot;:&quot;https:\\\/\\\/burckhardt.swiss\\\/fr\\\/burckhardt_dock-b-flughafen_zuerich-6-2\\\/&quot;,&quot;alt&quot;:&quot;&quot;,&quot;author&quot;:&quot;4&quot;,&quot;description&quot;:&quot;&quot;,&quot;caption&quot;:&quot;&quot;,&quot;name&quot;:&quot;burckhardt_dock-b-flughafen_zuerich-6-2&quot;,&quot;status&quot;:&quot;inherit&quot;,&quot;uploaded_to&quot;:0,&quot;date&quot;:&quot;2023-02-10 14:22:19&quot;,&quot;modified&quot;:&quot;2023-02-10 14:22:19&quot;,&quot;menu_order&quot;:0,&quot;mime_type&quot;:&quot;image\\\/jpeg&quot;,&quot;type&quot;:&quot;image&quot;,&quot;subtype&quot;:&quot;jpeg&quot;,&quot;icon&quot;:&quot;https:\\\/\\\/burckhardt.swiss\\\/wp\\\/wp-includes\\\/images\\\/media\\\/default.png&quot;,&quot;width&quot;:1240,&quot;height&quot;:827,&quot;sizes&quot;:{&quot;medium&quot;:{&quot;file&quot;:&quot;burckhardt_dock-b-flughafen_zuerich-6-300x200.jpg&quot;,&quot;width&quot;:300,&quot;height&quot;:200,&quot;mime-type&quot;:&quot;image\\\/jpeg&quot;,&quot;filesize&quot;:20040,&quot;source_url&quot;:&quot;https:\\\/\\\/burckhardt.swiss\\\/app\\\/uploads\\\/2023\\\/02\\\/burckhardt_dock-b-flughafen_zuerich-6-300x200.jpg&quot;},&quot;large&quot;:{&quot;file&quot;:&quot;burckhardt_dock-b-flughafen_zuerich-6-1024x683.jpg&quot;,&quot;width&quot;:1024,&quot;height&quot;:683,&quot;mime-type&quot;:&quot;image\\\/jpeg&quot;,&quot;filesize&quot;:119525,&quot;source_url&quot;:&quot;https:\\\/\\\/burckhardt.swiss\\\/app\\\/uploads\\\/2023\\\/02\\\/burckhardt_dock-b-flughafen_zuerich-6-1024x683.jpg&quot;},&quot;thumbnail&quot;:{&quot;file&quot;:&quot;burckhardt_dock-b-flughafen_zuerich-6-150x150.jpg&quot;,&quot;width&quot;:150,&quot;height&quot;:150,&quot;mime-type&quot;:&quot;image\\\/jpeg&quot;,&quot;filesize&quot;:12229,&quot;source_url&quot;:&quot;https:\\\/\\\/burckhardt.swiss\\\/app\\\/uploads\\\/2023\\\/02\\\/burckhardt_dock-b-flughafen_zuerich-6-150x150.jpg&quot;},&quot;medium_large&quot;:{&quot;file&quot;:&quot;burckhardt_dock-b-flughafen_zuerich-6-768x512.jpg&quot;,&quot;width&quot;:768,&quot;height&quot;:512,&quot;mime-type&quot;:&quot;image\\\/jpeg&quot;,&quot;filesize&quot;:75035,&quot;source_url&quot;:&quot;https:\\\/\\\/burckhardt.swiss\\\/app\\\/uploads\\\/2023\\\/02\\\/burckhardt_dock-b-flughafen_zuerich-6-768x512.jpg&quot;},&quot;employee_preview&quot;:{&quot;file&quot;:&quot;burckhardt_dock-b-flughafen_zuerich-6-400x480.jpg&quot;,&quot;width&quot;:400,&quot;height&quot;:480,&quot;mime-type&quot;:&quot;image\\\/jpeg&quot;,&quot;filesize&quot;:41249,&quot;source_url&quot;:&quot;https:\\\/\\\/burckhardt.swiss\\\/app\\\/uploads\\\/2023\\\/02\\\/burckhardt_dock-b-flughafen_zuerich-6-400x480.jpg&quot;},&quot;post_preview&quot;:{&quot;file&quot;:&quot;burckhardt_dock-b-flughafen_zuerich-6-500x340.jpg&quot;,&quot;width&quot;:500,&quot;height&quot;:340,&quot;mime-type&quot;:&quot;image\\\/jpeg&quot;,&quot;filesize&quot;:39797,&quot;source_url&quot;:&quot;https:\\\/\\\/burckhardt.swiss\\\/app\\\/uploads\\\/2023\\\/02\\\/burckhardt_dock-b-flughafen_zuerich-6-500x340.jpg&quot;},&quot;large_16_9&quot;:{&quot;file&quot;:&quot;burckhardt_dock-b-flughafen_zuerich-6-1200x675.jpg&quot;,&quot;width&quot;:1200,&quot;height&quot;:675,&quot;mime-type&quot;:&quot;image\\\/jpeg&quot;,&quot;filesize&quot;:133602,&quot;source_url&quot;:&quot;https:\\\/\\\/burckhardt.swiss\\\/app\\\/uploads\\\/2023\\\/02\\\/burckhardt_dock-b-flughafen_zuerich-6-1200x675.jpg&quot;}}},{&quot;ID&quot;:4541,&quot;id&quot;:4541,&quot;title&quot;:&quot;burckhardt_dock-b-flughafen_z\\u00fcrich (9)&quot;,&quot;filename&quot;:&quot;burckhardt_dock-b-flughafen_zuerich-9.jpg&quot;,&quot;filesize&quot;:75591,&quot;url&quot;:&quot;https:\\\/\\\/burckhardt.swiss\\\/app\\\/uploads\\\/2023\\\/02\\\/burckhardt_dock-b-flughafen_zuerich-9.jpg&quot;,&quot;link&quot;:&quot;https:\\\/\\\/burckhardt.swiss\\\/fr\\\/burckhardt_dock-b-flughafen_zuerich-9-2\\\/&quot;,&quot;alt&quot;:&quot;&quot;,&quot;author&quot;:&quot;4&quot;,&quot;description&quot;:&quot;&quot;,&quot;caption&quot;:&quot;&quot;,&quot;name&quot;:&quot;burckhardt_dock-b-flughafen_zuerich-9-2&quot;,&quot;status&quot;:&quot;inherit&quot;,&quot;uploaded_to&quot;:0,&quot;date&quot;:&quot;2023-02-10 14:22:27&quot;,&quot;modified&quot;:&quot;2023-02-10 14:22:27&quot;,&quot;menu_order&quot;:0,&quot;mime_type&quot;:&quot;image\\\/jpeg&quot;,&quot;type&quot;:&quot;image&quot;,&quot;subtype&quot;:&quot;jpeg&quot;,&quot;icon&quot;:&quot;https:\\\/\\\/burckhardt.swiss\\\/wp\\\/wp-includes\\\/images\\\/media\\\/default.png&quot;,&quot;width&quot;:1600,&quot;height&quot;:442,&quot;sizes&quot;:{&quot;medium&quot;:{&quot;file&quot;:&quot;burckhardt_dock-b-flughafen_zuerich-9-300x83.jpg&quot;,&quot;width&quot;:300,&quot;height&quot;:83,&quot;mime-type&quot;:&quot;image\\\/jpeg&quot;,&quot;filesize&quot;:4788,&quot;source_url&quot;:&quot;https:\\\/\\\/burckhardt.swiss\\\/app\\\/uploads\\\/2023\\\/02\\\/burckhardt_dock-b-flughafen_zuerich-9-300x83.jpg&quot;},&quot;large&quot;:{&quot;file&quot;:&quot;burckhardt_dock-b-flughafen_zuerich-9-1024x283.jpg&quot;,&quot;width&quot;:1024,&quot;height&quot;:283,&quot;mime-type&quot;:&quot;image\\\/jpeg&quot;,&quot;filesize&quot;:37763,&quot;source_url&quot;:&quot;https:\\\/\\\/burckhardt.swiss\\\/app\\\/uploads\\\/2023\\\/02\\\/burckhardt_dock-b-flughafen_zuerich-9-1024x283.jpg&quot;},&quot;thumbnail&quot;:{&quot;file&quot;:&quot;burckhardt_dock-b-flughafen_zuerich-9-150x150.jpg&quot;,&quot;width&quot;:150,&quot;height&quot;:150,&quot;mime-type&quot;:&quot;image\\\/jpeg&quot;,&quot;filesize&quot;:3919,&quot;source_url&quot;:&quot;https:\\\/\\\/burckhardt.swiss\\\/app\\\/uploads\\\/2023\\\/02\\\/burckhardt_dock-b-flughafen_zuerich-9-150x150.jpg&quot;},&quot;medium_large&quot;:{&quot;file&quot;:&quot;burckhardt_dock-b-flughafen_zuerich-9-768x212.jpg&quot;,&quot;width&quot;:768,&quot;height&quot;:212,&quot;mime-type&quot;:&quot;image\\\/jpeg&quot;,&quot;filesize&quot;:22869,&quot;source_url&quot;:&quot;https:\\\/\\\/burckhardt.swiss\\\/app\\\/uploads\\\/2023\\\/02\\\/burckhardt_dock-b-flughafen_zuerich-9-768x212.jpg&quot;},&quot;1536x1536&quot;:{&quot;file&quot;:&quot;burckhardt_dock-b-flughafen_zuerich-9-1536x424.jpg&quot;,&quot;width&quot;:1536,&quot;height&quot;:424,&quot;mime-type&quot;:&quot;image\\\/jpeg&quot;,&quot;filesize&quot;:73105,&quot;source_url&quot;:&quot;https:\\\/\\\/burckhardt.swiss\\\/app\\\/uploads\\\/2023\\\/02\\\/burckhardt_dock-b-flughafen_zuerich-9-1536x424.jpg&quot;},&quot;employee_preview&quot;:{&quot;file&quot;:&quot;burckhardt_dock-b-flughafen_zuerich-9-400x442.jpg&quot;,&quot;width&quot;:400,&quot;height&quot;:442,&quot;mime-type&quot;:&quot;image\\\/jpeg&quot;,&quot;filesize&quot;:21690,&quot;source_url&quot;:&quot;https:\\\/\\\/burckhardt.swiss\\\/app\\\/uploads\\\/2023\\\/02\\\/burckhardt_dock-b-flughafen_zuerich-9-400x442.jpg&quot;},&quot;post_preview&quot;:{&quot;file&quot;:&quot;burckhardt_dock-b-flughafen_zuerich-9-500x340.jpg&quot;,&quot;width&quot;:500,&quot;height&quot;:340,&quot;mime-type&quot;:&quot;image\\\/jpeg&quot;,&quot;filesize&quot;:21733,&quot;source_url&quot;:&quot;https:\\\/\\\/burckhardt.swiss\\\/app\\\/uploads\\\/2023\\\/02\\\/burckhardt_dock-b-flughafen_zuerich-9-500x340.jpg&quot;},&quot;large_16_9&quot;:{&quot;file&quot;:&quot;burckhardt_dock-b-flughafen_zuerich-9-1200x442.jpg&quot;,&quot;width&quot;:1200,&quot;height&quot;:442,&quot;mime-type&quot;:&quot;image\\\/jpeg&quot;,&quot;filesize&quot;:58341,&quot;source_url&quot;:&quot;https:\\\/\\\/burckhardt.swiss\\\/app\\\/uploads\\\/2023\\\/02\\\/burckhardt_dock-b-flughafen_zuerich-9-1200x442.jpg&quot;}}}]\">\n    <template #record=\"record\">\n      <div class=\"c-slider--image\">\n        <div class=\"swiper-lazy-preloader\"><\/div>\n        <photo :photo=\"record.sizes.large_16_9\" :media=\"record\"><\/photo>\n      <\/div>\n    <\/template>\n  <\/slider>\n<\/div>\n\n<\/div>\n\n\n\n<div class=\"wp-block-column is-layout-flow wp-block-column-is-layout-flow\" style=\"flex-basis:33.33%\">\n<h2 class=\"wp-block-heading is-style-default has-big-font-size\">Simplicit\u00e9 et clart\u00e9<\/h2>\n\n\n\n<p>La simplicit\u00e9 et la clart\u00e9 sont les lignes directrices architecturales du corps de b\u00e2timent du terminal B. Elles se refl\u00e8tent dans son aspect ext\u00e9rieur et son organisation int\u00e9rieure. Les \u00e9tages sont dispos\u00e9s autour d\u2019un axe central. De grandes fa\u00e7ades et cours int\u00e9rieures vitr\u00e9es baignent les diff\u00e9rents locaux de lumi\u00e8re naturelle.  La structure claire de l\u2019architecture aide les voyageuses et voyageurs \u00e0 s\u2019orienter, tout en autorisant des utilisations vari\u00e9es. Elle permettra en outre \u00e0 l\u2019a\u00e9roport de s\u2019adapter aux exigences technologiques des 25 prochaines ann\u00e9es.<\/p>\n<\/div>\n<\/div>\n<\/div>\n\n\n\n<div class=\"wp-block-group alignfull is-layout-constrained wp-block-group-is-layout-constrained\"><div\n  id=\"block_6ecbb75b57c6ed7bf3481ec8a10e8eb3\"\n  data-block_6ecbb75b57c6ed7bf3481ec8a10e8eb3\n  class=\"c-block-more-projects more-projects align\"\n>\n  <h2 class=\"u-font-size-huge is-style-separator\">Plus de projets<\/h2>\n  <record-explorer\n    endpoint=\"projects\"\n    fields=\"title,acf,link,type,id,_links,_embedded\"\n    gutter=\"base\"\n    :limit=\"2\"\n    :show-filters=\"false\"\n    :labels=\"{&quot;name&quot;:&quot;projets&quot;,&quot;singular_name&quot;:&quot;Project&quot;,&quot;add_new&quot;:&quot;Add New&quot;,&quot;add_new_item&quot;:&quot;Add New Project&quot;,&quot;edit_item&quot;:&quot;Edit Project&quot;,&quot;new_item&quot;:&quot;New Project&quot;,&quot;view_item&quot;:&quot;View Project&quot;,&quot;view_items&quot;:&quot;View Projects&quot;,&quot;search_items&quot;:&quot;Search Projects&quot;,&quot;not_found&quot;:&quot;No projects found.&quot;,&quot;not_found_in_trash&quot;:&quot;No projects found in trash.&quot;,&quot;parent_item_colon&quot;:&quot;Parent Project:&quot;,&quot;all_items&quot;:&quot;All Projects&quot;,&quot;archives&quot;:&quot;Project Archives&quot;,&quot;attributes&quot;:&quot;Project Attributes&quot;,&quot;insert_into_item&quot;:&quot;Insert into project&quot;,&quot;uploaded_to_this_item&quot;:&quot;Uploaded to this project&quot;,&quot;featured_image&quot;:&quot;Featured image&quot;,&quot;set_featured_image&quot;:&quot;Set featured image&quot;,&quot;remove_featured_image&quot;:&quot;Remove featured image&quot;,&quot;use_featured_image&quot;:&quot;Use as featured image&quot;,&quot;filter_items_list&quot;:&quot;Filter projects list&quot;,&quot;filter_by_date&quot;:&quot;Filter by date&quot;,&quot;items_list_navigation&quot;:&quot;Projects list navigation&quot;,&quot;items_list&quot;:&quot;Projects list&quot;,&quot;item_published&quot;:&quot;Project published.&quot;,&quot;item_published_privately&quot;:&quot;Project published privately.&quot;,&quot;item_reverted_to_draft&quot;:&quot;Project reverted to draft.&quot;,&quot;item_trashed&quot;:&quot;Post trashed.&quot;,&quot;item_scheduled&quot;:&quot;Project scheduled.&quot;,&quot;item_updated&quot;:&quot;Project updated.&quot;,&quot;item_link&quot;:&quot;Post Link&quot;,&quot;item_link_description&quot;:&quot;A link to a post.&quot;,&quot;menu_name&quot;:&quot;projets&quot;,&quot;name_admin_bar&quot;:&quot;Project&quot;,&quot;template_name&quot;:&quot;Single item: Project&quot;}\"\n    :include=\"[5992,1383]\"\n    list-class=\"c-block-more-projects__list\"\n  >\n    <template #record=\"props\">\n      <project\n        :project=\"props.record\"\n        :is-landscape=\"true\"\n        :preview-width=\"props.index === 0 ? 'default' : 'small'\"\n      ><\/project>\n    <\/template>\n  <\/record-explorer>\n<\/div>\n\n<\/div>\n","protected":false},"excerpt":{"rendered":"<p>Le terminal B est un \u00e9l\u00e9ment cl\u00e9 du projet de planification g\u00e9n\u00e9rale \u00abZurich 2010\u00bb de l\u2019a\u00e9roport de Zurich. Il assure la conformit\u00e9 avec les prescriptions de l\u2019accord de Schengen en permettant le traitement parall\u00e8le des vols Schengen et non-Schengen. <\/p>\n","protected":false},"featured_media":31297,"template":"","locations":[97],"project-categories":[274],"project-statuses":[2243],"class_list":["post-10658","project","type-project","status-publish","has-post-thumbnail","hentry","location-zurich","project_category-infrastructure","project_status-projets-termines"],"acf":{"subline":"","previewSize":"default","previewLandscape":31297,"download":"","noDetails":false,"excludeHero":false},"_links":{"self":[{"href":"https:\/\/burckhardt.swiss\/fr\/wp-json\/wp\/v2\/projects\/10658","targetHints":{"allow":["GET"]}}],"collection":[{"href":"https:\/\/burckhardt.swiss\/fr\/wp-json\/wp\/v2\/projects"}],"about":[{"href":"https:\/\/burckhardt.swiss\/fr\/wp-json\/wp\/v2\/types\/project"}],"version-history":[{"count":11,"href":"https:\/\/burckhardt.swiss\/fr\/wp-json\/wp\/v2\/projects\/10658\/revisions"}],"predecessor-version":[{"id":33021,"href":"https:\/\/burckhardt.swiss\/fr\/wp-json\/wp\/v2\/projects\/10658\/revisions\/33021"}],"wp:featuredmedia":[{"embeddable":true,"href":"https:\/\/burckhardt.swiss\/fr\/wp-json\/wp\/v2\/media\/31297"}],"wp:attachment":[{"href":"https:\/\/burckhardt.swiss\/fr\/wp-json\/wp\/v2\/media?parent=10658"}],"wp:term":[{"taxonomy":"location","embeddable":true,"href":"https:\/\/burckhardt.swiss\/fr\/wp-json\/wp\/v2\/locations?post=10658"},{"taxonomy":"project_category","embeddable":true,"href":"https:\/\/burckhardt.swiss\/fr\/wp-json\/wp\/v2\/project-categories?post=10658"},{"taxonomy":"project_status","embeddable":true,"href":"https:\/\/burckhardt.swiss\/fr\/wp-json\/wp\/v2\/project-statuses?post=10658"}],"curies":[{"name":"wp","href":"https:\/\/api.w.org\/{rel}","templated":true}]}}