{"id":10488,"date":"2023-02-16T09:33:47","date_gmt":"2023-02-16T08:33:47","guid":{"rendered":"https:\/\/burckhardt.swiss\/project\/siege-de-coop-th12\/"},"modified":"2025-04-01T09:48:42","modified_gmt":"2025-04-01T07:48:42","slug":"siege-de-coop-th12","status":"publish","type":"project","link":"https:\/\/burckhardt.swiss\/fr\/project\/siege-de-coop-th12\/","title":{"rendered":"Si\u00e8ge de Coop, TH12"},"content":{"rendered":"\n<figure class=\"wp-block-video alignfull\"><video autoplay=\"\" loop=\"\" muted=\"\" src=\"https:\/\/burckhardt.swiss\/app\/uploads\/2023\/10\/burckhardt_coop_th12_header_video_compressed.mp4\" playsinline=\"\"><\/video><\/figure>\n\n<div class=\"wp-block-group is-layout-constrained wp-block-group-is-layout-constrained\"><div\n  id=\"block_7657b78b5d6a5afdb769d97f77c51943\"\n  data-block_7657b78b5d6a5afdb769d97f77c51943\n  class=\"project-intro align\"\n>\n  <div class=\"o-flex o-flex--centered\">\n    <a\n      href=\"https:\/\/burckhardt.swiss\/unsere-projekte\/\"\n      class=\"u-arrow--left\"\n      onclick=\"\n        event.preventDefault();\n        if (window.location.search.includes('back-history')) {\n          history.back();\n        } else {\n          window.location.href = 'https:\/\/burckhardt.swiss\/unsere-projekte\/';\n        }\n      \"\n    >retour<\/a>\n  <\/div>\n  <div class=\"c-block-project-intro\">\n    <div class=\"c-block-project-intro__intro\">\n      <h1 class=\"is-style-separator has-huge-font-size\">\n        Si\u00e8ge de Coop, TH12\n      <\/h1>\n      <p>Situ\u00e9 directement le long de la voie d\u2019acc\u00e8s \u00e0 la gare, le si\u00e8ge de Coop marque le d\u00e9but du quartier Gundeldinger de B\u00e2le. Nous avons transform\u00e9 avec respect cette tour de la fin des ann\u00e9es 1970 en un immeuble de bureaux moderne, que la r\u00e9novation compl\u00e8te permettra d\u2019utiliser jusqu\u2019\u00e0 quarante ann\u00e9es suppl\u00e9mentaires. <\/p>\n    <\/div>\n    <div class=\"c-block-project-intro__facts\">\n              <div class=\"c-block-project-intro__fact\">\n          <strong>Ma\u00eetre d\u2019ouvrage<\/strong>\n          <p>Coop Immobilien AG<\/p>\n        <\/div>\n              <div class=\"c-block-project-intro__fact\">\n          <strong>Mandat<\/strong>\n          <p>Architecture, planification g\u00e9n\u00e9rale, r\u00e9alisation<\/p>\n        <\/div>\n              <div class=\"c-block-project-intro__fact\">\n          <strong>Distinctions<\/strong>\n          <p>Reconnaissance prix d\u2019architecture pour la technologie solaire int\u00e9gr\u00e9e au b\u00e2timent (2022), Prix Solaire Suisse (2021) <\/p>\n        <\/div>\n              <div class=\"c-block-project-intro__fact\">\n          <strong>P\u00e9riode<\/strong>\n          <p>2018\u20132021<\/p>\n        <\/div>\n              <div class=\"c-block-project-intro__fact\">\n          <strong>Photos<\/strong>\n          <p>Mark Niedermann <\/p>\n        <\/div>\n                    <div class=\"c-block-project-intro__fact\">\n          <strong>Typologie<\/strong>\n          <p>Administration, Transformation &amp; R\u00e9novation<\/p>\n        <\/div>\n                    <div class=\"c-block-project-intro__fact\">\n          <strong>Office<\/strong>\n          <p>\n                          <span>B\u00e2le, Schweiz<br\/><\/span>\n                      <\/p>\n        <\/div>\n          <\/div>\n  <\/div>\n<\/div>\n<\/div>\n\n<div class=\"wp-block-cover alignfull is-light has-custom-content-position is-position-bottom-right\" style=\"min-height:800px;aspect-ratio:unset;\"><span aria-hidden=\"true\" class=\"wp-block-cover__background has-background-dim-0 has-background-dim\"><\/span><img loading=\"lazy\" decoding=\"async\" width=\"2400\" height=\"1799\" class=\"wp-block-cover__image-background wp-image-4201\" alt=\"\" src=\"https:\/\/burckhardt.swiss\/app\/uploads\/2023\/02\/burckhardt-coop-hochhaus-th12-11.jpg\" style=\"object-position:49% 34%\" data-object-fit=\"cover\" data-object-position=\"49% 34%\" srcset=\"https:\/\/burckhardt.swiss\/app\/uploads\/2023\/02\/burckhardt-coop-hochhaus-th12-11.jpg 2400w, https:\/\/burckhardt.swiss\/app\/uploads\/2023\/02\/burckhardt-coop-hochhaus-th12-11-300x225.jpg 300w, https:\/\/burckhardt.swiss\/app\/uploads\/2023\/02\/burckhardt-coop-hochhaus-th12-11-1024x768.jpg 1024w, https:\/\/burckhardt.swiss\/app\/uploads\/2023\/02\/burckhardt-coop-hochhaus-th12-11-600x450.jpg 600w, https:\/\/burckhardt.swiss\/app\/uploads\/2023\/02\/burckhardt-coop-hochhaus-th12-11-500x375.jpg 500w, https:\/\/burckhardt.swiss\/app\/uploads\/2023\/02\/burckhardt-coop-hochhaus-th12-11-1000x750.jpg 1000w, https:\/\/burckhardt.swiss\/app\/uploads\/2023\/02\/burckhardt-coop-hochhaus-th12-11-700x525.jpg 700w, https:\/\/burckhardt.swiss\/app\/uploads\/2023\/02\/burckhardt-coop-hochhaus-th12-11-1400x1049.jpg 1400w, https:\/\/burckhardt.swiss\/app\/uploads\/2023\/02\/burckhardt-coop-hochhaus-th12-11-2000x1499.jpg 2000w\" sizes=\"auto, (max-width: 2400px) 100vw, 2400px\" \/><div class=\"wp-block-cover__inner-container is-layout-flow wp-block-cover-is-layout-flow\">\n<h2 class=\"has-text-align-left wp-block-heading has-large-font-size\"><strong>Respect de la construction originale<\/strong><\/h2>\n\n\n\n<p>Les \u00e9l\u00e9ments de conception caract\u00e9ristiques du b\u00e2timent d\u2019origine con\u00e7u par les architectes J. Gass et W. Boos, comme les piliers en b\u00e9ton marquants \u00e0 l\u2019ext\u00e9rieur de la fa\u00e7ade, ont \u00e9t\u00e9 conserv\u00e9s. <\/p>\n<\/div><\/div>\n\n<div class=\"wp-block-group is-layout-constrained wp-container-core-group-is-layout-2 wp-block-group-is-layout-constrained\">\n<h3 class=\"has-text-align-center wp-block-heading\"><strong><strong>Esth\u00e9tique et technique<\/strong> <\/strong><\/h3>\n\n\n\n<p>De nouveaux modules photovolta\u00efques habillent le parapet et soulignent l\u2019effet de superposition de la fa\u00e7ade. Burckhardt a r\u00e9ussi \u00e0 allier \u00e0 la perfection la pr\u00e9servation des \u00e9l\u00e9ments distinctifs, la mise en \u00e9vidence de la technologie actuelle et un langage architectural contemporain.  <br\/>Les modules photovolta\u00efques \u00e0 la surface en verre satin\u00e9e et imprim\u00e9e permettent d\u2019obtenir une apparence homog\u00e8ne, dans laquelle ils se fondent si parfaitement qu\u2019ils en deviennent difficiles \u00e0 rep\u00e9rer.  Comme dans la construction originale, l\u2019habillage pr\u00e9sente ainsi l\u2019aspect d\u2019une surface continue. Les panneaux photovolta\u00efques couvrent environ 10% des besoins en \u00e9lectricit\u00e9 du b\u00e2timent. L\u2019optimisation de l\u2019enveloppe a en outre permis de r\u00e9duire d\u2019environ un tiers la consommation d\u2019\u00e9nergie pour le chauffage. <br\/>Avec sa fa\u00e7ade solaire esth\u00e9tique et plusieurs fois prim\u00e9e, le si\u00e8ge principal de Coop est pr\u00e9sent\u00e9 par Hochparterre dans son cahier th\u00e9matique <a rel=\"noreferrer noopener\" href=\"https:\/\/shop.hochparterre.ch\/cms\/Artikel-Detail\/87062?itemID=TH-Sol8_d\" target=\"_blank\">Solaris #08<\/a>.<\/p>\n\n\n\n<figure class=\"wp-block-image aligncenter size-large\"><img loading=\"lazy\" decoding=\"async\" width=\"1024\" height=\"682\" src=\"https:\/\/burckhardt.swiss\/app\/uploads\/2023\/02\/burckhardt-coop-hochhaus-th12-17-1024x682.jpg\" alt=\"\" class=\"wp-image-4382\" srcset=\"https:\/\/burckhardt.swiss\/app\/uploads\/2023\/02\/burckhardt-coop-hochhaus-th12-17-1024x682.jpg 1024w, https:\/\/burckhardt.swiss\/app\/uploads\/2023\/02\/burckhardt-coop-hochhaus-th12-17-300x200.jpg 300w, https:\/\/burckhardt.swiss\/app\/uploads\/2023\/02\/burckhardt-coop-hochhaus-th12-17-600x400.jpg 600w, https:\/\/burckhardt.swiss\/app\/uploads\/2023\/02\/burckhardt-coop-hochhaus-th12-17-500x333.jpg 500w, https:\/\/burckhardt.swiss\/app\/uploads\/2023\/02\/burckhardt-coop-hochhaus-th12-17-1000x666.jpg 1000w, https:\/\/burckhardt.swiss\/app\/uploads\/2023\/02\/burckhardt-coop-hochhaus-th12-17-700x466.jpg 700w, https:\/\/burckhardt.swiss\/app\/uploads\/2023\/02\/burckhardt-coop-hochhaus-th12-17-1400x933.jpg 1400w, https:\/\/burckhardt.swiss\/app\/uploads\/2023\/02\/burckhardt-coop-hochhaus-th12-17-2000x1333.jpg 2000w\" sizes=\"auto, (max-width: 1024px) 100vw, 1024px\" \/><\/figure>\n<\/div>\n\n<div class=\"wp-block-group alignfull is-layout-constrained wp-block-group-is-layout-constrained\">\n<div class=\"wp-block-columns is-layout-flex wp-container-core-columns-is-layout-1 wp-block-columns-is-layout-flex\">\n<div class=\"wp-block-column is-layout-flow wp-block-column-is-layout-flow\" style=\"flex-basis:800px\">\n<blockquote class=\"wp-block-quote is-style-overlap-right is-layout-flow wp-block-quote-is-layout-flow\">\n<blockquote class=\"wp-block-quote is-layout-flow wp-block-quote-is-layout-flow\">\n<p><strong>Le bon d\u00e9roulement de ce projet complexe a n\u00e9cessit\u00e9 une <span style=\"text-decoration: underline;\" class=\"u-underline\">planification pr\u00e9cise<\/span> et <span style=\"text-decoration: underline;\" class=\"u-underline\">beaucoup de minutie<\/span> de la part de toutes les parties prenantes.<\/strong><\/p>\n<\/blockquote>\n<cite><br>Patrick Fl\u00fcckiger, Mitglied der Standortleitung Basel und Projektleiter<\/cite><\/blockquote>\n<\/div>\n\n\n\n<div class=\"wp-block-column is-vertically-aligned-center is-layout-flow wp-block-column-is-layout-flow\">\n<figure class=\"wp-block-image size-large\"><img loading=\"lazy\" decoding=\"async\" width=\"1024\" height=\"768\" src=\"https:\/\/burckhardt.swiss\/app\/uploads\/2023\/02\/burckhardt-patrick-flueckiger_web-1024x768.jpeg\" alt=\"\" class=\"wp-image-8768\" srcset=\"https:\/\/burckhardt.swiss\/app\/uploads\/2023\/02\/burckhardt-patrick-flueckiger_web-1024x768.jpeg 1024w, https:\/\/burckhardt.swiss\/app\/uploads\/2023\/02\/burckhardt-patrick-flueckiger_web-300x225.jpeg 300w, https:\/\/burckhardt.swiss\/app\/uploads\/2023\/02\/burckhardt-patrick-flueckiger_web-600x450.jpeg 600w, https:\/\/burckhardt.swiss\/app\/uploads\/2023\/02\/burckhardt-patrick-flueckiger_web-500x375.jpeg 500w, https:\/\/burckhardt.swiss\/app\/uploads\/2023\/02\/burckhardt-patrick-flueckiger_web-1000x750.jpeg 1000w, https:\/\/burckhardt.swiss\/app\/uploads\/2023\/02\/burckhardt-patrick-flueckiger_web-700x525.jpeg 700w, https:\/\/burckhardt.swiss\/app\/uploads\/2023\/02\/burckhardt-patrick-flueckiger_web-1400x1050.jpeg 1400w, https:\/\/burckhardt.swiss\/app\/uploads\/2023\/02\/burckhardt-patrick-flueckiger_web.jpeg 1800w\" sizes=\"auto, (max-width: 1024px) 100vw, 1024px\" \/><\/figure>\n<\/div>\n<\/div>\n\n\n\n<div style=\"height:20px\" aria-hidden=\"true\" class=\"wp-block-spacer\"><\/div>\n<\/div>\n\n<div class=\"wp-block-group alignfull has-secondary-background-color has-background is-layout-constrained wp-block-group-is-layout-constrained\">\n<div style=\"height:10px\" aria-hidden=\"true\" class=\"wp-block-spacer\"><\/div>\n\n\n\n<div class=\"wp-block-columns is-layout-flex wp-container-core-columns-is-layout-2 wp-block-columns-is-layout-flex\">\n<div class=\"wp-block-column is-layout-flow wp-block-column-is-layout-flow\">\n<h3 class=\"wp-block-heading\"><strong>Travailler avec clairvoyance<\/strong>  <\/h3>\n\n\n\n<p>Les espaces ont \u00e9t\u00e9 transform\u00e9s en open spaces modulaires, et de nouvelles surfaces r\u00e9serv\u00e9es aux salles de r\u00e9union favorisent les \u00e9changes entre les collaboratrices et collaborateurs. Le r\u00e9am\u00e9nagement a lib\u00e9r\u00e9 suffisamment d\u2019espace pour un tiers environ de postes de travail suppl\u00e9mentaires. Les nouvelles baies vitr\u00e9es de grandes dimensions sans cadre ext\u00e9rieur renforcent quant \u00e0 elles l\u2019effet panoramique des fen\u00eatres, les pi\u00e8ces sont claires et inond\u00e9es de lumi\u00e8re, l\u2019atmosph\u00e8re de travail agr\u00e9able et la vue spectaculaire. <\/p>\n\n\n\n<figure class=\"wp-block-image size-large\"><img loading=\"lazy\" decoding=\"async\" width=\"1024\" height=\"682\" src=\"https:\/\/burckhardt.swiss\/app\/uploads\/2023\/02\/burckhardt-coop-hochhaus-th12-13-1024x682.jpg\" alt=\"\" class=\"wp-image-4206\" srcset=\"https:\/\/burckhardt.swiss\/app\/uploads\/2023\/02\/burckhardt-coop-hochhaus-th12-13-1024x682.jpg 1024w, https:\/\/burckhardt.swiss\/app\/uploads\/2023\/02\/burckhardt-coop-hochhaus-th12-13-300x200.jpg 300w, https:\/\/burckhardt.swiss\/app\/uploads\/2023\/02\/burckhardt-coop-hochhaus-th12-13-600x400.jpg 600w, https:\/\/burckhardt.swiss\/app\/uploads\/2023\/02\/burckhardt-coop-hochhaus-th12-13-500x333.jpg 500w, https:\/\/burckhardt.swiss\/app\/uploads\/2023\/02\/burckhardt-coop-hochhaus-th12-13-1000x666.jpg 1000w, https:\/\/burckhardt.swiss\/app\/uploads\/2023\/02\/burckhardt-coop-hochhaus-th12-13-700x466.jpg 700w, https:\/\/burckhardt.swiss\/app\/uploads\/2023\/02\/burckhardt-coop-hochhaus-th12-13-1400x933.jpg 1400w, https:\/\/burckhardt.swiss\/app\/uploads\/2023\/02\/burckhardt-coop-hochhaus-th12-13-2000x1333.jpg 2000w\" sizes=\"auto, (max-width: 1024px) 100vw, 1024px\" \/><\/figure>\n<\/div>\n\n\n\n<div class=\"wp-block-column is-layout-flow wp-block-column-is-layout-flow\">\n<figure class=\"wp-block-image size-large\"><img loading=\"lazy\" decoding=\"async\" width=\"1024\" height=\"768\" src=\"https:\/\/burckhardt.swiss\/app\/uploads\/2023\/02\/burckhardt-coop-hochhaus-th12-9-1024x768.jpg\" alt=\"\" class=\"wp-image-4209\" srcset=\"https:\/\/burckhardt.swiss\/app\/uploads\/2023\/02\/burckhardt-coop-hochhaus-th12-9-1024x768.jpg 1024w, https:\/\/burckhardt.swiss\/app\/uploads\/2023\/02\/burckhardt-coop-hochhaus-th12-9-300x225.jpg 300w, https:\/\/burckhardt.swiss\/app\/uploads\/2023\/02\/burckhardt-coop-hochhaus-th12-9-600x450.jpg 600w, https:\/\/burckhardt.swiss\/app\/uploads\/2023\/02\/burckhardt-coop-hochhaus-th12-9-500x375.jpg 500w, https:\/\/burckhardt.swiss\/app\/uploads\/2023\/02\/burckhardt-coop-hochhaus-th12-9-1000x750.jpg 1000w, https:\/\/burckhardt.swiss\/app\/uploads\/2023\/02\/burckhardt-coop-hochhaus-th12-9-700x525.jpg 700w, https:\/\/burckhardt.swiss\/app\/uploads\/2023\/02\/burckhardt-coop-hochhaus-th12-9-1400x1049.jpg 1400w, https:\/\/burckhardt.swiss\/app\/uploads\/2023\/02\/burckhardt-coop-hochhaus-th12-9-2000x1499.jpg 2000w\" sizes=\"auto, (max-width: 1024px) 100vw, 1024px\" \/><\/figure>\n\n\n\n<h2 class=\"wp-block-heading has-big-font-size\"><strong>Mise en \u0153uvre exigeante<\/strong>  <\/h2>\n\n\n\n<p>Gr\u00e2ce \u00e0 la desserte du chantier au moyen d\u2019ascenseurs d\u2019\u00e9chafaudage et de plateformes install\u00e9s \u00e0 l\u2019ext\u00e9rieur ainsi qu\u2019\u00e0 la transformation de la tour \u00e9tage par \u00e9tage, de haut en bas, le b\u00e2timent est rest\u00e9 en service pendant toute la dur\u00e9e de la r\u00e9novation.  <\/p>\n<\/div>\n<\/div>\n\n\n\n<div style=\"height:30px\" aria-hidden=\"true\" class=\"wp-block-spacer\"><\/div>\n<\/div>\n\n<div class=\"wp-block-group is-layout-constrained wp-container-core-group-is-layout-5 wp-block-group-is-layout-constrained\">\n<div style=\"height:10px\" aria-hidden=\"true\" class=\"wp-block-spacer\"><\/div>\n\n\n\n<blockquote class=\"wp-block-quote is-layout-flow wp-block-quote-is-layout-flow\">\n<p><strong>Nous consid\u00e9rons l\u2019optimisation des surfaces de bureau et l\u2019am\u00e9lioration de l\u2019environnement de travail comme un atout majeur de la r\u00e9novation compl\u00e8te.<\/strong><\/p>\n<cite>Christian Coppey, chef de la Direction Immobilier de Coop<\/cite><\/blockquote>\n<\/div>\n\n<div class=\"wp-block-cover alignfull is-light\" style=\"min-height:700px;aspect-ratio:unset;\"><span aria-hidden=\"true\" class=\"wp-block-cover__background has-background-dim-0 has-background-dim\"><\/span><img loading=\"lazy\" decoding=\"async\" width=\"2400\" height=\"1799\" class=\"wp-block-cover__image-background wp-image-9593\" alt=\"\" src=\"https:\/\/burckhardt.swiss\/app\/uploads\/2023\/03\/burckhardt-coop-hochhaus-th12-8.jpg\" data-object-fit=\"cover\" srcset=\"https:\/\/burckhardt.swiss\/app\/uploads\/2023\/03\/burckhardt-coop-hochhaus-th12-8.jpg 2400w, https:\/\/burckhardt.swiss\/app\/uploads\/2023\/03\/burckhardt-coop-hochhaus-th12-8-300x225.jpg 300w, https:\/\/burckhardt.swiss\/app\/uploads\/2023\/03\/burckhardt-coop-hochhaus-th12-8-1024x768.jpg 1024w, https:\/\/burckhardt.swiss\/app\/uploads\/2023\/03\/burckhardt-coop-hochhaus-th12-8-600x450.jpg 600w, https:\/\/burckhardt.swiss\/app\/uploads\/2023\/03\/burckhardt-coop-hochhaus-th12-8-500x375.jpg 500w, https:\/\/burckhardt.swiss\/app\/uploads\/2023\/03\/burckhardt-coop-hochhaus-th12-8-1000x750.jpg 1000w, https:\/\/burckhardt.swiss\/app\/uploads\/2023\/03\/burckhardt-coop-hochhaus-th12-8-700x525.jpg 700w, https:\/\/burckhardt.swiss\/app\/uploads\/2023\/03\/burckhardt-coop-hochhaus-th12-8-1400x1049.jpg 1400w, https:\/\/burckhardt.swiss\/app\/uploads\/2023\/03\/burckhardt-coop-hochhaus-th12-8-2000x1499.jpg 2000w\" sizes=\"auto, (max-width: 2400px) 100vw, 2400px\" \/><div class=\"wp-block-cover__inner-container is-layout-flow wp-block-cover-is-layout-flow\">\n<p><\/p>\n<\/div><\/div>\n\n<div class=\"wp-block-group is-layout-constrained wp-block-group-is-layout-constrained\">\n<h2 class=\"has-text-align-center wp-block-heading\">Plans de projet<\/h2>\n\n\n\n<div class=\"wp-block-group is-layout-constrained wp-block-group-is-layout-constrained\"><div\n  id=\"block_1b3c8f98023500c9f501ddf1406ba97c\"\n  data-block_1b3c8f98023500c9f501ddf1406ba97c\n  class=\"image-slider align\"\n>\n  <slider :records=\"[{&quot;ID&quot;:7093,&quot;id&quot;:7093,&quot;title&quot;:&quot;burckhardt-coop-th12-ansicht&quot;,&quot;filename&quot;:&quot;burckhardt-coop-th12-ansicht.jpg&quot;,&quot;filesize&quot;:144637,&quot;url&quot;:&quot;https:\\\/\\\/burckhardt.swiss\\\/app\\\/uploads\\\/2023\\\/02\\\/burckhardt-coop-th12-ansicht.jpg&quot;,&quot;link&quot;:&quot;https:\\\/\\\/burckhardt.swiss\\\/fr\\\/burckhardt-coop-th12-ansicht-2\\\/&quot;,&quot;alt&quot;:&quot;&quot;,&quot;author&quot;:&quot;6&quot;,&quot;description&quot;:&quot;&quot;,&quot;caption&quot;:&quot;&quot;,&quot;name&quot;:&quot;burckhardt-coop-th12-ansicht-2&quot;,&quot;status&quot;:&quot;inherit&quot;,&quot;uploaded_to&quot;:0,&quot;date&quot;:&quot;2023-02-28 10:27:28&quot;,&quot;modified&quot;:&quot;2023-02-28 10:27:28&quot;,&quot;menu_order&quot;:0,&quot;mime_type&quot;:&quot;image\\\/jpeg&quot;,&quot;type&quot;:&quot;image&quot;,&quot;subtype&quot;:&quot;jpeg&quot;,&quot;icon&quot;:&quot;https:\\\/\\\/burckhardt.swiss\\\/wp\\\/wp-includes\\\/images\\\/media\\\/default.png&quot;,&quot;width&quot;:2500,&quot;height&quot;:2000,&quot;sizes&quot;:{&quot;medium&quot;:{&quot;file&quot;:&quot;burckhardt-coop-th12-ansicht-300x240.jpg&quot;,&quot;width&quot;:300,&quot;height&quot;:240,&quot;mime-type&quot;:&quot;image\\\/jpeg&quot;,&quot;filesize&quot;:5365,&quot;source_url&quot;:&quot;https:\\\/\\\/burckhardt.swiss\\\/app\\\/uploads\\\/2023\\\/02\\\/burckhardt-coop-th12-ansicht-300x240.jpg&quot;},&quot;large&quot;:{&quot;file&quot;:&quot;burckhardt-coop-th12-ansicht-1024x819.jpg&quot;,&quot;width&quot;:1024,&quot;height&quot;:819,&quot;mime-type&quot;:&quot;image\\\/jpeg&quot;,&quot;filesize&quot;:23001,&quot;source_url&quot;:&quot;https:\\\/\\\/burckhardt.swiss\\\/app\\\/uploads\\\/2023\\\/02\\\/burckhardt-coop-th12-ansicht-1024x819.jpg&quot;},&quot;thumbnail&quot;:{&quot;file&quot;:&quot;burckhardt-coop-th12-ansicht-150x150.jpg&quot;,&quot;width&quot;:150,&quot;height&quot;:150,&quot;mime-type&quot;:&quot;image\\\/jpeg&quot;,&quot;filesize&quot;:4149,&quot;source_url&quot;:&quot;https:\\\/\\\/burckhardt.swiss\\\/app\\\/uploads\\\/2023\\\/02\\\/burckhardt-coop-th12-ansicht-150x150.jpg&quot;},&quot;medium_large&quot;:{&quot;file&quot;:&quot;burckhardt-coop-th12-ansicht-768x614.jpg&quot;,&quot;width&quot;:768,&quot;height&quot;:614,&quot;mime-type&quot;:&quot;image\\\/jpeg&quot;,&quot;filesize&quot;:15383,&quot;source_url&quot;:&quot;https:\\\/\\\/burckhardt.swiss\\\/app\\\/uploads\\\/2023\\\/02\\\/burckhardt-coop-th12-ansicht-768x614.jpg&quot;},&quot;1536x1536&quot;:{&quot;file&quot;:&quot;burckhardt-coop-th12-ansicht-1536x1229.jpg&quot;,&quot;width&quot;:1536,&quot;height&quot;:1229,&quot;mime-type&quot;:&quot;image\\\/jpeg&quot;,&quot;filesize&quot;:42290,&quot;source_url&quot;:&quot;https:\\\/\\\/burckhardt.swiss\\\/app\\\/uploads\\\/2023\\\/02\\\/burckhardt-coop-th12-ansicht-1536x1229.jpg&quot;},&quot;2048x2048&quot;:{&quot;file&quot;:&quot;burckhardt-coop-th12-ansicht-2048x1638.jpg&quot;,&quot;width&quot;:2048,&quot;height&quot;:1638,&quot;mime-type&quot;:&quot;image\\\/jpeg&quot;,&quot;filesize&quot;:62274,&quot;source_url&quot;:&quot;https:\\\/\\\/burckhardt.swiss\\\/app\\\/uploads\\\/2023\\\/02\\\/burckhardt-coop-th12-ansicht-2048x1638.jpg&quot;},&quot;employee_preview&quot;:{&quot;file&quot;:&quot;burckhardt-coop-th12-ansicht-400x480.jpg&quot;,&quot;width&quot;:400,&quot;height&quot;:480,&quot;mime-type&quot;:&quot;image\\\/jpeg&quot;,&quot;filesize&quot;:10923,&quot;source_url&quot;:&quot;https:\\\/\\\/burckhardt.swiss\\\/app\\\/uploads\\\/2023\\\/02\\\/burckhardt-coop-th12-ansicht-400x480.jpg&quot;},&quot;post_preview&quot;:{&quot;file&quot;:&quot;burckhardt-coop-th12-ansicht-500x340.jpg&quot;,&quot;width&quot;:500,&quot;height&quot;:340,&quot;mime-type&quot;:&quot;image\\\/jpeg&quot;,&quot;filesize&quot;:9112,&quot;source_url&quot;:&quot;https:\\\/\\\/burckhardt.swiss\\\/app\\\/uploads\\\/2023\\\/02\\\/burckhardt-coop-th12-ansicht-500x340.jpg&quot;},&quot;large_16_9&quot;:{&quot;file&quot;:&quot;burckhardt-coop-th12-ansicht-1200x675.jpg&quot;,&quot;width&quot;:1200,&quot;height&quot;:675,&quot;mime-type&quot;:&quot;image\\\/jpeg&quot;,&quot;filesize&quot;:28302,&quot;source_url&quot;:&quot;https:\\\/\\\/burckhardt.swiss\\\/app\\\/uploads\\\/2023\\\/02\\\/burckhardt-coop-th12-ansicht-1200x675.jpg&quot;}}},{&quot;ID&quot;:7090,&quot;id&quot;:7090,&quot;title&quot;:&quot;burckhardt-coop-th12-schnitt&quot;,&quot;filename&quot;:&quot;burckhardt-coop-th12-schnitt.jpg&quot;,&quot;filesize&quot;:220968,&quot;url&quot;:&quot;https:\\\/\\\/burckhardt.swiss\\\/app\\\/uploads\\\/2023\\\/02\\\/burckhardt-coop-th12-schnitt.jpg&quot;,&quot;link&quot;:&quot;https:\\\/\\\/burckhardt.swiss\\\/fr\\\/burckhardt-coop-th12-schnitt-2\\\/&quot;,&quot;alt&quot;:&quot;&quot;,&quot;author&quot;:&quot;6&quot;,&quot;description&quot;:&quot;&quot;,&quot;caption&quot;:&quot;&quot;,&quot;name&quot;:&quot;burckhardt-coop-th12-schnitt-2&quot;,&quot;status&quot;:&quot;inherit&quot;,&quot;uploaded_to&quot;:0,&quot;date&quot;:&quot;2023-02-28 10:27:23&quot;,&quot;modified&quot;:&quot;2023-02-28 10:27:23&quot;,&quot;menu_order&quot;:0,&quot;mime_type&quot;:&quot;image\\\/jpeg&quot;,&quot;type&quot;:&quot;image&quot;,&quot;subtype&quot;:&quot;jpeg&quot;,&quot;icon&quot;:&quot;https:\\\/\\\/burckhardt.swiss\\\/wp\\\/wp-includes\\\/images\\\/media\\\/default.png&quot;,&quot;width&quot;:2500,&quot;height&quot;:2000,&quot;sizes&quot;:{&quot;medium&quot;:{&quot;file&quot;:&quot;burckhardt-coop-th12-schnitt-300x240.jpg&quot;,&quot;width&quot;:300,&quot;height&quot;:240,&quot;mime-type&quot;:&quot;image\\\/jpeg&quot;,&quot;filesize&quot;:6971,&quot;source_url&quot;:&quot;https:\\\/\\\/burckhardt.swiss\\\/app\\\/uploads\\\/2023\\\/02\\\/burckhardt-coop-th12-schnitt-300x240.jpg&quot;},&quot;large&quot;:{&quot;file&quot;:&quot;burckhardt-coop-th12-schnitt-1024x819.jpg&quot;,&quot;width&quot;:1024,&quot;height&quot;:819,&quot;mime-type&quot;:&quot;image\\\/jpeg&quot;,&quot;filesize&quot;:34889,&quot;source_url&quot;:&quot;https:\\\/\\\/burckhardt.swiss\\\/app\\\/uploads\\\/2023\\\/02\\\/burckhardt-coop-th12-schnitt-1024x819.jpg&quot;},&quot;thumbnail&quot;:{&quot;file&quot;:&quot;burckhardt-coop-th12-schnitt-150x150.jpg&quot;,&quot;width&quot;:150,&quot;height&quot;:150,&quot;mime-type&quot;:&quot;image\\\/jpeg&quot;,&quot;filesize&quot;:4916,&quot;source_url&quot;:&quot;https:\\\/\\\/burckhardt.swiss\\\/app\\\/uploads\\\/2023\\\/02\\\/burckhardt-coop-th12-schnitt-150x150.jpg&quot;},&quot;medium_large&quot;:{&quot;file&quot;:&quot;burckhardt-coop-th12-schnitt-768x614.jpg&quot;,&quot;width&quot;:768,&quot;height&quot;:614,&quot;mime-type&quot;:&quot;image\\\/jpeg&quot;,&quot;filesize&quot;:21719,&quot;source_url&quot;:&quot;https:\\\/\\\/burckhardt.swiss\\\/app\\\/uploads\\\/2023\\\/02\\\/burckhardt-coop-th12-schnitt-768x614.jpg&quot;},&quot;1536x1536&quot;:{&quot;file&quot;:&quot;burckhardt-coop-th12-schnitt-1536x1229.jpg&quot;,&quot;width&quot;:1536,&quot;height&quot;:1229,&quot;mime-type&quot;:&quot;image\\\/jpeg&quot;,&quot;filesize&quot;:62281,&quot;source_url&quot;:&quot;https:\\\/\\\/burckhardt.swiss\\\/app\\\/uploads\\\/2023\\\/02\\\/burckhardt-coop-th12-schnitt-1536x1229.jpg&quot;},&quot;2048x2048&quot;:{&quot;file&quot;:&quot;burckhardt-coop-th12-schnitt-2048x1638.jpg&quot;,&quot;width&quot;:2048,&quot;height&quot;:1638,&quot;mime-type&quot;:&quot;image\\\/jpeg&quot;,&quot;filesize&quot;:94947,&quot;source_url&quot;:&quot;https:\\\/\\\/burckhardt.swiss\\\/app\\\/uploads\\\/2023\\\/02\\\/burckhardt-coop-th12-schnitt-2048x1638.jpg&quot;},&quot;employee_preview&quot;:{&quot;file&quot;:&quot;burckhardt-coop-th12-schnitt-400x480.jpg&quot;,&quot;width&quot;:400,&quot;height&quot;:480,&quot;mime-type&quot;:&quot;image\\\/jpeg&quot;,&quot;filesize&quot;:14834,&quot;source_url&quot;:&quot;https:\\\/\\\/burckhardt.swiss\\\/app\\\/uploads\\\/2023\\\/02\\\/burckhardt-coop-th12-schnitt-400x480.jpg&quot;},&quot;post_preview&quot;:{&quot;file&quot;:&quot;burckhardt-coop-th12-schnitt-500x340.jpg&quot;,&quot;width&quot;:500,&quot;height&quot;:340,&quot;mime-type&quot;:&quot;image\\\/jpeg&quot;,&quot;filesize&quot;:12218,&quot;source_url&quot;:&quot;https:\\\/\\\/burckhardt.swiss\\\/app\\\/uploads\\\/2023\\\/02\\\/burckhardt-coop-th12-schnitt-500x340.jpg&quot;},&quot;large_16_9&quot;:{&quot;file&quot;:&quot;burckhardt-coop-th12-schnitt-1200x675.jpg&quot;,&quot;width&quot;:1200,&quot;height&quot;:675,&quot;mime-type&quot;:&quot;image\\\/jpeg&quot;,&quot;filesize&quot;:40580,&quot;source_url&quot;:&quot;https:\\\/\\\/burckhardt.swiss\\\/app\\\/uploads\\\/2023\\\/02\\\/burckhardt-coop-th12-schnitt-1200x675.jpg&quot;}}},{&quot;ID&quot;:7087,&quot;id&quot;:7087,&quot;title&quot;:&quot;burckhardt-coop-th12-grundriss-regelgeschoss&quot;,&quot;filename&quot;:&quot;burckhardt-coop-th12-grundriss-regelgeschoss-1.jpg&quot;,&quot;filesize&quot;:124802,&quot;url&quot;:&quot;https:\\\/\\\/burckhardt.swiss\\\/app\\\/uploads\\\/2023\\\/02\\\/burckhardt-coop-th12-grundriss-regelgeschoss-1.jpg&quot;,&quot;link&quot;:&quot;https:\\\/\\\/burckhardt.swiss\\\/fr\\\/burckhardt-coop-th12-grundriss-regelgeschoss-2-2\\\/&quot;,&quot;alt&quot;:&quot;&quot;,&quot;author&quot;:&quot;6&quot;,&quot;description&quot;:&quot;&quot;,&quot;caption&quot;:&quot;&quot;,&quot;name&quot;:&quot;burckhardt-coop-th12-grundriss-regelgeschoss-2-2&quot;,&quot;status&quot;:&quot;inherit&quot;,&quot;uploaded_to&quot;:0,&quot;date&quot;:&quot;2023-02-28 10:27:17&quot;,&quot;modified&quot;:&quot;2023-02-28 10:27:17&quot;,&quot;menu_order&quot;:0,&quot;mime_type&quot;:&quot;image\\\/jpeg&quot;,&quot;type&quot;:&quot;image&quot;,&quot;subtype&quot;:&quot;jpeg&quot;,&quot;icon&quot;:&quot;https:\\\/\\\/burckhardt.swiss\\\/wp\\\/wp-includes\\\/images\\\/media\\\/default.png&quot;,&quot;width&quot;:2500,&quot;height&quot;:2000,&quot;sizes&quot;:{&quot;medium&quot;:{&quot;file&quot;:&quot;burckhardt-coop-th12-grundriss-regelgeschoss-1-300x240.jpg&quot;,&quot;width&quot;:300,&quot;height&quot;:240,&quot;mime-type&quot;:&quot;image\\\/jpeg&quot;,&quot;filesize&quot;:5650,&quot;source_url&quot;:&quot;https:\\\/\\\/burckhardt.swiss\\\/app\\\/uploads\\\/2023\\\/02\\\/burckhardt-coop-th12-grundriss-regelgeschoss-1-300x240.jpg&quot;},&quot;large&quot;:{&quot;file&quot;:&quot;burckhardt-coop-th12-grundriss-regelgeschoss-1-1024x819.jpg&quot;,&quot;width&quot;:1024,&quot;height&quot;:819,&quot;mime-type&quot;:&quot;image\\\/jpeg&quot;,&quot;filesize&quot;:24710,&quot;source_url&quot;:&quot;https:\\\/\\\/burckhardt.swiss\\\/app\\\/uploads\\\/2023\\\/02\\\/burckhardt-coop-th12-grundriss-regelgeschoss-1-1024x819.jpg&quot;},&quot;thumbnail&quot;:{&quot;file&quot;:&quot;burckhardt-coop-th12-grundriss-regelgeschoss-1-150x150.jpg&quot;,&quot;width&quot;:150,&quot;height&quot;:150,&quot;mime-type&quot;:&quot;image\\\/jpeg&quot;,&quot;filesize&quot;:4337,&quot;source_url&quot;:&quot;https:\\\/\\\/burckhardt.swiss\\\/app\\\/uploads\\\/2023\\\/02\\\/burckhardt-coop-th12-grundriss-regelgeschoss-1-150x150.jpg&quot;},&quot;medium_large&quot;:{&quot;file&quot;:&quot;burckhardt-coop-th12-grundriss-regelgeschoss-1-768x614.jpg&quot;,&quot;width&quot;:768,&quot;height&quot;:614,&quot;mime-type&quot;:&quot;image\\\/jpeg&quot;,&quot;filesize&quot;:16214,&quot;source_url&quot;:&quot;https:\\\/\\\/burckhardt.swiss\\\/app\\\/uploads\\\/2023\\\/02\\\/burckhardt-coop-th12-grundriss-regelgeschoss-1-768x614.jpg&quot;},&quot;1536x1536&quot;:{&quot;file&quot;:&quot;burckhardt-coop-th12-grundriss-regelgeschoss-1-1536x1229.jpg&quot;,&quot;width&quot;:1536,&quot;height&quot;:1229,&quot;mime-type&quot;:&quot;image\\\/jpeg&quot;,&quot;filesize&quot;:46250,&quot;source_url&quot;:&quot;https:\\\/\\\/burckhardt.swiss\\\/app\\\/uploads\\\/2023\\\/02\\\/burckhardt-coop-th12-grundriss-regelgeschoss-1-1536x1229.jpg&quot;},&quot;2048x2048&quot;:{&quot;file&quot;:&quot;burckhardt-coop-th12-grundriss-regelgeschoss-1-2048x1638.jpg&quot;,&quot;width&quot;:2048,&quot;height&quot;:1638,&quot;mime-type&quot;:&quot;image\\\/jpeg&quot;,&quot;filesize&quot;:74389,&quot;source_url&quot;:&quot;https:\\\/\\\/burckhardt.swiss\\\/app\\\/uploads\\\/2023\\\/02\\\/burckhardt-coop-th12-grundriss-regelgeschoss-1-2048x1638.jpg&quot;},&quot;employee_preview&quot;:{&quot;file&quot;:&quot;burckhardt-coop-th12-grundriss-regelgeschoss-1-400x480.jpg&quot;,&quot;width&quot;:400,&quot;height&quot;:480,&quot;mime-type&quot;:&quot;image\\\/jpeg&quot;,&quot;filesize&quot;:10449,&quot;source_url&quot;:&quot;https:\\\/\\\/burckhardt.swiss\\\/app\\\/uploads\\\/2023\\\/02\\\/burckhardt-coop-th12-grundriss-regelgeschoss-1-400x480.jpg&quot;},&quot;post_preview&quot;:{&quot;file&quot;:&quot;burckhardt-coop-th12-grundriss-regelgeschoss-1-500x340.jpg&quot;,&quot;width&quot;:500,&quot;height&quot;:340,&quot;mime-type&quot;:&quot;image\\\/jpeg&quot;,&quot;filesize&quot;:8892,&quot;source_url&quot;:&quot;https:\\\/\\\/burckhardt.swiss\\\/app\\\/uploads\\\/2023\\\/02\\\/burckhardt-coop-th12-grundriss-regelgeschoss-1-500x340.jpg&quot;},&quot;large_16_9&quot;:{&quot;file&quot;:&quot;burckhardt-coop-th12-grundriss-regelgeschoss-1-1200x675.jpg&quot;,&quot;width&quot;:1200,&quot;height&quot;:675,&quot;mime-type&quot;:&quot;image\\\/jpeg&quot;,&quot;filesize&quot;:27828,&quot;source_url&quot;:&quot;https:\\\/\\\/burckhardt.swiss\\\/app\\\/uploads\\\/2023\\\/02\\\/burckhardt-coop-th12-grundriss-regelgeschoss-1-1200x675.jpg&quot;}}},{&quot;ID&quot;:7084,&quot;id&quot;:7084,&quot;title&quot;:&quot;burckhardt-coop-th12-grundriss-erdgeschoss&quot;,&quot;filename&quot;:&quot;burckhardt-coop-th12-grundriss-erdgeschoss.jpg&quot;,&quot;filesize&quot;:135661,&quot;url&quot;:&quot;https:\\\/\\\/burckhardt.swiss\\\/app\\\/uploads\\\/2023\\\/02\\\/burckhardt-coop-th12-grundriss-erdgeschoss.jpg&quot;,&quot;link&quot;:&quot;https:\\\/\\\/burckhardt.swiss\\\/fr\\\/burckhardt-coop-th12-grundriss-erdgeschoss-2\\\/&quot;,&quot;alt&quot;:&quot;&quot;,&quot;author&quot;:&quot;6&quot;,&quot;description&quot;:&quot;&quot;,&quot;caption&quot;:&quot;&quot;,&quot;name&quot;:&quot;burckhardt-coop-th12-grundriss-erdgeschoss-2&quot;,&quot;status&quot;:&quot;inherit&quot;,&quot;uploaded_to&quot;:0,&quot;date&quot;:&quot;2023-02-28 10:27:12&quot;,&quot;modified&quot;:&quot;2023-02-28 10:28:42&quot;,&quot;menu_order&quot;:0,&quot;mime_type&quot;:&quot;image\\\/jpeg&quot;,&quot;type&quot;:&quot;image&quot;,&quot;subtype&quot;:&quot;jpeg&quot;,&quot;icon&quot;:&quot;https:\\\/\\\/burckhardt.swiss\\\/wp\\\/wp-includes\\\/images\\\/media\\\/default.png&quot;,&quot;width&quot;:2500,&quot;height&quot;:2000,&quot;sizes&quot;:{&quot;medium&quot;:{&quot;file&quot;:&quot;burckhardt-coop-th12-grundriss-erdgeschoss-300x240.jpg&quot;,&quot;width&quot;:300,&quot;height&quot;:240,&quot;mime-type&quot;:&quot;image\\\/jpeg&quot;,&quot;filesize&quot;:5079,&quot;source_url&quot;:&quot;https:\\\/\\\/burckhardt.swiss\\\/app\\\/uploads\\\/2023\\\/02\\\/burckhardt-coop-th12-grundriss-erdgeschoss-300x240.jpg&quot;},&quot;large&quot;:{&quot;file&quot;:&quot;burckhardt-coop-th12-grundriss-erdgeschoss-1024x819.jpg&quot;,&quot;width&quot;:1024,&quot;height&quot;:819,&quot;mime-type&quot;:&quot;image\\\/jpeg&quot;,&quot;filesize&quot;:26096,&quot;source_url&quot;:&quot;https:\\\/\\\/burckhardt.swiss\\\/app\\\/uploads\\\/2023\\\/02\\\/burckhardt-coop-th12-grundriss-erdgeschoss-1024x819.jpg&quot;},&quot;thumbnail&quot;:{&quot;file&quot;:&quot;burckhardt-coop-th12-grundriss-erdgeschoss-150x150.jpg&quot;,&quot;width&quot;:150,&quot;height&quot;:150,&quot;mime-type&quot;:&quot;image\\\/jpeg&quot;,&quot;filesize&quot;:4032,&quot;source_url&quot;:&quot;https:\\\/\\\/burckhardt.swiss\\\/app\\\/uploads\\\/2023\\\/02\\\/burckhardt-coop-th12-grundriss-erdgeschoss-150x150.jpg&quot;},&quot;medium_large&quot;:{&quot;file&quot;:&quot;burckhardt-coop-th12-grundriss-erdgeschoss-768x614.jpg&quot;,&quot;width&quot;:768,&quot;height&quot;:614,&quot;mime-type&quot;:&quot;image\\\/jpeg&quot;,&quot;filesize&quot;:17021,&quot;source_url&quot;:&quot;https:\\\/\\\/burckhardt.swiss\\\/app\\\/uploads\\\/2023\\\/02\\\/burckhardt-coop-th12-grundriss-erdgeschoss-768x614.jpg&quot;},&quot;1536x1536&quot;:{&quot;file&quot;:&quot;burckhardt-coop-th12-grundriss-erdgeschoss-1536x1229.jpg&quot;,&quot;width&quot;:1536,&quot;height&quot;:1229,&quot;mime-type&quot;:&quot;image\\\/jpeg&quot;,&quot;filesize&quot;:48990,&quot;source_url&quot;:&quot;https:\\\/\\\/burckhardt.swiss\\\/app\\\/uploads\\\/2023\\\/02\\\/burckhardt-coop-th12-grundriss-erdgeschoss-1536x1229.jpg&quot;},&quot;2048x2048&quot;:{&quot;file&quot;:&quot;burckhardt-coop-th12-grundriss-erdgeschoss-2048x1638.jpg&quot;,&quot;width&quot;:2048,&quot;height&quot;:1638,&quot;mime-type&quot;:&quot;image\\\/jpeg&quot;,&quot;filesize&quot;:78540,&quot;source_url&quot;:&quot;https:\\\/\\\/burckhardt.swiss\\\/app\\\/uploads\\\/2023\\\/02\\\/burckhardt-coop-th12-grundriss-erdgeschoss-2048x1638.jpg&quot;},&quot;employee_preview&quot;:{&quot;file&quot;:&quot;burckhardt-coop-th12-grundriss-erdgeschoss-400x480.jpg&quot;,&quot;width&quot;:400,&quot;height&quot;:480,&quot;mime-type&quot;:&quot;image\\\/jpeg&quot;,&quot;filesize&quot;:10868,&quot;source_url&quot;:&quot;https:\\\/\\\/burckhardt.swiss\\\/app\\\/uploads\\\/2023\\\/02\\\/burckhardt-coop-th12-grundriss-erdgeschoss-400x480.jpg&quot;},&quot;post_preview&quot;:{&quot;file&quot;:&quot;burckhardt-coop-th12-grundriss-erdgeschoss-500x340.jpg&quot;,&quot;width&quot;:500,&quot;height&quot;:340,&quot;mime-type&quot;:&quot;image\\\/jpeg&quot;,&quot;filesize&quot;:9222,&quot;source_url&quot;:&quot;https:\\\/\\\/burckhardt.swiss\\\/app\\\/uploads\\\/2023\\\/02\\\/burckhardt-coop-th12-grundriss-erdgeschoss-500x340.jpg&quot;},&quot;large_16_9&quot;:{&quot;file&quot;:&quot;burckhardt-coop-th12-grundriss-erdgeschoss-1200x675.jpg&quot;,&quot;width&quot;:1200,&quot;height&quot;:675,&quot;mime-type&quot;:&quot;image\\\/jpeg&quot;,&quot;filesize&quot;:29545,&quot;source_url&quot;:&quot;https:\\\/\\\/burckhardt.swiss\\\/app\\\/uploads\\\/2023\\\/02\\\/burckhardt-coop-th12-grundriss-erdgeschoss-1200x675.jpg&quot;}}}]\">\n    <template #record=\"record\">\n      <div class=\"c-slider--image\">\n        <div class=\"swiper-lazy-preloader\"><\/div>\n        <photo :photo=\"record.sizes.large_16_9\" :media=\"record\"><\/photo>\n      <\/div>\n    <\/template>\n  <\/slider>\n<\/div>\n\n<\/div>\n<\/div>\n\n<div class=\"wp-block-group alignfull has-secondary-background-color has-background has-big-font-size is-layout-constrained wp-block-group-is-layout-constrained\"><div\n  id=\"block_aeaa4db8561063434b43e36e66d08e76\"\n  data-block_aeaa4db8561063434b43e36e66d08e76\n  class=\"c-block-more-projects more-projects align\"\n>\n  <h2 class=\"u-font-size-huge is-style-separator\">Plus de projets<\/h2>\n  <record-explorer\n    endpoint=\"projects\"\n    fields=\"title,acf,link,type,id,_links,_embedded\"\n    gutter=\"base\"\n    :limit=\"2\"\n    :show-filters=\"false\"\n    :labels=\"{&quot;name&quot;:&quot;projets&quot;,&quot;singular_name&quot;:&quot;Project&quot;,&quot;add_new&quot;:&quot;Add New&quot;,&quot;add_new_item&quot;:&quot;Add New Project&quot;,&quot;edit_item&quot;:&quot;Edit Project&quot;,&quot;new_item&quot;:&quot;New Project&quot;,&quot;view_item&quot;:&quot;View Project&quot;,&quot;view_items&quot;:&quot;View Projects&quot;,&quot;search_items&quot;:&quot;Search Projects&quot;,&quot;not_found&quot;:&quot;No projects found.&quot;,&quot;not_found_in_trash&quot;:&quot;No projects found in trash.&quot;,&quot;parent_item_colon&quot;:&quot;Parent Project:&quot;,&quot;all_items&quot;:&quot;All Projects&quot;,&quot;archives&quot;:&quot;Project Archives&quot;,&quot;attributes&quot;:&quot;Project Attributes&quot;,&quot;insert_into_item&quot;:&quot;Insert into project&quot;,&quot;uploaded_to_this_item&quot;:&quot;Uploaded to this project&quot;,&quot;featured_image&quot;:&quot;Featured image&quot;,&quot;set_featured_image&quot;:&quot;Set featured image&quot;,&quot;remove_featured_image&quot;:&quot;Remove featured image&quot;,&quot;use_featured_image&quot;:&quot;Use as featured image&quot;,&quot;filter_items_list&quot;:&quot;Filter projects list&quot;,&quot;filter_by_date&quot;:&quot;Filter by date&quot;,&quot;items_list_navigation&quot;:&quot;Projects list navigation&quot;,&quot;items_list&quot;:&quot;Projects list&quot;,&quot;item_published&quot;:&quot;Project published.&quot;,&quot;item_published_privately&quot;:&quot;Project published privately.&quot;,&quot;item_reverted_to_draft&quot;:&quot;Project reverted to draft.&quot;,&quot;item_trashed&quot;:&quot;Post trashed.&quot;,&quot;item_scheduled&quot;:&quot;Project scheduled.&quot;,&quot;item_updated&quot;:&quot;Project updated.&quot;,&quot;item_link&quot;:&quot;Post Link&quot;,&quot;item_link_description&quot;:&quot;A link to a post.&quot;,&quot;menu_name&quot;:&quot;projets&quot;,&quot;name_admin_bar&quot;:&quot;Project&quot;,&quot;template_name&quot;:&quot;Single item: Project&quot;}\"\n    :include=\"[83,1383]\"\n    list-class=\"c-block-more-projects__list\"\n  >\n    <template #record=\"props\">\n      <project\n        :project=\"props.record\"\n        :is-landscape=\"true\"\n        :preview-width=\"props.index === 0 ? 'default' : 'small'\"\n      ><\/project>\n    <\/template>\n  <\/record-explorer>\n<\/div>\n\n<\/div>\n","protected":false},"excerpt":{"rendered":"<p>Situ\u00e9 directement le long de la voie d\u2019acc\u00e8s \u00e0 la gare, le si\u00e8ge de Coop marque le d\u00e9but du quartier Gundeldinger de B\u00e2le. Nous avons transform\u00e9 avec respect cette tour de la fin des ann\u00e9es 1970 en un immeuble de bureaux moderne, que la r\u00e9novation compl\u00e8te permettra d\u2019utiliser jusqu\u2019\u00e0 quarante ann\u00e9es suppl\u00e9mentaires. <\/p>\n","protected":false},"featured_media":31753,"template":"","locations":[95],"project-categories":[262,113],"project-statuses":[2243],"class_list":["post-10488","project","type-project","status-publish","has-post-thumbnail","hentry","location-bale","project_category-administration-fr","project_category-transformation-renovation-fr","project_status-projets-termines"],"acf":{"subline":"","previewSize":"default","previewLandscape":31542,"download":"","noDetails":false,"excludeHero":true},"_links":{"self":[{"href":"https:\/\/burckhardt.swiss\/fr\/wp-json\/wp\/v2\/projects\/10488","targetHints":{"allow":["GET"]}}],"collection":[{"href":"https:\/\/burckhardt.swiss\/fr\/wp-json\/wp\/v2\/projects"}],"about":[{"href":"https:\/\/burckhardt.swiss\/fr\/wp-json\/wp\/v2\/types\/project"}],"version-history":[{"count":22,"href":"https:\/\/burckhardt.swiss\/fr\/wp-json\/wp\/v2\/projects\/10488\/revisions"}],"predecessor-version":[{"id":21121,"href":"https:\/\/burckhardt.swiss\/fr\/wp-json\/wp\/v2\/projects\/10488\/revisions\/21121"}],"wp:featuredmedia":[{"embeddable":true,"href":"https:\/\/burckhardt.swiss\/fr\/wp-json\/wp\/v2\/media\/31753"}],"wp:attachment":[{"href":"https:\/\/burckhardt.swiss\/fr\/wp-json\/wp\/v2\/media?parent=10488"}],"wp:term":[{"taxonomy":"location","embeddable":true,"href":"https:\/\/burckhardt.swiss\/fr\/wp-json\/wp\/v2\/locations?post=10488"},{"taxonomy":"project_category","embeddable":true,"href":"https:\/\/burckhardt.swiss\/fr\/wp-json\/wp\/v2\/project-categories?post=10488"},{"taxonomy":"project_status","embeddable":true,"href":"https:\/\/burckhardt.swiss\/fr\/wp-json\/wp\/v2\/project-statuses?post=10488"}],"curies":[{"name":"wp","href":"https:\/\/api.w.org\/{rel}","templated":true}]}}