{"id":6900,"date":"2023-01-13T10:56:26","date_gmt":"2023-01-13T09:56:26","guid":{"rendered":"https:\/\/burckhardt.swiss\/carriere\/"},"modified":"2025-07-03T13:27:56","modified_gmt":"2025-07-03T11:27:56","slug":"carriere","status":"publish","type":"page","link":"https:\/\/burckhardt.swiss\/fr\/carriere\/","title":{"rendered":"Carri\u00e8re"},"content":{"rendered":"\n<div class=\"wp-block-group alignfull has-secondary-background-color has-background is-layout-constrained wp-container-core-group-is-layout-1 wp-block-group-is-layout-constrained\">\n<p class=\"has-text-align-left has-big-font-size\">Nous accueillons avec plaisir les personnes pragmatiques qui ont envie de travailler de mani\u00e8re interdisciplinaire et en \u00e9quipe.<\/p>\n\n\n\n<figure class=\"wp-block-image size-full\"><img loading=\"lazy\" decoding=\"async\" width=\"3748\" height=\"2500\" src=\"https:\/\/burckhardt.swiss\/app\/uploads\/2023\/07\/burckhardt-situation-2528-web.jpg\" alt=\"\" class=\"wp-image-17027\" srcset=\"https:\/\/burckhardt.swiss\/app\/uploads\/2023\/07\/burckhardt-situation-2528-web.jpg 3748w, https:\/\/burckhardt.swiss\/app\/uploads\/2023\/07\/burckhardt-situation-2528-web-300x200.jpg 300w, https:\/\/burckhardt.swiss\/app\/uploads\/2023\/07\/burckhardt-situation-2528-web-1024x683.jpg 1024w, https:\/\/burckhardt.swiss\/app\/uploads\/2023\/07\/burckhardt-situation-2528-web-600x400.jpg 600w, https:\/\/burckhardt.swiss\/app\/uploads\/2023\/07\/burckhardt-situation-2528-web-500x334.jpg 500w, https:\/\/burckhardt.swiss\/app\/uploads\/2023\/07\/burckhardt-situation-2528-web-1000x667.jpg 1000w, https:\/\/burckhardt.swiss\/app\/uploads\/2023\/07\/burckhardt-situation-2528-web-700x467.jpg 700w, https:\/\/burckhardt.swiss\/app\/uploads\/2023\/07\/burckhardt-situation-2528-web-1400x934.jpg 1400w, https:\/\/burckhardt.swiss\/app\/uploads\/2023\/07\/burckhardt-situation-2528-web-2000x1334.jpg 2000w\" sizes=\"auto, (max-width: 3748px) 100vw, 3748px\" \/><\/figure>\n<\/div>\n\n\n\n<div class=\"wp-block-group alignfull has-secondary-background-color has-background is-layout-constrained wp-block-group-is-layout-constrained\">\n<div class=\"wp-block-columns are-vertically-aligned-center is-layout-flex wp-container-core-columns-is-layout-1 wp-block-columns-is-layout-flex\">\n<div class=\"wp-block-column is-vertically-aligned-center is-layout-flow wp-block-column-is-layout-flow\">\n<blockquote class=\"wp-block-quote is-style-overlap-right is-layout-flow wp-block-quote-is-layout-flow\">\n<p>Une direction f\u00e9minine est particuli\u00e8rement importante dans une branche essentiellement masculine telle que l\u2019architecture.<\/p>\n<cite>Christina Muchsel, membre de la direction du site de B\u00e2le<\/cite><\/blockquote>\n<\/div>\n\n\n\n<div class=\"wp-block-column is-vertically-aligned-center is-layout-flow wp-block-column-is-layout-flow\">\n<figure class=\"wp-block-image size-large\"><img decoding=\"async\" src=\"https:\/\/burckhardt.swiss\/app\/uploads\/2023\/03\/Christina-Muchsel_MG_0126-min-edited-4-Kopie-min-1024x768.jpg\" alt=\"\" class=\"wp-image-9414\"\/><\/figure>\n<\/div>\n<\/div>\n<\/div>\n\n\n\n<div class=\"wp-block-group alignfull is-layout-constrained wp-block-group-is-layout-constrained\">\n<h2 class=\"wp-block-heading has-text-align-center\">Postes vacants<\/h2>\n\n\n<div\n  data-block_80ec0894fb44358f09bf3c8e61940355\n  class=\"o-flex o-flex--column c-block-jobs job-list alignfull\"\n>\n            <div class=\"c-block-jobs__container\">\n        <div class=\"o-flex o-flex--row c-block-jobs__content\">\n          <h3>Basel<\/h3>\n          <div class=\"c-block-jobs__jobs\">\n                          <a class=\"link-arrow\" href=\"https:\/\/apply.refline.ch\/403125\/0053\/pub\/4\/index.html\" target=\"_blank\">Praktikum Architektur (m\/w\/d)<\/a>\n                          <a class=\"link-arrow\" href=\"https:\/\/apply.refline.ch\/403125\/0302\/pub\/3\/index.html\" target=\"_blank\">Baukostenplaner \/ Bau\u00f6konom (m\/w\/d) 80 &#8211; 100%<\/a>\n                          <a class=\"link-arrow\" href=\"https:\/\/apply.refline.ch\/403125\/0304\/pub\/4\/index.html\" target=\"_blank\">Zeichner EFZ Architektur (m\/w\/d) 80 &#8211; 100%<\/a>\n                          <a class=\"link-arrow\" href=\"https:\/\/apply.refline.ch\/403125\/0318\/pub\/1\/index.html\" target=\"_blank\">Bauleitung (m\/w\/d) 80 &#8211; 100%<\/a>\n                          <a class=\"link-arrow\" href=\"https:\/\/apply.refline.ch\/403125\/0320\/pub\/1\/index.html\" target=\"_blank\">Entwurfsarchitekt Wettbewerb (m\/w\/d) 80 &#8211; 100%<\/a>\n                          <a class=\"link-arrow\" href=\"https:\/\/apply.refline.ch\/403125\/0321\/pub\/1\/index.html\" target=\"_blank\">IT System Engineer (m\/w\/d) 60 &#8211; 100%<\/a>\n                          <a class=\"link-arrow\" href=\"https:\/\/apply.refline.ch\/403125\/0322\/pub\/1\/index.html\" target=\"_blank\">Fachspezialist Rechnungswesen \u2013 Perspektive Teamleitung (m\/w\/d) 80 &#8211; 100%<\/a>\n                      <\/div>\n        <\/div>\n      <\/div>\n          <div class=\"c-block-jobs__container\">\n        <div class=\"o-flex o-flex--row c-block-jobs__content\">\n          <h3>Berlin<\/h3>\n          <div class=\"c-block-jobs__jobs\">\n                          <a class=\"link-arrow\" href=\"https:\/\/apply.refline.ch\/403125\/0286\/pub\/3\/index.html\" target=\"_blank\">Verantwortlicher (w\/m\/d) im Bereich Business Development VgV-Verfahren und Akquisition 80-100%<\/a>\n                          <a class=\"link-arrow\" href=\"https:\/\/apply.refline.ch\/403125\/0293\/pub\/2\/index.html\" target=\"_blank\">Initiativbewerbung (w\/m\/d)<\/a>\n                          <a class=\"link-arrow\" href=\"https:\/\/apply.refline.ch\/403125\/0312\/pub\/1\/index.html\" target=\"_blank\">Architekt mit Kompetenz in der Ausf\u00fchrungsplanung in innovativem IPA Projekt (m\/w\/d)<\/a>\n                          <a class=\"link-arrow\" href=\"https:\/\/apply.refline.ch\/403125\/0323\/pub\/1\/index.html\" target=\"_blank\">BIM Fachkoordinator (m\/w\/d) 80\u2013100% &#8211; Architektur &#8211; Innovatives IPA-Projekt<\/a>\n                      <\/div>\n        <\/div>\n      <\/div>\n          <div class=\"c-block-jobs__container\">\n        <div class=\"o-flex o-flex--row c-block-jobs__content\">\n          <h3>Bern<\/h3>\n          <div class=\"c-block-jobs__jobs\">\n                          <a class=\"link-arrow\" href=\"https:\/\/apply.refline.ch\/403125\/0258\/pub\/2\/index.html\" target=\"_blank\">Praktikum Architektur (m\/w\/d)<\/a>\n                          <a class=\"link-arrow\" href=\"https:\/\/apply.refline.ch\/403125\/0260\/pub\/5\/index.html\" target=\"_blank\">Hochbautechniker (m\/w\/d) 80 &#8211; 100% <\/a>\n                          <a class=\"link-arrow\" href=\"https:\/\/apply.refline.ch\/403125\/0306\/pub\/3\/index.html\" target=\"_blank\">Zeichner EFZ Architektur (m\/w\/d) 80 &#8211; 100%<\/a>\n                          <a class=\"link-arrow\" href=\"https:\/\/apply.refline.ch\/403125\/0311\/pub\/1\/index.html\" target=\"_blank\">Bauleitung (m\/w\/d) 100%<\/a>\n                      <\/div>\n        <\/div>\n      <\/div>\n          <div class=\"c-block-jobs__container\">\n        <div class=\"o-flex o-flex--row c-block-jobs__content\">\n          <h3>Genf<\/h3>\n          <div class=\"c-block-jobs__jobs\">\n                          <a class=\"link-arrow\" href=\"https:\/\/apply.refline.ch\/403125\/0109\/pub\/3\/index.html\" target=\"_blank\">Stagiaire (h\/f\/a)<\/a>\n                          <a class=\"link-arrow\" href=\"https:\/\/apply.refline.ch\/403125\/0198\/pub\/2\/index.html\" target=\"_blank\">Dessinateur (h\/f\/a)<\/a>\n                          <a class=\"link-arrow\" href=\"https:\/\/apply.refline.ch\/403125\/0254\/pub\/3\/index.html\" target=\"_blank\">Architectes exp\u00e9riment\u00e9s (h\/f\/a)<\/a>\n                      <\/div>\n        <\/div>\n      <\/div>\n          <div class=\"c-block-jobs__container\">\n        <div class=\"o-flex o-flex--row c-block-jobs__content\">\n          <h3>Lausanne<\/h3>\n          <div class=\"c-block-jobs__jobs\">\n                          <a class=\"link-arrow\" href=\"https:\/\/apply.refline.ch\/403125\/0144\/pub\/3\/index.html\" target=\"_blank\">Stagiaire (h\/f\/a)<\/a>\n                          <a class=\"link-arrow\" href=\"https:\/\/apply.refline.ch\/403125\/0199\/pub\/2\/index.html\" target=\"_blank\">Dessinateur (h\/f\/a)<\/a>\n                          <a class=\"link-arrow\" href=\"https:\/\/apply.refline.ch\/403125\/0272\/pub\/3\/index.html\" target=\"_blank\">Architectes exp\u00e9riment\u00e9s (h\/f\/a)<\/a>\n                      <\/div>\n        <\/div>\n      <\/div>\n          <div class=\"c-block-jobs__container\">\n        <div class=\"o-flex o-flex--row c-block-jobs__content\">\n          <h3>Z\u00fcrich<\/h3>\n          <div class=\"c-block-jobs__jobs\">\n                          <a class=\"link-arrow\" href=\"https:\/\/apply.refline.ch\/403125\/0317\/pub\/1\/index.html\" target=\"_blank\">Zeichner EFZ Architektur (m\/w\/d) 80 &#8211; 100%<\/a>\n                          <a class=\"link-arrow\" href=\"https:\/\/apply.refline.ch\/403125\/0325\/pub\/1\/index.html\" target=\"_blank\">Architekt Ausf\u00fchrungsplanung (m\/w\/d) 80 &#8211; 100%<\/a>\n                      <\/div>\n        <\/div>\n      <\/div>\n      <\/div>\n<\/div>\n\n\n\n<div class=\"wp-block-group is-layout-constrained wp-block-group-is-layout-constrained\">\n<h2 class=\"wp-block-heading has-text-align-center\">Benefits<\/h2>\n\n\n\n<figure class=\"wp-block-image aligncenter size-full\"><img loading=\"lazy\" decoding=\"async\" width=\"1003\" height=\"405\" src=\"https:\/\/burckhardt.swiss\/app\/uploads\/2023\/01\/Group-645.png\" alt=\"\" class=\"wp-image-704\" srcset=\"https:\/\/burckhardt.swiss\/app\/uploads\/2023\/01\/Group-645.png 1003w, https:\/\/burckhardt.swiss\/app\/uploads\/2023\/01\/Group-645-300x121.png 300w, https:\/\/burckhardt.swiss\/app\/uploads\/2023\/01\/Group-645-600x242.png 600w, https:\/\/burckhardt.swiss\/app\/uploads\/2023\/01\/Group-645-500x202.png 500w, https:\/\/burckhardt.swiss\/app\/uploads\/2023\/01\/Group-645-1000x404.png 1000w, https:\/\/burckhardt.swiss\/app\/uploads\/2023\/01\/Group-645-700x283.png 700w\" sizes=\"auto, (max-width: 1003px) 100vw, 1003px\" \/><\/figure>\n\n\n\n<div style=\"height:10px\" aria-hidden=\"true\" class=\"wp-block-spacer\"><\/div>\n\n\n<div\n  id=\"block_37dc8e014afb96b3244ce5926573aa65\"\n  data-block_37dc8e014afb96b3244ce5926573aa65\n  class=\"fact-list align\"\n>\n      <div class=\"c-block-facts-list c-block-facts-list--desktop \"\n         style=\"grid-template-columns: repeat(3, minmax(15%, 1fr));\">\n              <Fact\n          :fact=\"{&quot;icon&quot;:false,&quot;headline&quot;:&quot;Horaires de travail&quot;,&quot;factsDescription&quot;:&quot;En accord avec votre \\u00e9quipe, vous pouvez adapter votre temps de travail \\u00e0 votre vie priv\\u00e9e.  &quot;,&quot;link&quot;:&quot;&quot;}\"\n          :headline-font-weight=\"&quot;bold&quot;\"\n          align=\"left\"\n        ><\/Fact>\n              <Fact\n          :fact=\"{&quot;icon&quot;:false,&quot;headline&quot;:&quot; Remote Work&quot;,&quot;factsDescription&quot;:&quot;Vous avez la possibilit\\u00e9 d&#039;effectuer une partie de votre travail de mani\\u00e8re flexible et \\u00e0 distance.&quot;,&quot;link&quot;:&quot;&quot;}\"\n          :headline-font-weight=\"&quot;bold&quot;\"\n          align=\"left\"\n        ><\/Fact>\n              <Fact\n          :fact=\"{&quot;icon&quot;:false,&quot;headline&quot;:&quot;Coup de pouce pour le bus et le train&quot;,&quot;factsDescription&quot;:&quot;Nous participons aux frais de transport en commun pour vous rendre au bureau.&quot;,&quot;link&quot;:&quot;&quot;}\"\n          :headline-font-weight=\"&quot;bold&quot;\"\n          align=\"left\"\n        ><\/Fact>\n              <Fact\n          :fact=\"{&quot;icon&quot;:false,&quot;headline&quot;:&quot;Formation continue&quot;,&quot;factsDescription&quot;:&quot;Ensemble, nous trouverons des moyens de vous aider individuellement dans votre formation professionnelle.  &quot;,&quot;link&quot;:&quot;&quot;}\"\n          :headline-font-weight=\"&quot;bold&quot;\"\n          align=\"left\"\n        ><\/Fact>\n              <Fact\n          :fact=\"{&quot;icon&quot;:false,&quot;headline&quot;:&quot;Prestations suppl\\u00e9mentaires&quot;,&quot;factsDescription&quot;:&quot;Les possibilit\\u00e9s individuelles vous seront communiqu\\u00e9es lors d&#039;un entretien personnel.  &quot;,&quot;link&quot;:&quot;&quot;}\"\n          :headline-font-weight=\"&quot;bold&quot;\"\n          align=\"left\"\n        ><\/Fact>\n              <Fact\n          :fact=\"{&quot;icon&quot;:false,&quot;headline&quot;:&quot;Ensemble&quot;,&quot;factsDescription&quot;:&quot;Chez Burckhardt, nous nous retrouvons r\\u00e9guli\\u00e8rement pour des \\u00e9v\\u00e9nements et des activit\\u00e9s qui d\\u00e9passent les fronti\\u00e8res nationales.&quot;,&quot;link&quot;:&quot;&quot;}\"\n          :headline-font-weight=\"&quot;bold&quot;\"\n          align=\"left\"\n        ><\/Fact>\n          <\/div>\n\n    <div class=\"c-block-facts-list c-block-facts-list--mobile \">\n      <slider :records=\"[{&quot;icon&quot;:false,&quot;headline&quot;:&quot;Horaires de travail&quot;,&quot;factsDescription&quot;:&quot;En accord avec votre \\u00e9quipe, vous pouvez adapter votre temps de travail \\u00e0 votre vie priv\\u00e9e.  &quot;,&quot;link&quot;:&quot;&quot;},{&quot;icon&quot;:false,&quot;headline&quot;:&quot; Remote Work&quot;,&quot;factsDescription&quot;:&quot;Vous avez la possibilit\\u00e9 d&#039;effectuer une partie de votre travail de mani\\u00e8re flexible et \\u00e0 distance.&quot;,&quot;link&quot;:&quot;&quot;},{&quot;icon&quot;:false,&quot;headline&quot;:&quot;Coup de pouce pour le bus et le train&quot;,&quot;factsDescription&quot;:&quot;Nous participons aux frais de transport en commun pour vous rendre au bureau.&quot;,&quot;link&quot;:&quot;&quot;},{&quot;icon&quot;:false,&quot;headline&quot;:&quot;Formation continue&quot;,&quot;factsDescription&quot;:&quot;Ensemble, nous trouverons des moyens de vous aider individuellement dans votre formation professionnelle.  &quot;,&quot;link&quot;:&quot;&quot;},{&quot;icon&quot;:false,&quot;headline&quot;:&quot;Prestations suppl\\u00e9mentaires&quot;,&quot;factsDescription&quot;:&quot;Les possibilit\\u00e9s individuelles vous seront communiqu\\u00e9es lors d&#039;un entretien personnel.  &quot;,&quot;link&quot;:&quot;&quot;},{&quot;icon&quot;:false,&quot;headline&quot;:&quot;Ensemble&quot;,&quot;factsDescription&quot;:&quot;Chez Burckhardt, nous nous retrouvons r\\u00e9guli\\u00e8rement pour des \\u00e9v\\u00e9nements et des activit\\u00e9s qui d\\u00e9passent les fronti\\u00e8res nationales.&quot;,&quot;link&quot;:&quot;&quot;}]\">\n        <template #record=\"record\">\n          <Fact\n            :fact=\"record\"\n            :headline-font-weight=\"&quot;bold&quot;\"\n            :align=\"left\"\n          ><\/Fact>\n        <\/template>\n      <\/slider>\n    <\/div>\n  <\/div>\n\n<\/div>\n\n\n\n<figure class=\"wp-block-image alignfull size-full\"><img loading=\"lazy\" decoding=\"async\" width=\"1600\" height=\"605\" src=\"https:\/\/burckhardt.swiss\/app\/uploads\/2023\/01\/csm_B_P-Reiner-Becker-Lernzentrum-KIT-Karlsruhe-16_6e4d90eead-5.png\" alt=\"\" class=\"wp-image-707\" srcset=\"https:\/\/burckhardt.swiss\/app\/uploads\/2023\/01\/csm_B_P-Reiner-Becker-Lernzentrum-KIT-Karlsruhe-16_6e4d90eead-5.png 1600w, https:\/\/burckhardt.swiss\/app\/uploads\/2023\/01\/csm_B_P-Reiner-Becker-Lernzentrum-KIT-Karlsruhe-16_6e4d90eead-5-300x113.png 300w, https:\/\/burckhardt.swiss\/app\/uploads\/2023\/01\/csm_B_P-Reiner-Becker-Lernzentrum-KIT-Karlsruhe-16_6e4d90eead-5-1024x387.png 1024w, https:\/\/burckhardt.swiss\/app\/uploads\/2023\/01\/csm_B_P-Reiner-Becker-Lernzentrum-KIT-Karlsruhe-16_6e4d90eead-5-600x227.png 600w, https:\/\/burckhardt.swiss\/app\/uploads\/2023\/01\/csm_B_P-Reiner-Becker-Lernzentrum-KIT-Karlsruhe-16_6e4d90eead-5-500x189.png 500w, https:\/\/burckhardt.swiss\/app\/uploads\/2023\/01\/csm_B_P-Reiner-Becker-Lernzentrum-KIT-Karlsruhe-16_6e4d90eead-5-1000x378.png 1000w, https:\/\/burckhardt.swiss\/app\/uploads\/2023\/01\/csm_B_P-Reiner-Becker-Lernzentrum-KIT-Karlsruhe-16_6e4d90eead-5-700x265.png 700w, https:\/\/burckhardt.swiss\/app\/uploads\/2023\/01\/csm_B_P-Reiner-Becker-Lernzentrum-KIT-Karlsruhe-16_6e4d90eead-5-1400x529.png 1400w\" sizes=\"auto, (max-width: 1600px) 100vw, 1600px\" \/><\/figure>\n\n\n<div\n  id=\"block_28fadc7ea909af9919a6f1c900364959\"\n  data-block_28fadc7ea909af9919a6f1c900364959\n  class=\"c-block-quotes quote-slider alignfull\"\n>\n  <slider :records=\"[{&quot;quote&quot;:&quot;Le plaisir de travailler ensemble nous permet d\\u2019accomplir de grandes choses.&quot;},{&quot;quote&quot;:&quot;Nos actes ont un impact sur l\\u2019avenir. &quot;},{&quot;quote&quot;:&quot;Nous ne cesserons jamais d\\u2019\\u00e9voluer. &quot;},{&quot;quote&quot;:&quot;Les attentes \\u00e9lev\\u00e9es nous motivent. &quot;}]\" :pause-on-hover=\"false\">\n    <template #record=\"record\">\n      <h3 v-html=\"record.quote\"><\/h3>\n    <\/template>\n  <\/slider>\n<\/div>\n\n\n\n\n<div class=\"wp-block-group is-layout-constrained wp-block-group-is-layout-constrained\"><div\n  id=\"block_6766d09d59bb282f24975ffb9b83d64d\"\n  data-block_6766d09d59bb282f24975ffb9b83d64d\n  class=\"o-flex o-flex--wrap c-block-contacts contacts align\"\n>\n            <div class=\"o-flex__item u-1\/2@tablet c-block-contacts__text\">\n        <div>\n          <h3>Contactez nous!<\/h3>\n          <a\n            role=\"button\"\n            href=\"mailto:christian.hartel@burckhardt.swiss\"\n          >\n            Prenez contact\n          <\/a>\n        <\/div>\n      <\/div>\n    \n    <div class=\"o-flex__item u-1\/2@tablet\">\n      <record-explorer\n        endpoint='employees'\n        fields='title,acf,link,type,id,_links,_embedded'\n        :include='[33952]'\n        :labels='{\"name\":\"collaboratrices et collaborateurs\",\"singular_name\":\"Employee\",\"add_new\":\"Add New\",\"add_new_item\":\"Add New Employee\",\"edit_item\":\"Edit Employee\",\"new_item\":\"New Employee\",\"view_item\":\"View Employee\",\"view_items\":\"View Employees\",\"search_items\":\"Search Employees\",\"not_found\":\"No employees found.\",\"not_found_in_trash\":\"No employees found in trash.\",\"parent_item_colon\":\"Parent Employee:\",\"all_items\":\"All Employees\",\"archives\":\"Employee Archives\",\"attributes\":\"Employee Attributes\",\"insert_into_item\":\"Insert into employee\",\"uploaded_to_this_item\":\"Uploaded to this employee\",\"featured_image\":\"Featured image\",\"set_featured_image\":\"Set featured image\",\"remove_featured_image\":\"Remove featured image\",\"use_featured_image\":\"Use as featured image\",\"filter_items_list\":\"Filter employees list\",\"filter_by_date\":\"Filter by date\",\"items_list_navigation\":\"Employees list navigation\",\"items_list\":\"Employees list\",\"item_published\":\"Employee published.\",\"item_published_privately\":\"Employee published privately.\",\"item_reverted_to_draft\":\"Employee reverted to draft.\",\"item_trashed\":\"Post trashed.\",\"item_scheduled\":\"Employee scheduled.\",\"item_updated\":\"Employee updated.\",\"item_link\":\"Post Link\",\"item_link_description\":\"A link to a post.\",\"menu_name\":\"collaboratrices et collaborateurs\",\"name_admin_bar\":\"Employee\",\"template_name\":\"Single item: Employee\"}'\n        :show-filters='false'\n      >\n        <template #record=\"props\">\n          <employee\n            alignment='horizontal'\n            :employee='props.record'\n            class=\"u-1\/1\"\n            :show-phone=\"true\"\n            :show-email=\"false\"\n          ><\/employee>\n        <\/template>\n      <\/record-explorer>\n    <\/div>\n  <\/div>\n\n<\/div>\n","protected":false},"excerpt":{"rendered":"<p>Nous accueillons avec plaisir les personnes pragmatiques qui ont envie de travailler de mani\u00e8re interdisciplinaire et en \u00e9quipe. Une direction f\u00e9minine est particuli\u00e8rement importante dans une branche essentiellement masculine telle que l\u2019architecture. Postes vacants Benefits<\/p>\n","protected":false},"author":1,"featured_media":0,"parent":0,"menu_order":0,"comment_status":"closed","ping_status":"closed","template":"","meta":{"_acf_changed":false,"footnotes":""},"class_list":["post-6900","page","type-page","status-publish","hentry"],"acf":[],"_links":{"self":[{"href":"https:\/\/burckhardt.swiss\/fr\/wp-json\/wp\/v2\/pages\/6900","targetHints":{"allow":["GET"]}}],"collection":[{"href":"https:\/\/burckhardt.swiss\/fr\/wp-json\/wp\/v2\/pages"}],"about":[{"href":"https:\/\/burckhardt.swiss\/fr\/wp-json\/wp\/v2\/types\/page"}],"author":[{"embeddable":true,"href":"https:\/\/burckhardt.swiss\/fr\/wp-json\/wp\/v2\/users\/1"}],"replies":[{"embeddable":true,"href":"https:\/\/burckhardt.swiss\/fr\/wp-json\/wp\/v2\/comments?post=6900"}],"version-history":[{"count":35,"href":"https:\/\/burckhardt.swiss\/fr\/wp-json\/wp\/v2\/pages\/6900\/revisions"}],"predecessor-version":[{"id":35291,"href":"https:\/\/burckhardt.swiss\/fr\/wp-json\/wp\/v2\/pages\/6900\/revisions\/35291"}],"wp:attachment":[{"href":"https:\/\/burckhardt.swiss\/fr\/wp-json\/wp\/v2\/media?parent=6900"}],"curies":[{"name":"wp","href":"https:\/\/api.w.org\/{rel}","templated":true}]}}